{"id":11472,"date":"2025-07-28T09:06:00","date_gmt":"2025-07-28T07:06:00","guid":{"rendered":"https:\/\/finanedi.es\/blog\/?page_id=11472"},"modified":"2025-07-28T09:14:12","modified_gmt":"2025-07-28T07:14:12","slug":"verifactu","status":"publish","type":"page","link":"https:\/\/finanedi.es\/blog\/verifactu\/","title":{"rendered":"Verifactu Blog"},"content":{"rendered":"\t\t<div data-elementor-type=\"wp-page\" data-elementor-id=\"11472\" class=\"elementor elementor-11472\">\n\t\t\t\t<div class=\"elementor-element elementor-element-0ea499f e-flex e-con-boxed e-con e-parent\" data-id=\"0ea499f\" data-element_type=\"container\">\n\t\t\t\t\t<div class=\"e-con-inner\">\n\t\t<div class=\"elementor-element elementor-element-1ad3e79 e-con-full e-flex e-con e-child\" data-id=\"1ad3e79\" data-element_type=\"container\">\n\t\t\t\t<div class=\"elementor-element elementor-element-c97867b elementor-widget elementor-widget-heading\" data-id=\"c97867b\" data-element_type=\"widget\" data-widget_type=\"heading.default\">\n\t\t\t\t<div class=\"elementor-widget-container\">\n\t\t\t\t\t<h1 class=\"elementor-heading-title elementor-size-default\">Verifactu<\/h1>\t\t\t\t<\/div>\n\t\t\t\t<\/div>\n\t\t\t\t<\/div>\n\t\t<div class=\"elementor-element elementor-element-5cf3391 e-con-full e-flex e-con e-child\" data-id=\"5cf3391\" data-element_type=\"container\">\n\t\t\t\t<div class=\"elementor-element elementor-element-62c22de elementor-widget elementor-widget-text-editor\" data-id=\"62c22de\" data-element_type=\"widget\" data-widget_type=\"text-editor.default\">\n\t\t\t\t<div class=\"elementor-widget-container\">\n\t\t\t\t\t\t\t\t\t<p>La inminente entrada en vigor de la ley Verifactu plantea nuevos retos para las empresas.\u00a0<\/p>\t\t\t\t\t\t\t\t<\/div>\n\t\t\t\t<\/div>\n\t\t\t\t<\/div>\n\t\t\t\t\t<\/div>\n\t\t\t\t<\/div>\n\t\t<div class=\"elementor-element elementor-element-413001a elementor-hidden-tablet elementor-hidden-mobile e-flex e-con-boxed e-con e-parent\" data-id=\"413001a\" data-element_type=\"container\">\n\t\t\t\t\t<div class=\"e-con-inner\">\n\t\t<div class=\"elementor-element elementor-element-3b3f593d e-con-full e-flex e-con e-child\" data-id=\"3b3f593d\" data-element_type=\"container\">\n\t\t\t\t<div class=\"elementor-element elementor-element-7f418811 elementor-widget elementor-widget-text-editor\" data-id=\"7f418811\" data-element_type=\"widget\" data-widget_type=\"text-editor.default\">\n\t\t\t\t<div class=\"elementor-widget-container\">\n\t\t\t\t\t\t\t\t\t<p>\ud83d\udca1 Cumple con la nueva normativa Verifactu sin complicaciones y optimiza la gesti\u00f3n de tus facturas con FinanEDI.<\/p>\t\t\t\t\t\t\t\t<\/div>\n\t\t\t\t<\/div>\n\t\t\t\t<\/div>\n\t\t\t\t\t<\/div>\n\t\t\t\t<\/div>\n\t\t<div class=\"elementor-element elementor-element-ea17237 e-flex e-con-boxed e-con e-parent\" data-id=\"ea17237\" data-element_type=\"container\">\n\t\t\t\t\t<div class=\"e-con-inner\">\n\t\t\t\t<div class=\"elementor-element elementor-element-ebfec7c elementor-widget elementor-widget-spacer\" data-id=\"ebfec7c\" data-element_type=\"widget\" data-widget_type=\"spacer.default\">\n\t\t\t\t<div class=\"elementor-widget-container\">\n\t\t\t\t\t\t\t<div class=\"elementor-spacer\">\n\t\t\t<div class=\"elementor-spacer-inner\"><\/div>\n\t\t<\/div>\n\t\t\t\t\t\t<\/div>\n\t\t\t\t<\/div>\n\t\t\t\t\t<\/div>\n\t\t\t\t<\/div>\n\t\t<div class=\"elementor-element elementor-element-477c8af e-flex e-con-boxed e-con e-parent\" data-id=\"477c8af\" data-element_type=\"container\">\n\t\t\t\t\t<div class=\"e-con-inner\">\n\t\t<div class=\"elementor-element elementor-element-fc33abb e-con-full e-flex e-con e-child\" data-id=\"fc33abb\" data-element_type=\"container\">\n\t\t\t\t<div class=\"elementor-element elementor-element-a2b5d32 elementor-widget elementor-widget-heading\" data-id=\"a2b5d32\" data-element_type=\"widget\" data-widget_type=\"heading.default\">\n\t\t\t\t<div class=\"elementor-widget-container\">\n\t\t\t\t\t<h2 class=\"elementor-heading-title elementor-size-default\">Normativa Verifactu<\/h2>\t\t\t\t<\/div>\n\t\t\t\t<\/div>\n\t\t\t\t<div class=\"elementor-element elementor-element-176ccda elementor-widget elementor-widget-heading\" data-id=\"176ccda\" data-element_type=\"widget\" data-widget_type=\"heading.default\">\n\t\t\t\t<div class=\"elementor-widget-container\">\n\t\t\t\t\t<h3 class=\"elementor-heading-title elementor-size-default\">Los 10 programas de facturaci\u00f3n compatibles con VeriFactu<\/h3>\t\t\t\t<\/div>\n\t\t\t\t<\/div>\n\t\t\t\t<div class=\"elementor-element elementor-element-e13c72e elementor-widget elementor-widget-text-editor\" data-id=\"e13c72e\" data-element_type=\"widget\" data-widget_type=\"text-editor.default\">\n\t\t\t\t<div class=\"elementor-widget-container\">\n\t\t\t\t\t\t\t\t\t<p>Descubre los 10 mejores programas de facturaci\u00f3n adaptados a VeriFactu. Asegura el cumplimiento y optimiza tu negocio hoy.<\/p>\t\t\t\t\t\t\t\t<\/div>\n\t\t\t\t<\/div>\n\t\t\t\t<div class=\"elementor-element elementor-element-ffb262d elementor-widget elementor-widget-text-editor\" data-id=\"ffb262d\" data-element_type=\"widget\" data-widget_type=\"text-editor.default\">\n\t\t\t\t<div class=\"elementor-widget-container\">\n\t\t\t\t\t\t\t\t\t<p><a href=\"https:\/\/finanedi.es\/blog\/programas-de-facturacion-compatibles-con-verifactu\/\">Leer m\u00e1s<\/a><\/p>\t\t\t\t\t\t\t\t<\/div>\n\t\t\t\t<\/div>\n\t\t\t\t<\/div>\n\t\t<div class=\"elementor-element elementor-element-75f8a39 e-con-full e-flex e-con e-child\" data-id=\"75f8a39\" data-element_type=\"container\">\n\t\t\t\t<div class=\"elementor-element elementor-element-a9ddc5e elementor-widget elementor-widget-image\" data-id=\"a9ddc5e\" data-element_type=\"widget\" data-widget_type=\"image.default\">\n\t\t\t\t<div class=\"elementor-widget-container\">\n\t\t\t\t\t\t\t\t\t\t\t\t\t\t\t\t<a href=\"https:\/\/finanedi.es\/blog\/programas-de-facturacion-compatibles-con-verifactu\/\">\n\t\t\t\t\t\t\t<img fetchpriority=\"high\" decoding=\"async\" width=\"1024\" height=\"622\" src=\"https:\/\/finanedi.es\/blog\/contenido\/uploads\/2025\/06\/Programas-de-facturacion-compatibles-con-VeriFactu-1024x622.png\" class=\"attachment-large size-large wp-image-11134\" alt=\"Programas de facturaci\u00f3n compatibles con VeriFactu\" srcset=\"https:\/\/finanedi.es\/blog\/contenido\/uploads\/2025\/06\/Programas-de-facturacion-compatibles-con-VeriFactu-1024x622.png 1024w, https:\/\/finanedi.es\/blog\/contenido\/uploads\/2025\/06\/Programas-de-facturacion-compatibles-con-VeriFactu-300x182.png 300w, https:\/\/finanedi.es\/blog\/contenido\/uploads\/2025\/06\/Programas-de-facturacion-compatibles-con-VeriFactu-768x467.png 768w, https:\/\/finanedi.es\/blog\/contenido\/uploads\/2025\/06\/Programas-de-facturacion-compatibles-con-VeriFactu-1536x933.png 1536w, https:\/\/finanedi.es\/blog\/contenido\/uploads\/2025\/06\/Programas-de-facturacion-compatibles-con-VeriFactu.png 1580w\" sizes=\"(max-width: 1024px) 100vw, 1024px\" \/>\t\t\t\t\t\t\t\t<\/a>\n\t\t\t\t\t\t\t\t\t\t\t\t\t\t\t<\/div>\n\t\t\t\t<\/div>\n\t\t\t\t<\/div>\n\t\t\t\t\t<\/div>\n\t\t\t\t<\/div>\n\t\t<div class=\"elementor-element elementor-element-6aaa0fe e-flex e-con-boxed e-con e-parent\" data-id=\"6aaa0fe\" data-element_type=\"container\">\n\t\t\t\t\t<div class=\"e-con-inner\">\n\t\t\t\t<div class=\"elementor-element elementor-element-8ffcb29 elementor-widget elementor-widget-spacer\" data-id=\"8ffcb29\" data-element_type=\"widget\" data-widget_type=\"spacer.default\">\n\t\t\t\t<div class=\"elementor-widget-container\">\n\t\t\t\t\t\t\t<div class=\"elementor-spacer\">\n\t\t\t<div class=\"elementor-spacer-inner\"><\/div>\n\t\t<\/div>\n\t\t\t\t\t\t<\/div>\n\t\t\t\t<\/div>\n\t\t\t\t\t<\/div>\n\t\t\t\t<\/div>\n\t\t<div class=\"elementor-element elementor-element-9e2bcad e-flex e-con-boxed e-con e-parent\" data-id=\"9e2bcad\" data-element_type=\"container\">\n\t\t\t\t\t<div class=\"e-con-inner\">\n\t\t<div class=\"elementor-element elementor-element-5e3094b e-con-full e-flex e-con e-child\" data-id=\"5e3094b\" data-element_type=\"container\">\n\t\t\t\t<div class=\"elementor-element elementor-element-fd245c7 elementor-widget elementor-widget-heading\" data-id=\"fd245c7\" data-element_type=\"widget\" data-widget_type=\"heading.default\">\n\t\t\t\t<div class=\"elementor-widget-container\">\n\t\t\t\t\t<h2 class=\"elementor-heading-title elementor-size-default\">\u00bfPreocupado por la nueva ley Verifactu?<\/h2>\t\t\t\t<\/div>\n\t\t\t\t<\/div>\n\t\t\t\t<div class=\"elementor-element elementor-element-3105192 elementor-widget elementor-widget-text-editor\" data-id=\"3105192\" data-element_type=\"widget\" data-widget_type=\"text-editor.default\">\n\t\t\t\t<div class=\"elementor-widget-container\">\n\t\t\t\t\t\t\t\t\t<p>La inminente entrada en vigor de la ley Verifactu plantea nuevos retos para las empresas. La complejidad de adaptar tus sistemas, el riesgo de sanciones y la necesidad de asegurar la integridad y trazabilidad de tus facturas pueden generar incertidumbre.<\/p>\t\t\t\t\t\t\t\t<\/div>\n\t\t\t\t<\/div>\n\t\t<div class=\"elementor-element elementor-element-87b1329 e-flex e-con-boxed e-con e-child\" data-id=\"87b1329\" data-element_type=\"container\">\n\t\t\t\t\t<div class=\"e-con-inner\">\n\t\t\t\t<div class=\"elementor-element elementor-element-2673352 elementor-widget elementor-widget-button\" data-id=\"2673352\" data-element_type=\"widget\" data-widget_type=\"button.default\">\n\t\t\t\t<div class=\"elementor-widget-container\">\n\t\t\t\t\t\t\t\t\t<div class=\"elementor-button-wrapper\">\n\t\t\t\t\t<a class=\"elementor-button elementor-button-link elementor-size-md elementor-animation-grow\" href=\"https:\/\/myaccount.finanedi.es\/signup\">\n\t\t\t\t\t\t<span class=\"elementor-button-content-wrapper\">\n\t\t\t\t\t\t\t\t\t<span class=\"elementor-button-text\">Crear cuenta gratis<\/span>\n\t\t\t\t\t<\/span>\n\t\t\t\t\t<\/a>\n\t\t\t\t<\/div>\n\t\t\t\t\t\t\t\t<\/div>\n\t\t\t\t<\/div>\n\t\t\t\t<div class=\"elementor-element elementor-element-8195724 elementor-widget elementor-widget-button\" data-id=\"8195724\" data-element_type=\"widget\" data-widget_type=\"button.default\">\n\t\t\t\t<div class=\"elementor-widget-container\">\n\t\t\t\t\t\t\t\t\t<div class=\"elementor-button-wrapper\">\n\t\t\t\t\t<a class=\"elementor-button elementor-button-link elementor-size-md elementor-animation-grow\" href=\"https:\/\/finanedi.es\/solicitar-demostracion\" target=\"_blank\">\n\t\t\t\t\t\t<span class=\"elementor-button-content-wrapper\">\n\t\t\t\t\t\t\t\t\t<span class=\"elementor-button-text\">Solicitar demo<\/span>\n\t\t\t\t\t<\/span>\n\t\t\t\t\t<\/a>\n\t\t\t\t<\/div>\n\t\t\t\t\t\t\t\t<\/div>\n\t\t\t\t<\/div>\n\t\t\t\t\t<\/div>\n\t\t\t\t<\/div>\n\t\t\t\t<\/div>\n\t\t<div class=\"elementor-element elementor-element-e8c4b69 e-con-full e-flex e-con e-child\" data-id=\"e8c4b69\" data-element_type=\"container\">\n\t\t\t\t<div class=\"elementor-element elementor-element-3bbab2a elementor-widget elementor-widget-image\" data-id=\"3bbab2a\" data-element_type=\"widget\" data-widget_type=\"image.default\">\n\t\t\t\t<div class=\"elementor-widget-container\">\n\t\t\t\t\t\t\t\t\t\t\t\t\t\t\t<img decoding=\"async\" width=\"1024\" height=\"622\" src=\"https:\/\/finanedi.es\/blog\/contenido\/uploads\/2025\/06\/Preparando-tu-empresa-para-Verifactu-1024x622.jpg\" class=\"attachment-large size-large wp-image-11271\" alt=\"Preparando tu empresa para Verifactu\" srcset=\"https:\/\/finanedi.es\/blog\/contenido\/uploads\/2025\/06\/Preparando-tu-empresa-para-Verifactu-1024x622.jpg 1024w, https:\/\/finanedi.es\/blog\/contenido\/uploads\/2025\/06\/Preparando-tu-empresa-para-Verifactu-300x182.jpg 300w, https:\/\/finanedi.es\/blog\/contenido\/uploads\/2025\/06\/Preparando-tu-empresa-para-Verifactu-768x467.jpg 768w, https:\/\/finanedi.es\/blog\/contenido\/uploads\/2025\/06\/Preparando-tu-empresa-para-Verifactu-1536x933.jpg 1536w, https:\/\/finanedi.es\/blog\/contenido\/uploads\/2025\/06\/Preparando-tu-empresa-para-Verifactu.jpg 1580w\" sizes=\"(max-width: 1024px) 100vw, 1024px\" \/>\t\t\t\t\t\t\t\t\t\t\t\t\t\t\t<\/div>\n\t\t\t\t<\/div>\n\t\t\t\t<\/div>\n\t\t\t\t\t<\/div>\n\t\t\t\t<\/div>\n\t\t<div class=\"elementor-element elementor-element-98a766b e-flex e-con-boxed e-con e-parent\" data-id=\"98a766b\" data-element_type=\"container\">\n\t\t\t\t\t<div class=\"e-con-inner\">\n\t\t\t\t<div class=\"elementor-element elementor-element-55a2627 elementor-widget elementor-widget-spacer\" data-id=\"55a2627\" data-element_type=\"widget\" data-widget_type=\"spacer.default\">\n\t\t\t\t<div class=\"elementor-widget-container\">\n\t\t\t\t\t\t\t<div class=\"elementor-spacer\">\n\t\t\t<div class=\"elementor-spacer-inner\"><\/div>\n\t\t<\/div>\n\t\t\t\t\t\t<\/div>\n\t\t\t\t<\/div>\n\t\t\t\t\t<\/div>\n\t\t\t\t<\/div>\n\t\t<div class=\"elementor-element elementor-element-e1fe288 e-flex e-con-boxed e-con e-parent\" data-id=\"e1fe288\" data-element_type=\"container\">\n\t\t\t\t\t<div class=\"e-con-inner\">\n\t\t\t\t<div class=\"elementor-element elementor-element-e093ef2 elementor-widget elementor-widget-heading\" data-id=\"e093ef2\" data-element_type=\"widget\" data-widget_type=\"heading.default\">\n\t\t\t\t<div class=\"elementor-widget-container\">\n\t\t\t\t\t<h2 class=\"elementor-heading-title elementor-size-default\">Art\u00edculos relacionados<\/h2>\t\t\t\t<\/div>\n\t\t\t\t<\/div>\n\t\t\t\t\t<\/div>\n\t\t\t\t<\/div>\n\t\t<div class=\"elementor-element elementor-element-6e6894e e-flex e-con-boxed e-con e-parent\" data-id=\"6e6894e\" data-element_type=\"container\">\n\t\t\t\t\t<div class=\"e-con-inner\">\n\t\t<div class=\"elementor-element elementor-element-98af3bf e-flex e-con-boxed e-con e-child\" data-id=\"98af3bf\" data-element_type=\"container\">\n\t\t\t\t\t<div class=\"e-con-inner\">\n\t\t\t\t<div class=\"elementor-element elementor-element-8df186f elementor-widget elementor-widget-katen-post-twelve\" data-id=\"8df186f\" data-element_type=\"widget\" data-widget_type=\"katen-post-twelve.default\">\n\t\t\t\t<div class=\"elementor-widget-container\">\n\t\t\t\t\t\t\t<div class=\"row gy-4 infinite-wrapper\">\r\n\r\n\t\t\t\r\n\t\t\t\t<div class=\"col-md-6 col-lg-4 post-item\">\r\n\t\t\t\t\t<div id=\"post-10950\" class=\"post post-grid rounded bordered post-10950 type-post status-publish format-standard has-post-thumbnail hentry category-facturacion tag-verifactu\">\r\n\t\t\t\t\t\t\t\t\t\t\t\t\t<div class=\"thumb top-rounded\">\r\n\t\t\t\t\t\t\t\t\t\t\t\t\t\t\t\t<div class=\"inner\">\r\n\t\t\t\t\t\t\t\t\t<a href=\"https:\/\/finanedi.es\/blog\/verifactu-el-nuevo-horizonte-de-la-facturacion-para-pymes-y-autonomos\/\"><img decoding=\"async\" width=\"550\" height=\"367\" src=\"https:\/\/finanedi.es\/blog\/contenido\/uploads\/2025\/06\/Verifactu-El-nuevo-horizonte-de-la-facturacion-para-pymes-y-autonomos-550x367.jpg\" class=\"attachment-katen-thumb-grid size-katen-thumb-grid wp-post-image\" alt=\"Verifactu El nuevo horizonte de la facturaci\u00f3n para pymes y aut\u00f3nomos\" srcset=\"https:\/\/finanedi.es\/blog\/contenido\/uploads\/2025\/06\/Verifactu-El-nuevo-horizonte-de-la-facturacion-para-pymes-y-autonomos-550x367.jpg 550w, https:\/\/finanedi.es\/blog\/contenido\/uploads\/2025\/06\/Verifactu-El-nuevo-horizonte-de-la-facturacion-para-pymes-y-autonomos-300x200.jpg 300w, https:\/\/finanedi.es\/blog\/contenido\/uploads\/2025\/06\/Verifactu-El-nuevo-horizonte-de-la-facturacion-para-pymes-y-autonomos-1024x682.jpg 1024w, https:\/\/finanedi.es\/blog\/contenido\/uploads\/2025\/06\/Verifactu-El-nuevo-horizonte-de-la-facturacion-para-pymes-y-autonomos-768x512.jpg 768w, https:\/\/finanedi.es\/blog\/contenido\/uploads\/2025\/06\/Verifactu-El-nuevo-horizonte-de-la-facturacion-para-pymes-y-autonomos-1536x1024.jpg 1536w, https:\/\/finanedi.es\/blog\/contenido\/uploads\/2025\/06\/Verifactu-El-nuevo-horizonte-de-la-facturacion-para-pymes-y-autonomos.jpg 2000w\" sizes=\"(max-width: 550px) 100vw, 550px\" \/><\/a>\t\t\t\t\t\t\t\t<\/div>\r\n\t\t\t\t\t\t\t<\/div>\r\n\t\t\t\t\t\t\t\t\t\t\t\t<div class=\"details\">\r\n\r\n\t\t\t\t\t\t\t<ul class=\"meta list-inline mb-0\">\r\n\t\t\t\t\t\t\t\t\t\t\t\t\t\t\t<\/ul>\r\n\r\n\t\t\t\t\t\t\t<h5 class=\"post-title mb-3 mt-3\"><a href=\"https:\/\/finanedi.es\/blog\/verifactu-el-nuevo-horizonte-de-la-facturacion-para-pymes-y-autonomos\/\">Verifactu: El nuevo horizonte de la facturaci\u00f3n para pymes y aut\u00f3nomos<\/a><\/h5>\r\n\t\t\t\t\t\t\t<p class=\"excerpt mb-0\">\r\n\t\t\t\t\t\t\t\tLa digitalizaci\u00f3n ha llegado para quedarse en el mundo empresarial, y la facturaci\u00f3n no es&hellip;\t\t\t\t\t\t\t<\/p>\r\n\t\t\t\t\t\t<\/div>\r\n\t\t\t\t\t\t<div class=\"post-bottom clearfix d-flex align-items-center\">\r\n\t\t\t\t\t\t\t\n    <div class=\"social-share me-auto\">\n        <button class=\"toggle-button icon-share\"><\/button>\n        <ul class=\"icons list-unstyled list-inline mb-0\">\n            <li class=\"list-inline-item\"><a href=\"https:\/\/www.facebook.com\/sharer\/sharer.php?u=https:\/\/finanedi.es\/blog\/verifactu-el-nuevo-horizonte-de-la-facturacion-para-pymes-y-autonomos\/\" target=\"_blank\"><i class=\"fab fa-facebook-f\"><\/i><\/a><\/li>\n            <li class=\"list-inline-item\"><a href=\"https:\/\/twitter.com\/intent\/tweet?url=https:\/\/finanedi.es\/blog\/verifactu-el-nuevo-horizonte-de-la-facturacion-para-pymes-y-autonomos\/&text=Verifactu: El nuevo horizonte de la facturaci\u00f3n para pymes y aut\u00f3nomos\" target=\"_blank\"><i class=\"fab fa-twitter\"><\/i><\/a><\/li>\n            <li class=\"list-inline-item\"><a href=\"https:\/\/www.linkedin.com\/shareArticle?mini=true&url=https:\/\/finanedi.es\/blog\/verifactu-el-nuevo-horizonte-de-la-facturacion-para-pymes-y-autonomos\/&title=Verifactu: El nuevo horizonte de la facturaci\u00f3n para pymes y aut\u00f3nomos\" target=\"_blank\"><i class=\"fab fa-linkedin-in\"><\/i><\/a><\/li>\n            <li class=\"list-inline-item\"><a href=\"https:\/\/pinterest.com\/pin\/create\/button\/?url=https:\/\/finanedi.es\/blog\/verifactu-el-nuevo-horizonte-de-la-facturacion-para-pymes-y-autonomos\/&media=&description=Verifactu: El nuevo horizonte de la facturaci\u00f3n para pymes y aut\u00f3nomos\" target=\"_blank\"><i class=\"fab fa-pinterest\"><\/i><\/a><\/li>\n            <li class=\"list-inline-item\"><a href=\"https:\/\/t.me\/share\/url?url=https:\/\/finanedi.es\/blog\/verifactu-el-nuevo-horizonte-de-la-facturacion-para-pymes-y-autonomos\/&text=Verifactu: El nuevo horizonte de la facturaci\u00f3n para pymes y aut\u00f3nomos\" target=\"_blank\"><i class=\"fab fa-telegram-plane\"><\/i><\/a><\/li>\n            <li class=\"list-inline-item\"><a href=\"mailto:info@example.com?&subject=&cc=&bcc=&body=https:\/\/finanedi.es\/blog\/verifactu-el-nuevo-horizonte-de-la-facturacion-para-pymes-y-autonomos\/\"><i class=\"far fa-envelope\"><\/i><\/a><\/li>\n        <\/ul>\n    <\/div>\n\n\t\t\t\t\t\t\t\t\t\t\t\t\t\t\t<div class=\"more-button float-end\">\r\n\t\t\t\t\t\t\t\t\t<a href=\"https:\/\/finanedi.es\/blog\/verifactu-el-nuevo-horizonte-de-la-facturacion-para-pymes-y-autonomos\/\"><span class=\"icon-options\"><\/span><\/a>\r\n\t\t\t\t\t\t\t\t<\/div>\r\n\t\t\t\t\t\t\t\t\t\t\t\t\t<\/div>\r\n\t\t\t\t\t<\/div>\r\n\t\t\t\t<\/div>\r\n\r\n\t\t\t\r\n\t\t\t\t<div class=\"col-md-6 col-lg-4 post-item\">\r\n\t\t\t\t\t<div id=\"post-11103\" class=\"post post-grid rounded bordered post-11103 type-post status-publish format-standard has-post-thumbnail hentry category-facturacion tag-verifactu\">\r\n\t\t\t\t\t\t\t\t\t\t\t\t\t<div class=\"thumb top-rounded\">\r\n\t\t\t\t\t\t\t\t\t\t\t\t\t\t\t\t<div class=\"inner\">\r\n\t\t\t\t\t\t\t\t\t<a href=\"https:\/\/finanedi.es\/blog\/verifactu-y-factura-electronica-diferencias\/\"><img loading=\"lazy\" decoding=\"async\" width=\"550\" height=\"367\" src=\"https:\/\/finanedi.es\/blog\/contenido\/uploads\/2025\/06\/Diferencias-entre-Verifactu-y-Factura-electronica-550x367.jpg\" class=\"attachment-katen-thumb-grid size-katen-thumb-grid wp-post-image\" alt=\"Diferencias entre Verifactu y Factura electr\u00f3nica\" srcset=\"https:\/\/finanedi.es\/blog\/contenido\/uploads\/2025\/06\/Diferencias-entre-Verifactu-y-Factura-electronica-550x367.jpg 550w, https:\/\/finanedi.es\/blog\/contenido\/uploads\/2025\/06\/Diferencias-entre-Verifactu-y-Factura-electronica-300x199.jpg 300w\" sizes=\"(max-width: 550px) 100vw, 550px\" \/><\/a>\t\t\t\t\t\t\t\t<\/div>\r\n\t\t\t\t\t\t\t<\/div>\r\n\t\t\t\t\t\t\t\t\t\t\t\t<div class=\"details\">\r\n\r\n\t\t\t\t\t\t\t<ul class=\"meta list-inline mb-0\">\r\n\t\t\t\t\t\t\t\t\t\t\t\t\t\t\t<\/ul>\r\n\r\n\t\t\t\t\t\t\t<h5 class=\"post-title mb-3 mt-3\"><a href=\"https:\/\/finanedi.es\/blog\/verifactu-y-factura-electronica-diferencias\/\">Diferencias entre Verifactu y Factura electr\u00f3nica<\/a><\/h5>\r\n\t\t\t\t\t\t\t<p class=\"excerpt mb-0\">\r\n\t\t\t\t\t\t\t\tLa digitalizaci\u00f3n es un tren que ninguna pyme o aut\u00f3nomo puede permitirse perder. Dos t\u00e9rminos&hellip;\t\t\t\t\t\t\t<\/p>\r\n\t\t\t\t\t\t<\/div>\r\n\t\t\t\t\t\t<div class=\"post-bottom clearfix d-flex align-items-center\">\r\n\t\t\t\t\t\t\t\n    <div class=\"social-share me-auto\">\n        <button class=\"toggle-button icon-share\"><\/button>\n        <ul class=\"icons list-unstyled list-inline mb-0\">\n            <li class=\"list-inline-item\"><a href=\"https:\/\/www.facebook.com\/sharer\/sharer.php?u=https:\/\/finanedi.es\/blog\/verifactu-y-factura-electronica-diferencias\/\" target=\"_blank\"><i class=\"fab fa-facebook-f\"><\/i><\/a><\/li>\n            <li class=\"list-inline-item\"><a href=\"https:\/\/twitter.com\/intent\/tweet?url=https:\/\/finanedi.es\/blog\/verifactu-y-factura-electronica-diferencias\/&text=Diferencias entre Verifactu y Factura electr\u00f3nica\" target=\"_blank\"><i class=\"fab fa-twitter\"><\/i><\/a><\/li>\n            <li class=\"list-inline-item\"><a href=\"https:\/\/www.linkedin.com\/shareArticle?mini=true&url=https:\/\/finanedi.es\/blog\/verifactu-y-factura-electronica-diferencias\/&title=Diferencias entre Verifactu y Factura electr\u00f3nica\" target=\"_blank\"><i class=\"fab fa-linkedin-in\"><\/i><\/a><\/li>\n            <li class=\"list-inline-item\"><a href=\"https:\/\/pinterest.com\/pin\/create\/button\/?url=https:\/\/finanedi.es\/blog\/verifactu-y-factura-electronica-diferencias\/&media=&description=Diferencias entre Verifactu y Factura electr\u00f3nica\" target=\"_blank\"><i class=\"fab fa-pinterest\"><\/i><\/a><\/li>\n            <li class=\"list-inline-item\"><a href=\"https:\/\/t.me\/share\/url?url=https:\/\/finanedi.es\/blog\/verifactu-y-factura-electronica-diferencias\/&text=Diferencias entre Verifactu y Factura electr\u00f3nica\" target=\"_blank\"><i class=\"fab fa-telegram-plane\"><\/i><\/a><\/li>\n            <li class=\"list-inline-item\"><a href=\"mailto:info@example.com?&subject=&cc=&bcc=&body=https:\/\/finanedi.es\/blog\/verifactu-y-factura-electronica-diferencias\/\"><i class=\"far fa-envelope\"><\/i><\/a><\/li>\n        <\/ul>\n    <\/div>\n\n\t\t\t\t\t\t\t\t\t\t\t\t\t\t\t<div class=\"more-button float-end\">\r\n\t\t\t\t\t\t\t\t\t<a href=\"https:\/\/finanedi.es\/blog\/verifactu-y-factura-electronica-diferencias\/\"><span class=\"icon-options\"><\/span><\/a>\r\n\t\t\t\t\t\t\t\t<\/div>\r\n\t\t\t\t\t\t\t\t\t\t\t\t\t<\/div>\r\n\t\t\t\t\t<\/div>\r\n\t\t\t\t<\/div>\r\n\r\n\t\t\t\r\n\t\t\t\t<div class=\"col-md-6 col-lg-4 post-item\">\r\n\t\t\t\t\t<div id=\"post-11268\" class=\"post post-grid rounded bordered post-11268 type-post status-publish format-standard has-post-thumbnail hentry category-facturacion tag-verifactu\">\r\n\t\t\t\t\t\t\t\t\t\t\t\t\t<div class=\"thumb top-rounded\">\r\n\t\t\t\t\t\t\t\t\t\t\t\t\t\t\t\t<div class=\"inner\">\r\n\t\t\t\t\t\t\t\t\t<a href=\"https:\/\/finanedi.es\/blog\/preparando-tu-empresa-para-verifactu-guia-para-la-implementacion\/\"><img loading=\"lazy\" decoding=\"async\" width=\"550\" height=\"367\" src=\"https:\/\/finanedi.es\/blog\/contenido\/uploads\/2025\/06\/Preparando-tu-empresa-para-Verifactu-550x367.jpg\" class=\"attachment-katen-thumb-grid size-katen-thumb-grid wp-post-image\" alt=\"Preparando tu empresa para Verifactu\" \/><\/a>\t\t\t\t\t\t\t\t<\/div>\r\n\t\t\t\t\t\t\t<\/div>\r\n\t\t\t\t\t\t\t\t\t\t\t\t<div class=\"details\">\r\n\r\n\t\t\t\t\t\t\t<ul class=\"meta list-inline mb-0\">\r\n\t\t\t\t\t\t\t\t\t\t\t\t\t\t\t<\/ul>\r\n\r\n\t\t\t\t\t\t\t<h5 class=\"post-title mb-3 mt-3\"><a href=\"https:\/\/finanedi.es\/blog\/preparando-tu-empresa-para-verifactu-guia-para-la-implementacion\/\">Preparando tu empresa para Verifactu: Gu\u00eda para la implementaci\u00f3n<\/a><\/h5>\r\n\t\t\t\t\t\t\t<p class=\"excerpt mb-0\">\r\n\t\t\t\t\t\t\t\tLa entrada en vigor de Verifactu marca un antes y un despu\u00e9s en la forma&hellip;\t\t\t\t\t\t\t<\/p>\r\n\t\t\t\t\t\t<\/div>\r\n\t\t\t\t\t\t<div class=\"post-bottom clearfix d-flex align-items-center\">\r\n\t\t\t\t\t\t\t\n    <div class=\"social-share me-auto\">\n        <button class=\"toggle-button icon-share\"><\/button>\n        <ul class=\"icons list-unstyled list-inline mb-0\">\n            <li class=\"list-inline-item\"><a href=\"https:\/\/www.facebook.com\/sharer\/sharer.php?u=https:\/\/finanedi.es\/blog\/preparando-tu-empresa-para-verifactu-guia-para-la-implementacion\/\" target=\"_blank\"><i class=\"fab fa-facebook-f\"><\/i><\/a><\/li>\n            <li class=\"list-inline-item\"><a href=\"https:\/\/twitter.com\/intent\/tweet?url=https:\/\/finanedi.es\/blog\/preparando-tu-empresa-para-verifactu-guia-para-la-implementacion\/&text=Preparando tu empresa para Verifactu: Gu\u00eda para la implementaci\u00f3n\" target=\"_blank\"><i class=\"fab fa-twitter\"><\/i><\/a><\/li>\n            <li class=\"list-inline-item\"><a href=\"https:\/\/www.linkedin.com\/shareArticle?mini=true&url=https:\/\/finanedi.es\/blog\/preparando-tu-empresa-para-verifactu-guia-para-la-implementacion\/&title=Preparando tu empresa para Verifactu: Gu\u00eda para la implementaci\u00f3n\" target=\"_blank\"><i class=\"fab fa-linkedin-in\"><\/i><\/a><\/li>\n            <li class=\"list-inline-item\"><a href=\"https:\/\/pinterest.com\/pin\/create\/button\/?url=https:\/\/finanedi.es\/blog\/preparando-tu-empresa-para-verifactu-guia-para-la-implementacion\/&media=&description=Preparando tu empresa para Verifactu: Gu\u00eda para la implementaci\u00f3n\" target=\"_blank\"><i class=\"fab fa-pinterest\"><\/i><\/a><\/li>\n            <li class=\"list-inline-item\"><a href=\"https:\/\/t.me\/share\/url?url=https:\/\/finanedi.es\/blog\/preparando-tu-empresa-para-verifactu-guia-para-la-implementacion\/&text=Preparando tu empresa para Verifactu: Gu\u00eda para la implementaci\u00f3n\" target=\"_blank\"><i class=\"fab fa-telegram-plane\"><\/i><\/a><\/li>\n            <li class=\"list-inline-item\"><a href=\"mailto:info@example.com?&subject=&cc=&bcc=&body=https:\/\/finanedi.es\/blog\/preparando-tu-empresa-para-verifactu-guia-para-la-implementacion\/\"><i class=\"far fa-envelope\"><\/i><\/a><\/li>\n        <\/ul>\n    <\/div>\n\n\t\t\t\t\t\t\t\t\t\t\t\t\t\t\t<div class=\"more-button float-end\">\r\n\t\t\t\t\t\t\t\t\t<a href=\"https:\/\/finanedi.es\/blog\/preparando-tu-empresa-para-verifactu-guia-para-la-implementacion\/\"><span class=\"icon-options\"><\/span><\/a>\r\n\t\t\t\t\t\t\t\t<\/div>\r\n\t\t\t\t\t\t\t\t\t\t\t\t\t<\/div>\r\n\t\t\t\t\t<\/div>\r\n\t\t\t\t<\/div>\r\n\r\n\t\t\t\r\n\t\t\t\t<div class=\"col-md-6 col-lg-4 post-item\">\r\n\t\t\t\t\t<div id=\"post-11340\" class=\"post post-grid rounded bordered post-11340 type-post status-publish format-standard has-post-thumbnail hentry category-facturacion tag-verifactu\">\r\n\t\t\t\t\t\t\t\t\t\t\t\t\t<div class=\"thumb top-rounded\">\r\n\t\t\t\t\t\t\t\t\t\t\t\t\t\t\t\t<div class=\"inner\">\r\n\t\t\t\t\t\t\t\t\t<a href=\"https:\/\/finanedi.es\/blog\/verifactu-una-obligacion-o-tu-proximo-aliado-estrategico-para-la-inteligencia-de-negocio\/\"><img loading=\"lazy\" decoding=\"async\" width=\"550\" height=\"367\" src=\"https:\/\/finanedi.es\/blog\/contenido\/uploads\/2025\/07\/Verifactu-\u00bfUna-obligacion-o-tu-proximo-aliado-estrategico-para-la-inteligencia-de-negocio-550x367.jpg\" class=\"attachment-katen-thumb-grid size-katen-thumb-grid wp-post-image\" alt=\"\" srcset=\"https:\/\/finanedi.es\/blog\/contenido\/uploads\/2025\/07\/Verifactu-\u00bfUna-obligacion-o-tu-proximo-aliado-estrategico-para-la-inteligencia-de-negocio-550x367.jpg 550w, https:\/\/finanedi.es\/blog\/contenido\/uploads\/2025\/07\/Verifactu-\u00bfUna-obligacion-o-tu-proximo-aliado-estrategico-para-la-inteligencia-de-negocio-300x200.jpg 300w, https:\/\/finanedi.es\/blog\/contenido\/uploads\/2025\/07\/Verifactu-\u00bfUna-obligacion-o-tu-proximo-aliado-estrategico-para-la-inteligencia-de-negocio-1024x682.jpg 1024w, https:\/\/finanedi.es\/blog\/contenido\/uploads\/2025\/07\/Verifactu-\u00bfUna-obligacion-o-tu-proximo-aliado-estrategico-para-la-inteligencia-de-negocio-768x512.jpg 768w, https:\/\/finanedi.es\/blog\/contenido\/uploads\/2025\/07\/Verifactu-\u00bfUna-obligacion-o-tu-proximo-aliado-estrategico-para-la-inteligencia-de-negocio-1536x1024.jpg 1536w, https:\/\/finanedi.es\/blog\/contenido\/uploads\/2025\/07\/Verifactu-\u00bfUna-obligacion-o-tu-proximo-aliado-estrategico-para-la-inteligencia-de-negocio.jpg 2000w\" sizes=\"(max-width: 550px) 100vw, 550px\" \/><\/a>\t\t\t\t\t\t\t\t<\/div>\r\n\t\t\t\t\t\t\t<\/div>\r\n\t\t\t\t\t\t\t\t\t\t\t\t<div class=\"details\">\r\n\r\n\t\t\t\t\t\t\t<ul class=\"meta list-inline mb-0\">\r\n\t\t\t\t\t\t\t\t\t\t\t\t\t\t\t<\/ul>\r\n\r\n\t\t\t\t\t\t\t<h5 class=\"post-title mb-3 mt-3\"><a href=\"https:\/\/finanedi.es\/blog\/verifactu-una-obligacion-o-tu-proximo-aliado-estrategico-para-la-inteligencia-de-negocio\/\">Verifactu: \u00bfUna obligaci\u00f3n o tu pr\u00f3ximo aliado estrat\u00e9gico para la inteligencia de negocio?<\/a><\/h5>\r\n\t\t\t\t\t\t\t<p class=\"excerpt mb-0\">\r\n\t\t\t\t\t\t\t\tCuando escuchamos hablar de Verifactu, la primera imagen que suele venir a la mente es&hellip;\t\t\t\t\t\t\t<\/p>\r\n\t\t\t\t\t\t<\/div>\r\n\t\t\t\t\t\t<div class=\"post-bottom clearfix d-flex align-items-center\">\r\n\t\t\t\t\t\t\t\n    <div class=\"social-share me-auto\">\n        <button class=\"toggle-button icon-share\"><\/button>\n        <ul class=\"icons list-unstyled list-inline mb-0\">\n            <li class=\"list-inline-item\"><a href=\"https:\/\/www.facebook.com\/sharer\/sharer.php?u=https:\/\/finanedi.es\/blog\/verifactu-una-obligacion-o-tu-proximo-aliado-estrategico-para-la-inteligencia-de-negocio\/\" target=\"_blank\"><i class=\"fab fa-facebook-f\"><\/i><\/a><\/li>\n            <li class=\"list-inline-item\"><a href=\"https:\/\/twitter.com\/intent\/tweet?url=https:\/\/finanedi.es\/blog\/verifactu-una-obligacion-o-tu-proximo-aliado-estrategico-para-la-inteligencia-de-negocio\/&text=Verifactu: \u00bfUna obligaci\u00f3n o tu pr\u00f3ximo aliado estrat\u00e9gico para la inteligencia de negocio?\" target=\"_blank\"><i class=\"fab fa-twitter\"><\/i><\/a><\/li>\n            <li class=\"list-inline-item\"><a href=\"https:\/\/www.linkedin.com\/shareArticle?mini=true&url=https:\/\/finanedi.es\/blog\/verifactu-una-obligacion-o-tu-proximo-aliado-estrategico-para-la-inteligencia-de-negocio\/&title=Verifactu: \u00bfUna obligaci\u00f3n o tu pr\u00f3ximo aliado estrat\u00e9gico para la inteligencia de negocio?\" target=\"_blank\"><i class=\"fab fa-linkedin-in\"><\/i><\/a><\/li>\n            <li class=\"list-inline-item\"><a href=\"https:\/\/pinterest.com\/pin\/create\/button\/?url=https:\/\/finanedi.es\/blog\/verifactu-una-obligacion-o-tu-proximo-aliado-estrategico-para-la-inteligencia-de-negocio\/&media=&description=Verifactu: \u00bfUna obligaci\u00f3n o tu pr\u00f3ximo aliado estrat\u00e9gico para la inteligencia de negocio?\" target=\"_blank\"><i class=\"fab fa-pinterest\"><\/i><\/a><\/li>\n            <li class=\"list-inline-item\"><a href=\"https:\/\/t.me\/share\/url?url=https:\/\/finanedi.es\/blog\/verifactu-una-obligacion-o-tu-proximo-aliado-estrategico-para-la-inteligencia-de-negocio\/&text=Verifactu: \u00bfUna obligaci\u00f3n o tu pr\u00f3ximo aliado estrat\u00e9gico para la inteligencia de negocio?\" target=\"_blank\"><i class=\"fab fa-telegram-plane\"><\/i><\/a><\/li>\n            <li class=\"list-inline-item\"><a href=\"mailto:info@example.com?&subject=&cc=&bcc=&body=https:\/\/finanedi.es\/blog\/verifactu-una-obligacion-o-tu-proximo-aliado-estrategico-para-la-inteligencia-de-negocio\/\"><i class=\"far fa-envelope\"><\/i><\/a><\/li>\n        <\/ul>\n    <\/div>\n\n\t\t\t\t\t\t\t\t\t\t\t\t\t\t\t<div class=\"more-button float-end\">\r\n\t\t\t\t\t\t\t\t\t<a href=\"https:\/\/finanedi.es\/blog\/verifactu-una-obligacion-o-tu-proximo-aliado-estrategico-para-la-inteligencia-de-negocio\/\"><span class=\"icon-options\"><\/span><\/a>\r\n\t\t\t\t\t\t\t\t<\/div>\r\n\t\t\t\t\t\t\t\t\t\t\t\t\t<\/div>\r\n\t\t\t\t\t<\/div>\r\n\t\t\t\t<\/div>\r\n\r\n\t\t\t\r\n\t\t\t\t<div class=\"col-md-6 col-lg-4 post-item\">\r\n\t\t\t\t\t<div id=\"post-11378\" class=\"post post-grid rounded bordered post-11378 type-post status-publish format-standard has-post-thumbnail hentry category-facturacion tag-verifactu\">\r\n\t\t\t\t\t\t\t\t\t\t\t\t\t<div class=\"thumb top-rounded\">\r\n\t\t\t\t\t\t\t\t\t\t\t\t\t\t\t\t<div class=\"inner\">\r\n\t\t\t\t\t\t\t\t\t<a href=\"https:\/\/finanedi.es\/blog\/verifactu-no-es-el-enemigo-como-convertir-la-obligacion-en-una-ventaja-competitiva\/\"><img loading=\"lazy\" decoding=\"async\" width=\"550\" height=\"367\" src=\"https:\/\/finanedi.es\/blog\/contenido\/uploads\/2025\/07\/VeriFactu-no-es-el-enemigo-como-convertir-la-obligacion-en-una-ventaja-competitiva-550x367.jpg\" class=\"attachment-katen-thumb-grid size-katen-thumb-grid wp-post-image\" alt=\"VeriFactu no es el enemigo c\u00f3mo convertir la obligaci\u00f3n en una ventaja competitiva\" srcset=\"https:\/\/finanedi.es\/blog\/contenido\/uploads\/2025\/07\/VeriFactu-no-es-el-enemigo-como-convertir-la-obligacion-en-una-ventaja-competitiva-550x367.jpg 550w, https:\/\/finanedi.es\/blog\/contenido\/uploads\/2025\/07\/VeriFactu-no-es-el-enemigo-como-convertir-la-obligacion-en-una-ventaja-competitiva-300x200.jpg 300w, https:\/\/finanedi.es\/blog\/contenido\/uploads\/2025\/07\/VeriFactu-no-es-el-enemigo-como-convertir-la-obligacion-en-una-ventaja-competitiva-1024x682.jpg 1024w, https:\/\/finanedi.es\/blog\/contenido\/uploads\/2025\/07\/VeriFactu-no-es-el-enemigo-como-convertir-la-obligacion-en-una-ventaja-competitiva-768x512.jpg 768w, https:\/\/finanedi.es\/blog\/contenido\/uploads\/2025\/07\/VeriFactu-no-es-el-enemigo-como-convertir-la-obligacion-en-una-ventaja-competitiva-1536x1024.jpg 1536w, https:\/\/finanedi.es\/blog\/contenido\/uploads\/2025\/07\/VeriFactu-no-es-el-enemigo-como-convertir-la-obligacion-en-una-ventaja-competitiva.jpg 2000w\" sizes=\"(max-width: 550px) 100vw, 550px\" \/><\/a>\t\t\t\t\t\t\t\t<\/div>\r\n\t\t\t\t\t\t\t<\/div>\r\n\t\t\t\t\t\t\t\t\t\t\t\t<div class=\"details\">\r\n\r\n\t\t\t\t\t\t\t<ul class=\"meta list-inline mb-0\">\r\n\t\t\t\t\t\t\t\t\t\t\t\t\t\t\t<\/ul>\r\n\r\n\t\t\t\t\t\t\t<h5 class=\"post-title mb-3 mt-3\"><a href=\"https:\/\/finanedi.es\/blog\/verifactu-no-es-el-enemigo-como-convertir-la-obligacion-en-una-ventaja-competitiva\/\">VeriFactu no es el enemigo: c\u00f3mo convertir la obligaci\u00f3n en una ventaja competitiva<\/a><\/h5>\r\n\t\t\t\t\t\t\t<p class=\"excerpt mb-0\">\r\n\t\t\t\t\t\t\t\tDesde que se anunci\u00f3 la obligatoriedad de VeriFactu, muchas empresas han reaccionado con preocupaci\u00f3n: \u00bfQu\u00e9&hellip;\t\t\t\t\t\t\t<\/p>\r\n\t\t\t\t\t\t<\/div>\r\n\t\t\t\t\t\t<div class=\"post-bottom clearfix d-flex align-items-center\">\r\n\t\t\t\t\t\t\t\n    <div class=\"social-share me-auto\">\n        <button class=\"toggle-button icon-share\"><\/button>\n        <ul class=\"icons list-unstyled list-inline mb-0\">\n            <li class=\"list-inline-item\"><a href=\"https:\/\/www.facebook.com\/sharer\/sharer.php?u=https:\/\/finanedi.es\/blog\/verifactu-no-es-el-enemigo-como-convertir-la-obligacion-en-una-ventaja-competitiva\/\" target=\"_blank\"><i class=\"fab fa-facebook-f\"><\/i><\/a><\/li>\n            <li class=\"list-inline-item\"><a href=\"https:\/\/twitter.com\/intent\/tweet?url=https:\/\/finanedi.es\/blog\/verifactu-no-es-el-enemigo-como-convertir-la-obligacion-en-una-ventaja-competitiva\/&text=VeriFactu no es el enemigo: c\u00f3mo convertir la obligaci\u00f3n en una ventaja competitiva\" target=\"_blank\"><i class=\"fab fa-twitter\"><\/i><\/a><\/li>\n            <li class=\"list-inline-item\"><a href=\"https:\/\/www.linkedin.com\/shareArticle?mini=true&url=https:\/\/finanedi.es\/blog\/verifactu-no-es-el-enemigo-como-convertir-la-obligacion-en-una-ventaja-competitiva\/&title=VeriFactu no es el enemigo: c\u00f3mo convertir la obligaci\u00f3n en una ventaja competitiva\" target=\"_blank\"><i class=\"fab fa-linkedin-in\"><\/i><\/a><\/li>\n            <li class=\"list-inline-item\"><a href=\"https:\/\/pinterest.com\/pin\/create\/button\/?url=https:\/\/finanedi.es\/blog\/verifactu-no-es-el-enemigo-como-convertir-la-obligacion-en-una-ventaja-competitiva\/&media=&description=VeriFactu no es el enemigo: c\u00f3mo convertir la obligaci\u00f3n en una ventaja competitiva\" target=\"_blank\"><i class=\"fab fa-pinterest\"><\/i><\/a><\/li>\n            <li class=\"list-inline-item\"><a href=\"https:\/\/t.me\/share\/url?url=https:\/\/finanedi.es\/blog\/verifactu-no-es-el-enemigo-como-convertir-la-obligacion-en-una-ventaja-competitiva\/&text=VeriFactu no es el enemigo: c\u00f3mo convertir la obligaci\u00f3n en una ventaja competitiva\" target=\"_blank\"><i class=\"fab fa-telegram-plane\"><\/i><\/a><\/li>\n            <li class=\"list-inline-item\"><a href=\"mailto:info@example.com?&subject=&cc=&bcc=&body=https:\/\/finanedi.es\/blog\/verifactu-no-es-el-enemigo-como-convertir-la-obligacion-en-una-ventaja-competitiva\/\"><i class=\"far fa-envelope\"><\/i><\/a><\/li>\n        <\/ul>\n    <\/div>\n\n\t\t\t\t\t\t\t\t\t\t\t\t\t\t\t<div class=\"more-button float-end\">\r\n\t\t\t\t\t\t\t\t\t<a href=\"https:\/\/finanedi.es\/blog\/verifactu-no-es-el-enemigo-como-convertir-la-obligacion-en-una-ventaja-competitiva\/\"><span class=\"icon-options\"><\/span><\/a>\r\n\t\t\t\t\t\t\t\t<\/div>\r\n\t\t\t\t\t\t\t\t\t\t\t\t\t<\/div>\r\n\t\t\t\t\t<\/div>\r\n\t\t\t\t<\/div>\r\n\r\n\t\t\t\r\n\t\t\t\t<div class=\"col-md-6 col-lg-4 post-item\">\r\n\t\t\t\t\t<div id=\"post-11436\" class=\"post post-grid rounded bordered post-11436 type-post status-publish format-standard has-post-thumbnail hentry category-facturacion tag-verifactu\">\r\n\t\t\t\t\t\t\t\t\t\t\t\t\t<div class=\"thumb top-rounded\">\r\n\t\t\t\t\t\t\t\t\t\t\t\t\t\t\t\t<div class=\"inner\">\r\n\t\t\t\t\t\t\t\t\t<a href=\"https:\/\/finanedi.es\/blog\/que-hacer-si-tu-software-de-facturacion-no-es-compatible-con-verifactu\/\"><img loading=\"lazy\" decoding=\"async\" width=\"550\" height=\"367\" src=\"https:\/\/finanedi.es\/blog\/contenido\/uploads\/2025\/07\/Que-hacer-si-tu-software-de-facturacion-no-es-compatible-con-VeriFactu-550x367.jpg\" class=\"attachment-katen-thumb-grid size-katen-thumb-grid wp-post-image\" alt=\"Qu\u00e9 hacer si tu software de facturaci\u00f3n no es compatible con VeriFactu\" srcset=\"https:\/\/finanedi.es\/blog\/contenido\/uploads\/2025\/07\/Que-hacer-si-tu-software-de-facturacion-no-es-compatible-con-VeriFactu-550x367.jpg 550w, https:\/\/finanedi.es\/blog\/contenido\/uploads\/2025\/07\/Que-hacer-si-tu-software-de-facturacion-no-es-compatible-con-VeriFactu-300x200.jpg 300w, https:\/\/finanedi.es\/blog\/contenido\/uploads\/2025\/07\/Que-hacer-si-tu-software-de-facturacion-no-es-compatible-con-VeriFactu-1024x682.jpg 1024w, https:\/\/finanedi.es\/blog\/contenido\/uploads\/2025\/07\/Que-hacer-si-tu-software-de-facturacion-no-es-compatible-con-VeriFactu-768x512.jpg 768w, https:\/\/finanedi.es\/blog\/contenido\/uploads\/2025\/07\/Que-hacer-si-tu-software-de-facturacion-no-es-compatible-con-VeriFactu-1536x1024.jpg 1536w, https:\/\/finanedi.es\/blog\/contenido\/uploads\/2025\/07\/Que-hacer-si-tu-software-de-facturacion-no-es-compatible-con-VeriFactu.jpg 2000w\" sizes=\"(max-width: 550px) 100vw, 550px\" \/><\/a>\t\t\t\t\t\t\t\t<\/div>\r\n\t\t\t\t\t\t\t<\/div>\r\n\t\t\t\t\t\t\t\t\t\t\t\t<div class=\"details\">\r\n\r\n\t\t\t\t\t\t\t<ul class=\"meta list-inline mb-0\">\r\n\t\t\t\t\t\t\t\t\t\t\t\t\t\t\t<\/ul>\r\n\r\n\t\t\t\t\t\t\t<h5 class=\"post-title mb-3 mt-3\"><a href=\"https:\/\/finanedi.es\/blog\/que-hacer-si-tu-software-de-facturacion-no-es-compatible-con-verifactu\/\">Qu\u00e9 hacer si tu software de facturaci\u00f3n no es compatible con VeriFactu<\/a><\/h5>\r\n\t\t\t\t\t\t\t<p class=\"excerpt mb-0\">\r\n\t\t\t\t\t\t\t\tLa llegada de VeriFactu ha supuesto un cambio profundo en la forma en la que&hellip;\t\t\t\t\t\t\t<\/p>\r\n\t\t\t\t\t\t<\/div>\r\n\t\t\t\t\t\t<div class=\"post-bottom clearfix d-flex align-items-center\">\r\n\t\t\t\t\t\t\t\n    <div class=\"social-share me-auto\">\n        <button class=\"toggle-button icon-share\"><\/button>\n        <ul class=\"icons list-unstyled list-inline mb-0\">\n            <li class=\"list-inline-item\"><a href=\"https:\/\/www.facebook.com\/sharer\/sharer.php?u=https:\/\/finanedi.es\/blog\/que-hacer-si-tu-software-de-facturacion-no-es-compatible-con-verifactu\/\" target=\"_blank\"><i class=\"fab fa-facebook-f\"><\/i><\/a><\/li>\n            <li class=\"list-inline-item\"><a href=\"https:\/\/twitter.com\/intent\/tweet?url=https:\/\/finanedi.es\/blog\/que-hacer-si-tu-software-de-facturacion-no-es-compatible-con-verifactu\/&text=Qu\u00e9 hacer si tu software de facturaci\u00f3n no es compatible con VeriFactu\" target=\"_blank\"><i class=\"fab fa-twitter\"><\/i><\/a><\/li>\n            <li class=\"list-inline-item\"><a href=\"https:\/\/www.linkedin.com\/shareArticle?mini=true&url=https:\/\/finanedi.es\/blog\/que-hacer-si-tu-software-de-facturacion-no-es-compatible-con-verifactu\/&title=Qu\u00e9 hacer si tu software de facturaci\u00f3n no es compatible con VeriFactu\" target=\"_blank\"><i class=\"fab fa-linkedin-in\"><\/i><\/a><\/li>\n            <li class=\"list-inline-item\"><a href=\"https:\/\/pinterest.com\/pin\/create\/button\/?url=https:\/\/finanedi.es\/blog\/que-hacer-si-tu-software-de-facturacion-no-es-compatible-con-verifactu\/&media=&description=Qu\u00e9 hacer si tu software de facturaci\u00f3n no es compatible con VeriFactu\" target=\"_blank\"><i class=\"fab fa-pinterest\"><\/i><\/a><\/li>\n            <li class=\"list-inline-item\"><a href=\"https:\/\/t.me\/share\/url?url=https:\/\/finanedi.es\/blog\/que-hacer-si-tu-software-de-facturacion-no-es-compatible-con-verifactu\/&text=Qu\u00e9 hacer si tu software de facturaci\u00f3n no es compatible con VeriFactu\" target=\"_blank\"><i class=\"fab fa-telegram-plane\"><\/i><\/a><\/li>\n            <li class=\"list-inline-item\"><a href=\"mailto:info@example.com?&subject=&cc=&bcc=&body=https:\/\/finanedi.es\/blog\/que-hacer-si-tu-software-de-facturacion-no-es-compatible-con-verifactu\/\"><i class=\"far fa-envelope\"><\/i><\/a><\/li>\n        <\/ul>\n    <\/div>\n\n\t\t\t\t\t\t\t\t\t\t\t\t\t\t\t<div class=\"more-button float-end\">\r\n\t\t\t\t\t\t\t\t\t<a href=\"https:\/\/finanedi.es\/blog\/que-hacer-si-tu-software-de-facturacion-no-es-compatible-con-verifactu\/\"><span class=\"icon-options\"><\/span><\/a>\r\n\t\t\t\t\t\t\t\t<\/div>\r\n\t\t\t\t\t\t\t\t\t\t\t\t\t<\/div>\r\n\t\t\t\t\t<\/div>\r\n\t\t\t\t<\/div>\r\n\r\n\t\t\t\r\n\t\t<\/div>\r\n\r\n\t\t\r\n\t\t\r\n        \t\t\t\t<\/div>\n\t\t\t\t<\/div>\n\t\t\t\t\t<\/div>\n\t\t\t\t<\/div>\n\t\t\t\t\t<\/div>\n\t\t\t\t<\/div>\n\t\t<div class=\"elementor-element elementor-element-e36f0b3 e-flex e-con-boxed e-con e-parent\" data-id=\"e36f0b3\" data-element_type=\"container\">\n\t\t\t\t\t<div class=\"e-con-inner\">\n\t\t\t\t<div class=\"elementor-element elementor-element-737dcf3 elementor-widget elementor-widget-spacer\" data-id=\"737dcf3\" data-element_type=\"widget\" data-widget_type=\"spacer.default\">\n\t\t\t\t<div class=\"elementor-widget-container\">\n\t\t\t\t\t\t\t<div class=\"elementor-spacer\">\n\t\t\t<div class=\"elementor-spacer-inner\"><\/div>\n\t\t<\/div>\n\t\t\t\t\t\t<\/div>\n\t\t\t\t<\/div>\n\t\t\t\t\t<\/div>\n\t\t\t\t<\/div>\n\t\t<div class=\"elementor-element elementor-element-87c2fcf e-flex e-con-boxed e-con e-parent\" data-id=\"87c2fcf\" data-element_type=\"container\">\n\t\t\t\t\t<div class=\"e-con-inner\">\n\t\t\t\t<div class=\"elementor-element elementor-element-499bcc8 elementor-widget elementor-widget-heading\" data-id=\"499bcc8\" data-element_type=\"widget\" data-widget_type=\"heading.default\">\n\t\t\t\t<div class=\"elementor-widget-container\">\n\t\t\t\t\t<h2 class=\"elementor-heading-title elementor-size-default\">FinanEDI: La tranquilidad que buscas para Verifactu\n\n<\/h2>\t\t\t\t<\/div>\n\t\t\t\t<\/div>\n\t\t\t\t\t<\/div>\n\t\t\t\t<\/div>\n\t\t<div class=\"elementor-element elementor-element-4921446 e-flex e-con-boxed e-con e-parent\" data-id=\"4921446\" data-element_type=\"container\">\n\t\t\t\t\t<div class=\"e-con-inner\">\n\t\t\t\t<div class=\"elementor-element elementor-element-db6a934 elementor-widget elementor-widget-spacer\" data-id=\"db6a934\" data-element_type=\"widget\" data-widget_type=\"spacer.default\">\n\t\t\t\t<div class=\"elementor-widget-container\">\n\t\t\t\t\t\t\t<div class=\"elementor-spacer\">\n\t\t\t<div class=\"elementor-spacer-inner\"><\/div>\n\t\t<\/div>\n\t\t\t\t\t\t<\/div>\n\t\t\t\t<\/div>\n\t\t\t\t\t<\/div>\n\t\t\t\t<\/div>\n\t\t<div class=\"elementor-element elementor-element-9343f3d e-flex e-con-boxed e-con e-parent\" data-id=\"9343f3d\" data-element_type=\"container\">\n\t\t\t\t\t<div class=\"e-con-inner\">\n\t\t<div class=\"elementor-element elementor-element-45f1ace e-con-full e-flex e-con e-child\" data-id=\"45f1ace\" data-element_type=\"container\">\n\t\t\t\t<div class=\"elementor-element elementor-element-545cc70 elementor-widget elementor-widget-heading\" data-id=\"545cc70\" data-element_type=\"widget\" data-widget_type=\"heading.default\">\n\t\t\t\t<div class=\"elementor-widget-container\">\n\t\t\t\t\t<h3 class=\"elementor-heading-title elementor-size-default\">Homologaci\u00f3n garantizada<\/h3>\t\t\t\t<\/div>\n\t\t\t\t<\/div>\n\t\t\t\t<div class=\"elementor-element elementor-element-41821aa elementor-widget elementor-widget-text-editor\" data-id=\"41821aa\" data-element_type=\"widget\" data-widget_type=\"text-editor.default\">\n\t\t\t\t<div class=\"elementor-widget-container\">\n\t\t\t\t\t\t\t\t\t<p>Somos un software <b>homologado por la AEAT<\/b>, garantizando el cumplimiento normativo desde el primer d\u00eda y protegi\u00e9ndote de futuras inspecciones.<\/p>\t\t\t\t\t\t\t\t<\/div>\n\t\t\t\t<\/div>\n\t\t\t\t<\/div>\n\t\t<div class=\"elementor-element elementor-element-3f31c85 e-con-full e-flex e-con e-child\" data-id=\"3f31c85\" data-element_type=\"container\">\n\t\t\t\t<div class=\"elementor-element elementor-element-5484afe elementor-widget elementor-widget-heading\" data-id=\"5484afe\" data-element_type=\"widget\" data-widget_type=\"heading.default\">\n\t\t\t\t<div class=\"elementor-widget-container\">\n\t\t\t\t\t<h3 class=\"elementor-heading-title elementor-size-default\">Automatizaci\u00f3n y eficiencia<\/h3>\t\t\t\t<\/div>\n\t\t\t\t<\/div>\n\t\t\t\t<div class=\"elementor-element elementor-element-2d04e98 elementor-widget elementor-widget-text-editor\" data-id=\"2d04e98\" data-element_type=\"widget\" data-widget_type=\"text-editor.default\">\n\t\t\t\t<div class=\"elementor-widget-container\">\n\t\t\t\t\t\t\t\t\t<p>Reduce dr\u00e1sticamente el tiempo y los errores en la emisi\u00f3n, env\u00edo y registro de tus facturas Verifactu.<\/p>\t\t\t\t\t\t\t\t<\/div>\n\t\t\t\t<\/div>\n\t\t\t\t<\/div>\n\t\t<div class=\"elementor-element elementor-element-0b1fe4e e-con-full e-flex e-con e-child\" data-id=\"0b1fe4e\" data-element_type=\"container\">\n\t\t\t\t<div class=\"elementor-element elementor-element-acc9b91 elementor-widget elementor-widget-heading\" data-id=\"acc9b91\" data-element_type=\"widget\" data-widget_type=\"heading.default\">\n\t\t\t\t<div class=\"elementor-widget-container\">\n\t\t\t\t\t<h3 class=\"elementor-heading-title elementor-size-default\">Seguridad de datos<\/h3>\t\t\t\t<\/div>\n\t\t\t\t<\/div>\n\t\t\t\t<div class=\"elementor-element elementor-element-a186cc0 elementor-widget elementor-widget-text-editor\" data-id=\"a186cc0\" data-element_type=\"widget\" data-widget_type=\"text-editor.default\">\n\t\t\t\t<div class=\"elementor-widget-container\">\n\t\t\t\t\t\t\t\t\t<p>Protege tu informaci\u00f3n m\u00e1s sensible con los m\u00e1s altos est\u00e1ndares de seguridad y cifrado.<\/p>\t\t\t\t\t\t\t\t<\/div>\n\t\t\t\t<\/div>\n\t\t\t\t<\/div>\n\t\t<div class=\"elementor-element elementor-element-7bba2ae e-con-full e-flex e-con e-child\" data-id=\"7bba2ae\" data-element_type=\"container\">\n\t\t\t\t<div class=\"elementor-element elementor-element-1b87ed8 elementor-widget elementor-widget-heading\" data-id=\"1b87ed8\" data-element_type=\"widget\" data-widget_type=\"heading.default\">\n\t\t\t\t<div class=\"elementor-widget-container\">\n\t\t\t\t\t<h3 class=\"elementor-heading-title elementor-size-default\">Mejora la productividad<\/h3>\t\t\t\t<\/div>\n\t\t\t\t<\/div>\n\t\t\t\t<div class=\"elementor-element elementor-element-5f5e287 elementor-widget elementor-widget-text-editor\" data-id=\"5f5e287\" data-element_type=\"widget\" data-widget_type=\"text-editor.default\">\n\t\t\t\t<div class=\"elementor-widget-container\">\n\t\t\t\t\t\t\t\t\t<p>Utiliza herramientas digitales avanzadas para optimizar el trabajo de tu equipo, mejorar la coordinaci\u00f3n y aumentar la productividad general.<\/p>\t\t\t\t\t\t\t\t<\/div>\n\t\t\t\t<\/div>\n\t\t\t\t<\/div>\n\t\t<div class=\"elementor-element elementor-element-67b3fa4 e-con-full e-flex e-con e-child\" data-id=\"67b3fa4\" data-element_type=\"container\">\n\t\t\t\t<div class=\"elementor-element elementor-element-3006e61 elementor-widget elementor-widget-heading\" data-id=\"3006e61\" data-element_type=\"widget\" data-widget_type=\"heading.default\">\n\t\t\t\t<div class=\"elementor-widget-container\">\n\t\t\t\t\t<h3 class=\"elementor-heading-title elementor-size-default\">Acceso remoto<\/h3>\t\t\t\t<\/div>\n\t\t\t\t<\/div>\n\t\t\t\t<div class=\"elementor-element elementor-element-0621bea elementor-widget elementor-widget-text-editor\" data-id=\"0621bea\" data-element_type=\"widget\" data-widget_type=\"text-editor.default\">\n\t\t\t\t<div class=\"elementor-widget-container\">\n\t\t\t\t\t\t\t\t\t<p>Gestiona tu negocio desde cualquier lugar y en cualquier momento. La digitalizaci\u00f3n te permite tener el control total de tu asesor\u00eda sin estar atado a una ubicaci\u00f3n f\u00edsica.<\/p>\t\t\t\t\t\t\t\t<\/div>\n\t\t\t\t<\/div>\n\t\t\t\t<\/div>\n\t\t<div class=\"elementor-element elementor-element-a49ebd2 e-con-full e-flex e-con e-child\" data-id=\"a49ebd2\" data-element_type=\"container\" data-settings=\"{&quot;background_background&quot;:&quot;gradient&quot;}\">\n\t\t\t\t<div class=\"elementor-element elementor-element-c18f4ec elementor-widget elementor-widget-heading\" data-id=\"c18f4ec\" data-element_type=\"widget\" data-widget_type=\"heading.default\">\n\t\t\t\t<div class=\"elementor-widget-container\">\n\t\t\t\t\t<h3 class=\"elementor-heading-title elementor-size-default\">Programa gratuito<\/h3>\t\t\t\t<\/div>\n\t\t\t\t<\/div>\n\t\t\t\t<div class=\"elementor-element elementor-element-0f205cd elementor-widget elementor-widget-text-editor\" data-id=\"0f205cd\" data-element_type=\"widget\" data-widget_type=\"text-editor.default\">\n\t\t\t\t<div class=\"elementor-widget-container\">\n\t\t\t\t\t\t\t\t\t<p>FinanEDI es un programa de facturaci\u00f3n y contable totalmente gratuito.<\/p>\t\t\t\t\t\t\t\t<\/div>\n\t\t\t\t<\/div>\n\t\t\t\t<div class=\"elementor-element elementor-element-b244aef elementor-widget elementor-widget-button\" data-id=\"b244aef\" data-element_type=\"widget\" data-widget_type=\"button.default\">\n\t\t\t\t<div class=\"elementor-widget-container\">\n\t\t\t\t\t\t\t\t\t<div class=\"elementor-button-wrapper\">\n\t\t\t\t\t<a class=\"elementor-button elementor-button-link elementor-size-xs\" href=\"https:\/\/myaccount.finanedi.es\/signup\">\n\t\t\t\t\t\t<span class=\"elementor-button-content-wrapper\">\n\t\t\t\t\t\t<span class=\"elementor-button-icon\">\n\t\t\t\t<svg aria-hidden=\"true\" class=\"e-font-icon-svg e-fas-arrow-right\" viewBox=\"0 0 448 512\" xmlns=\"http:\/\/www.w3.org\/2000\/svg\"><path d=\"M190.5 66.9l22.2-22.2c9.4-9.4 24.6-9.4 33.9 0L441 239c9.4 9.4 9.4 24.6 0 33.9L246.6 467.3c-9.4 9.4-24.6 9.4-33.9 0l-22.2-22.2c-9.5-9.5-9.3-25 .4-34.3L311.4 296H24c-13.3 0-24-10.7-24-24v-32c0-13.3 10.7-24 24-24h287.4L190.9 101.2c-9.8-9.3-10-24.8-.4-34.3z\"><\/path><\/svg>\t\t\t<\/span>\n\t\t\t\t\t\t\t\t\t<span class=\"elementor-button-text\">Crear cuenta gratis<\/span>\n\t\t\t\t\t<\/span>\n\t\t\t\t\t<\/a>\n\t\t\t\t<\/div>\n\t\t\t\t\t\t\t\t<\/div>\n\t\t\t\t<\/div>\n\t\t\t\t<\/div>\n\t\t\t\t\t<\/div>\n\t\t\t\t<\/div>\n\t\t<div class=\"elementor-element elementor-element-3675aa9 e-flex e-con-boxed e-con e-parent\" data-id=\"3675aa9\" data-element_type=\"container\">\n\t\t\t\t\t<div class=\"e-con-inner\">\n\t\t\t\t<div class=\"elementor-element elementor-element-b7abcb0 elementor-widget elementor-widget-spacer\" data-id=\"b7abcb0\" data-element_type=\"widget\" data-widget_type=\"spacer.default\">\n\t\t\t\t<div class=\"elementor-widget-container\">\n\t\t\t\t\t\t\t<div class=\"elementor-spacer\">\n\t\t\t<div class=\"elementor-spacer-inner\"><\/div>\n\t\t<\/div>\n\t\t\t\t\t\t<\/div>\n\t\t\t\t<\/div>\n\t\t\t\t\t<\/div>\n\t\t\t\t<\/div>\n\t\t<div class=\"elementor-element elementor-element-0cb2a89 e-flex e-con-boxed e-con e-parent\" data-id=\"0cb2a89\" data-element_type=\"container\">\n\t\t\t\t\t<div class=\"e-con-inner\">\n\t\t<div class=\"elementor-element elementor-element-3073d99 e-con-full e-flex e-con e-child\" data-id=\"3073d99\" data-element_type=\"container\">\n\t\t\t\t<div class=\"elementor-element elementor-element-e6fd03b elementor-widget elementor-widget-image\" data-id=\"e6fd03b\" data-element_type=\"widget\" data-widget_type=\"image.default\">\n\t\t\t\t<div class=\"elementor-widget-container\">\n\t\t\t\t\t\t\t\t\t\t\t\t\t\t\t<img loading=\"lazy\" decoding=\"async\" width=\"690\" height=\"690\" src=\"https:\/\/finanedi.es\/blog\/contenido\/uploads\/2024\/12\/FinanEDI-programa-de-facturacion.jpg\" class=\"attachment-large size-large wp-image-8040\" alt=\"FinanEDI programa de facturaci\u00f3n\" srcset=\"https:\/\/finanedi.es\/blog\/contenido\/uploads\/2024\/12\/FinanEDI-programa-de-facturacion.jpg 690w, https:\/\/finanedi.es\/blog\/contenido\/uploads\/2024\/12\/FinanEDI-programa-de-facturacion-300x300.jpg 300w, https:\/\/finanedi.es\/blog\/contenido\/uploads\/2024\/12\/FinanEDI-programa-de-facturacion-150x150.jpg 150w, https:\/\/finanedi.es\/blog\/contenido\/uploads\/2024\/12\/FinanEDI-programa-de-facturacion-60x60.jpg 60w, https:\/\/finanedi.es\/blog\/contenido\/uploads\/2024\/12\/FinanEDI-programa-de-facturacion-360x360.jpg 360w\" sizes=\"(max-width: 690px) 100vw, 690px\" \/>\t\t\t\t\t\t\t\t\t\t\t\t\t\t\t<\/div>\n\t\t\t\t<\/div>\n\t\t\t\t<\/div>\n\t\t<div class=\"elementor-element elementor-element-9776568 e-con-full e-flex e-con e-child\" data-id=\"9776568\" data-element_type=\"container\">\n\t\t\t\t<div class=\"elementor-element elementor-element-8dcc19f elementor-widget elementor-widget-heading\" data-id=\"8dcc19f\" data-element_type=\"widget\" data-widget_type=\"heading.default\">\n\t\t\t\t<div class=\"elementor-widget-container\">\n\t\t\t\t\t<h2 class=\"elementor-heading-title elementor-size-default\">Preguntas frecuentes Verifactu<\/h2>\t\t\t\t<\/div>\n\t\t\t\t<\/div>\n\t\t\t\t<div class=\"elementor-element elementor-element-ddc3d38 elementor-widget elementor-widget-toggle\" data-id=\"ddc3d38\" data-element_type=\"widget\" data-widget_type=\"toggle.default\">\n\t\t\t\t<div class=\"elementor-widget-container\">\n\t\t\t\t\t\t\t<div class=\"elementor-toggle\">\n\t\t\t\t\t\t\t<div class=\"elementor-toggle-item\">\n\t\t\t\t\t<h3 id=\"elementor-tab-title-2321\" class=\"elementor-tab-title\" data-tab=\"1\" role=\"button\" aria-controls=\"elementor-tab-content-2321\" aria-expanded=\"false\">\n\t\t\t\t\t\t\t\t\t\t\t\t<span class=\"elementor-toggle-icon elementor-toggle-icon-left\" aria-hidden=\"true\">\n\t\t\t\t\t\t\t\t\t\t\t\t\t\t\t<span class=\"elementor-toggle-icon-closed\"><svg class=\"e-font-icon-svg e-fas-caret-right\" viewBox=\"0 0 192 512\" xmlns=\"http:\/\/www.w3.org\/2000\/svg\"><path d=\"M0 384.662V127.338c0-17.818 21.543-26.741 34.142-14.142l128.662 128.662c7.81 7.81 7.81 20.474 0 28.284L34.142 398.804C21.543 411.404 0 402.48 0 384.662z\"><\/path><\/svg><\/span>\n\t\t\t\t\t\t\t\t<span class=\"elementor-toggle-icon-opened\"><svg class=\"elementor-toggle-icon-opened e-font-icon-svg e-fas-caret-up\" viewBox=\"0 0 320 512\" xmlns=\"http:\/\/www.w3.org\/2000\/svg\"><path d=\"M288.662 352H31.338c-17.818 0-26.741-21.543-14.142-34.142l128.662-128.662c7.81-7.81 20.474-7.81 28.284 0l128.662 128.662c12.6 12.599 3.676 34.142-14.142 34.142z\"><\/path><\/svg><\/span>\n\t\t\t\t\t\t\t\t\t\t\t\t\t<\/span>\n\t\t\t\t\t\t\t\t\t\t\t\t<a class=\"elementor-toggle-title\" tabindex=\"0\">\u00bfQu\u00e9 es exactamente Verifactu y a qui\u00e9n afecta?<\/a>\n\t\t\t\t\t<\/h3>\n\n\t\t\t\t\t<div id=\"elementor-tab-content-2321\" class=\"elementor-tab-content elementor-clearfix\" data-tab=\"1\" role=\"region\" aria-labelledby=\"elementor-tab-title-2321\"><p>Verifactu es un nuevo sistema de facturaci\u00f3n electr\u00f3nica obligatorio en Espa\u00f1a, dise\u00f1ado para garantizar la integridad y trazabilidad de las facturas. Afecta a todas las empresas y aut\u00f3nomos que facturen, requiriendo el uso de un software homologado por la AEAT.<\/p><\/div>\n\t\t\t\t<\/div>\n\t\t\t\t\t\t\t<div class=\"elementor-toggle-item\">\n\t\t\t\t\t<h3 id=\"elementor-tab-title-2322\" class=\"elementor-tab-title\" data-tab=\"2\" role=\"button\" aria-controls=\"elementor-tab-content-2322\" aria-expanded=\"false\">\n\t\t\t\t\t\t\t\t\t\t\t\t<span class=\"elementor-toggle-icon elementor-toggle-icon-left\" aria-hidden=\"true\">\n\t\t\t\t\t\t\t\t\t\t\t\t\t\t\t<span class=\"elementor-toggle-icon-closed\"><svg class=\"e-font-icon-svg e-fas-caret-right\" viewBox=\"0 0 192 512\" xmlns=\"http:\/\/www.w3.org\/2000\/svg\"><path d=\"M0 384.662V127.338c0-17.818 21.543-26.741 34.142-14.142l128.662 128.662c7.81 7.81 7.81 20.474 0 28.284L34.142 398.804C21.543 411.404 0 402.48 0 384.662z\"><\/path><\/svg><\/span>\n\t\t\t\t\t\t\t\t<span class=\"elementor-toggle-icon-opened\"><svg class=\"elementor-toggle-icon-opened e-font-icon-svg e-fas-caret-up\" viewBox=\"0 0 320 512\" xmlns=\"http:\/\/www.w3.org\/2000\/svg\"><path d=\"M288.662 352H31.338c-17.818 0-26.741-21.543-14.142-34.142l128.662-128.662c7.81-7.81 20.474-7.81 28.284 0l128.662 128.662c12.6 12.599 3.676 34.142-14.142 34.142z\"><\/path><\/svg><\/span>\n\t\t\t\t\t\t\t\t\t\t\t\t\t<\/span>\n\t\t\t\t\t\t\t\t\t\t\t\t<a class=\"elementor-toggle-title\" tabindex=\"0\">\u00bfPor qu\u00e9 necesito un software homologado para Verifactu?<\/a>\n\t\t\t\t\t<\/h3>\n\n\t\t\t\t\t<div id=\"elementor-tab-content-2322\" class=\"elementor-tab-content elementor-clearfix\" data-tab=\"2\" role=\"region\" aria-labelledby=\"elementor-tab-title-2322\"><p>La ley exige que todas las facturas se emitan a trav\u00e9s de un sistema que garantice la integridad y el env\u00edo autom\u00e1tico a la AEAT. Un software homologado como FinanEDI asegura que cumples con esta obligaci\u00f3n legal, evitando multas y problemas fiscales.<\/p><\/div>\n\t\t\t\t<\/div>\n\t\t\t\t\t\t\t<div class=\"elementor-toggle-item\">\n\t\t\t\t\t<h3 id=\"elementor-tab-title-2323\" class=\"elementor-tab-title\" data-tab=\"3\" role=\"button\" aria-controls=\"elementor-tab-content-2323\" aria-expanded=\"false\">\n\t\t\t\t\t\t\t\t\t\t\t\t<span class=\"elementor-toggle-icon elementor-toggle-icon-left\" aria-hidden=\"true\">\n\t\t\t\t\t\t\t\t\t\t\t\t\t\t\t<span class=\"elementor-toggle-icon-closed\"><svg class=\"e-font-icon-svg e-fas-caret-right\" viewBox=\"0 0 192 512\" xmlns=\"http:\/\/www.w3.org\/2000\/svg\"><path d=\"M0 384.662V127.338c0-17.818 21.543-26.741 34.142-14.142l128.662 128.662c7.81 7.81 7.81 20.474 0 28.284L34.142 398.804C21.543 411.404 0 402.48 0 384.662z\"><\/path><\/svg><\/span>\n\t\t\t\t\t\t\t\t<span class=\"elementor-toggle-icon-opened\"><svg class=\"elementor-toggle-icon-opened e-font-icon-svg e-fas-caret-up\" viewBox=\"0 0 320 512\" xmlns=\"http:\/\/www.w3.org\/2000\/svg\"><path d=\"M288.662 352H31.338c-17.818 0-26.741-21.543-14.142-34.142l128.662-128.662c7.81-7.81 20.474-7.81 28.284 0l128.662 128.662c12.6 12.599 3.676 34.142-14.142 34.142z\"><\/path><\/svg><\/span>\n\t\t\t\t\t\t\t\t\t\t\t\t\t<\/span>\n\t\t\t\t\t\t\t\t\t\t\t\t<a class=\"elementor-toggle-title\" tabindex=\"0\">\u00bfC\u00f3mo puedo obtener una demostraci\u00f3n gratuita de FinanEDI?<\/a>\n\t\t\t\t\t<\/h3>\n\n\t\t\t\t\t<div id=\"elementor-tab-content-2323\" class=\"elementor-tab-content elementor-clearfix\" data-tab=\"3\" role=\"region\" aria-labelledby=\"elementor-tab-title-2323\"><p>Es muy sencillo. Haz clic en cualquiera de nuestros botones \u00abSolicitar Demostraci\u00f3n\u00bb y completa el formulario. Nos pondremos en contacto contigo a la brevedad para coordinar una sesi\u00f3n personalizada.<\/p><\/div>\n\t\t\t\t<\/div>\n\t\t\t\t\t\t\t\t<\/div>\n\t\t\t\t\t\t<\/div>\n\t\t\t\t<\/div>\n\t\t\t\t<\/div>\n\t\t\t\t\t<\/div>\n\t\t\t\t<\/div>\n\t\t<div class=\"elementor-element elementor-element-8f2e377 e-flex e-con-boxed e-con e-parent\" data-id=\"8f2e377\" data-element_type=\"container\">\n\t\t\t\t\t<div class=\"e-con-inner\">\n\t\t\t\t<div class=\"elementor-element elementor-element-60da769 elementor-widget elementor-widget-spacer\" data-id=\"60da769\" data-element_type=\"widget\" data-widget_type=\"spacer.default\">\n\t\t\t\t<div class=\"elementor-widget-container\">\n\t\t\t\t\t\t\t<div class=\"elementor-spacer\">\n\t\t\t<div class=\"elementor-spacer-inner\"><\/div>\n\t\t<\/div>\n\t\t\t\t\t\t<\/div>\n\t\t\t\t<\/div>\n\t\t\t\t\t<\/div>\n\t\t\t\t<\/div>\n\t\t<div class=\"elementor-element elementor-element-c962cba e-flex e-con-boxed e-con e-parent\" data-id=\"c962cba\" data-element_type=\"container\">\n\t\t\t\t\t<div class=\"e-con-inner\">\n\t\t\t\t<div class=\"elementor-element elementor-element-bb2f9c1 elementor-widget elementor-widget-spacer\" data-id=\"bb2f9c1\" data-element_type=\"widget\" data-widget_type=\"spacer.default\">\n\t\t\t\t<div class=\"elementor-widget-container\">\n\t\t\t\t\t\t\t<div class=\"elementor-spacer\">\n\t\t\t<div class=\"elementor-spacer-inner\"><\/div>\n\t\t<\/div>\n\t\t\t\t\t\t<\/div>\n\t\t\t\t<\/div>\n\t\t\t\t\t<\/div>\n\t\t\t\t<\/div>\n\t\t<div class=\"elementor-element elementor-element-ad4b526 e-flex e-con-boxed e-con e-parent\" data-id=\"ad4b526\" data-element_type=\"container\">\n\t\t\t\t\t<div class=\"e-con-inner\">\n\t\t\t\t<div class=\"elementor-element elementor-element-4864238 elementor-widget elementor-widget-spacer\" data-id=\"4864238\" data-element_type=\"widget\" data-widget_type=\"spacer.default\">\n\t\t\t\t<div class=\"elementor-widget-container\">\n\t\t\t\t\t\t\t<div class=\"elementor-spacer\">\n\t\t\t<div class=\"elementor-spacer-inner\"><\/div>\n\t\t<\/div>\n\t\t\t\t\t\t<\/div>\n\t\t\t\t<\/div>\n\t\t<div class=\"elementor-element elementor-element-4a58eb5 e-flex e-con-boxed e-con e-child\" data-id=\"4a58eb5\" data-element_type=\"container\">\n\t\t\t\t\t<div class=\"e-con-inner\">\n\t\t<div class=\"elementor-element elementor-element-ab04b15 e-con-full e-flex e-con e-child\" data-id=\"ab04b15\" data-element_type=\"container\">\n\t\t\t\t<div class=\"elementor-element elementor-element-e7b5ce0 elementor-widget elementor-widget-image\" data-id=\"e7b5ce0\" data-element_type=\"widget\" data-widget_type=\"image.default\">\n\t\t\t\t<div class=\"elementor-widget-container\">\n\t\t\t\t\t\t\t\t\t\t\t\t\t\t\t<img loading=\"lazy\" decoding=\"async\" width=\"191\" height=\"40\" src=\"https:\/\/finanedi.es\/blog\/contenido\/uploads\/2024\/02\/LogoLight.png\" class=\"attachment-large size-large wp-image-345\" alt=\"Logo FinanEDI\" \/>\t\t\t\t\t\t\t\t\t\t\t\t\t\t\t<\/div>\n\t\t\t\t<\/div>\n\t\t\t\t<\/div>\n\t\t<div class=\"elementor-element elementor-element-edf9b34 e-con-full e-flex e-con e-child\" data-id=\"edf9b34\" data-element_type=\"container\">\n\t\t\t\t<div class=\"elementor-element elementor-element-2b9b944 elementor-align-right elementor-widget elementor-widget-button\" data-id=\"2b9b944\" data-element_type=\"widget\" data-widget_type=\"button.default\">\n\t\t\t\t<div class=\"elementor-widget-container\">\n\t\t\t\t\t\t\t\t\t<div class=\"elementor-button-wrapper\">\n\t\t\t\t\t<a class=\"elementor-button elementor-button-link elementor-size-sm\" href=\"https:\/\/myaccount.finanedi.es\/signup\">\n\t\t\t\t\t\t<span class=\"elementor-button-content-wrapper\">\n\t\t\t\t\t\t\t\t\t<span class=\"elementor-button-text\">Reg\u00edstrate GRATIS<\/span>\n\t\t\t\t\t<\/span>\n\t\t\t\t\t<\/a>\n\t\t\t\t<\/div>\n\t\t\t\t\t\t\t\t<\/div>\n\t\t\t\t<\/div>\n\t\t\t\t<\/div>\n\t\t\t\t\t<\/div>\n\t\t\t\t<\/div>\n\t\t<div class=\"elementor-element elementor-element-f6953e6 e-flex e-con-boxed e-con e-child\" data-id=\"f6953e6\" data-element_type=\"container\">\n\t\t\t\t\t<div class=\"e-con-inner\">\n\t\t<div class=\"elementor-element elementor-element-42cb133 e-con-full e-flex e-con e-child\" data-id=\"42cb133\" data-element_type=\"container\">\n\t\t\t\t<div class=\"elementor-element elementor-element-f4d9e08 elementor-widget elementor-widget-text-editor\" data-id=\"f4d9e08\" data-element_type=\"widget\" data-widget_type=\"text-editor.default\">\n\t\t\t\t<div class=\"elementor-widget-container\">\n\t\t\t\t\t\t\t\t\t<p>FinanEDI es la soluci\u00f3n en la nube gratuita que permite a los aut\u00f3nomos y PYMES automatizar y optimizar los procesos financieros, contables y administrativos de su negocio.<\/p>\t\t\t\t\t\t\t\t<\/div>\n\t\t\t\t<\/div>\n\t\t\t\t<\/div>\n\t\t<div class=\"elementor-element elementor-element-8451f66 e-con-full e-flex e-con e-child\" data-id=\"8451f66\" data-element_type=\"container\">\n\t\t\t\t<div class=\"elementor-element elementor-element-c091796 elementor-widget elementor-widget-text-editor\" data-id=\"c091796\" data-element_type=\"widget\" data-widget_type=\"text-editor.default\">\n\t\t\t\t<div class=\"elementor-widget-container\">\n\t\t\t\t\t\t\t\t\t<p><a href=\"https:\/\/finanedi.es\/programa-facturacion\">Facturaci\u00f3n<\/a>\u00a0 \u00a0 \u00a0|\u00a0 \u00a0 \u00a0<a href=\"https:\/\/finanedi.es\/programa-contabilidad\">Contabilidad\u00a0<\/a> \u00a0 \u00a0|\u00a0 \u00a0 \u00a0<a href=\"https:\/\/finanedi.es\/asesorias\">Asesor\u00edas<\/a> \u00a0 \u00a0|\u00a0 \u00a0 \u00a0<a href=\"https:\/\/finanedi.es\/edi\">EDI<\/a><\/p>\t\t\t\t\t\t\t\t<\/div>\n\t\t\t\t<\/div>\n\t\t\t\t<div class=\"elementor-element elementor-element-67101e4 elementor-widget elementor-widget-text-editor\" data-id=\"67101e4\" data-element_type=\"widget\" data-widget_type=\"text-editor.default\">\n\t\t\t\t<div class=\"elementor-widget-container\">\n\t\t\t\t\t\t\t\t\t<p><a href=\"https:\/\/finanedi.es\/servicios-financieros\" target=\"_blank\" rel=\"noopener\">Financiaci\u00f3n empresas<\/a><\/p>\t\t\t\t\t\t\t\t<\/div>\n\t\t\t\t<\/div>\n\t\t\t\t<\/div>\n\t\t\t\t\t<\/div>\n\t\t\t\t<\/div>\n\t\t\t\t\t<\/div>\n\t\t\t\t<\/div>\n\t\t\t\t<\/div>\n\t\t","protected":false},"excerpt":{"rendered":"<p>Verifactu La inminente entrada en vigor de la ley Verifactu plantea nuevos retos para las empresas.\u00a0 \ud83d\udca1 Cumple con la nueva normativa Verifactu sin complicaciones y optimiza la gesti\u00f3n de tus facturas con FinanEDI. Normativa Verifactu Los 10 programas de facturaci\u00f3n compatibles con VeriFactu Descubre los 10 mejores programas de facturaci\u00f3n adaptados a VeriFactu. Asegura [&hellip;]<\/p>\n","protected":false},"author":3,"featured_media":11271,"parent":0,"menu_order":0,"comment_status":"closed","ping_status":"closed","template":"elementor_header_footer","meta":{"_monsterinsights_skip_tracking":false,"_monsterinsights_sitenote_active":false,"_monsterinsights_sitenote_note":"","_monsterinsights_sitenote_category":0,"footnotes":""},"class_list":["post-11472","page","type-page","status-publish","has-post-thumbnail","hentry"],"yoast_head":"<!-- This site is optimized with the Yoast SEO plugin v26.2 - https:\/\/yoast.com\/wordpress\/plugins\/seo\/ -->\n<title>Todo sobre Verifactu: normativa, claves y gu\u00edas | Blog FinanEDI<\/title>\n<meta name=\"description\" content=\"Todo sobre Verifactu: normativa, claves y gu\u00edas para cumplir con la AEAT desde tu software de facturaci\u00f3n.\" \/>\n<meta name=\"robots\" content=\"index, follow, max-snippet:-1, max-image-preview:large, max-video-preview:-1\" \/>\n<link rel=\"canonical\" href=\"https:\/\/finanedi.es\/blog\/verifactu\/\" \/>\n<meta property=\"og:locale\" content=\"es_ES\" \/>\n<meta property=\"og:type\" content=\"article\" \/>\n<meta property=\"og:title\" content=\"Todo sobre Verifactu: normativa, claves y gu\u00edas | Blog FinanEDI\" \/>\n<meta property=\"og:description\" content=\"Todo sobre Verifactu: normativa, claves y gu\u00edas para cumplir con la AEAT desde tu software de facturaci\u00f3n.\" \/>\n<meta property=\"og:url\" content=\"https:\/\/finanedi.es\/blog\/verifactu\/\" \/>\n<meta property=\"og:site_name\" content=\"Blog para pymes y aut\u00f3nomos - FinanEDI\" \/>\n<meta property=\"article:modified_time\" content=\"2025-07-28T07:14:12+00:00\" \/>\n<meta property=\"og:image\" content=\"https:\/\/finanedi.es\/blog\/contenido\/uploads\/2025\/06\/Preparando-tu-empresa-para-Verifactu.jpg\" \/>\n\t<meta property=\"og:image:width\" content=\"1580\" \/>\n\t<meta property=\"og:image:height\" content=\"960\" \/>\n\t<meta property=\"og:image:type\" content=\"image\/jpeg\" \/>\n<meta name=\"twitter:card\" content=\"summary_large_image\" \/>\n<meta name=\"twitter:label1\" content=\"Tiempo de lectura\" \/>\n\t<meta name=\"twitter:data1\" content=\"5 minutos\" \/>\n<script type=\"application\/ld+json\" class=\"yoast-schema-graph\">{\"@context\":\"https:\/\/schema.org\",\"@graph\":[{\"@type\":\"WebPage\",\"@id\":\"https:\/\/finanedi.es\/blog\/verifactu\/\",\"url\":\"https:\/\/finanedi.es\/blog\/verifactu\/\",\"name\":\"Todo sobre Verifactu: normativa, claves y gu\u00edas | Blog FinanEDI\",\"isPartOf\":{\"@id\":\"https:\/\/finanedi.es\/blog\/#website\"},\"primaryImageOfPage\":{\"@id\":\"https:\/\/finanedi.es\/blog\/verifactu\/#primaryimage\"},\"image\":{\"@id\":\"https:\/\/finanedi.es\/blog\/verifactu\/#primaryimage\"},\"thumbnailUrl\":\"https:\/\/finanedi.es\/blog\/contenido\/uploads\/2025\/06\/Preparando-tu-empresa-para-Verifactu.jpg\",\"datePublished\":\"2025-07-28T07:06:00+00:00\",\"dateModified\":\"2025-07-28T07:14:12+00:00\",\"description\":\"Todo sobre Verifactu: normativa, claves y gu\u00edas para cumplir con la AEAT desde tu software de facturaci\u00f3n.\",\"breadcrumb\":{\"@id\":\"https:\/\/finanedi.es\/blog\/verifactu\/#breadcrumb\"},\"inLanguage\":\"es\",\"potentialAction\":[{\"@type\":\"ReadAction\",\"target\":[\"https:\/\/finanedi.es\/blog\/verifactu\/\"]}]},{\"@type\":\"ImageObject\",\"inLanguage\":\"es\",\"@id\":\"https:\/\/finanedi.es\/blog\/verifactu\/#primaryimage\",\"url\":\"https:\/\/finanedi.es\/blog\/contenido\/uploads\/2025\/06\/Preparando-tu-empresa-para-Verifactu.jpg\",\"contentUrl\":\"https:\/\/finanedi.es\/blog\/contenido\/uploads\/2025\/06\/Preparando-tu-empresa-para-Verifactu.jpg\",\"width\":1580,\"height\":960,\"caption\":\"Preparando tu empresa para Verifactu\"},{\"@type\":\"BreadcrumbList\",\"@id\":\"https:\/\/finanedi.es\/blog\/verifactu\/#breadcrumb\",\"itemListElement\":[{\"@type\":\"ListItem\",\"position\":1,\"name\":\"Home\",\"item\":\"https:\/\/finanedi.es\/blog\/\"},{\"@type\":\"ListItem\",\"position\":2,\"name\":\"Verifactu Blog\"}]},{\"@type\":\"WebSite\",\"@id\":\"https:\/\/finanedi.es\/blog\/#website\",\"url\":\"https:\/\/finanedi.es\/blog\/\",\"name\":\"Blog para pymes y aut\u00f3nomos - FinanEDI\",\"description\":\"Blog para aut\u00f3nomos y PYMES, sobre temas como facturaci\u00f3n, contabilidad, tecnolog\u00eda.\",\"publisher\":{\"@id\":\"https:\/\/finanedi.es\/blog\/#organization\"},\"potentialAction\":[{\"@type\":\"SearchAction\",\"target\":{\"@type\":\"EntryPoint\",\"urlTemplate\":\"https:\/\/finanedi.es\/blog\/?s={search_term_string}\"},\"query-input\":{\"@type\":\"PropertyValueSpecification\",\"valueRequired\":true,\"valueName\":\"search_term_string\"}}],\"inLanguage\":\"es\"},{\"@type\":\"Organization\",\"@id\":\"https:\/\/finanedi.es\/blog\/#organization\",\"name\":\"Blog para pymes y aut\u00f3nomos - FinanEDI\",\"url\":\"https:\/\/finanedi.es\/blog\/\",\"logo\":{\"@type\":\"ImageObject\",\"inLanguage\":\"es\",\"@id\":\"https:\/\/finanedi.es\/blog\/#\/schema\/logo\/image\/\",\"url\":\"https:\/\/finanedi.es\/blog\/contenido\/uploads\/2024\/02\/FinanEdiAzul1.svg\",\"contentUrl\":\"https:\/\/finanedi.es\/blog\/contenido\/uploads\/2024\/02\/FinanEdiAzul1.svg\",\"width\":142,\"height\":36,\"caption\":\"Blog para pymes y aut\u00f3nomos - FinanEDI\"},\"image\":{\"@id\":\"https:\/\/finanedi.es\/blog\/#\/schema\/logo\/image\/\"}}]}<\/script>\n<!-- \/ Yoast SEO plugin. -->","yoast_head_json":{"title":"Todo sobre Verifactu: normativa, claves y gu\u00edas | Blog FinanEDI","description":"Todo sobre Verifactu: normativa, claves y gu\u00edas para cumplir con la AEAT desde tu software de facturaci\u00f3n.","robots":{"index":"index","follow":"follow","max-snippet":"max-snippet:-1","max-image-preview":"max-image-preview:large","max-video-preview":"max-video-preview:-1"},"canonical":"https:\/\/finanedi.es\/blog\/verifactu\/","og_locale":"es_ES","og_type":"article","og_title":"Todo sobre Verifactu: normativa, claves y gu\u00edas | Blog FinanEDI","og_description":"Todo sobre Verifactu: normativa, claves y gu\u00edas para cumplir con la AEAT desde tu software de facturaci\u00f3n.","og_url":"https:\/\/finanedi.es\/blog\/verifactu\/","og_site_name":"Blog para pymes y aut\u00f3nomos - FinanEDI","article_modified_time":"2025-07-28T07:14:12+00:00","og_image":[{"width":1580,"height":960,"url":"https:\/\/finanedi.es\/blog\/contenido\/uploads\/2025\/06\/Preparando-tu-empresa-para-Verifactu.jpg","type":"image\/jpeg"}],"twitter_card":"summary_large_image","twitter_misc":{"Tiempo de lectura":"5 minutos"},"schema":{"@context":"https:\/\/schema.org","@graph":[{"@type":"WebPage","@id":"https:\/\/finanedi.es\/blog\/verifactu\/","url":"https:\/\/finanedi.es\/blog\/verifactu\/","name":"Todo sobre Verifactu: normativa, claves y gu\u00edas | Blog FinanEDI","isPartOf":{"@id":"https:\/\/finanedi.es\/blog\/#website"},"primaryImageOfPage":{"@id":"https:\/\/finanedi.es\/blog\/verifactu\/#primaryimage"},"image":{"@id":"https:\/\/finanedi.es\/blog\/verifactu\/#primaryimage"},"thumbnailUrl":"https:\/\/finanedi.es\/blog\/contenido\/uploads\/2025\/06\/Preparando-tu-empresa-para-Verifactu.jpg","datePublished":"2025-07-28T07:06:00+00:00","dateModified":"2025-07-28T07:14:12+00:00","description":"Todo sobre Verifactu: normativa, claves y gu\u00edas para cumplir con la AEAT desde tu software de facturaci\u00f3n.","breadcrumb":{"@id":"https:\/\/finanedi.es\/blog\/verifactu\/#breadcrumb"},"inLanguage":"es","potentialAction":[{"@type":"ReadAction","target":["https:\/\/finanedi.es\/blog\/verifactu\/"]}]},{"@type":"ImageObject","inLanguage":"es","@id":"https:\/\/finanedi.es\/blog\/verifactu\/#primaryimage","url":"https:\/\/finanedi.es\/blog\/contenido\/uploads\/2025\/06\/Preparando-tu-empresa-para-Verifactu.jpg","contentUrl":"https:\/\/finanedi.es\/blog\/contenido\/uploads\/2025\/06\/Preparando-tu-empresa-para-Verifactu.jpg","width":1580,"height":960,"caption":"Preparando tu empresa para Verifactu"},{"@type":"BreadcrumbList","@id":"https:\/\/finanedi.es\/blog\/verifactu\/#breadcrumb","itemListElement":[{"@type":"ListItem","position":1,"name":"Home","item":"https:\/\/finanedi.es\/blog\/"},{"@type":"ListItem","position":2,"name":"Verifactu Blog"}]},{"@type":"WebSite","@id":"https:\/\/finanedi.es\/blog\/#website","url":"https:\/\/finanedi.es\/blog\/","name":"Blog para pymes y aut\u00f3nomos - FinanEDI","description":"Blog para aut\u00f3nomos y PYMES, sobre temas como facturaci\u00f3n, contabilidad, tecnolog\u00eda.","publisher":{"@id":"https:\/\/finanedi.es\/blog\/#organization"},"potentialAction":[{"@type":"SearchAction","target":{"@type":"EntryPoint","urlTemplate":"https:\/\/finanedi.es\/blog\/?s={search_term_string}"},"query-input":{"@type":"PropertyValueSpecification","valueRequired":true,"valueName":"search_term_string"}}],"inLanguage":"es"},{"@type":"Organization","@id":"https:\/\/finanedi.es\/blog\/#organization","name":"Blog para pymes y aut\u00f3nomos - FinanEDI","url":"https:\/\/finanedi.es\/blog\/","logo":{"@type":"ImageObject","inLanguage":"es","@id":"https:\/\/finanedi.es\/blog\/#\/schema\/logo\/image\/","url":"https:\/\/finanedi.es\/blog\/contenido\/uploads\/2024\/02\/FinanEdiAzul1.svg","contentUrl":"https:\/\/finanedi.es\/blog\/contenido\/uploads\/2024\/02\/FinanEdiAzul1.svg","width":142,"height":36,"caption":"Blog para pymes y aut\u00f3nomos - FinanEDI"},"image":{"@id":"https:\/\/finanedi.es\/blog\/#\/schema\/logo\/image\/"}}]}},"_links":{"self":[{"href":"https:\/\/finanedi.es\/blog\/wp-json\/wp\/v2\/pages\/11472","targetHints":{"allow":["GET"]}}],"collection":[{"href":"https:\/\/finanedi.es\/blog\/wp-json\/wp\/v2\/pages"}],"about":[{"href":"https:\/\/finanedi.es\/blog\/wp-json\/wp\/v2\/types\/page"}],"author":[{"embeddable":true,"href":"https:\/\/finanedi.es\/blog\/wp-json\/wp\/v2\/users\/3"}],"replies":[{"embeddable":true,"href":"https:\/\/finanedi.es\/blog\/wp-json\/wp\/v2\/comments?post=11472"}],"version-history":[{"count":13,"href":"https:\/\/finanedi.es\/blog\/wp-json\/wp\/v2\/pages\/11472\/revisions"}],"predecessor-version":[{"id":11490,"href":"https:\/\/finanedi.es\/blog\/wp-json\/wp\/v2\/pages\/11472\/revisions\/11490"}],"wp:featuredmedia":[{"embeddable":true,"href":"https:\/\/finanedi.es\/blog\/wp-json\/wp\/v2\/media\/11271"}],"wp:attachment":[{"href":"https:\/\/finanedi.es\/blog\/wp-json\/wp\/v2\/media?parent=11472"}],"curies":[{"name":"wp","href":"https:\/\/api.w.org\/{rel}","templated":true}]}}