{"id":289,"date":"2022-08-23T14:31:08","date_gmt":"2022-08-23T14:31:08","guid":{"rendered":"https:\/\/themeger.shop\/wordpress\/katen\/?page_id=97"},"modified":"2025-01-31T09:04:18","modified_gmt":"2025-01-31T08:04:18","slug":"home-magazine","status":"publish","type":"page","link":"https:\/\/finanedi.es\/blog\/","title":{"rendered":"Home"},"content":{"rendered":"\t\t<div data-elementor-type=\"wp-page\" data-elementor-id=\"289\" class=\"elementor elementor-289\">\n\t\t\t\t<div class=\"elementor-element elementor-element-5372d7f elementor-hidden-tablet elementor-hidden-mobile e-flex e-con-boxed e-con e-parent\" data-id=\"5372d7f\" data-element_type=\"container\">\n\t\t\t\t\t<div class=\"e-con-inner\">\n\t\t<div class=\"elementor-element elementor-element-fdf1a7a e-con-full e-flex e-con e-child\" data-id=\"fdf1a7a\" data-element_type=\"container\">\n\t\t\t\t<div class=\"elementor-element elementor-element-8f60fe2 elementor-widget elementor-widget-text-editor\" data-id=\"8f60fe2\" data-element_type=\"widget\" data-widget_type=\"text-editor.default\">\n\t\t\t\t<div class=\"elementor-widget-container\">\n\t\t\t\t\t\t\t\t\t<p>\ud83d\udca1 TEMAS DESTACADOS:<\/p>\t\t\t\t\t\t\t\t<\/div>\n\t\t\t\t<\/div>\n\t\t\t\t<\/div>\n\t\t<div class=\"elementor-element elementor-element-ea32439 e-con-full e-flex e-con e-child\" data-id=\"ea32439\" data-element_type=\"container\">\n\t\t\t\t<div class=\"elementor-element elementor-element-21b482b elementor-align-left elementor-widget elementor-widget-button\" data-id=\"21b482b\" data-element_type=\"widget\" data-widget_type=\"button.default\">\n\t\t\t\t<div class=\"elementor-widget-container\">\n\t\t\t\t\t\t\t\t\t<div class=\"elementor-button-wrapper\">\n\t\t\t\t\t<a class=\"elementor-button elementor-button-link elementor-size-sm\" href=\"https:\/\/finanedi.es\/blog\/que-es-edi-intercambio-electronico-de-datos\/\">\n\t\t\t\t\t\t<span class=\"elementor-button-content-wrapper\">\n\t\t\t\t\t\t\t\t\t<span class=\"elementor-button-text\">EDI<\/span>\n\t\t\t\t\t<\/span>\n\t\t\t\t\t<\/a>\n\t\t\t\t<\/div>\n\t\t\t\t\t\t\t\t<\/div>\n\t\t\t\t<\/div>\n\t\t\t\t<div class=\"elementor-element elementor-element-dcfdeb2 elementor-widget elementor-widget-button\" data-id=\"dcfdeb2\" data-element_type=\"widget\" data-widget_type=\"button.default\">\n\t\t\t\t<div class=\"elementor-widget-container\">\n\t\t\t\t\t\t\t\t\t<div class=\"elementor-button-wrapper\">\n\t\t\t\t\t<a class=\"elementor-button elementor-button-link elementor-size-sm\" href=\"https:\/\/finanedi.es\/blog\/modelo-115-todo-lo-que-necesitas-saber\/\">\n\t\t\t\t\t\t<span class=\"elementor-button-content-wrapper\">\n\t\t\t\t\t\t\t\t\t<span class=\"elementor-button-text\">Modelo 115<\/span>\n\t\t\t\t\t<\/span>\n\t\t\t\t\t<\/a>\n\t\t\t\t<\/div>\n\t\t\t\t\t\t\t\t<\/div>\n\t\t\t\t<\/div>\n\t\t\t\t<div class=\"elementor-element elementor-element-e047a98 elementor-widget elementor-widget-button\" data-id=\"e047a98\" data-element_type=\"widget\" data-widget_type=\"button.default\">\n\t\t\t\t<div class=\"elementor-widget-container\">\n\t\t\t\t\t\t\t\t\t<div class=\"elementor-button-wrapper\">\n\t\t\t\t\t<a class=\"elementor-button elementor-button-link elementor-size-sm\" href=\"https:\/\/finanedi.es\/blog\/contasimple-comparacion\/\">\n\t\t\t\t\t\t<span class=\"elementor-button-content-wrapper\">\n\t\t\t\t\t\t\t\t\t<span class=\"elementor-button-text\">Contasimple<\/span>\n\t\t\t\t\t<\/span>\n\t\t\t\t\t<\/a>\n\t\t\t\t<\/div>\n\t\t\t\t\t\t\t\t<\/div>\n\t\t\t\t<\/div>\n\t\t\t\t<div class=\"elementor-element elementor-element-1a58171 elementor-widget elementor-widget-button\" data-id=\"1a58171\" data-element_type=\"widget\" data-widget_type=\"button.default\">\n\t\t\t\t<div class=\"elementor-widget-container\">\n\t\t\t\t\t\t\t\t\t<div class=\"elementor-button-wrapper\">\n\t\t\t\t\t<a class=\"elementor-button elementor-button-link elementor-size-sm\" href=\"https:\/\/finanedi.es\/blog\/holded-comparacion\/\">\n\t\t\t\t\t\t<span class=\"elementor-button-content-wrapper\">\n\t\t\t\t\t\t\t\t\t<span class=\"elementor-button-text\">Holded<\/span>\n\t\t\t\t\t<\/span>\n\t\t\t\t\t<\/a>\n\t\t\t\t<\/div>\n\t\t\t\t\t\t\t\t<\/div>\n\t\t\t\t<\/div>\n\t\t\t\t<div class=\"elementor-element elementor-element-61c5fb4 elementor-widget elementor-widget-button\" data-id=\"61c5fb4\" data-element_type=\"widget\" data-widget_type=\"button.default\">\n\t\t\t\t<div class=\"elementor-widget-container\">\n\t\t\t\t\t\t\t\t\t<div class=\"elementor-button-wrapper\">\n\t\t\t\t\t<a class=\"elementor-button elementor-button-link elementor-size-sm\" href=\"https:\/\/finanedi.es\/blog\/que-es-el-factoring\/\">\n\t\t\t\t\t\t<span class=\"elementor-button-content-wrapper\">\n\t\t\t\t\t\t\t\t\t<span class=\"elementor-button-text\">Factoring<\/span>\n\t\t\t\t\t<\/span>\n\t\t\t\t\t<\/a>\n\t\t\t\t<\/div>\n\t\t\t\t\t\t\t\t<\/div>\n\t\t\t\t<\/div>\n\t\t\t\t<div class=\"elementor-element elementor-element-dbf8c6a elementor-widget elementor-widget-button\" data-id=\"dbf8c6a\" data-element_type=\"widget\" data-widget_type=\"button.default\">\n\t\t\t\t<div class=\"elementor-widget-container\">\n\t\t\t\t\t\t\t\t\t<div class=\"elementor-button-wrapper\">\n\t\t\t\t\t<a class=\"elementor-button elementor-button-link elementor-size-sm\" href=\"https:\/\/finanedi.es\/blog\/financieras\/\">\n\t\t\t\t\t\t<span class=\"elementor-button-content-wrapper\">\n\t\t\t\t\t\t\t\t\t<span class=\"elementor-button-text\">Financiaci\u00f3n empresas<\/span>\n\t\t\t\t\t<\/span>\n\t\t\t\t\t<\/a>\n\t\t\t\t<\/div>\n\t\t\t\t\t\t\t\t<\/div>\n\t\t\t\t<\/div>\n\t\t\t\t<\/div>\n\t\t\t\t\t<\/div>\n\t\t\t\t<\/div>\n\t\t<div class=\"elementor-element elementor-element-36e35b6 e-flex e-con-boxed e-con e-parent\" data-id=\"36e35b6\" data-element_type=\"container\">\n\t\t\t\t\t<div class=\"e-con-inner\">\n\t\t\t\t<div class=\"elementor-element elementor-element-d04ba53 elementor-widget elementor-widget-spacer\" data-id=\"d04ba53\" data-element_type=\"widget\" data-widget_type=\"spacer.default\">\n\t\t\t\t<div class=\"elementor-widget-container\">\n\t\t\t\t\t\t\t<div class=\"elementor-spacer\">\n\t\t\t<div class=\"elementor-spacer-inner\"><\/div>\n\t\t<\/div>\n\t\t\t\t\t\t<\/div>\n\t\t\t\t<\/div>\n\t\t\t\t\t<\/div>\n\t\t\t\t<\/div>\n\t\t<div class=\"elementor-element elementor-element-ff05251 e-flex e-con-boxed e-con e-parent\" data-id=\"ff05251\" data-element_type=\"container\">\n\t\t\t\t\t<div class=\"e-con-inner\">\n\t\t<div class=\"elementor-element elementor-element-ff0f2c6 e-con-full e-flex e-con e-child\" data-id=\"ff0f2c6\" data-element_type=\"container\">\n\t\t\t\t<div class=\"elementor-element elementor-element-35a83a4 elementor-widget elementor-widget-katen-post-five\" data-id=\"35a83a4\" data-element_type=\"widget\" data-widget_type=\"katen-post-five.default\">\n\t\t\t\t<div class=\"elementor-widget-container\">\n\t\t\t\t\t\t\t<div class=\"padding-30 rounded bordered\">\n\n\t\t\t<div class=\"row infinite-wrapper\">\n\n\t\t\t\n\t\t\t\t<div class=\"col-md-12 col-sm-6 post-list-item post-item\">\n\t\t\t\t\t<!-- post -->\n\t\t\t\t\t<div class=\"post post-list clearfix\">\n\n\t\t\t\t\t\t<div class=\"thumb rounded\"><div class=\"inner\"><a href=\"https:\/\/finanedi.es\/blog\/5-tips-para-estar-preparado-para-verifactu\/\"><img fetchpriority=\"high\" decoding=\"async\" width=\"330\" height=\"250\" src=\"https:\/\/finanedi.es\/blog\/contenido\/uploads\/2025\/10\/5-tips-para-estar-preparado-para-VeriFactu-330x250.jpg\" class=\"attachment-katen-thumb-list size-katen-thumb-list wp-post-image\" alt=\"5 tips para estar preparado para VeriFactu\" \/><\/a><\/div><\/div>  \n\n\t\t\t\t\t\t<div class=\"details clearfix\">\n\t\t\t\t\t\t\t<ul class=\"meta list-inline mb-3\">\n\t\t\t\t\t\t\t\t<li class=\"list-inline-item\"><a href=\"https:\/\/finanedi.es\/blog\/category\/facturacion\/\">Facturaci\u00f3n<\/a><\/li>\t\t\t\t\t\t\t\t\t\t<li class=\"list-inline-item\">29 de octubre de 2025<\/li>\n\t\t\t\t\t\t\t\t\t\t\t\t\t\t\t<\/ul>\n\t\t\t\t\t\t\t<h5 class=\"post-title\"><a href=\"https:\/\/finanedi.es\/blog\/5-tips-para-estar-preparado-para-verifactu\/\">5 tips para estar preparado para VeriFactu<\/a><\/h5>\n\t\t\t\t\t\t\t<p class=\"excerpt mb-0\">\n\t\t\t\t\t\t\t\tLa facturaci\u00f3n electr\u00f3nica est\u00e1 viviendo una transformaci\u00f3n decisiva con la llegada de VeriFactu, el nuevo sistema de control de facturaci\u00f3n impulsado por la Agencia Tributaria. Su objetivo es garantizar la&hellip;\t\t\t\t\t\t\t<\/p>\n\t\t\t\t\t\t\t<div class=\"post-bottom clearfix d-flex align-items-center\">\n\t\t\t\t\t\t\t\t\n    <div class=\"social-share me-auto\">\n        <button class=\"toggle-button icon-share\"><\/button>\n        <ul class=\"icons list-unstyled list-inline mb-0\">\n            <li class=\"list-inline-item\"><a href=\"https:\/\/www.facebook.com\/sharer\/sharer.php?u=https:\/\/finanedi.es\/blog\/5-tips-para-estar-preparado-para-verifactu\/\" target=\"_blank\"><i class=\"fab fa-facebook-f\"><\/i><\/a><\/li>\n            <li class=\"list-inline-item\"><a href=\"https:\/\/twitter.com\/intent\/tweet?url=https:\/\/finanedi.es\/blog\/5-tips-para-estar-preparado-para-verifactu\/&text=5 tips para estar preparado para VeriFactu\" target=\"_blank\"><i class=\"fab fa-twitter\"><\/i><\/a><\/li>\n            <li class=\"list-inline-item\"><a href=\"https:\/\/www.linkedin.com\/shareArticle?mini=true&url=https:\/\/finanedi.es\/blog\/5-tips-para-estar-preparado-para-verifactu\/&title=5 tips para estar preparado para VeriFactu\" target=\"_blank\"><i class=\"fab fa-linkedin-in\"><\/i><\/a><\/li>\n            <li class=\"list-inline-item\"><a href=\"https:\/\/pinterest.com\/pin\/create\/button\/?url=https:\/\/finanedi.es\/blog\/5-tips-para-estar-preparado-para-verifactu\/&media=&description=5 tips para estar preparado para VeriFactu\" target=\"_blank\"><i class=\"fab fa-pinterest\"><\/i><\/a><\/li>\n            <li class=\"list-inline-item\"><a href=\"https:\/\/t.me\/share\/url?url=https:\/\/finanedi.es\/blog\/5-tips-para-estar-preparado-para-verifactu\/&text=5 tips para estar preparado para VeriFactu\" target=\"_blank\"><i class=\"fab fa-telegram-plane\"><\/i><\/a><\/li>\n            <li class=\"list-inline-item\"><a href=\"mailto:info@example.com?&subject=&cc=&bcc=&body=https:\/\/finanedi.es\/blog\/5-tips-para-estar-preparado-para-verifactu\/\"><i class=\"far fa-envelope\"><\/i><\/a><\/li>\n        <\/ul>\n    <\/div>\n\n\t\t\t\t\t\t\t\t\t\t\t\t\t\t\t<\/div>\n\t\t\t\t\t\t<\/div>\n\t\t\t\t\t<\/div>\n\t\t\t\t<\/div>\n\n\t\t\t\n\t\t\t\t<div class=\"col-md-12 col-sm-6 post-list-item post-item\">\n\t\t\t\t\t<!-- post -->\n\t\t\t\t\t<div class=\"post post-list clearfix\">\n\n\t\t\t\t\t\t<div class=\"thumb rounded\"><div class=\"inner\"><a href=\"https:\/\/finanedi.es\/blog\/que-sanciones-existen-por-no-emitir-factura-electronica\/\"><img decoding=\"async\" width=\"330\" height=\"250\" src=\"https:\/\/finanedi.es\/blog\/contenido\/uploads\/2025\/10\/Que-sanciones-existen-por-no-emitir-factura-electronica-330x250.jpg\" class=\"attachment-katen-thumb-list size-katen-thumb-list wp-post-image\" alt=\"Qu\u00e9 sanciones existen por no emitir factura electr\u00f3nica\" \/><\/a><\/div><\/div>  \n\n\t\t\t\t\t\t<div class=\"details clearfix\">\n\t\t\t\t\t\t\t<ul class=\"meta list-inline mb-3\">\n\t\t\t\t\t\t\t\t<li class=\"list-inline-item\"><a href=\"https:\/\/finanedi.es\/blog\/category\/facturacion\/\">Facturaci\u00f3n<\/a><\/li>\t\t\t\t\t\t\t\t\t\t<li class=\"list-inline-item\">27 de octubre de 2025<\/li>\n\t\t\t\t\t\t\t\t\t\t\t\t\t\t\t<\/ul>\n\t\t\t\t\t\t\t<h5 class=\"post-title\"><a href=\"https:\/\/finanedi.es\/blog\/que-sanciones-existen-por-no-emitir-factura-electronica\/\">Qu\u00e9 sanciones existen por no emitir factura electr\u00f3nica<\/a><\/h5>\n\t\t\t\t\t\t\t<p class=\"excerpt mb-0\">\n\t\t\t\t\t\t\t\tLa factura electr\u00f3nica ya no es una opci\u00f3n, sino una obligaci\u00f3n para la mayor\u00eda de las empresas y aut\u00f3nomos en Espa\u00f1a. Con la entrada en vigor de la Ley Crea&hellip;\t\t\t\t\t\t\t<\/p>\n\t\t\t\t\t\t\t<div class=\"post-bottom clearfix d-flex align-items-center\">\n\t\t\t\t\t\t\t\t\n    <div class=\"social-share me-auto\">\n        <button class=\"toggle-button icon-share\"><\/button>\n        <ul class=\"icons list-unstyled list-inline mb-0\">\n            <li class=\"list-inline-item\"><a href=\"https:\/\/www.facebook.com\/sharer\/sharer.php?u=https:\/\/finanedi.es\/blog\/que-sanciones-existen-por-no-emitir-factura-electronica\/\" target=\"_blank\"><i class=\"fab fa-facebook-f\"><\/i><\/a><\/li>\n            <li class=\"list-inline-item\"><a href=\"https:\/\/twitter.com\/intent\/tweet?url=https:\/\/finanedi.es\/blog\/que-sanciones-existen-por-no-emitir-factura-electronica\/&text=Qu\u00e9 sanciones existen por no emitir factura electr\u00f3nica\" target=\"_blank\"><i class=\"fab fa-twitter\"><\/i><\/a><\/li>\n            <li class=\"list-inline-item\"><a href=\"https:\/\/www.linkedin.com\/shareArticle?mini=true&url=https:\/\/finanedi.es\/blog\/que-sanciones-existen-por-no-emitir-factura-electronica\/&title=Qu\u00e9 sanciones existen por no emitir factura electr\u00f3nica\" target=\"_blank\"><i class=\"fab fa-linkedin-in\"><\/i><\/a><\/li>\n            <li class=\"list-inline-item\"><a href=\"https:\/\/pinterest.com\/pin\/create\/button\/?url=https:\/\/finanedi.es\/blog\/que-sanciones-existen-por-no-emitir-factura-electronica\/&media=&description=Qu\u00e9 sanciones existen por no emitir factura electr\u00f3nica\" target=\"_blank\"><i class=\"fab fa-pinterest\"><\/i><\/a><\/li>\n            <li class=\"list-inline-item\"><a href=\"https:\/\/t.me\/share\/url?url=https:\/\/finanedi.es\/blog\/que-sanciones-existen-por-no-emitir-factura-electronica\/&text=Qu\u00e9 sanciones existen por no emitir factura electr\u00f3nica\" target=\"_blank\"><i class=\"fab fa-telegram-plane\"><\/i><\/a><\/li>\n            <li class=\"list-inline-item\"><a href=\"mailto:info@example.com?&subject=&cc=&bcc=&body=https:\/\/finanedi.es\/blog\/que-sanciones-existen-por-no-emitir-factura-electronica\/\"><i class=\"far fa-envelope\"><\/i><\/a><\/li>\n        <\/ul>\n    <\/div>\n\n\t\t\t\t\t\t\t\t\t\t\t\t\t\t\t<\/div>\n\t\t\t\t\t\t<\/div>\n\t\t\t\t\t<\/div>\n\t\t\t\t<\/div>\n\n\t\t\t\n\t\t\t\t<div class=\"col-md-12 col-sm-6 post-list-item post-item\">\n\t\t\t\t\t<!-- post -->\n\t\t\t\t\t<div class=\"post post-list clearfix\">\n\n\t\t\t\t\t\t<div class=\"thumb rounded\"><div class=\"inner\"><a href=\"https:\/\/finanedi.es\/blog\/que-gastos-son-deducibles-para-autonomos-y-empresas\/\"><img decoding=\"async\" width=\"330\" height=\"250\" src=\"https:\/\/finanedi.es\/blog\/contenido\/uploads\/2025\/10\/Que-gastos-son-deducibles-para-autonomos-y-empresas-330x250.jpg\" class=\"attachment-katen-thumb-list size-katen-thumb-list wp-post-image\" alt=\"Qu\u00e9 gastos son deducibles para aut\u00f3nomos y empresas\" \/><\/a><\/div><\/div>  \n\n\t\t\t\t\t\t<div class=\"details clearfix\">\n\t\t\t\t\t\t\t<ul class=\"meta list-inline mb-3\">\n\t\t\t\t\t\t\t\t<li class=\"list-inline-item\"><a href=\"https:\/\/finanedi.es\/blog\/category\/contabilidad\/\">Contabilidad<\/a><\/li>\t\t\t\t\t\t\t\t\t\t<li class=\"list-inline-item\">24 de octubre de 2025<\/li>\n\t\t\t\t\t\t\t\t\t\t\t\t\t\t\t<\/ul>\n\t\t\t\t\t\t\t<h5 class=\"post-title\"><a href=\"https:\/\/finanedi.es\/blog\/que-gastos-son-deducibles-para-autonomos-y-empresas\/\">Qu\u00e9 gastos son deducibles para aut\u00f3nomos y empresas<\/a><\/h5>\n\t\t\t\t\t\t\t<p class=\"excerpt mb-0\">\n\t\t\t\t\t\t\t\tLlevar la contabilidad al d\u00eda no es solo una cuesti\u00f3n de orden: tambi\u00e9n puede marcar la diferencia entre pagar m\u00e1s o menos impuestos.Saber qu\u00e9 gastos son deducibles para aut\u00f3nomos y&hellip;\t\t\t\t\t\t\t<\/p>\n\t\t\t\t\t\t\t<div class=\"post-bottom clearfix d-flex align-items-center\">\n\t\t\t\t\t\t\t\t\n    <div class=\"social-share me-auto\">\n        <button class=\"toggle-button icon-share\"><\/button>\n        <ul class=\"icons list-unstyled list-inline mb-0\">\n            <li class=\"list-inline-item\"><a href=\"https:\/\/www.facebook.com\/sharer\/sharer.php?u=https:\/\/finanedi.es\/blog\/que-gastos-son-deducibles-para-autonomos-y-empresas\/\" target=\"_blank\"><i class=\"fab fa-facebook-f\"><\/i><\/a><\/li>\n            <li class=\"list-inline-item\"><a href=\"https:\/\/twitter.com\/intent\/tweet?url=https:\/\/finanedi.es\/blog\/que-gastos-son-deducibles-para-autonomos-y-empresas\/&text=Qu\u00e9 gastos son deducibles para aut\u00f3nomos y empresas\" target=\"_blank\"><i class=\"fab fa-twitter\"><\/i><\/a><\/li>\n            <li class=\"list-inline-item\"><a href=\"https:\/\/www.linkedin.com\/shareArticle?mini=true&url=https:\/\/finanedi.es\/blog\/que-gastos-son-deducibles-para-autonomos-y-empresas\/&title=Qu\u00e9 gastos son deducibles para aut\u00f3nomos y empresas\" target=\"_blank\"><i class=\"fab fa-linkedin-in\"><\/i><\/a><\/li>\n            <li class=\"list-inline-item\"><a href=\"https:\/\/pinterest.com\/pin\/create\/button\/?url=https:\/\/finanedi.es\/blog\/que-gastos-son-deducibles-para-autonomos-y-empresas\/&media=&description=Qu\u00e9 gastos son deducibles para aut\u00f3nomos y empresas\" target=\"_blank\"><i class=\"fab fa-pinterest\"><\/i><\/a><\/li>\n            <li class=\"list-inline-item\"><a href=\"https:\/\/t.me\/share\/url?url=https:\/\/finanedi.es\/blog\/que-gastos-son-deducibles-para-autonomos-y-empresas\/&text=Qu\u00e9 gastos son deducibles para aut\u00f3nomos y empresas\" target=\"_blank\"><i class=\"fab fa-telegram-plane\"><\/i><\/a><\/li>\n            <li class=\"list-inline-item\"><a href=\"mailto:info@example.com?&subject=&cc=&bcc=&body=https:\/\/finanedi.es\/blog\/que-gastos-son-deducibles-para-autonomos-y-empresas\/\"><i class=\"far fa-envelope\"><\/i><\/a><\/li>\n        <\/ul>\n    <\/div>\n\n\t\t\t\t\t\t\t\t\t\t\t\t\t\t\t<\/div>\n\t\t\t\t\t\t<\/div>\n\t\t\t\t\t<\/div>\n\t\t\t\t<\/div>\n\n\t\t\t\n\t\t\t\t<div class=\"col-md-12 col-sm-6 post-list-item post-item\">\n\t\t\t\t\t<!-- post -->\n\t\t\t\t\t<div class=\"post post-list clearfix\">\n\n\t\t\t\t\t\t<div class=\"thumb rounded\"><div class=\"inner\"><a href=\"https:\/\/finanedi.es\/blog\/que-debe-incluir-una-factura-electronica-segun-la-ley\/\"><img loading=\"lazy\" decoding=\"async\" width=\"330\" height=\"250\" src=\"https:\/\/finanedi.es\/blog\/contenido\/uploads\/2025\/10\/Que-debe-incluir-una-factura-electronica-segun-la-ley-330x250.jpg\" class=\"attachment-katen-thumb-list size-katen-thumb-list wp-post-image\" alt=\"Qu\u00e9 debe incluir una factura electr\u00f3nica seg\u00fan la ley\" \/><\/a><\/div><\/div>  \n\n\t\t\t\t\t\t<div class=\"details clearfix\">\n\t\t\t\t\t\t\t<ul class=\"meta list-inline mb-3\">\n\t\t\t\t\t\t\t\t<li class=\"list-inline-item\"><a href=\"https:\/\/finanedi.es\/blog\/category\/facturacion\/\">Facturaci\u00f3n<\/a><\/li>\t\t\t\t\t\t\t\t\t\t<li class=\"list-inline-item\">23 de octubre de 2025<\/li>\n\t\t\t\t\t\t\t\t\t\t\t\t\t\t\t<\/ul>\n\t\t\t\t\t\t\t<h5 class=\"post-title\"><a href=\"https:\/\/finanedi.es\/blog\/que-debe-incluir-una-factura-electronica-segun-la-ley\/\">Qu\u00e9 debe incluir una factura electr\u00f3nica seg\u00fan la ley<\/a><\/h5>\n\t\t\t\t\t\t\t<p class=\"excerpt mb-0\">\n\t\t\t\t\t\t\t\tLa factura electr\u00f3nica ya no es el futuro: es el presente obligatorio para aut\u00f3nomos y pymes en Espa\u00f1a. Con la entrada en vigor de la Ley Crea y Crece, todas&hellip;\t\t\t\t\t\t\t<\/p>\n\t\t\t\t\t\t\t<div class=\"post-bottom clearfix d-flex align-items-center\">\n\t\t\t\t\t\t\t\t\n    <div class=\"social-share me-auto\">\n        <button class=\"toggle-button icon-share\"><\/button>\n        <ul class=\"icons list-unstyled list-inline mb-0\">\n            <li class=\"list-inline-item\"><a href=\"https:\/\/www.facebook.com\/sharer\/sharer.php?u=https:\/\/finanedi.es\/blog\/que-debe-incluir-una-factura-electronica-segun-la-ley\/\" target=\"_blank\"><i class=\"fab fa-facebook-f\"><\/i><\/a><\/li>\n            <li class=\"list-inline-item\"><a href=\"https:\/\/twitter.com\/intent\/tweet?url=https:\/\/finanedi.es\/blog\/que-debe-incluir-una-factura-electronica-segun-la-ley\/&text=Qu\u00e9 debe incluir una factura electr\u00f3nica seg\u00fan la ley\" target=\"_blank\"><i class=\"fab fa-twitter\"><\/i><\/a><\/li>\n            <li class=\"list-inline-item\"><a href=\"https:\/\/www.linkedin.com\/shareArticle?mini=true&url=https:\/\/finanedi.es\/blog\/que-debe-incluir-una-factura-electronica-segun-la-ley\/&title=Qu\u00e9 debe incluir una factura electr\u00f3nica seg\u00fan la ley\" target=\"_blank\"><i class=\"fab fa-linkedin-in\"><\/i><\/a><\/li>\n            <li class=\"list-inline-item\"><a href=\"https:\/\/pinterest.com\/pin\/create\/button\/?url=https:\/\/finanedi.es\/blog\/que-debe-incluir-una-factura-electronica-segun-la-ley\/&media=&description=Qu\u00e9 debe incluir una factura electr\u00f3nica seg\u00fan la ley\" target=\"_blank\"><i class=\"fab fa-pinterest\"><\/i><\/a><\/li>\n            <li class=\"list-inline-item\"><a href=\"https:\/\/t.me\/share\/url?url=https:\/\/finanedi.es\/blog\/que-debe-incluir-una-factura-electronica-segun-la-ley\/&text=Qu\u00e9 debe incluir una factura electr\u00f3nica seg\u00fan la ley\" target=\"_blank\"><i class=\"fab fa-telegram-plane\"><\/i><\/a><\/li>\n            <li class=\"list-inline-item\"><a href=\"mailto:info@example.com?&subject=&cc=&bcc=&body=https:\/\/finanedi.es\/blog\/que-debe-incluir-una-factura-electronica-segun-la-ley\/\"><i class=\"far fa-envelope\"><\/i><\/a><\/li>\n        <\/ul>\n    <\/div>\n\n\t\t\t\t\t\t\t\t\t\t\t\t\t\t\t<\/div>\n\t\t\t\t\t\t<\/div>\n\t\t\t\t\t<\/div>\n\t\t\t\t<\/div>\n\n\t\t\t\n\t\t\t\t<div class=\"col-md-12 col-sm-6 post-list-item post-item\">\n\t\t\t\t\t<!-- post -->\n\t\t\t\t\t<div class=\"post post-list clearfix\">\n\n\t\t\t\t\t\t<div class=\"thumb rounded\"><div class=\"inner\"><a href=\"https:\/\/finanedi.es\/blog\/ventajas-de-digitalizar-tu-pyme-y-adaptarte-a-verifactu-antes-de-que-sea-obligatorio\/\"><img loading=\"lazy\" decoding=\"async\" width=\"330\" height=\"250\" src=\"https:\/\/finanedi.es\/blog\/contenido\/uploads\/2025\/10\/Ventajas-de-digitalizar-tu-pyme-y-adaptarte-a-VeriFactu-antes-de-que-sea-obligatorio-330x250.jpg\" class=\"attachment-katen-thumb-list size-katen-thumb-list wp-post-image\" alt=\"Ventajas de digitalizar tu pyme y adaptarte a VeriFactu antes de que sea obligatorio\" \/><\/a><\/div><\/div>  \n\n\t\t\t\t\t\t<div class=\"details clearfix\">\n\t\t\t\t\t\t\t<ul class=\"meta list-inline mb-3\">\n\t\t\t\t\t\t\t\t<li class=\"list-inline-item\"><a href=\"https:\/\/finanedi.es\/blog\/category\/facturacion\/\">Facturaci\u00f3n<\/a><\/li>\t\t\t\t\t\t\t\t\t\t<li class=\"list-inline-item\">20 de octubre de 2025<\/li>\n\t\t\t\t\t\t\t\t\t\t\t\t\t\t\t<\/ul>\n\t\t\t\t\t\t\t<h5 class=\"post-title\"><a href=\"https:\/\/finanedi.es\/blog\/ventajas-de-digitalizar-tu-pyme-y-adaptarte-a-verifactu-antes-de-que-sea-obligatorio\/\">Ventajas de digitalizar tu pyme y adaptarte a VeriFactu antes de que sea obligatorio<\/a><\/h5>\n\t\t\t\t\t\t\t<p class=\"excerpt mb-0\">\n\t\t\t\t\t\t\t\tLa digitalizaci\u00f3n ya no es una tendencia, es una ventaja competitiva real para las peque\u00f1as y medianas empresas. Automatizar procesos, trabajar en la nube y adaptarse a la normativa de&hellip;\t\t\t\t\t\t\t<\/p>\n\t\t\t\t\t\t\t<div class=\"post-bottom clearfix d-flex align-items-center\">\n\t\t\t\t\t\t\t\t\n    <div class=\"social-share me-auto\">\n        <button class=\"toggle-button icon-share\"><\/button>\n        <ul class=\"icons list-unstyled list-inline mb-0\">\n            <li class=\"list-inline-item\"><a href=\"https:\/\/www.facebook.com\/sharer\/sharer.php?u=https:\/\/finanedi.es\/blog\/ventajas-de-digitalizar-tu-pyme-y-adaptarte-a-verifactu-antes-de-que-sea-obligatorio\/\" target=\"_blank\"><i class=\"fab fa-facebook-f\"><\/i><\/a><\/li>\n            <li class=\"list-inline-item\"><a href=\"https:\/\/twitter.com\/intent\/tweet?url=https:\/\/finanedi.es\/blog\/ventajas-de-digitalizar-tu-pyme-y-adaptarte-a-verifactu-antes-de-que-sea-obligatorio\/&text=Ventajas de digitalizar tu pyme y adaptarte a VeriFactu antes de que sea obligatorio\" target=\"_blank\"><i class=\"fab fa-twitter\"><\/i><\/a><\/li>\n            <li class=\"list-inline-item\"><a href=\"https:\/\/www.linkedin.com\/shareArticle?mini=true&url=https:\/\/finanedi.es\/blog\/ventajas-de-digitalizar-tu-pyme-y-adaptarte-a-verifactu-antes-de-que-sea-obligatorio\/&title=Ventajas de digitalizar tu pyme y adaptarte a VeriFactu antes de que sea obligatorio\" target=\"_blank\"><i class=\"fab fa-linkedin-in\"><\/i><\/a><\/li>\n            <li class=\"list-inline-item\"><a href=\"https:\/\/pinterest.com\/pin\/create\/button\/?url=https:\/\/finanedi.es\/blog\/ventajas-de-digitalizar-tu-pyme-y-adaptarte-a-verifactu-antes-de-que-sea-obligatorio\/&media=&description=Ventajas de digitalizar tu pyme y adaptarte a VeriFactu antes de que sea obligatorio\" target=\"_blank\"><i class=\"fab fa-pinterest\"><\/i><\/a><\/li>\n            <li class=\"list-inline-item\"><a href=\"https:\/\/t.me\/share\/url?url=https:\/\/finanedi.es\/blog\/ventajas-de-digitalizar-tu-pyme-y-adaptarte-a-verifactu-antes-de-que-sea-obligatorio\/&text=Ventajas de digitalizar tu pyme y adaptarte a VeriFactu antes de que sea obligatorio\" target=\"_blank\"><i class=\"fab fa-telegram-plane\"><\/i><\/a><\/li>\n            <li class=\"list-inline-item\"><a href=\"mailto:info@example.com?&subject=&cc=&bcc=&body=https:\/\/finanedi.es\/blog\/ventajas-de-digitalizar-tu-pyme-y-adaptarte-a-verifactu-antes-de-que-sea-obligatorio\/\"><i class=\"far fa-envelope\"><\/i><\/a><\/li>\n        <\/ul>\n    <\/div>\n\n\t\t\t\t\t\t\t\t\t\t\t\t\t\t\t<\/div>\n\t\t\t\t\t\t<\/div>\n\t\t\t\t\t<\/div>\n\t\t\t\t<\/div>\n\n\t\t\t\n\t\t\t\t<div class=\"col-md-12 col-sm-6 post-list-item post-item\">\n\t\t\t\t\t<!-- post -->\n\t\t\t\t\t<div class=\"post post-list clearfix\">\n\n\t\t\t\t\t\t<div class=\"thumb rounded\"><div class=\"inner\"><a href=\"https:\/\/finanedi.es\/blog\/como-elegir-el-mejor-programa-de-facturacion-gratuita-para-tu-pyme\/\"><img loading=\"lazy\" decoding=\"async\" width=\"330\" height=\"250\" src=\"https:\/\/finanedi.es\/blog\/contenido\/uploads\/2025\/10\/Como-elegir-el-mejor-programa-de-facturacion-gratuita-para-tu-pyme-330x250.jpg\" class=\"attachment-katen-thumb-list size-katen-thumb-list wp-post-image\" alt=\"C\u00f3mo elegir el mejor programa de facturaci\u00f3n gratuita para tu pyme\" \/><\/a><\/div><\/div>  \n\n\t\t\t\t\t\t<div class=\"details clearfix\">\n\t\t\t\t\t\t\t<ul class=\"meta list-inline mb-3\">\n\t\t\t\t\t\t\t\t<li class=\"list-inline-item\"><a href=\"https:\/\/finanedi.es\/blog\/category\/facturacion\/\">Facturaci\u00f3n<\/a><\/li>\t\t\t\t\t\t\t\t\t\t<li class=\"list-inline-item\">17 de octubre de 2025<\/li>\n\t\t\t\t\t\t\t\t\t\t\t\t\t\t\t<\/ul>\n\t\t\t\t\t\t\t<h5 class=\"post-title\"><a href=\"https:\/\/finanedi.es\/blog\/como-elegir-el-mejor-programa-de-facturacion-gratuita-para-tu-pyme\/\">C\u00f3mo elegir el mejor programa de facturaci\u00f3n gratuita para tu pyme<\/a><\/h5>\n\t\t\t\t\t\t\t<p class=\"excerpt mb-0\">\n\t\t\t\t\t\t\t\tGestionar las facturas de una peque\u00f1a o mediana empresa puede ser una tarea compleja si se hace de forma manual. Errores en los importes, retrasos en los cobros o p\u00e9rdidas&hellip;\t\t\t\t\t\t\t<\/p>\n\t\t\t\t\t\t\t<div class=\"post-bottom clearfix d-flex align-items-center\">\n\t\t\t\t\t\t\t\t\n    <div class=\"social-share me-auto\">\n        <button class=\"toggle-button icon-share\"><\/button>\n        <ul class=\"icons list-unstyled list-inline mb-0\">\n            <li class=\"list-inline-item\"><a href=\"https:\/\/www.facebook.com\/sharer\/sharer.php?u=https:\/\/finanedi.es\/blog\/como-elegir-el-mejor-programa-de-facturacion-gratuita-para-tu-pyme\/\" target=\"_blank\"><i class=\"fab fa-facebook-f\"><\/i><\/a><\/li>\n            <li class=\"list-inline-item\"><a href=\"https:\/\/twitter.com\/intent\/tweet?url=https:\/\/finanedi.es\/blog\/como-elegir-el-mejor-programa-de-facturacion-gratuita-para-tu-pyme\/&text=C\u00f3mo elegir el mejor programa de facturaci\u00f3n gratuita para tu pyme\" target=\"_blank\"><i class=\"fab fa-twitter\"><\/i><\/a><\/li>\n            <li class=\"list-inline-item\"><a href=\"https:\/\/www.linkedin.com\/shareArticle?mini=true&url=https:\/\/finanedi.es\/blog\/como-elegir-el-mejor-programa-de-facturacion-gratuita-para-tu-pyme\/&title=C\u00f3mo elegir el mejor programa de facturaci\u00f3n gratuita para tu pyme\" target=\"_blank\"><i class=\"fab fa-linkedin-in\"><\/i><\/a><\/li>\n            <li class=\"list-inline-item\"><a href=\"https:\/\/pinterest.com\/pin\/create\/button\/?url=https:\/\/finanedi.es\/blog\/como-elegir-el-mejor-programa-de-facturacion-gratuita-para-tu-pyme\/&media=&description=C\u00f3mo elegir el mejor programa de facturaci\u00f3n gratuita para tu pyme\" target=\"_blank\"><i class=\"fab fa-pinterest\"><\/i><\/a><\/li>\n            <li class=\"list-inline-item\"><a href=\"https:\/\/t.me\/share\/url?url=https:\/\/finanedi.es\/blog\/como-elegir-el-mejor-programa-de-facturacion-gratuita-para-tu-pyme\/&text=C\u00f3mo elegir el mejor programa de facturaci\u00f3n gratuita para tu pyme\" target=\"_blank\"><i class=\"fab fa-telegram-plane\"><\/i><\/a><\/li>\n            <li class=\"list-inline-item\"><a href=\"mailto:info@example.com?&subject=&cc=&bcc=&body=https:\/\/finanedi.es\/blog\/como-elegir-el-mejor-programa-de-facturacion-gratuita-para-tu-pyme\/\"><i class=\"far fa-envelope\"><\/i><\/a><\/li>\n        <\/ul>\n    <\/div>\n\n\t\t\t\t\t\t\t\t\t\t\t\t\t\t\t<\/div>\n\t\t\t\t\t\t<\/div>\n\t\t\t\t\t<\/div>\n\t\t\t\t<\/div>\n\n\t\t\t\n\t\t\t<\/div>\n\n\t\t<\/div>\n\t\t\n        \t\t\t\t<\/div>\n\t\t\t\t<\/div>\n\t\t\t\t<\/div>\n\t\t<div class=\"elementor-element elementor-element-371aede e-con-full e-flex e-con e-child\" data-id=\"371aede\" data-element_type=\"container\">\n\t\t\t\t<div class=\"elementor-element elementor-element-dfa5b23 elementor-widget elementor-widget-html\" data-id=\"dfa5b23\" data-element_type=\"widget\" data-widget_type=\"html.default\">\n\t\t\t\t<div class=\"elementor-widget-container\">\n\t\t\t\t\t<html lang=\"es\">\r\n<head>\r\n<meta charset=\"UTF-8\">\r\n<meta name=\"viewport\" content=\"width=device-width, initial-scale=1.0\">\r\n<style>\r\n        #img {\r\n            cursor: pointer; \/* Cambia el cursor a una mano *\/\r\n        }\r\n    <\/style>\r\n\r\n<\/head>\r\n<body>\r\n<img decoding=\"async\" id=\"img\" src=\"https:\/\/finanedi.es\/blog\/contenido\/uploads\/2024\/12\/Banner-programa-de-facturacion.jpg\" alt=\"\">\r\n\r\n<script>\r\n        document.getElementById('img').addEventListener('click', function() {\r\n \/\/ Abrir una nueva pesta\u00f1a con la URL deseada\r\n            window.open('https:\/\/finanedi.es\/blog\/alternativa-programas-facturacion\/', '_blank');\r\n        });\r\n<\/script>\r\n<\/body>\r\n<\/html>\t\t\t\t<\/div>\n\t\t\t\t<\/div>\n\t\t\t\t<div class=\"elementor-element elementor-element-a48ee76 elementor-widget elementor-widget-spacer\" data-id=\"a48ee76\" data-element_type=\"widget\" data-widget_type=\"spacer.default\">\n\t\t\t\t<div class=\"elementor-widget-container\">\n\t\t\t\t\t\t\t<div class=\"elementor-spacer\">\n\t\t\t<div class=\"elementor-spacer-inner\"><\/div>\n\t\t<\/div>\n\t\t\t\t\t\t<\/div>\n\t\t\t\t<\/div>\n\t\t\t\t<div class=\"elementor-element elementor-element-e94d0dd elementor-widget elementor-widget-heading\" data-id=\"e94d0dd\" data-element_type=\"widget\" data-widget_type=\"heading.default\">\n\t\t\t\t<div class=\"elementor-widget-container\">\n\t\t\t\t\t<h3 class=\"elementor-heading-title elementor-size-default\">Compara FinanEDI con otros programas de facturaci\u00f3n<\/h3>\t\t\t\t<\/div>\n\t\t\t\t<\/div>\n\t\t<div class=\"elementor-element elementor-element-7df6895 e-con-full e-flex e-con e-child\" data-id=\"7df6895\" data-element_type=\"container\">\n\t\t<div class=\"elementor-element elementor-element-22b3ada e-con-full e-flex e-con e-child\" data-id=\"22b3ada\" data-element_type=\"container\">\n\t\t<div class=\"elementor-element elementor-element-7c59fd8 e-con-full e-transform e-flex e-con e-child\" data-id=\"7c59fd8\" data-element_type=\"container\" data-settings=\"{&quot;_transform_scale_effect&quot;:{&quot;unit&quot;:&quot;px&quot;,&quot;size&quot;:1,&quot;sizes&quot;:[]},&quot;_transform_scale_effect_tablet&quot;:{&quot;unit&quot;:&quot;px&quot;,&quot;size&quot;:&quot;&quot;,&quot;sizes&quot;:[]},&quot;_transform_scale_effect_mobile&quot;:{&quot;unit&quot;:&quot;px&quot;,&quot;size&quot;:&quot;&quot;,&quot;sizes&quot;:[]}}\">\n\t\t\t\t<div class=\"elementor-element elementor-element-cd601b2 elementor-widget elementor-widget-image\" data-id=\"cd601b2\" data-element_type=\"widget\" data-widget_type=\"image.default\">\n\t\t\t\t<div class=\"elementor-widget-container\">\n\t\t\t\t\t\t\t\t\t\t\t\t\t\t\t\t<a href=\"https:\/\/finanedi.es\/blog\/holded-comparacion\/\" target=\"_blank\">\n\t\t\t\t\t\t\t<img decoding=\"async\" src=\"https:\/\/finanedi.es\/blog\/contenido\/uploads\/elementor\/thumbs\/Holded-boton-qzztdnh6tj4zdktl6rn2cenfdsvxhx0gqo5s7ht91c.png\" title=\"Holded boton\" alt=\"Holded Logo\" loading=\"lazy\" \/>\t\t\t\t\t\t\t\t<\/a>\n\t\t\t\t\t\t\t\t\t\t\t\t\t\t\t<\/div>\n\t\t\t\t<\/div>\n\t\t\t\t<div class=\"elementor-element elementor-element-9b76005 elementor-widget elementor-widget-heading\" data-id=\"9b76005\" data-element_type=\"widget\" data-widget_type=\"heading.default\">\n\t\t\t\t<div class=\"elementor-widget-container\">\n\t\t\t\t\t<p class=\"elementor-heading-title elementor-size-default\"><a href=\"https:\/\/finanedi.es\/blog\/holded-comparacion\/\" target=\"_blank\">Holded<\/a><\/p>\t\t\t\t<\/div>\n\t\t\t\t<\/div>\n\t\t\t\t<\/div>\n\t\t<div class=\"elementor-element elementor-element-91ffdfe e-con-full e-flex e-con e-child\" data-id=\"91ffdfe\" data-element_type=\"container\">\n\t\t\t\t<div class=\"elementor-element elementor-element-ec3ff69 elementor-widget elementor-widget-image\" data-id=\"ec3ff69\" data-element_type=\"widget\" data-widget_type=\"image.default\">\n\t\t\t\t<div class=\"elementor-widget-container\">\n\t\t\t\t\t\t\t\t\t\t\t\t\t\t\t\t<a href=\"https:\/\/finanedi.es\/blog\/quipu-comparacion\/\" target=\"_blank\">\n\t\t\t\t\t\t\t<img decoding=\"async\" src=\"https:\/\/finanedi.es\/blog\/contenido\/uploads\/elementor\/thumbs\/Quipu-Boton-qzztghxlih18j2orkhxee6so4suxsxb7gr9pinlc74.png\" title=\"Quipu Boton\" alt=\"Quipu Logo\" loading=\"lazy\" \/>\t\t\t\t\t\t\t\t<\/a>\n\t\t\t\t\t\t\t\t\t\t\t\t\t\t\t<\/div>\n\t\t\t\t<\/div>\n\t\t\t\t<div class=\"elementor-element elementor-element-ebc8992 elementor-widget elementor-widget-heading\" data-id=\"ebc8992\" data-element_type=\"widget\" data-widget_type=\"heading.default\">\n\t\t\t\t<div class=\"elementor-widget-container\">\n\t\t\t\t\t<p class=\"elementor-heading-title elementor-size-default\"><a href=\"https:\/\/finanedi.es\/blog\/quipu-comparacion\/\" target=\"_blank\">Quipu<\/a><\/p>\t\t\t\t<\/div>\n\t\t\t\t<\/div>\n\t\t\t\t<\/div>\n\t\t<div class=\"elementor-element elementor-element-68bac44 e-con-full e-flex e-con e-child\" data-id=\"68bac44\" data-element_type=\"container\">\n\t\t\t\t<div class=\"elementor-element elementor-element-147283a elementor-widget elementor-widget-image\" data-id=\"147283a\" data-element_type=\"widget\" data-widget_type=\"image.default\">\n\t\t\t\t<div class=\"elementor-widget-container\">\n\t\t\t\t\t\t\t\t\t\t\t\t\t\t\t\t<a href=\"https:\/\/finanedi.es\/blog\/contasimple-comparacion\/\" target=\"_blank\">\n\t\t\t\t\t\t\t<img decoding=\"async\" src=\"https:\/\/finanedi.es\/blog\/contenido\/uploads\/elementor\/thumbs\/Contasimple-boton-qzztgyuoxhoec206tp8on2iytqjjnh6dj30g5mw934.png\" title=\"Contasimple boton\" alt=\"Contasimple Logo\" loading=\"lazy\" \/>\t\t\t\t\t\t\t\t<\/a>\n\t\t\t\t\t\t\t\t\t\t\t\t\t\t\t<\/div>\n\t\t\t\t<\/div>\n\t\t\t\t<div class=\"elementor-element elementor-element-79c15e0 elementor-widget elementor-widget-heading\" data-id=\"79c15e0\" data-element_type=\"widget\" data-widget_type=\"heading.default\">\n\t\t\t\t<div class=\"elementor-widget-container\">\n\t\t\t\t\t<p class=\"elementor-heading-title elementor-size-default\"><a href=\"https:\/\/finanedi.es\/blog\/contasimple-comparacion\/\" target=\"_blank\">Contasimple<\/a><\/p>\t\t\t\t<\/div>\n\t\t\t\t<\/div>\n\t\t\t\t<\/div>\n\t\t<div class=\"elementor-element elementor-element-582fa91 e-con-full e-flex e-con e-child\" data-id=\"582fa91\" data-element_type=\"container\">\n\t\t\t\t<div class=\"elementor-element elementor-element-8e82d52 elementor-widget elementor-widget-image\" data-id=\"8e82d52\" data-element_type=\"widget\" data-widget_type=\"image.default\">\n\t\t\t\t<div class=\"elementor-widget-container\">\n\t\t\t\t\t\t\t\t\t\t\t\t\t\t\t\t<a href=\"https:\/\/finanedi.es\/blog\/taclia-comparacion\/\" target=\"_blank\">\n\t\t\t\t\t\t\t<img decoding=\"async\" src=\"https:\/\/finanedi.es\/blog\/contenido\/uploads\/elementor\/thumbs\/Taclia-boton-qzzthilax0ff3v7imfrulfjnatu954cqlspn8g2zgg.png\" title=\"Taclia boton\" alt=\"Taclia Logo\" loading=\"lazy\" \/>\t\t\t\t\t\t\t\t<\/a>\n\t\t\t\t\t\t\t\t\t\t\t\t\t\t\t<\/div>\n\t\t\t\t<\/div>\n\t\t\t\t<div class=\"elementor-element elementor-element-9ee9b89 elementor-widget elementor-widget-heading\" data-id=\"9ee9b89\" data-element_type=\"widget\" data-widget_type=\"heading.default\">\n\t\t\t\t<div class=\"elementor-widget-container\">\n\t\t\t\t\t<p class=\"elementor-heading-title elementor-size-default\"><a href=\"https:\/\/finanedi.es\/blog\/taclia-comparacion\/\" target=\"_blank\">Taclia<\/a><\/p>\t\t\t\t<\/div>\n\t\t\t\t<\/div>\n\t\t\t\t<\/div>\n\t\t<div class=\"elementor-element elementor-element-633e82d e-con-full e-flex e-con e-child\" data-id=\"633e82d\" data-element_type=\"container\">\n\t\t\t\t<div class=\"elementor-element elementor-element-5cdc5be elementor-widget elementor-widget-image\" data-id=\"5cdc5be\" data-element_type=\"widget\" data-widget_type=\"image.default\">\n\t\t\t\t<div class=\"elementor-widget-container\">\n\t\t\t\t\t\t\t\t\t\t\t\t\t\t\t\t<a href=\"https:\/\/finanedi.es\/blog\/fakturaraba-comparacion\/\" target=\"_blank\">\n\t\t\t\t\t\t\t<img decoding=\"async\" src=\"https:\/\/finanedi.es\/blog\/contenido\/uploads\/elementor\/thumbs\/FakturAraba-Boton-r037ii51pk3hog5dntx69dk9cjd4857jl2egcck1ds.png\" title=\"FakturAraba Boton\" alt=\"FakturAraba Logo\" loading=\"lazy\" \/>\t\t\t\t\t\t\t\t<\/a>\n\t\t\t\t\t\t\t\t\t\t\t\t\t\t\t<\/div>\n\t\t\t\t<\/div>\n\t\t\t\t<div class=\"elementor-element elementor-element-3b7d6e0 elementor-widget elementor-widget-heading\" data-id=\"3b7d6e0\" data-element_type=\"widget\" data-widget_type=\"heading.default\">\n\t\t\t\t<div class=\"elementor-widget-container\">\n\t\t\t\t\t<p class=\"elementor-heading-title elementor-size-default\"><a href=\"https:\/\/finanedi.es\/blog\/fakturaraba-comparacion\/\" target=\"_blank\">FakturAraba<\/a><\/p>\t\t\t\t<\/div>\n\t\t\t\t<\/div>\n\t\t\t\t<\/div>\n\t\t\t\t<\/div>\n\t\t<div class=\"elementor-element elementor-element-a2c77f5 e-flex e-con-boxed e-con e-child\" data-id=\"a2c77f5\" data-element_type=\"container\">\n\t\t\t\t\t<div class=\"e-con-inner\">\n\t\t<div class=\"elementor-element elementor-element-747fba3 e-con-full e-flex e-con e-child\" data-id=\"747fba3\" data-element_type=\"container\">\n\t\t\t\t<div class=\"elementor-element elementor-element-0880e9c elementor-widget elementor-widget-image\" data-id=\"0880e9c\" data-element_type=\"widget\" data-widget_type=\"image.default\">\n\t\t\t\t<div class=\"elementor-widget-container\">\n\t\t\t\t\t\t\t\t\t\t\t\t\t\t\t\t<a href=\"https:\/\/finanedi.es\/blog\/facturadirecta-comparacion\/\" target=\"_blank\">\n\t\t\t\t\t\t\t<img decoding=\"async\" src=\"https:\/\/finanedi.es\/blog\/contenido\/uploads\/elementor\/thumbs\/FacturaDirecta-Boton-r01m8kgfnzgnel84x1qd475xowds2sguffkuhvt4ow.png\" title=\"FacturaDirecta Boton\" alt=\"FacturaDirecta Logo\" loading=\"lazy\" \/>\t\t\t\t\t\t\t\t<\/a>\n\t\t\t\t\t\t\t\t\t\t\t\t\t\t\t<\/div>\n\t\t\t\t<\/div>\n\t\t\t\t<div class=\"elementor-element elementor-element-12ef7ed elementor-widget elementor-widget-heading\" data-id=\"12ef7ed\" data-element_type=\"widget\" data-widget_type=\"heading.default\">\n\t\t\t\t<div class=\"elementor-widget-container\">\n\t\t\t\t\t<p class=\"elementor-heading-title elementor-size-default\"><a href=\"https:\/\/finanedi.es\/blog\/facturadirecta-comparacion\/\" target=\"_blank\">FacturaDirecta<\/a><\/p>\t\t\t\t<\/div>\n\t\t\t\t<\/div>\n\t\t\t\t<\/div>\n\t\t<div class=\"elementor-element elementor-element-38b9d06 e-con-full e-flex e-con e-child\" data-id=\"38b9d06\" data-element_type=\"container\">\n\t\t\t\t<div class=\"elementor-element elementor-element-b866dbe elementor-widget elementor-widget-image\" data-id=\"b866dbe\" data-element_type=\"widget\" data-widget_type=\"image.default\">\n\t\t\t\t<div class=\"elementor-widget-container\">\n\t\t\t\t\t\t\t\t\t\t\t\t\t\t\t\t<a href=\"https:\/\/finanedi.es\/blog\/anfix-comparacion\/\" target=\"_blank\">\n\t\t\t\t\t\t\t<img decoding=\"async\" src=\"https:\/\/finanedi.es\/blog\/contenido\/uploads\/elementor\/thumbs\/anfix-boton-qzztgpgb15bj3yducl6ey4wcvvtvii525shlcva6tc.png\" title=\"Anfix boton\" alt=\"Anfix Logo\" loading=\"lazy\" \/>\t\t\t\t\t\t\t\t<\/a>\n\t\t\t\t\t\t\t\t\t\t\t\t\t\t\t<\/div>\n\t\t\t\t<\/div>\n\t\t\t\t<div class=\"elementor-element elementor-element-40d25f8 elementor-widget elementor-widget-heading\" data-id=\"40d25f8\" data-element_type=\"widget\" data-widget_type=\"heading.default\">\n\t\t\t\t<div class=\"elementor-widget-container\">\n\t\t\t\t\t<p class=\"elementor-heading-title elementor-size-default\"><a href=\"https:\/\/finanedi.es\/blog\/anfix-comparacion\/\" target=\"_blank\">Anfix<\/a><\/p>\t\t\t\t<\/div>\n\t\t\t\t<\/div>\n\t\t\t\t<\/div>\n\t\t<div class=\"elementor-element elementor-element-d699652 e-con-full e-flex e-con e-child\" data-id=\"d699652\" data-element_type=\"container\">\n\t\t\t\t<div class=\"elementor-element elementor-element-4513d27 elementor-widget elementor-widget-image\" data-id=\"4513d27\" data-element_type=\"widget\" data-widget_type=\"image.default\">\n\t\t\t\t<div class=\"elementor-widget-container\">\n\t\t\t\t\t\t\t\t\t\t\t\t\t\t\t\t<a href=\"https:\/\/finanedi.es\/blog\/B2brouter-comparacion\/\" target=\"_blank\">\n\t\t\t\t\t\t\t<img decoding=\"async\" src=\"https:\/\/finanedi.es\/blog\/contenido\/uploads\/elementor\/thumbs\/B2brouter-boton-qzztha4r7i3u7djszu47gzohyczy7uf5kmu9wyfj0g.png\" title=\"B2brouter boton\" alt=\"B2brouter Logo\" loading=\"lazy\" \/>\t\t\t\t\t\t\t\t<\/a>\n\t\t\t\t\t\t\t\t\t\t\t\t\t\t\t<\/div>\n\t\t\t\t<\/div>\n\t\t\t\t<div class=\"elementor-element elementor-element-af7be47 elementor-widget elementor-widget-heading\" data-id=\"af7be47\" data-element_type=\"widget\" data-widget_type=\"heading.default\">\n\t\t\t\t<div class=\"elementor-widget-container\">\n\t\t\t\t\t<p class=\"elementor-heading-title elementor-size-default\"><a href=\"https:\/\/finanedi.es\/blog\/B2brouter-comparacion\/\" target=\"_blank\">B2brouter<\/a><\/p>\t\t\t\t<\/div>\n\t\t\t\t<\/div>\n\t\t\t\t<\/div>\n\t\t<div class=\"elementor-element elementor-element-62dcf7a e-con-full e-flex e-con e-child\" data-id=\"62dcf7a\" data-element_type=\"container\">\n\t\t\t\t<div class=\"elementor-element elementor-element-5e1f614 elementor-widget elementor-widget-image\" data-id=\"5e1f614\" data-element_type=\"widget\" data-widget_type=\"image.default\">\n\t\t\t\t<div class=\"elementor-widget-container\">\n\t\t\t\t\t\t\t\t\t\t\t\t\t\t\t\t<a href=\"https:\/\/finanedi.es\/blog\/haz-tu-factura-comparacion\/\" target=\"_blank\">\n\t\t\t\t\t\t\t<img decoding=\"async\" src=\"https:\/\/finanedi.es\/blog\/contenido\/uploads\/elementor\/thumbs\/Haz-tu-factura-Boton-r0314y00m5ui8tli4lp9bazmkuu0d9vhcupgzkxczk.png\" title=\"Haz tu factura Boton\" alt=\"Haz tu factura Logo\" loading=\"lazy\" \/>\t\t\t\t\t\t\t\t<\/a>\n\t\t\t\t\t\t\t\t\t\t\t\t\t\t\t<\/div>\n\t\t\t\t<\/div>\n\t\t\t\t<div class=\"elementor-element elementor-element-874d6d7 elementor-widget elementor-widget-heading\" data-id=\"874d6d7\" data-element_type=\"widget\" data-widget_type=\"heading.default\">\n\t\t\t\t<div class=\"elementor-widget-container\">\n\t\t\t\t\t<p class=\"elementor-heading-title elementor-size-default\"><a href=\"https:\/\/finanedi.es\/blog\/haz-tu-factura-comparacion\/\" target=\"_blank\">Haz tu factura<\/a><\/p>\t\t\t\t<\/div>\n\t\t\t\t<\/div>\n\t\t\t\t<\/div>\n\t\t<div class=\"elementor-element elementor-element-5e32f07 e-con-full e-flex e-con e-child\" data-id=\"5e32f07\" data-element_type=\"container\">\n\t\t\t\t<div class=\"elementor-element elementor-element-3cafff0 elementor-widget elementor-widget-image\" data-id=\"3cafff0\" data-element_type=\"widget\" data-widget_type=\"image.default\">\n\t\t\t\t<div class=\"elementor-widget-container\">\n\t\t\t\t\t\t\t\t\t\t\t\t\t\t\t\t<a href=\"https:\/\/finanedi.es\/blog\/fakturabai-comparacion\/\" target=\"_blank\">\n\t\t\t\t\t\t\t<img decoding=\"async\" src=\"https:\/\/finanedi.es\/blog\/contenido\/uploads\/elementor\/thumbs\/FakturaBAI-Boton-r0363xfnzgv2zrm1zgwtln0ep6n52ffgyqqxrdjm68.png\" title=\"FakturaBAI Boton\" alt=\"FakturaBAI Boton\" loading=\"lazy\" \/>\t\t\t\t\t\t\t\t<\/a>\n\t\t\t\t\t\t\t\t\t\t\t\t\t\t\t<\/div>\n\t\t\t\t<\/div>\n\t\t\t\t<div class=\"elementor-element elementor-element-32d0f2a elementor-widget elementor-widget-heading\" data-id=\"32d0f2a\" data-element_type=\"widget\" data-widget_type=\"heading.default\">\n\t\t\t\t<div class=\"elementor-widget-container\">\n\t\t\t\t\t<p class=\"elementor-heading-title elementor-size-default\"><a href=\"https:\/\/finanedi.es\/blog\/fakturabai-comparacion\/\" target=\"_blank\">FakturaBAI<\/a><\/p>\t\t\t\t<\/div>\n\t\t\t\t<\/div>\n\t\t\t\t<\/div>\n\t\t\t\t\t<\/div>\n\t\t\t\t<\/div>\n\t\t\t\t<\/div>\n\t\t\t\t<div class=\"elementor-element elementor-element-7645a36 elementor-widget elementor-widget-html\" data-id=\"7645a36\" data-element_type=\"widget\" data-widget_type=\"html.default\">\n\t\t\t\t<div class=\"elementor-widget-container\">\n\t\t\t\t\t<html lang=\"es\">\r\n<head>\r\n<meta charset=\"UTF-8\">\r\n<meta name=\"viewport\" content=\"width=device-width, initial-scale=1.0\">\r\n<style>\r\n        #img {\r\n            cursor: pointer; \/* Cambia el cursor a una mano *\/\r\n        }\r\n    <\/style>\r\n\r\n<\/head>\r\n<body>\r\n<img decoding=\"async\" id=\"img\" src=\"https:\/\/finanedi.es\/blog\/contenido\/uploads\/2024\/07\/digitaliza-tu-empresa.jpg\" alt=\"\">\r\n\r\n<script>\r\n        document.getElementById('img').addEventListener('click', function() {\r\n \/\/ Abrir una nueva pesta\u00f1a con la URL deseada\r\n            window.open('https:\/\/finanedi.es', '_blank');\r\n        });\r\n<\/script>\r\n<\/body>\r\n<\/html>\t\t\t\t<\/div>\n\t\t\t\t<\/div>\n\t\t\t\t<\/div>\n\t\t\t\t\t<\/div>\n\t\t\t\t<\/div>\n\t\t<div class=\"elementor-element elementor-element-73086af e-flex e-con-boxed e-con e-parent\" data-id=\"73086af\" data-element_type=\"container\">\n\t\t\t\t\t<div class=\"e-con-inner\">\n\t\t\t\t<div class=\"elementor-element elementor-element-428586d elementor-widget elementor-widget-spacer\" data-id=\"428586d\" data-element_type=\"widget\" data-widget_type=\"spacer.default\">\n\t\t\t\t<div class=\"elementor-widget-container\">\n\t\t\t\t\t\t\t<div class=\"elementor-spacer\">\n\t\t\t<div class=\"elementor-spacer-inner\"><\/div>\n\t\t<\/div>\n\t\t\t\t\t\t<\/div>\n\t\t\t\t<\/div>\n\t\t\t\t\t<\/div>\n\t\t\t\t<\/div>\n\t\t<div class=\"elementor-element elementor-element-07801b2 e-flex e-con-boxed e-con e-parent\" data-id=\"07801b2\" data-element_type=\"container\">\n\t\t\t\t\t<div class=\"e-con-inner\">\n\t\t<div class=\"elementor-element elementor-element-dd8fc42 e-con-full e-flex e-con e-child\" data-id=\"dd8fc42\" data-element_type=\"container\">\n\t\t<div class=\"elementor-element elementor-element-c0dd583 e-con-full e-flex e-con e-child\" data-id=\"c0dd583\" data-element_type=\"container\">\n\t\t<div class=\"elementor-element elementor-element-ebd30be e-con-full e-flex e-con e-child\" data-id=\"ebd30be\" data-element_type=\"container\">\n\t\t\t\t<div class=\"elementor-element elementor-element-bb6d8d2 elementor-widget elementor-widget-heading\" data-id=\"bb6d8d2\" data-element_type=\"widget\" data-widget_type=\"heading.default\">\n\t\t\t\t<div class=\"elementor-widget-container\">\n\t\t\t\t\t<h4 class=\"elementor-heading-title elementor-size-default\">Soluciones financieras para tu empresa<\/h4>\t\t\t\t<\/div>\n\t\t\t\t<\/div>\n\t\t\t\t<\/div>\n\t\t<div class=\"elementor-element elementor-element-40c8222 e-con-full e-flex e-con e-child\" data-id=\"40c8222\" data-element_type=\"container\">\n\t\t\t\t<div class=\"elementor-element elementor-element-0a66a1e elementor-widget elementor-widget-button\" data-id=\"0a66a1e\" data-element_type=\"widget\" data-widget_type=\"button.default\">\n\t\t\t\t<div class=\"elementor-widget-container\">\n\t\t\t\t\t\t\t\t\t<div class=\"elementor-button-wrapper\">\n\t\t\t\t\t<a class=\"elementor-button elementor-button-link elementor-size-sm\" href=\"https:\/\/finanedi.es\/blog\/financieras\/\" target=\"_blank\">\n\t\t\t\t\t\t<span class=\"elementor-button-content-wrapper\">\n\t\t\t\t\t\t<span class=\"elementor-button-icon\">\n\t\t\t\t<svg aria-hidden=\"true\" class=\"e-font-icon-svg e-fas-chevron-right\" viewBox=\"0 0 320 512\" xmlns=\"http:\/\/www.w3.org\/2000\/svg\"><path d=\"M285.476 272.971L91.132 467.314c-9.373 9.373-24.569 9.373-33.941 0l-22.667-22.667c-9.357-9.357-9.375-24.522-.04-33.901L188.505 256 34.484 101.255c-9.335-9.379-9.317-24.544.04-33.901l22.667-22.667c9.373-9.373 24.569-9.373 33.941 0L285.475 239.03c9.373 9.372 9.373 24.568.001 33.941z\"><\/path><\/svg>\t\t\t<\/span>\n\t\t\t\t\t\t\t\t\t<span class=\"elementor-button-text\">M\u00e1s informaci\u00f3n<\/span>\n\t\t\t\t\t<\/span>\n\t\t\t\t\t<\/a>\n\t\t\t\t<\/div>\n\t\t\t\t\t\t\t\t<\/div>\n\t\t\t\t<\/div>\n\t\t\t\t<\/div>\n\t\t\t\t<\/div>\n\t\t<div class=\"elementor-element elementor-element-150ca8b e-con-full e-flex e-con e-child\" data-id=\"150ca8b\" data-element_type=\"container\">\n\t\t<div class=\"elementor-element elementor-element-f6c2d5d e-con-full e-flex e-con e-child\" data-id=\"f6c2d5d\" data-element_type=\"container\">\n\t\t\t\t<div class=\"elementor-element elementor-element-badb26b e-transform elementor-position-top elementor-widget elementor-widget-image-box\" data-id=\"badb26b\" data-element_type=\"widget\" data-settings=\"{&quot;_transform_scale_effect_hover&quot;:{&quot;unit&quot;:&quot;px&quot;,&quot;size&quot;:1.1,&quot;sizes&quot;:[]},&quot;_transform_scale_effect_hover_tablet&quot;:{&quot;unit&quot;:&quot;px&quot;,&quot;size&quot;:&quot;&quot;,&quot;sizes&quot;:[]},&quot;_transform_scale_effect_hover_mobile&quot;:{&quot;unit&quot;:&quot;px&quot;,&quot;size&quot;:&quot;&quot;,&quot;sizes&quot;:[]}}\" data-widget_type=\"image-box.default\">\n\t\t\t\t<div class=\"elementor-widget-container\">\n\t\t\t\t\t<div class=\"elementor-image-box-wrapper\"><figure class=\"elementor-image-box-img\"><a href=\"https:\/\/finanedi.es\/blog\/factoring-solucion-financiera-para-pymes\/\" tabindex=\"-1\"><img loading=\"lazy\" decoding=\"async\" width=\"2000\" height=\"1133\" src=\"https:\/\/finanedi.es\/blog\/contenido\/uploads\/2024\/11\/Factoring-para-pymes.jpg\" class=\"attachment-full size-full wp-image-7139\" alt=\"Factoring para pymes\" srcset=\"https:\/\/finanedi.es\/blog\/contenido\/uploads\/2024\/11\/Factoring-para-pymes.jpg 2000w, https:\/\/finanedi.es\/blog\/contenido\/uploads\/2024\/11\/Factoring-para-pymes-300x170.jpg 300w, https:\/\/finanedi.es\/blog\/contenido\/uploads\/2024\/11\/Factoring-para-pymes-1024x580.jpg 1024w, https:\/\/finanedi.es\/blog\/contenido\/uploads\/2024\/11\/Factoring-para-pymes-768x435.jpg 768w, https:\/\/finanedi.es\/blog\/contenido\/uploads\/2024\/11\/Factoring-para-pymes-1536x870.jpg 1536w\" sizes=\"(max-width: 2000px) 100vw, 2000px\" \/><\/a><\/figure><div class=\"elementor-image-box-content\"><h3 class=\"elementor-image-box-title\"><a href=\"https:\/\/finanedi.es\/blog\/factoring-solucion-financiera-para-pymes\/\">Factoring<\/a><\/h3><p class=\"elementor-image-box-description\">El factoring es un servicio financiero que permite a las empresas obtener liquidez inmediata mediante la venta de sus cuentas por cobrar.<\/p><\/div><\/div>\t\t\t\t<\/div>\n\t\t\t\t<\/div>\n\t\t\t\t<\/div>\n\t\t<div class=\"elementor-element elementor-element-7ff6d86 e-con-full e-flex e-con e-child\" data-id=\"7ff6d86\" data-element_type=\"container\">\n\t\t\t\t<div class=\"elementor-element elementor-element-65f1374 e-transform elementor-position-top elementor-widget elementor-widget-image-box\" data-id=\"65f1374\" data-element_type=\"widget\" data-settings=\"{&quot;_transform_scale_effect_hover&quot;:{&quot;unit&quot;:&quot;px&quot;,&quot;size&quot;:1.1,&quot;sizes&quot;:[]},&quot;_transform_scale_effect_hover_tablet&quot;:{&quot;unit&quot;:&quot;px&quot;,&quot;size&quot;:&quot;&quot;,&quot;sizes&quot;:[]},&quot;_transform_scale_effect_hover_mobile&quot;:{&quot;unit&quot;:&quot;px&quot;,&quot;size&quot;:&quot;&quot;,&quot;sizes&quot;:[]}}\" data-widget_type=\"image-box.default\">\n\t\t\t\t<div class=\"elementor-widget-container\">\n\t\t\t\t\t<div class=\"elementor-image-box-wrapper\"><figure class=\"elementor-image-box-img\"><a href=\"https:\/\/finanedi.es\/blog\/descuento-de-pagares-herramienta-clave-para-la-liquidez-empresarial\/\" tabindex=\"-1\"><img loading=\"lazy\" decoding=\"async\" width=\"2000\" height=\"1185\" src=\"https:\/\/finanedi.es\/blog\/contenido\/uploads\/2024\/10\/pexels-sora-shimazaki-5673488.jpg\" class=\"attachment-full size-full wp-image-6304\" alt=\"Descuento de pagar\u00e9s: Una herramienta clave para la liquidez empresarial\" srcset=\"https:\/\/finanedi.es\/blog\/contenido\/uploads\/2024\/10\/pexels-sora-shimazaki-5673488.jpg 2000w, https:\/\/finanedi.es\/blog\/contenido\/uploads\/2024\/10\/pexels-sora-shimazaki-5673488-300x178.jpg 300w, https:\/\/finanedi.es\/blog\/contenido\/uploads\/2024\/10\/pexels-sora-shimazaki-5673488-1024x607.jpg 1024w, https:\/\/finanedi.es\/blog\/contenido\/uploads\/2024\/10\/pexels-sora-shimazaki-5673488-768x455.jpg 768w, https:\/\/finanedi.es\/blog\/contenido\/uploads\/2024\/10\/pexels-sora-shimazaki-5673488-1536x910.jpg 1536w\" sizes=\"(max-width: 2000px) 100vw, 2000px\" \/><\/a><\/figure><div class=\"elementor-image-box-content\"><h3 class=\"elementor-image-box-title\"><a href=\"https:\/\/finanedi.es\/blog\/descuento-de-pagares-herramienta-clave-para-la-liquidez-empresarial\/\">Descuento de pagar\u00e9s<\/a><\/h3><p class=\"elementor-image-box-description\">El descuento de pagar\u00e9s consiste en anticipar el cobro de pagar\u00e9s a cambio de un descuento, proporcionando financiaci\u00f3n r\u00e1pida a las empresas<\/p><\/div><\/div>\t\t\t\t<\/div>\n\t\t\t\t<\/div>\n\t\t\t\t<\/div>\n\t\t<div class=\"elementor-element elementor-element-f1e92dd e-con-full e-flex e-con e-child\" data-id=\"f1e92dd\" data-element_type=\"container\">\n\t\t\t\t<div class=\"elementor-element elementor-element-a780786 e-transform elementor-position-top elementor-widget elementor-widget-image-box\" data-id=\"a780786\" data-element_type=\"widget\" data-settings=\"{&quot;_transform_scale_effect_hover&quot;:{&quot;unit&quot;:&quot;px&quot;,&quot;size&quot;:1.1,&quot;sizes&quot;:[]},&quot;_transform_scale_effect_hover_tablet&quot;:{&quot;unit&quot;:&quot;px&quot;,&quot;size&quot;:&quot;&quot;,&quot;sizes&quot;:[]},&quot;_transform_scale_effect_hover_mobile&quot;:{&quot;unit&quot;:&quot;px&quot;,&quot;size&quot;:&quot;&quot;,&quot;sizes&quot;:[]}}\" data-widget_type=\"image-box.default\">\n\t\t\t\t<div class=\"elementor-widget-container\">\n\t\t\t\t\t<div class=\"elementor-image-box-wrapper\"><figure class=\"elementor-image-box-img\"><a href=\"https:\/\/finanedi.es\/blog\/descuento-de-efectos\/\" tabindex=\"-1\"><img loading=\"lazy\" decoding=\"async\" width=\"2000\" height=\"1187\" src=\"https:\/\/finanedi.es\/blog\/contenido\/uploads\/2024\/11\/Descuento-de-efectos.jpg\" class=\"attachment-full size-full wp-image-7258\" alt=\"\u00bfQu\u00e9 es el descuento de efectos?\" srcset=\"https:\/\/finanedi.es\/blog\/contenido\/uploads\/2024\/11\/Descuento-de-efectos.jpg 2000w, https:\/\/finanedi.es\/blog\/contenido\/uploads\/2024\/11\/Descuento-de-efectos-300x178.jpg 300w, https:\/\/finanedi.es\/blog\/contenido\/uploads\/2024\/11\/Descuento-de-efectos-1024x608.jpg 1024w, https:\/\/finanedi.es\/blog\/contenido\/uploads\/2024\/11\/Descuento-de-efectos-768x456.jpg 768w, https:\/\/finanedi.es\/blog\/contenido\/uploads\/2024\/11\/Descuento-de-efectos-1536x912.jpg 1536w\" sizes=\"(max-width: 2000px) 100vw, 2000px\" \/><\/a><\/figure><div class=\"elementor-image-box-content\"><h3 class=\"elementor-image-box-title\"><a href=\"https:\/\/finanedi.es\/blog\/descuento-de-efectos\/\">Descuento de efectos<\/a><\/h3><p class=\"elementor-image-box-description\">El descuento de efectos es un proceso mediante el cual las empresas venden sus efectos comerciales a entidades financieras.<\/p><\/div><\/div>\t\t\t\t<\/div>\n\t\t\t\t<\/div>\n\t\t\t\t<\/div>\n\t\t\t\t<\/div>\n\t\t\t\t<div class=\"elementor-element elementor-element-a58b7de elementor-widget elementor-widget-spacer\" data-id=\"a58b7de\" data-element_type=\"widget\" data-widget_type=\"spacer.default\">\n\t\t\t\t<div class=\"elementor-widget-container\">\n\t\t\t\t\t\t\t<div class=\"elementor-spacer\">\n\t\t\t<div class=\"elementor-spacer-inner\"><\/div>\n\t\t<\/div>\n\t\t\t\t\t\t<\/div>\n\t\t\t\t<\/div>\n\t\t\t\t<\/div>\n\t\t\t\t\t<\/div>\n\t\t\t\t<\/div>\n\t\t<div class=\"elementor-element elementor-element-3f68798 e-flex e-con-boxed e-con e-parent\" data-id=\"3f68798\" data-element_type=\"container\">\n\t\t\t\t\t<div class=\"e-con-inner\">\n\t\t\t\t<div class=\"elementor-element elementor-element-6c4f7a1 elementor-widget elementor-widget-spacer\" data-id=\"6c4f7a1\" data-element_type=\"widget\" data-widget_type=\"spacer.default\">\n\t\t\t\t<div class=\"elementor-widget-container\">\n\t\t\t\t\t\t\t<div class=\"elementor-spacer\">\n\t\t\t<div class=\"elementor-spacer-inner\"><\/div>\n\t\t<\/div>\n\t\t\t\t\t\t<\/div>\n\t\t\t\t<\/div>\n\t\t\t\t\t<\/div>\n\t\t\t\t<\/div>\n\t\t<div class=\"elementor-element elementor-element-20b085f e-flex e-con-boxed e-con e-parent\" data-id=\"20b085f\" data-element_type=\"container\">\n\t\t\t\t\t<div class=\"e-con-inner\">\n\t\t\t\t<div class=\"elementor-element elementor-element-46701bd elementor-widget elementor-widget-katen-section-header\" data-id=\"46701bd\" data-element_type=\"widget\" data-widget_type=\"katen-section-header.default\">\n\t\t\t\t<div class=\"elementor-widget-container\">\n\t\t\t\t\t\n\t\t\t<div class=\"section-header\">\n\t\t\t\t<h3 class=\"section-title\">Sistema EDI<\/h3>\n\t\t\t\t\t\t\t\t\t<svg width=\"33\" height=\"6\" xmlns=\"http:\/\/www.w3.org\/2000\/svg\">\n\t\t\t\t\t\t<defs>\n\t\t\t\t\t\t\t<linearGradient id=\"gradient\" x1=\"0%\" y1=\"0%\" x2=\"100%\" y2=\"0%\">\n\t\t\t\t\t\t\t\t<stop offset=\"0%\" stop-color=\"#1e78ff\"><\/stop>\n\t\t\t\t\t\t\t\t<stop offset=\"100%\" stop-color=\"#1757b8\"><\/stop>\n\t\t\t\t\t\t\t<\/linearGradient>\n\t\t\t\t\t\t\t<\/defs>\n\t\t\t\t\t\t<path d=\"M33 1c-3.3 0-3.3 4-6.598 4C23.1 5 23.1 1 19.8 1c-3.3 0-3.3 4-6.599 4-3.3 0-3.3-4-6.6-4S3.303 5 0 5\" stroke=\"url(#gradient)\" stroke-width=\"2\" fill=\"none\"><\/path>\n\t\t\t\t\t<\/svg>\n\t\t\t\t\t\t\t\t\t\t\t<\/div>\n\n        \t\t\t\t<\/div>\n\t\t\t\t<\/div>\n\t\t\t\t\t<\/div>\n\t\t\t\t<\/div>\n\t\t<div class=\"elementor-element elementor-element-7617b7b e-flex e-con-boxed e-con e-parent\" data-id=\"7617b7b\" data-element_type=\"container\">\n\t\t\t\t\t<div class=\"e-con-inner\">\n\t\t\t\t<div class=\"elementor-element elementor-element-d3eaa29 elementor-widget elementor-widget-katen-post-twelve\" data-id=\"d3eaa29\" data-element_type=\"widget\" data-widget_type=\"katen-post-twelve.default\">\n\t\t\t\t<div class=\"elementor-widget-container\">\n\t\t\t\t\t\t\t<div class=\"row gy-4 infinite-wrapper\">\r\n\r\n\t\t\t\r\n\t\t\t\t<div class=\"col-md-6 col-lg-4 post-item\">\r\n\t\t\t\t\t<div id=\"post-9386\" class=\"post post-grid rounded bordered post-9386 type-post status-publish format-standard has-post-thumbnail hentry category-tecnologia tag-edi\">\r\n\t\t\t\t\t\t\t\t\t\t\t\t\t<div class=\"thumb top-rounded\">\r\n\t\t\t\t\t\t\t\t<a href=\"https:\/\/finanedi.es\/blog\/category\/tecnologia\/\" class=\"category-badge position-absolute\">Tecnolog\u00eda<\/a>\t\t\t\t\t\t\t\t<div class=\"inner\">\r\n\t\t\t\t\t\t\t\t\t<a href=\"https:\/\/finanedi.es\/blog\/como-un-sistema-edi-puede-proteger-tu-negocio-del-phishing\/\"><img loading=\"lazy\" decoding=\"async\" width=\"550\" height=\"367\" src=\"https:\/\/finanedi.es\/blog\/contenido\/uploads\/2025\/02\/Como-un-sistema-EDI-puede-proteger-tu-negocio-del-phishing-550x367.jpg\" class=\"attachment-katen-thumb-grid size-katen-thumb-grid wp-post-image\" alt=\"C\u00f3mo un sistema EDI puede proteger tu negocio del phishing\" \/><\/a>\t\t\t\t\t\t\t\t<\/div>\r\n\t\t\t\t\t\t\t<\/div>\r\n\t\t\t\t\t\t\t\t\t\t\t\t<div class=\"details\">\r\n\r\n\t\t\t\t\t\t\t<ul class=\"meta list-inline mb-0\">\r\n\t\t\t\t\t\t\t\t\t\t\t\t\t\t\t<\/ul>\r\n\r\n\t\t\t\t\t\t\t<h5 class=\"post-title mb-3 mt-3\"><a href=\"https:\/\/finanedi.es\/blog\/como-un-sistema-edi-puede-proteger-tu-negocio-del-phishing\/\">C\u00f3mo un sistema EDI puede proteger tu negocio del phishing<\/a><\/h5>\r\n\t\t\t\t\t\t\t<p class=\"excerpt mb-0\">\r\n\t\t\t\t\t\t\t\tEl phishing es una de las amenazas m\u00e1s comunes y peligrosas para los negocios de&hellip;\t\t\t\t\t\t\t<\/p>\r\n\t\t\t\t\t\t<\/div>\r\n\t\t\t\t\t\t<div class=\"post-bottom clearfix d-flex align-items-center\">\r\n\t\t\t\t\t\t\t\n    <div class=\"social-share me-auto\">\n        <button class=\"toggle-button icon-share\"><\/button>\n        <ul class=\"icons list-unstyled list-inline mb-0\">\n            <li class=\"list-inline-item\"><a href=\"https:\/\/www.facebook.com\/sharer\/sharer.php?u=https:\/\/finanedi.es\/blog\/como-un-sistema-edi-puede-proteger-tu-negocio-del-phishing\/\" target=\"_blank\"><i class=\"fab fa-facebook-f\"><\/i><\/a><\/li>\n            <li class=\"list-inline-item\"><a href=\"https:\/\/twitter.com\/intent\/tweet?url=https:\/\/finanedi.es\/blog\/como-un-sistema-edi-puede-proteger-tu-negocio-del-phishing\/&text=C\u00f3mo un sistema EDI puede proteger tu negocio del phishing\" target=\"_blank\"><i class=\"fab fa-twitter\"><\/i><\/a><\/li>\n            <li class=\"list-inline-item\"><a href=\"https:\/\/www.linkedin.com\/shareArticle?mini=true&url=https:\/\/finanedi.es\/blog\/como-un-sistema-edi-puede-proteger-tu-negocio-del-phishing\/&title=C\u00f3mo un sistema EDI puede proteger tu negocio del phishing\" target=\"_blank\"><i class=\"fab fa-linkedin-in\"><\/i><\/a><\/li>\n            <li class=\"list-inline-item\"><a href=\"https:\/\/pinterest.com\/pin\/create\/button\/?url=https:\/\/finanedi.es\/blog\/como-un-sistema-edi-puede-proteger-tu-negocio-del-phishing\/&media=&description=C\u00f3mo un sistema EDI puede proteger tu negocio del phishing\" target=\"_blank\"><i class=\"fab fa-pinterest\"><\/i><\/a><\/li>\n            <li class=\"list-inline-item\"><a href=\"https:\/\/t.me\/share\/url?url=https:\/\/finanedi.es\/blog\/como-un-sistema-edi-puede-proteger-tu-negocio-del-phishing\/&text=C\u00f3mo un sistema EDI puede proteger tu negocio del phishing\" target=\"_blank\"><i class=\"fab fa-telegram-plane\"><\/i><\/a><\/li>\n            <li class=\"list-inline-item\"><a href=\"mailto:info@example.com?&subject=&cc=&bcc=&body=https:\/\/finanedi.es\/blog\/como-un-sistema-edi-puede-proteger-tu-negocio-del-phishing\/\"><i class=\"far fa-envelope\"><\/i><\/a><\/li>\n        <\/ul>\n    <\/div>\n\n\t\t\t\t\t\t\t\t\t\t\t\t\t<\/div>\r\n\t\t\t\t\t<\/div>\r\n\t\t\t\t<\/div>\r\n\r\n\t\t\t\r\n\t\t\t\t<div class=\"col-md-6 col-lg-4 post-item\">\r\n\t\t\t\t\t<div id=\"post-2929\" class=\"post post-grid rounded bordered post-2929 type-post status-publish format-standard has-post-thumbnail hentry category-tecnologia tag-edi\">\r\n\t\t\t\t\t\t\t\t\t\t\t\t\t<div class=\"thumb top-rounded\">\r\n\t\t\t\t\t\t\t\t<a href=\"https:\/\/finanedi.es\/blog\/category\/tecnologia\/\" class=\"category-badge position-absolute\">Tecnolog\u00eda<\/a>\t\t\t\t\t\t\t\t<div class=\"inner\">\r\n\t\t\t\t\t\t\t\t\t<a href=\"https:\/\/finanedi.es\/blog\/que-es-edi-intercambio-electronico-de-datos\/\"><img loading=\"lazy\" decoding=\"async\" width=\"550\" height=\"367\" src=\"https:\/\/finanedi.es\/blog\/contenido\/uploads\/2024\/07\/sistema-EDI-550x367.jpg\" class=\"attachment-katen-thumb-grid size-katen-thumb-grid wp-post-image\" alt=\"sistema EDI\" \/><\/a>\t\t\t\t\t\t\t\t<\/div>\r\n\t\t\t\t\t\t\t<\/div>\r\n\t\t\t\t\t\t\t\t\t\t\t\t<div class=\"details\">\r\n\r\n\t\t\t\t\t\t\t<ul class=\"meta list-inline mb-0\">\r\n\t\t\t\t\t\t\t\t\t\t\t\t\t\t\t<\/ul>\r\n\r\n\t\t\t\t\t\t\t<h5 class=\"post-title mb-3 mt-3\"><a href=\"https:\/\/finanedi.es\/blog\/que-es-edi-intercambio-electronico-de-datos\/\">\u00bfQu\u00e9 es EDI? Intercambio electr\u00f3nico de datos<\/a><\/h5>\r\n\t\t\t\t\t\t\t<p class=\"excerpt mb-0\">\r\n\t\t\t\t\t\t\t\t\u00bfQu\u00e9 es el EDI? El Intercambio Electr\u00f3nico de Datos (EDI) es un sistema que permite&hellip;\t\t\t\t\t\t\t<\/p>\r\n\t\t\t\t\t\t<\/div>\r\n\t\t\t\t\t\t<div class=\"post-bottom clearfix d-flex align-items-center\">\r\n\t\t\t\t\t\t\t\n    <div class=\"social-share me-auto\">\n        <button class=\"toggle-button icon-share\"><\/button>\n        <ul class=\"icons list-unstyled list-inline mb-0\">\n            <li class=\"list-inline-item\"><a href=\"https:\/\/www.facebook.com\/sharer\/sharer.php?u=https:\/\/finanedi.es\/blog\/que-es-edi-intercambio-electronico-de-datos\/\" target=\"_blank\"><i class=\"fab fa-facebook-f\"><\/i><\/a><\/li>\n            <li class=\"list-inline-item\"><a href=\"https:\/\/twitter.com\/intent\/tweet?url=https:\/\/finanedi.es\/blog\/que-es-edi-intercambio-electronico-de-datos\/&text=\u00bfQu\u00e9 es EDI? Intercambio electr\u00f3nico de datos\" target=\"_blank\"><i class=\"fab fa-twitter\"><\/i><\/a><\/li>\n            <li class=\"list-inline-item\"><a href=\"https:\/\/www.linkedin.com\/shareArticle?mini=true&url=https:\/\/finanedi.es\/blog\/que-es-edi-intercambio-electronico-de-datos\/&title=\u00bfQu\u00e9 es EDI? Intercambio electr\u00f3nico de datos\" target=\"_blank\"><i class=\"fab fa-linkedin-in\"><\/i><\/a><\/li>\n            <li class=\"list-inline-item\"><a href=\"https:\/\/pinterest.com\/pin\/create\/button\/?url=https:\/\/finanedi.es\/blog\/que-es-edi-intercambio-electronico-de-datos\/&media=&description=\u00bfQu\u00e9 es EDI? Intercambio electr\u00f3nico de datos\" target=\"_blank\"><i class=\"fab fa-pinterest\"><\/i><\/a><\/li>\n            <li class=\"list-inline-item\"><a href=\"https:\/\/t.me\/share\/url?url=https:\/\/finanedi.es\/blog\/que-es-edi-intercambio-electronico-de-datos\/&text=\u00bfQu\u00e9 es EDI? Intercambio electr\u00f3nico de datos\" target=\"_blank\"><i class=\"fab fa-telegram-plane\"><\/i><\/a><\/li>\n            <li class=\"list-inline-item\"><a href=\"mailto:info@example.com?&subject=&cc=&bcc=&body=https:\/\/finanedi.es\/blog\/que-es-edi-intercambio-electronico-de-datos\/\"><i class=\"far fa-envelope\"><\/i><\/a><\/li>\n        <\/ul>\n    <\/div>\n\n\t\t\t\t\t\t\t\t\t\t\t\t\t<\/div>\r\n\t\t\t\t\t<\/div>\r\n\t\t\t\t<\/div>\r\n\r\n\t\t\t\r\n\t\t\t\t<div class=\"col-md-6 col-lg-4 post-item\">\r\n\t\t\t\t\t<div id=\"post-2815\" class=\"post post-grid rounded bordered post-2815 type-post status-publish format-standard has-post-thumbnail hentry category-paso-a-paso tag-edi\">\r\n\t\t\t\t\t\t\t\t\t\t\t\t\t<div class=\"thumb top-rounded\">\r\n\t\t\t\t\t\t\t\t<a href=\"https:\/\/finanedi.es\/blog\/category\/paso-a-paso\/\" class=\"category-badge position-absolute\">Descubre FinanEDI<\/a>\t\t\t\t\t\t\t\t<div class=\"inner\">\r\n\t\t\t\t\t\t\t\t\t<a href=\"https:\/\/finanedi.es\/blog\/como-funciona-el-sistema-edi-de-finanedi\/\"><img loading=\"lazy\" decoding=\"async\" width=\"550\" height=\"367\" src=\"https:\/\/finanedi.es\/blog\/contenido\/uploads\/2024\/07\/Como-funciona-el-sistema-EDI-de-FinanEDI_-550x367.jpg\" class=\"attachment-katen-thumb-grid size-katen-thumb-grid wp-post-image\" alt=\"C\u00f3mo funciona el sistema EDI de FinanEDI\" \/><\/a>\t\t\t\t\t\t\t\t<\/div>\r\n\t\t\t\t\t\t\t<\/div>\r\n\t\t\t\t\t\t\t\t\t\t\t\t<div class=\"details\">\r\n\r\n\t\t\t\t\t\t\t<ul class=\"meta list-inline mb-0\">\r\n\t\t\t\t\t\t\t\t\t\t\t\t\t\t\t<\/ul>\r\n\r\n\t\t\t\t\t\t\t<h5 class=\"post-title mb-3 mt-3\"><a href=\"https:\/\/finanedi.es\/blog\/como-funciona-el-sistema-edi-de-finanedi\/\">\u00bfC\u00f3mo funciona el sistema EDI de FinanEDI?\u200b<\/a><\/h5>\r\n\t\t\t\t\t\t\t<p class=\"excerpt mb-0\">\r\n\t\t\t\t\t\t\t\tEn este art\u00edculo, exploraremos c\u00f3mo funciona nuestra sistema EDI y c\u00f3mo puede transformar la manera&hellip;\t\t\t\t\t\t\t<\/p>\r\n\t\t\t\t\t\t<\/div>\r\n\t\t\t\t\t\t<div class=\"post-bottom clearfix d-flex align-items-center\">\r\n\t\t\t\t\t\t\t\n    <div class=\"social-share me-auto\">\n        <button class=\"toggle-button icon-share\"><\/button>\n        <ul class=\"icons list-unstyled list-inline mb-0\">\n            <li class=\"list-inline-item\"><a href=\"https:\/\/www.facebook.com\/sharer\/sharer.php?u=https:\/\/finanedi.es\/blog\/como-funciona-el-sistema-edi-de-finanedi\/\" target=\"_blank\"><i class=\"fab fa-facebook-f\"><\/i><\/a><\/li>\n            <li class=\"list-inline-item\"><a href=\"https:\/\/twitter.com\/intent\/tweet?url=https:\/\/finanedi.es\/blog\/como-funciona-el-sistema-edi-de-finanedi\/&text=\u00bfC\u00f3mo funciona el sistema EDI de FinanEDI?\u200b\" target=\"_blank\"><i class=\"fab fa-twitter\"><\/i><\/a><\/li>\n            <li class=\"list-inline-item\"><a href=\"https:\/\/www.linkedin.com\/shareArticle?mini=true&url=https:\/\/finanedi.es\/blog\/como-funciona-el-sistema-edi-de-finanedi\/&title=\u00bfC\u00f3mo funciona el sistema EDI de FinanEDI?\u200b\" target=\"_blank\"><i class=\"fab fa-linkedin-in\"><\/i><\/a><\/li>\n            <li class=\"list-inline-item\"><a href=\"https:\/\/pinterest.com\/pin\/create\/button\/?url=https:\/\/finanedi.es\/blog\/como-funciona-el-sistema-edi-de-finanedi\/&media=&description=\u00bfC\u00f3mo funciona el sistema EDI de FinanEDI?\u200b\" target=\"_blank\"><i class=\"fab fa-pinterest\"><\/i><\/a><\/li>\n            <li class=\"list-inline-item\"><a href=\"https:\/\/t.me\/share\/url?url=https:\/\/finanedi.es\/blog\/como-funciona-el-sistema-edi-de-finanedi\/&text=\u00bfC\u00f3mo funciona el sistema EDI de FinanEDI?\u200b\" target=\"_blank\"><i class=\"fab fa-telegram-plane\"><\/i><\/a><\/li>\n            <li class=\"list-inline-item\"><a href=\"mailto:info@example.com?&subject=&cc=&bcc=&body=https:\/\/finanedi.es\/blog\/como-funciona-el-sistema-edi-de-finanedi\/\"><i class=\"far fa-envelope\"><\/i><\/a><\/li>\n        <\/ul>\n    <\/div>\n\n\t\t\t\t\t\t\t\t\t\t\t\t\t<\/div>\r\n\t\t\t\t\t<\/div>\r\n\t\t\t\t<\/div>\r\n\r\n\t\t\t\r\n\t\t<\/div>\r\n\r\n\t\t\r\n\t\t\r\n        \t\t\t\t<\/div>\n\t\t\t\t<\/div>\n\t\t\t\t\t<\/div>\n\t\t\t\t<\/div>\n\t\t<div class=\"elementor-element elementor-element-462150c e-flex e-con-boxed e-con e-parent\" data-id=\"462150c\" data-element_type=\"container\">\n\t\t\t\t\t<div class=\"e-con-inner\">\n\t\t\t\t<div class=\"elementor-element elementor-element-f8cfd0c elementor-widget elementor-widget-spacer\" data-id=\"f8cfd0c\" data-element_type=\"widget\" data-widget_type=\"spacer.default\">\n\t\t\t\t<div class=\"elementor-widget-container\">\n\t\t\t\t\t\t\t<div class=\"elementor-spacer\">\n\t\t\t<div class=\"elementor-spacer-inner\"><\/div>\n\t\t<\/div>\n\t\t\t\t\t\t<\/div>\n\t\t\t\t<\/div>\n\t\t\t\t\t<\/div>\n\t\t\t\t<\/div>\n\t\t<div class=\"elementor-element elementor-element-500ae35 e-flex e-con-boxed e-con e-parent\" data-id=\"500ae35\" data-element_type=\"container\">\n\t\t\t\t\t<div class=\"e-con-inner\">\n\t\t<div class=\"elementor-element elementor-element-51c359b e-con-full e-flex e-con e-child\" data-id=\"51c359b\" data-element_type=\"container\">\n\t\t\t\t<div class=\"elementor-element elementor-element-14b8b36 elementor-widget elementor-widget-image\" data-id=\"14b8b36\" data-element_type=\"widget\" data-widget_type=\"image.default\">\n\t\t\t\t<div class=\"elementor-widget-container\">\n\t\t\t\t\t\t\t\t\t\t\t\t\t\t\t<img loading=\"lazy\" decoding=\"async\" width=\"191\" height=\"40\" src=\"https:\/\/finanedi.es\/blog\/contenido\/uploads\/2024\/02\/LogoLight.png\" class=\"attachment-large size-large wp-image-345\" alt=\"Logo FinanEDI\" \/>\t\t\t\t\t\t\t\t\t\t\t\t\t\t\t<\/div>\n\t\t\t\t<\/div>\n\t\t\t\t<\/div>\n\t\t<div class=\"elementor-element elementor-element-d85de85 e-con-full e-flex e-con e-child\" data-id=\"d85de85\" data-element_type=\"container\">\n\t\t\t\t<div class=\"elementor-element elementor-element-08a485b elementor-align-right elementor-widget elementor-widget-button\" data-id=\"08a485b\" data-element_type=\"widget\" data-widget_type=\"button.default\">\n\t\t\t\t<div class=\"elementor-widget-container\">\n\t\t\t\t\t\t\t\t\t<div class=\"elementor-button-wrapper\">\n\t\t\t\t\t<a class=\"elementor-button elementor-button-link elementor-size-sm\" href=\"https:\/\/myaccount.finanedi.es\/signup\">\n\t\t\t\t\t\t<span class=\"elementor-button-content-wrapper\">\n\t\t\t\t\t\t\t\t\t<span class=\"elementor-button-text\">Reg\u00edstrate GRATIS<\/span>\n\t\t\t\t\t<\/span>\n\t\t\t\t\t<\/a>\n\t\t\t\t<\/div>\n\t\t\t\t\t\t\t\t<\/div>\n\t\t\t\t<\/div>\n\t\t\t\t<\/div>\n\t\t\t\t\t<\/div>\n\t\t\t\t<\/div>\n\t\t<div class=\"elementor-element elementor-element-a0c0ebc e-flex e-con-boxed e-con e-parent\" data-id=\"a0c0ebc\" data-element_type=\"container\">\n\t\t\t\t\t<div class=\"e-con-inner\">\n\t\t<div class=\"elementor-element elementor-element-97d411c e-con-full e-flex e-con e-child\" data-id=\"97d411c\" data-element_type=\"container\">\n\t\t<div class=\"elementor-element elementor-element-f4b062b e-con-full e-flex e-con e-child\" data-id=\"f4b062b\" data-element_type=\"container\">\n\t\t\t\t<div class=\"elementor-element elementor-element-f673784 elementor-widget elementor-widget-text-editor\" data-id=\"f673784\" data-element_type=\"widget\" data-widget_type=\"text-editor.default\">\n\t\t\t\t<div class=\"elementor-widget-container\">\n\t\t\t\t\t\t\t\t\t<p>FinanEDI es la soluci\u00f3n en la nube gratuita que permite a los aut\u00f3nomos y PYMES automatizar y optimizar los procesos financieros, contables y administrativos de su negocio.<\/p>\t\t\t\t\t\t\t\t<\/div>\n\t\t\t\t<\/div>\n\t\t\t\t<\/div>\n\t\t\t\t<div class=\"elementor-element elementor-element-15884d9 elementor-widget-divider--view-line elementor-widget elementor-widget-divider\" data-id=\"15884d9\" data-element_type=\"widget\" data-widget_type=\"divider.default\">\n\t\t\t\t<div class=\"elementor-widget-container\">\n\t\t\t\t\t\t\t<div class=\"elementor-divider\">\n\t\t\t<span class=\"elementor-divider-separator\">\n\t\t\t\t\t\t<\/span>\n\t\t<\/div>\n\t\t\t\t\t\t<\/div>\n\t\t\t\t<\/div>\n\t\t<div class=\"elementor-element elementor-element-3a47dca e-con-full e-flex e-con e-child\" data-id=\"3a47dca\" data-element_type=\"container\">\n\t\t\t\t<div class=\"elementor-element elementor-element-5945c0e elementor-widget elementor-widget-text-editor\" data-id=\"5945c0e\" data-element_type=\"widget\" data-widget_type=\"text-editor.default\">\n\t\t\t\t<div class=\"elementor-widget-container\">\n\t\t\t\t\t\t\t\t\t<p><a href=\"https:\/\/finanedi.es\/programa-facturacion\">FACTURACI\u00d3N<\/a><\/p><p><a href=\"https:\/\/finanedi.es\/programa-contabilidad\">CONTABILIDAD<\/a><\/p><p><a href=\"https:\/\/finanedi.es\/asesorias\">ASESOR\u00cdAS<\/a><\/p>\t\t\t\t\t\t\t\t<\/div>\n\t\t\t\t<\/div>\n\t\t\t\t<\/div>\n\t\t\t\t<\/div>\n\t\t<div class=\"elementor-element elementor-element-89e3a90 e-con-full e-flex e-con e-child\" data-id=\"89e3a90\" data-element_type=\"container\">\n\t\t\t\t<div class=\"elementor-element elementor-element-2e9050c elementor-position-top elementor-widget elementor-widget-image-box\" data-id=\"2e9050c\" data-element_type=\"widget\" data-widget_type=\"image-box.default\">\n\t\t\t\t<div class=\"elementor-widget-container\">\n\t\t\t\t\t<div class=\"elementor-image-box-wrapper\"><figure class=\"elementor-image-box-img\"><a href=\"https:\/\/finanedi.es\/blog\/como-crear-una-factura-online-con-finanedi\/\" tabindex=\"-1\"><img loading=\"lazy\" decoding=\"async\" width=\"1580\" height=\"960\" src=\"https:\/\/finanedi.es\/blog\/contenido\/uploads\/2024\/10\/Como-hacer-factura-con-finanEDI.jpg\" class=\"attachment-full size-full wp-image-5680\" alt=\"Como hacer factura online con FinanEDI\" srcset=\"https:\/\/finanedi.es\/blog\/contenido\/uploads\/2024\/10\/Como-hacer-factura-con-finanEDI.jpg 1580w, https:\/\/finanedi.es\/blog\/contenido\/uploads\/2024\/10\/Como-hacer-factura-con-finanEDI-300x182.jpg 300w, https:\/\/finanedi.es\/blog\/contenido\/uploads\/2024\/10\/Como-hacer-factura-con-finanEDI-1024x622.jpg 1024w, https:\/\/finanedi.es\/blog\/contenido\/uploads\/2024\/10\/Como-hacer-factura-con-finanEDI-768x467.jpg 768w, https:\/\/finanedi.es\/blog\/contenido\/uploads\/2024\/10\/Como-hacer-factura-con-finanEDI-1536x933.jpg 1536w\" sizes=\"(max-width: 1580px) 100vw, 1580px\" \/><\/a><\/figure><div class=\"elementor-image-box-content\"><h3 class=\"elementor-image-box-title\"><a href=\"https:\/\/finanedi.es\/blog\/como-crear-una-factura-online-con-finanedi\/\">Hacer factura online con FinanEDI<\/a><\/h3><p class=\"elementor-image-box-description\">\u00bfTe preguntas c\u00f3mo hacer una factura online de manera r\u00e1pida y sencilla? Con FinanEDI es posible.<\/p><\/div><\/div>\t\t\t\t<\/div>\n\t\t\t\t<\/div>\n\t\t\t\t<\/div>\n\t\t<div class=\"elementor-element elementor-element-0a87ba3 e-con-full e-flex e-con e-child\" data-id=\"0a87ba3\" data-element_type=\"container\">\n\t\t\t\t<div class=\"elementor-element elementor-element-2c9c5c6 elementor-position-top elementor-widget elementor-widget-image-box\" data-id=\"2c9c5c6\" data-element_type=\"widget\" data-widget_type=\"image-box.default\">\n\t\t\t\t<div class=\"elementor-widget-container\">\n\t\t\t\t\t<div class=\"elementor-image-box-wrapper\"><figure class=\"elementor-image-box-img\"><a href=\"https:\/\/finanedi.es\/blog\/anadir-una-cuenta-bancaria-en-finanedi\/\" tabindex=\"-1\"><img loading=\"lazy\" decoding=\"async\" width=\"1580\" height=\"960\" src=\"https:\/\/finanedi.es\/blog\/contenido\/uploads\/2024\/10\/Financiar-facturas-con-FinanEDI.jpg\" class=\"attachment-full size-full wp-image-6406\" alt=\"Financiar facturas con FinanEDI\" srcset=\"https:\/\/finanedi.es\/blog\/contenido\/uploads\/2024\/10\/Financiar-facturas-con-FinanEDI.jpg 1580w, https:\/\/finanedi.es\/blog\/contenido\/uploads\/2024\/10\/Financiar-facturas-con-FinanEDI-300x182.jpg 300w, https:\/\/finanedi.es\/blog\/contenido\/uploads\/2024\/10\/Financiar-facturas-con-FinanEDI-1024x622.jpg 1024w, https:\/\/finanedi.es\/blog\/contenido\/uploads\/2024\/10\/Financiar-facturas-con-FinanEDI-768x467.jpg 768w, https:\/\/finanedi.es\/blog\/contenido\/uploads\/2024\/10\/Financiar-facturas-con-FinanEDI-1536x933.jpg 1536w\" sizes=\"(max-width: 1580px) 100vw, 1580px\" \/><\/a><\/figure><div class=\"elementor-image-box-content\"><h3 class=\"elementor-image-box-title\"><a href=\"https:\/\/finanedi.es\/blog\/anadir-una-cuenta-bancaria-en-finanedi\/\">Financiar facturas con FinanEDI<\/a><\/h3><p class=\"elementor-image-box-description\">Financiar facturas es una estrategia efectiva para mejorar el flujo de caja.<\/p><\/div><\/div>\t\t\t\t<\/div>\n\t\t\t\t<\/div>\n\t\t\t\t<\/div>\n\t\t\t\t\t<\/div>\n\t\t\t\t<\/div>\n\t\t<div class=\"elementor-element elementor-element-9ef84cd e-flex e-con-boxed e-con e-parent\" data-id=\"9ef84cd\" data-element_type=\"container\">\n\t\t\t\t\t<div class=\"e-con-inner\">\n\t\t\t\t<div class=\"elementor-element elementor-element-2c4adb4 elementor-widget elementor-widget-spacer\" data-id=\"2c4adb4\" data-element_type=\"widget\" data-widget_type=\"spacer.default\">\n\t\t\t\t<div class=\"elementor-widget-container\">\n\t\t\t\t\t\t\t<div class=\"elementor-spacer\">\n\t\t\t<div class=\"elementor-spacer-inner\"><\/div>\n\t\t<\/div>\n\t\t\t\t\t\t<\/div>\n\t\t\t\t<\/div>\n\t\t\t\t\t<\/div>\n\t\t\t\t<\/div>\n\t\t<div class=\"elementor-element elementor-element-2377123 e-flex e-con-boxed e-con e-parent\" data-id=\"2377123\" data-element_type=\"container\">\n\t\t\t\t\t<div class=\"e-con-inner\">\n\t\t\t\t<div class=\"elementor-element elementor-element-f1e2765 elementor-widget elementor-widget-spacer\" data-id=\"f1e2765\" data-element_type=\"widget\" data-widget_type=\"spacer.default\">\n\t\t\t\t<div class=\"elementor-widget-container\">\n\t\t\t\t\t\t\t<div class=\"elementor-spacer\">\n\t\t\t<div class=\"elementor-spacer-inner\"><\/div>\n\t\t<\/div>\n\t\t\t\t\t\t<\/div>\n\t\t\t\t<\/div>\n\t\t\t\t\t<\/div>\n\t\t\t\t<\/div>\n\t\t<div class=\"elementor-element elementor-element-a312a0a e-flex e-con-boxed e-con e-parent\" data-id=\"a312a0a\" data-element_type=\"container\">\n\t\t\t\t\t<div class=\"e-con-inner\">\n\t\t<div class=\"elementor-element elementor-element-172ceec e-con-full e-flex e-con e-child\" data-id=\"172ceec\" data-element_type=\"container\">\n\t\t\t\t<div class=\"elementor-element elementor-element-5b44275 elementor-widget elementor-widget-katen-section-header\" data-id=\"5b44275\" data-element_type=\"widget\" data-widget_type=\"katen-section-header.default\">\n\t\t\t\t<div class=\"elementor-widget-container\">\n\t\t\t\t\t\n\t\t\t<div class=\"section-header\">\n\t\t\t\t<h3 class=\"section-title\">Facturaci\u00f3n<\/h3>\n\t\t\t\t\t\t\t\t\t<svg width=\"33\" height=\"6\" xmlns=\"http:\/\/www.w3.org\/2000\/svg\">\n\t\t\t\t\t\t<defs>\n\t\t\t\t\t\t\t<linearGradient id=\"gradient\" x1=\"0%\" y1=\"0%\" x2=\"100%\" y2=\"0%\">\n\t\t\t\t\t\t\t\t<stop offset=\"0%\" stop-color=\"#1e78ff\"><\/stop>\n\t\t\t\t\t\t\t\t<stop offset=\"100%\" stop-color=\"#1757b8\"><\/stop>\n\t\t\t\t\t\t\t<\/linearGradient>\n\t\t\t\t\t\t\t<\/defs>\n\t\t\t\t\t\t<path d=\"M33 1c-3.3 0-3.3 4-6.598 4C23.1 5 23.1 1 19.8 1c-3.3 0-3.3 4-6.599 4-3.3 0-3.3-4-6.6-4S3.303 5 0 5\" stroke=\"url(#gradient)\" stroke-width=\"2\" fill=\"none\"><\/path>\n\t\t\t\t\t<\/svg>\n\t\t\t\t\t\t\t\t\t\t\t<\/div>\n\n        \t\t\t\t<\/div>\n\t\t\t\t<\/div>\n\t\t<div class=\"elementor-element elementor-element-59b22c1 e-con-full e-flex e-con e-child\" data-id=\"59b22c1\" data-element_type=\"container\">\n\t\t\t\t<div class=\"elementor-element elementor-element-9b5bc75 elementor-widget elementor-widget-katen-post-five\" data-id=\"9b5bc75\" data-element_type=\"widget\" data-widget_type=\"katen-post-five.default\">\n\t\t\t\t<div class=\"elementor-widget-container\">\n\t\t\t\t\t\t\t<div class=\"padding-30 rounded bordered\">\n\n\t\t\t<div class=\"row infinite-wrapper\">\n\n\t\t\t\n\t\t\t\t<div class=\"col-md-12 col-sm-6 post-list-item post-item\">\n\t\t\t\t\t<!-- post -->\n\t\t\t\t\t<div class=\"post post-list clearfix\">\n\n\t\t\t\t\t\t<div class=\"thumb rounded\"><div class=\"inner\"><a href=\"https:\/\/finanedi.es\/blog\/5-tips-para-estar-preparado-para-verifactu\/\"><img fetchpriority=\"high\" decoding=\"async\" width=\"330\" height=\"250\" src=\"https:\/\/finanedi.es\/blog\/contenido\/uploads\/2025\/10\/5-tips-para-estar-preparado-para-VeriFactu-330x250.jpg\" class=\"attachment-katen-thumb-list size-katen-thumb-list wp-post-image\" alt=\"5 tips para estar preparado para VeriFactu\" \/><\/a><\/div><\/div>  \n\n\t\t\t\t\t\t<div class=\"details clearfix\">\n\t\t\t\t\t\t\t<ul class=\"meta list-inline mb-3\">\n\t\t\t\t\t\t\t\t<li class=\"list-inline-item\"><a href=\"https:\/\/finanedi.es\/blog\/category\/facturacion\/\">Facturaci\u00f3n<\/a><\/li>\t\t\t\t\t\t\t\t\t\t<li class=\"list-inline-item\">29 de octubre de 2025<\/li>\n\t\t\t\t\t\t\t\t\t\t\t\t\t\t\t<\/ul>\n\t\t\t\t\t\t\t<h5 class=\"post-title\"><a href=\"https:\/\/finanedi.es\/blog\/5-tips-para-estar-preparado-para-verifactu\/\">5 tips para estar preparado para VeriFactu<\/a><\/h5>\n\t\t\t\t\t\t\t<p class=\"excerpt mb-0\">\n\t\t\t\t\t\t\t\tLa facturaci\u00f3n electr\u00f3nica est\u00e1 viviendo una transformaci\u00f3n decisiva con la llegada de VeriFactu, el nuevo&hellip;\t\t\t\t\t\t\t<\/p>\n\t\t\t\t\t\t\t<div class=\"post-bottom clearfix d-flex align-items-center\">\n\t\t\t\t\t\t\t\t\n    <div class=\"social-share me-auto\">\n        <button class=\"toggle-button icon-share\"><\/button>\n        <ul class=\"icons list-unstyled list-inline mb-0\">\n            <li class=\"list-inline-item\"><a href=\"https:\/\/www.facebook.com\/sharer\/sharer.php?u=https:\/\/finanedi.es\/blog\/5-tips-para-estar-preparado-para-verifactu\/\" target=\"_blank\"><i class=\"fab fa-facebook-f\"><\/i><\/a><\/li>\n            <li class=\"list-inline-item\"><a href=\"https:\/\/twitter.com\/intent\/tweet?url=https:\/\/finanedi.es\/blog\/5-tips-para-estar-preparado-para-verifactu\/&text=5 tips para estar preparado para VeriFactu\" target=\"_blank\"><i class=\"fab fa-twitter\"><\/i><\/a><\/li>\n            <li class=\"list-inline-item\"><a href=\"https:\/\/www.linkedin.com\/shareArticle?mini=true&url=https:\/\/finanedi.es\/blog\/5-tips-para-estar-preparado-para-verifactu\/&title=5 tips para estar preparado para VeriFactu\" target=\"_blank\"><i class=\"fab fa-linkedin-in\"><\/i><\/a><\/li>\n            <li class=\"list-inline-item\"><a href=\"https:\/\/pinterest.com\/pin\/create\/button\/?url=https:\/\/finanedi.es\/blog\/5-tips-para-estar-preparado-para-verifactu\/&media=&description=5 tips para estar preparado para VeriFactu\" target=\"_blank\"><i class=\"fab fa-pinterest\"><\/i><\/a><\/li>\n            <li class=\"list-inline-item\"><a href=\"https:\/\/t.me\/share\/url?url=https:\/\/finanedi.es\/blog\/5-tips-para-estar-preparado-para-verifactu\/&text=5 tips para estar preparado para VeriFactu\" target=\"_blank\"><i class=\"fab fa-telegram-plane\"><\/i><\/a><\/li>\n            <li class=\"list-inline-item\"><a href=\"mailto:info@example.com?&subject=&cc=&bcc=&body=https:\/\/finanedi.es\/blog\/5-tips-para-estar-preparado-para-verifactu\/\"><i class=\"far fa-envelope\"><\/i><\/a><\/li>\n        <\/ul>\n    <\/div>\n\n\t\t\t\t\t\t\t\t\t\t\t\t\t\t\t<\/div>\n\t\t\t\t\t\t<\/div>\n\t\t\t\t\t<\/div>\n\t\t\t\t<\/div>\n\n\t\t\t\n\t\t\t\t<div class=\"col-md-12 col-sm-6 post-list-item post-item\">\n\t\t\t\t\t<!-- post -->\n\t\t\t\t\t<div class=\"post post-list clearfix\">\n\n\t\t\t\t\t\t<div class=\"thumb rounded\"><div class=\"inner\"><a href=\"https:\/\/finanedi.es\/blog\/que-sanciones-existen-por-no-emitir-factura-electronica\/\"><img decoding=\"async\" width=\"330\" height=\"250\" src=\"https:\/\/finanedi.es\/blog\/contenido\/uploads\/2025\/10\/Que-sanciones-existen-por-no-emitir-factura-electronica-330x250.jpg\" class=\"attachment-katen-thumb-list size-katen-thumb-list wp-post-image\" alt=\"Qu\u00e9 sanciones existen por no emitir factura electr\u00f3nica\" \/><\/a><\/div><\/div>  \n\n\t\t\t\t\t\t<div class=\"details clearfix\">\n\t\t\t\t\t\t\t<ul class=\"meta list-inline mb-3\">\n\t\t\t\t\t\t\t\t<li class=\"list-inline-item\"><a href=\"https:\/\/finanedi.es\/blog\/category\/facturacion\/\">Facturaci\u00f3n<\/a><\/li>\t\t\t\t\t\t\t\t\t\t<li class=\"list-inline-item\">27 de octubre de 2025<\/li>\n\t\t\t\t\t\t\t\t\t\t\t\t\t\t\t<\/ul>\n\t\t\t\t\t\t\t<h5 class=\"post-title\"><a href=\"https:\/\/finanedi.es\/blog\/que-sanciones-existen-por-no-emitir-factura-electronica\/\">Qu\u00e9 sanciones existen por no emitir factura electr\u00f3nica<\/a><\/h5>\n\t\t\t\t\t\t\t<p class=\"excerpt mb-0\">\n\t\t\t\t\t\t\t\tLa factura electr\u00f3nica ya no es una opci\u00f3n, sino una obligaci\u00f3n para la mayor\u00eda de&hellip;\t\t\t\t\t\t\t<\/p>\n\t\t\t\t\t\t\t<div class=\"post-bottom clearfix d-flex align-items-center\">\n\t\t\t\t\t\t\t\t\n    <div class=\"social-share me-auto\">\n        <button class=\"toggle-button icon-share\"><\/button>\n        <ul class=\"icons list-unstyled list-inline mb-0\">\n            <li class=\"list-inline-item\"><a href=\"https:\/\/www.facebook.com\/sharer\/sharer.php?u=https:\/\/finanedi.es\/blog\/que-sanciones-existen-por-no-emitir-factura-electronica\/\" target=\"_blank\"><i class=\"fab fa-facebook-f\"><\/i><\/a><\/li>\n            <li class=\"list-inline-item\"><a href=\"https:\/\/twitter.com\/intent\/tweet?url=https:\/\/finanedi.es\/blog\/que-sanciones-existen-por-no-emitir-factura-electronica\/&text=Qu\u00e9 sanciones existen por no emitir factura electr\u00f3nica\" target=\"_blank\"><i class=\"fab fa-twitter\"><\/i><\/a><\/li>\n            <li class=\"list-inline-item\"><a href=\"https:\/\/www.linkedin.com\/shareArticle?mini=true&url=https:\/\/finanedi.es\/blog\/que-sanciones-existen-por-no-emitir-factura-electronica\/&title=Qu\u00e9 sanciones existen por no emitir factura electr\u00f3nica\" target=\"_blank\"><i class=\"fab fa-linkedin-in\"><\/i><\/a><\/li>\n            <li class=\"list-inline-item\"><a href=\"https:\/\/pinterest.com\/pin\/create\/button\/?url=https:\/\/finanedi.es\/blog\/que-sanciones-existen-por-no-emitir-factura-electronica\/&media=&description=Qu\u00e9 sanciones existen por no emitir factura electr\u00f3nica\" target=\"_blank\"><i class=\"fab fa-pinterest\"><\/i><\/a><\/li>\n            <li class=\"list-inline-item\"><a href=\"https:\/\/t.me\/share\/url?url=https:\/\/finanedi.es\/blog\/que-sanciones-existen-por-no-emitir-factura-electronica\/&text=Qu\u00e9 sanciones existen por no emitir factura electr\u00f3nica\" target=\"_blank\"><i class=\"fab fa-telegram-plane\"><\/i><\/a><\/li>\n            <li class=\"list-inline-item\"><a href=\"mailto:info@example.com?&subject=&cc=&bcc=&body=https:\/\/finanedi.es\/blog\/que-sanciones-existen-por-no-emitir-factura-electronica\/\"><i class=\"far fa-envelope\"><\/i><\/a><\/li>\n        <\/ul>\n    <\/div>\n\n\t\t\t\t\t\t\t\t\t\t\t\t\t\t\t<\/div>\n\t\t\t\t\t\t<\/div>\n\t\t\t\t\t<\/div>\n\t\t\t\t<\/div>\n\n\t\t\t\n\t\t\t\t<div class=\"col-md-12 col-sm-6 post-list-item post-item\">\n\t\t\t\t\t<!-- post -->\n\t\t\t\t\t<div class=\"post post-list clearfix\">\n\n\t\t\t\t\t\t<div class=\"thumb rounded\"><div class=\"inner\"><a href=\"https:\/\/finanedi.es\/blog\/que-debe-incluir-una-factura-electronica-segun-la-ley\/\"><img loading=\"lazy\" decoding=\"async\" width=\"330\" height=\"250\" src=\"https:\/\/finanedi.es\/blog\/contenido\/uploads\/2025\/10\/Que-debe-incluir-una-factura-electronica-segun-la-ley-330x250.jpg\" class=\"attachment-katen-thumb-list size-katen-thumb-list wp-post-image\" alt=\"Qu\u00e9 debe incluir una factura electr\u00f3nica seg\u00fan la ley\" \/><\/a><\/div><\/div>  \n\n\t\t\t\t\t\t<div class=\"details clearfix\">\n\t\t\t\t\t\t\t<ul class=\"meta list-inline mb-3\">\n\t\t\t\t\t\t\t\t<li class=\"list-inline-item\"><a href=\"https:\/\/finanedi.es\/blog\/category\/facturacion\/\">Facturaci\u00f3n<\/a><\/li>\t\t\t\t\t\t\t\t\t\t<li class=\"list-inline-item\">23 de octubre de 2025<\/li>\n\t\t\t\t\t\t\t\t\t\t\t\t\t\t\t<\/ul>\n\t\t\t\t\t\t\t<h5 class=\"post-title\"><a href=\"https:\/\/finanedi.es\/blog\/que-debe-incluir-una-factura-electronica-segun-la-ley\/\">Qu\u00e9 debe incluir una factura electr\u00f3nica seg\u00fan la ley<\/a><\/h5>\n\t\t\t\t\t\t\t<p class=\"excerpt mb-0\">\n\t\t\t\t\t\t\t\tLa factura electr\u00f3nica ya no es el futuro: es el presente obligatorio para aut\u00f3nomos y&hellip;\t\t\t\t\t\t\t<\/p>\n\t\t\t\t\t\t\t<div class=\"post-bottom clearfix d-flex align-items-center\">\n\t\t\t\t\t\t\t\t\n    <div class=\"social-share me-auto\">\n        <button class=\"toggle-button icon-share\"><\/button>\n        <ul class=\"icons list-unstyled list-inline mb-0\">\n            <li class=\"list-inline-item\"><a href=\"https:\/\/www.facebook.com\/sharer\/sharer.php?u=https:\/\/finanedi.es\/blog\/que-debe-incluir-una-factura-electronica-segun-la-ley\/\" target=\"_blank\"><i class=\"fab fa-facebook-f\"><\/i><\/a><\/li>\n            <li class=\"list-inline-item\"><a href=\"https:\/\/twitter.com\/intent\/tweet?url=https:\/\/finanedi.es\/blog\/que-debe-incluir-una-factura-electronica-segun-la-ley\/&text=Qu\u00e9 debe incluir una factura electr\u00f3nica seg\u00fan la ley\" target=\"_blank\"><i class=\"fab fa-twitter\"><\/i><\/a><\/li>\n            <li class=\"list-inline-item\"><a href=\"https:\/\/www.linkedin.com\/shareArticle?mini=true&url=https:\/\/finanedi.es\/blog\/que-debe-incluir-una-factura-electronica-segun-la-ley\/&title=Qu\u00e9 debe incluir una factura electr\u00f3nica seg\u00fan la ley\" target=\"_blank\"><i class=\"fab fa-linkedin-in\"><\/i><\/a><\/li>\n            <li class=\"list-inline-item\"><a href=\"https:\/\/pinterest.com\/pin\/create\/button\/?url=https:\/\/finanedi.es\/blog\/que-debe-incluir-una-factura-electronica-segun-la-ley\/&media=&description=Qu\u00e9 debe incluir una factura electr\u00f3nica seg\u00fan la ley\" target=\"_blank\"><i class=\"fab fa-pinterest\"><\/i><\/a><\/li>\n            <li class=\"list-inline-item\"><a href=\"https:\/\/t.me\/share\/url?url=https:\/\/finanedi.es\/blog\/que-debe-incluir-una-factura-electronica-segun-la-ley\/&text=Qu\u00e9 debe incluir una factura electr\u00f3nica seg\u00fan la ley\" target=\"_blank\"><i class=\"fab fa-telegram-plane\"><\/i><\/a><\/li>\n            <li class=\"list-inline-item\"><a href=\"mailto:info@example.com?&subject=&cc=&bcc=&body=https:\/\/finanedi.es\/blog\/que-debe-incluir-una-factura-electronica-segun-la-ley\/\"><i class=\"far fa-envelope\"><\/i><\/a><\/li>\n        <\/ul>\n    <\/div>\n\n\t\t\t\t\t\t\t\t\t\t\t\t\t\t\t<\/div>\n\t\t\t\t\t\t<\/div>\n\t\t\t\t\t<\/div>\n\t\t\t\t<\/div>\n\n\t\t\t\n\t\t\t\t<div class=\"col-md-12 col-sm-6 post-list-item post-item\">\n\t\t\t\t\t<!-- post -->\n\t\t\t\t\t<div class=\"post post-list clearfix\">\n\n\t\t\t\t\t\t<div class=\"thumb rounded\"><div class=\"inner\"><a href=\"https:\/\/finanedi.es\/blog\/ventajas-de-digitalizar-tu-pyme-y-adaptarte-a-verifactu-antes-de-que-sea-obligatorio\/\"><img loading=\"lazy\" decoding=\"async\" width=\"330\" height=\"250\" src=\"https:\/\/finanedi.es\/blog\/contenido\/uploads\/2025\/10\/Ventajas-de-digitalizar-tu-pyme-y-adaptarte-a-VeriFactu-antes-de-que-sea-obligatorio-330x250.jpg\" class=\"attachment-katen-thumb-list size-katen-thumb-list wp-post-image\" alt=\"Ventajas de digitalizar tu pyme y adaptarte a VeriFactu antes de que sea obligatorio\" \/><\/a><\/div><\/div>  \n\n\t\t\t\t\t\t<div class=\"details clearfix\">\n\t\t\t\t\t\t\t<ul class=\"meta list-inline mb-3\">\n\t\t\t\t\t\t\t\t<li class=\"list-inline-item\"><a href=\"https:\/\/finanedi.es\/blog\/category\/facturacion\/\">Facturaci\u00f3n<\/a><\/li>\t\t\t\t\t\t\t\t\t\t<li class=\"list-inline-item\">20 de octubre de 2025<\/li>\n\t\t\t\t\t\t\t\t\t\t\t\t\t\t\t<\/ul>\n\t\t\t\t\t\t\t<h5 class=\"post-title\"><a href=\"https:\/\/finanedi.es\/blog\/ventajas-de-digitalizar-tu-pyme-y-adaptarte-a-verifactu-antes-de-que-sea-obligatorio\/\">Ventajas de digitalizar tu pyme y adaptarte a VeriFactu antes de que sea obligatorio<\/a><\/h5>\n\t\t\t\t\t\t\t<p class=\"excerpt mb-0\">\n\t\t\t\t\t\t\t\tLa digitalizaci\u00f3n ya no es una tendencia, es una ventaja competitiva real para las peque\u00f1as&hellip;\t\t\t\t\t\t\t<\/p>\n\t\t\t\t\t\t\t<div class=\"post-bottom clearfix d-flex align-items-center\">\n\t\t\t\t\t\t\t\t\n    <div class=\"social-share me-auto\">\n        <button class=\"toggle-button icon-share\"><\/button>\n        <ul class=\"icons list-unstyled list-inline mb-0\">\n            <li class=\"list-inline-item\"><a href=\"https:\/\/www.facebook.com\/sharer\/sharer.php?u=https:\/\/finanedi.es\/blog\/ventajas-de-digitalizar-tu-pyme-y-adaptarte-a-verifactu-antes-de-que-sea-obligatorio\/\" target=\"_blank\"><i class=\"fab fa-facebook-f\"><\/i><\/a><\/li>\n            <li class=\"list-inline-item\"><a href=\"https:\/\/twitter.com\/intent\/tweet?url=https:\/\/finanedi.es\/blog\/ventajas-de-digitalizar-tu-pyme-y-adaptarte-a-verifactu-antes-de-que-sea-obligatorio\/&text=Ventajas de digitalizar tu pyme y adaptarte a VeriFactu antes de que sea obligatorio\" target=\"_blank\"><i class=\"fab fa-twitter\"><\/i><\/a><\/li>\n            <li class=\"list-inline-item\"><a href=\"https:\/\/www.linkedin.com\/shareArticle?mini=true&url=https:\/\/finanedi.es\/blog\/ventajas-de-digitalizar-tu-pyme-y-adaptarte-a-verifactu-antes-de-que-sea-obligatorio\/&title=Ventajas de digitalizar tu pyme y adaptarte a VeriFactu antes de que sea obligatorio\" target=\"_blank\"><i class=\"fab fa-linkedin-in\"><\/i><\/a><\/li>\n            <li class=\"list-inline-item\"><a href=\"https:\/\/pinterest.com\/pin\/create\/button\/?url=https:\/\/finanedi.es\/blog\/ventajas-de-digitalizar-tu-pyme-y-adaptarte-a-verifactu-antes-de-que-sea-obligatorio\/&media=&description=Ventajas de digitalizar tu pyme y adaptarte a VeriFactu antes de que sea obligatorio\" target=\"_blank\"><i class=\"fab fa-pinterest\"><\/i><\/a><\/li>\n            <li class=\"list-inline-item\"><a href=\"https:\/\/t.me\/share\/url?url=https:\/\/finanedi.es\/blog\/ventajas-de-digitalizar-tu-pyme-y-adaptarte-a-verifactu-antes-de-que-sea-obligatorio\/&text=Ventajas de digitalizar tu pyme y adaptarte a VeriFactu antes de que sea obligatorio\" target=\"_blank\"><i class=\"fab fa-telegram-plane\"><\/i><\/a><\/li>\n            <li class=\"list-inline-item\"><a href=\"mailto:info@example.com?&subject=&cc=&bcc=&body=https:\/\/finanedi.es\/blog\/ventajas-de-digitalizar-tu-pyme-y-adaptarte-a-verifactu-antes-de-que-sea-obligatorio\/\"><i class=\"far fa-envelope\"><\/i><\/a><\/li>\n        <\/ul>\n    <\/div>\n\n\t\t\t\t\t\t\t\t\t\t\t\t\t\t\t<\/div>\n\t\t\t\t\t\t<\/div>\n\t\t\t\t\t<\/div>\n\t\t\t\t<\/div>\n\n\t\t\t\n\t\t\t<\/div>\n\n\t\t<\/div>\n\t\t\n        \t\t\t\t<\/div>\n\t\t\t\t<\/div>\n\t\t\t\t<\/div>\n\t\t\t\t<\/div>\n\t\t<div class=\"elementor-element elementor-element-d1a7731 e-con-full e-flex e-con e-child\" data-id=\"d1a7731\" data-element_type=\"container\">\n\t\t\t\t<div class=\"elementor-element elementor-element-113d75e elementor-widget elementor-widget-heading\" data-id=\"113d75e\" data-element_type=\"widget\" data-widget_type=\"heading.default\">\n\t\t\t\t<div class=\"elementor-widget-container\">\n\t\t\t\t\t<h5 class=\"elementor-heading-title elementor-size-default\">Finanzas<\/h5>\t\t\t\t<\/div>\n\t\t\t\t<\/div>\n\t\t\t\t<div class=\"elementor-element elementor-element-2973d05 elementor-widget elementor-widget-katen-post-three\" data-id=\"2973d05\" data-element_type=\"widget\" data-widget_type=\"katen-post-three.default\">\n\t\t\t\t<div class=\"elementor-widget-container\">\n\t\t\t\t\t\n\t\t\t\t\t\t\t<!-- post large -->\n\t\t\t\t<div class=\"post\">\n\t\t\t\t\t<div class=\"thumb rounded\">\n\t\t\t\t\t\t<a href=\"https:\/\/finanedi.es\/blog\/del-12-al-43-como-las-pymes-espanolas-estan-descubriendo-la-financiacion-fintech\/\"><div class=\"inner\"><img loading=\"lazy\" decoding=\"async\" width=\"325\" height=\"233\" src=\"https:\/\/finanedi.es\/blog\/contenido\/uploads\/2025\/10\/Del-12-al-43-Como-las-pymes-espanolas-estan-descubriendo-la-financiacion-fintech-325x233.jpg\" class=\"attachment-katen-thumb-featured-sm size-katen-thumb-featured-sm wp-post-image\" alt=\"Del 12 al 43% C\u00f3mo las pymes espa\u00f1olas est\u00e1n descubriendo la financiaci\u00f3n fintech\" srcset=\"https:\/\/finanedi.es\/blog\/contenido\/uploads\/2025\/10\/Del-12-al-43-Como-las-pymes-espanolas-estan-descubriendo-la-financiacion-fintech-325x233.jpg 325w, https:\/\/finanedi.es\/blog\/contenido\/uploads\/2025\/10\/Del-12-al-43-Como-las-pymes-espanolas-estan-descubriendo-la-financiacion-fintech-750x540.jpg 750w, https:\/\/finanedi.es\/blog\/contenido\/uploads\/2025\/10\/Del-12-al-43-Como-las-pymes-espanolas-estan-descubriendo-la-financiacion-fintech-110x80.jpg 110w\" sizes=\"(max-width: 325px) 100vw, 325px\" \/><\/div><\/a>\t\t\t\t\t<\/div>\n\t\t\t\t\t<ul class=\"meta list-inline mt-4 mb-0\">\n\t\t\t\t\t\t\t\t\t\t\t\t\t\t\t\t\t<\/ul>\n\t\t\t\t\t<h5 class=\"post-title mb-3 mt-3\"><a href=\"https:\/\/finanedi.es\/blog\/del-12-al-43-como-las-pymes-espanolas-estan-descubriendo-la-financiacion-fintech\/\">Del 12 al 43%: C\u00f3mo las pymes espa\u00f1olas est\u00e1n descubriendo la financiaci\u00f3n fintech<\/a><\/h5>\n\t\t\t\t\t<p class=\"excerpt mb-0\">\n\t\t\t\t\t\tEn un entorno econ\u00f3mico cada vez m\u00e1s din\u00e1mico, las peque\u00f1as y medianas empresas (pymes) en&hellip;\t\t\t\t\t<\/p>\n\t\t\t\t\t<\/div>\n\n\t\t\t\t\t\t\t\t\t\n\t\t\t\t\t<!-- post -->\n\t\t\t\t\t<div class=\"post post-list-sm square before-seperator\">\n\t\t\t\t\t\t<div class=\"thumb rounded\"><a href=\"https:\/\/finanedi.es\/blog\/descuento-de-pagares-los-sectores-que-mas-recurren-a-esta-financiacion\/\"><div class=\"inner\"><img loading=\"lazy\" decoding=\"async\" width=\"110\" height=\"80\" src=\"https:\/\/finanedi.es\/blog\/contenido\/uploads\/2025\/10\/Descuento-de-pagares-los-sectores-que-mas-recurren-a-esta-financiacion-110x80.jpg\" class=\"attachment-katen-thumb-list-sm size-katen-thumb-list-sm wp-post-image\" alt=\"Descuento de pagar\u00e9s los sectores que m\u00e1s recurren a esta financiaci\u00f3n\" srcset=\"https:\/\/finanedi.es\/blog\/contenido\/uploads\/2025\/10\/Descuento-de-pagares-los-sectores-que-mas-recurren-a-esta-financiacion-110x80.jpg 110w, https:\/\/finanedi.es\/blog\/contenido\/uploads\/2025\/10\/Descuento-de-pagares-los-sectores-que-mas-recurren-a-esta-financiacion-750x540.jpg 750w, https:\/\/finanedi.es\/blog\/contenido\/uploads\/2025\/10\/Descuento-de-pagares-los-sectores-que-mas-recurren-a-esta-financiacion-325x233.jpg 325w\" sizes=\"(max-width: 110px) 100vw, 110px\" \/><\/div><\/a><\/div>\t\t\t\t\t\t<div class=\"details clearfix\">\n\t\t\t\t\t\t\t<h6 class=\"post-title my-0\"><a href=\"https:\/\/finanedi.es\/blog\/descuento-de-pagares-los-sectores-que-mas-recurren-a-esta-financiacion\/\">Descuento de pagar\u00e9s: los sectores que m\u00e1s recurren a esta financiaci\u00f3n<\/a><\/h6>\n\t\t\t\t\t\t\t<ul class=\"meta list-inline mt-1 mb-0\">\n\t\t\t\t\t\t\t\t\t\t\t\t\t\t\t<\/ul>\n\t\t\t\t\t\t<\/div>\n\t\t\t\t\t<\/div>\n\n\t\t\t\t\t\t\t\t\n\t\t\t\t\t<!-- post -->\n\t\t\t\t\t<div class=\"post post-list-sm square before-seperator\">\n\t\t\t\t\t\t<div class=\"thumb rounded\"><a href=\"https:\/\/finanedi.es\/blog\/por-que-la-financiacion-alternativa-crece-frente-al-credito-bancario\/\"><div class=\"inner\"><img loading=\"lazy\" decoding=\"async\" width=\"110\" height=\"80\" src=\"https:\/\/finanedi.es\/blog\/contenido\/uploads\/2025\/10\/Por-que-la-financiacion-alternativa-crece-frente-al-credito-bancario-110x80.jpg\" class=\"attachment-katen-thumb-list-sm size-katen-thumb-list-sm wp-post-image\" alt=\"Por qu\u00e9 la financiaci\u00f3n alternativa crece frente al cr\u00e9dito bancario\" srcset=\"https:\/\/finanedi.es\/blog\/contenido\/uploads\/2025\/10\/Por-que-la-financiacion-alternativa-crece-frente-al-credito-bancario-110x80.jpg 110w, https:\/\/finanedi.es\/blog\/contenido\/uploads\/2025\/10\/Por-que-la-financiacion-alternativa-crece-frente-al-credito-bancario-750x540.jpg 750w, https:\/\/finanedi.es\/blog\/contenido\/uploads\/2025\/10\/Por-que-la-financiacion-alternativa-crece-frente-al-credito-bancario-325x233.jpg 325w\" sizes=\"(max-width: 110px) 100vw, 110px\" \/><\/div><\/a><\/div>\t\t\t\t\t\t<div class=\"details clearfix\">\n\t\t\t\t\t\t\t<h6 class=\"post-title my-0\"><a href=\"https:\/\/finanedi.es\/blog\/por-que-la-financiacion-alternativa-crece-frente-al-credito-bancario\/\">Por qu\u00e9 la financiaci\u00f3n alternativa crece frente al cr\u00e9dito bancario<\/a><\/h6>\n\t\t\t\t\t\t\t<ul class=\"meta list-inline mt-1 mb-0\">\n\t\t\t\t\t\t\t\t\t\t\t\t\t\t\t<\/ul>\n\t\t\t\t\t\t<\/div>\n\t\t\t\t\t<\/div>\n\n\t\t\t\t\t\t\t\t\n\t\t\t\t\t<!-- post -->\n\t\t\t\t\t<div class=\"post post-list-sm square before-seperator\">\n\t\t\t\t\t\t<div class=\"thumb rounded\"><a href=\"https:\/\/finanedi.es\/blog\/como-elegir-entre-financiacion-bancaria-y-no-bancaria-para-tu-pyme\/\"><div class=\"inner\"><img loading=\"lazy\" decoding=\"async\" width=\"110\" height=\"80\" src=\"https:\/\/finanedi.es\/blog\/contenido\/uploads\/2025\/08\/Como-elegir-entre-financiacion-bancaria-y-no-bancaria-para-tu-pyme-110x80.jpg\" class=\"attachment-katen-thumb-list-sm size-katen-thumb-list-sm wp-post-image\" alt=\"C\u00f3mo elegir entre financiaci\u00f3n bancaria y no bancaria para tu pyme\" srcset=\"https:\/\/finanedi.es\/blog\/contenido\/uploads\/2025\/08\/Como-elegir-entre-financiacion-bancaria-y-no-bancaria-para-tu-pyme-110x80.jpg 110w, https:\/\/finanedi.es\/blog\/contenido\/uploads\/2025\/08\/Como-elegir-entre-financiacion-bancaria-y-no-bancaria-para-tu-pyme-750x540.jpg 750w, https:\/\/finanedi.es\/blog\/contenido\/uploads\/2025\/08\/Como-elegir-entre-financiacion-bancaria-y-no-bancaria-para-tu-pyme-325x233.jpg 325w\" sizes=\"(max-width: 110px) 100vw, 110px\" \/><\/div><\/a><\/div>\t\t\t\t\t\t<div class=\"details clearfix\">\n\t\t\t\t\t\t\t<h6 class=\"post-title my-0\"><a href=\"https:\/\/finanedi.es\/blog\/como-elegir-entre-financiacion-bancaria-y-no-bancaria-para-tu-pyme\/\">C\u00f3mo elegir entre financiaci\u00f3n bancaria y no bancaria para tu pyme<\/a><\/h6>\n\t\t\t\t\t\t\t<ul class=\"meta list-inline mt-1 mb-0\">\n\t\t\t\t\t\t\t\t\t\t\t\t\t\t\t<\/ul>\n\t\t\t\t\t\t<\/div>\n\t\t\t\t\t<\/div>\n\n\t\t\t\t\t\t\t\t\n\t\t\t\t\t<!-- post -->\n\t\t\t\t\t<div class=\"post post-list-sm square before-seperator\">\n\t\t\t\t\t\t<div class=\"thumb rounded\"><a href=\"https:\/\/finanedi.es\/blog\/financiacion-alternativa-como-conseguir-liquidez-sin-depender-de-los-bancos\/\"><div class=\"inner\"><img loading=\"lazy\" decoding=\"async\" width=\"110\" height=\"80\" src=\"https:\/\/finanedi.es\/blog\/contenido\/uploads\/2025\/07\/Financiacion-alternativa-como-conseguir-liquidez-sin-depender-de-los-bancos-110x80.jpg\" class=\"attachment-katen-thumb-list-sm size-katen-thumb-list-sm wp-post-image\" alt=\"Financiaci\u00f3n alternativa c\u00f3mo conseguir liquidez sin depender de los bancos\" srcset=\"https:\/\/finanedi.es\/blog\/contenido\/uploads\/2025\/07\/Financiacion-alternativa-como-conseguir-liquidez-sin-depender-de-los-bancos-110x80.jpg 110w, https:\/\/finanedi.es\/blog\/contenido\/uploads\/2025\/07\/Financiacion-alternativa-como-conseguir-liquidez-sin-depender-de-los-bancos-750x540.jpg 750w, https:\/\/finanedi.es\/blog\/contenido\/uploads\/2025\/07\/Financiacion-alternativa-como-conseguir-liquidez-sin-depender-de-los-bancos-325x233.jpg 325w\" sizes=\"(max-width: 110px) 100vw, 110px\" \/><\/div><\/a><\/div>\t\t\t\t\t\t<div class=\"details clearfix\">\n\t\t\t\t\t\t\t<h6 class=\"post-title my-0\"><a href=\"https:\/\/finanedi.es\/blog\/financiacion-alternativa-como-conseguir-liquidez-sin-depender-de-los-bancos\/\">Financiaci\u00f3n alternativa: c\u00f3mo conseguir liquidez sin depender de los bancos<\/a><\/h6>\n\t\t\t\t\t\t\t<ul class=\"meta list-inline mt-1 mb-0\">\n\t\t\t\t\t\t\t\t\t\t\t\t\t\t\t<\/ul>\n\t\t\t\t\t\t<\/div>\n\t\t\t\t\t<\/div>\n\n\t\t\t\t\t\t\t\t\n\t\t\t\t\t<!-- post -->\n\t\t\t\t\t<div class=\"post post-list-sm square before-seperator\">\n\t\t\t\t\t\t<div class=\"thumb rounded\"><a href=\"https:\/\/finanedi.es\/blog\/como-el-factoring-y-el-descuento-de-pagares-pueden-ser-el-salvavidas-de-tu-flujo-de-caja\/\"><div class=\"inner\"><img loading=\"lazy\" decoding=\"async\" width=\"110\" height=\"80\" src=\"https:\/\/finanedi.es\/blog\/contenido\/uploads\/2025\/07\/Como-el-factoring-y-el-descuento-de-pagares-pueden-ser-el-salvavidas-de-tu-flujo-de-caja-110x80.jpg\" class=\"attachment-katen-thumb-list-sm size-katen-thumb-list-sm wp-post-image\" alt=\"C\u00f3mo el factoring y el descuento de pagar\u00e9s pueden ser el salvavidas de tu flujo de caja\" srcset=\"https:\/\/finanedi.es\/blog\/contenido\/uploads\/2025\/07\/Como-el-factoring-y-el-descuento-de-pagares-pueden-ser-el-salvavidas-de-tu-flujo-de-caja-110x80.jpg 110w, https:\/\/finanedi.es\/blog\/contenido\/uploads\/2025\/07\/Como-el-factoring-y-el-descuento-de-pagares-pueden-ser-el-salvavidas-de-tu-flujo-de-caja-750x540.jpg 750w, https:\/\/finanedi.es\/blog\/contenido\/uploads\/2025\/07\/Como-el-factoring-y-el-descuento-de-pagares-pueden-ser-el-salvavidas-de-tu-flujo-de-caja-325x233.jpg 325w\" sizes=\"(max-width: 110px) 100vw, 110px\" \/><\/div><\/a><\/div>\t\t\t\t\t\t<div class=\"details clearfix\">\n\t\t\t\t\t\t\t<h6 class=\"post-title my-0\"><a href=\"https:\/\/finanedi.es\/blog\/como-el-factoring-y-el-descuento-de-pagares-pueden-ser-el-salvavidas-de-tu-flujo-de-caja\/\">C\u00f3mo el factoring y el descuento de pagar\u00e9s pueden ser el salvavidas de tu flujo de caja<\/a><\/h6>\n\t\t\t\t\t\t\t<ul class=\"meta list-inline mt-1 mb-0\">\n\t\t\t\t\t\t\t\t\t\t\t\t\t\t\t<\/ul>\n\t\t\t\t\t\t<\/div>\n\t\t\t\t\t<\/div>\n\n\t\t\t\n\t\t\n\t\t\n\n        \t\t\t\t<\/div>\n\t\t\t\t<\/div>\n\t\t\t\t<\/div>\n\t\t\t\t\t<\/div>\n\t\t\t\t<\/div>\n\t\t<div class=\"elementor-element elementor-element-19baaea e-flex e-con-boxed e-con e-parent\" data-id=\"19baaea\" data-element_type=\"container\">\n\t\t\t\t\t<div class=\"e-con-inner\">\n\t\t\t\t<div class=\"elementor-element elementor-element-5f9cf54 elementor-widget elementor-widget-spacer\" data-id=\"5f9cf54\" data-element_type=\"widget\" data-widget_type=\"spacer.default\">\n\t\t\t\t<div class=\"elementor-widget-container\">\n\t\t\t\t\t\t\t<div class=\"elementor-spacer\">\n\t\t\t<div class=\"elementor-spacer-inner\"><\/div>\n\t\t<\/div>\n\t\t\t\t\t\t<\/div>\n\t\t\t\t<\/div>\n\t\t\t\t\t<\/div>\n\t\t\t\t<\/div>\n\t\t<div class=\"elementor-element elementor-element-2f42cbf e-flex e-con-boxed e-con e-parent\" data-id=\"2f42cbf\" data-element_type=\"container\">\n\t\t\t\t\t<div class=\"e-con-inner\">\n\t\t\t\t<div class=\"elementor-element elementor-element-5de3e35 elementor-widget elementor-widget-spacer\" data-id=\"5de3e35\" data-element_type=\"widget\" data-widget_type=\"spacer.default\">\n\t\t\t\t<div class=\"elementor-widget-container\">\n\t\t\t\t\t\t\t<div class=\"elementor-spacer\">\n\t\t\t<div class=\"elementor-spacer-inner\"><\/div>\n\t\t<\/div>\n\t\t\t\t\t\t<\/div>\n\t\t\t\t<\/div>\n\t\t\t\t\t<\/div>\n\t\t\t\t<\/div>\n\t\t<div class=\"elementor-element elementor-element-4d76993 e-flex e-con-boxed e-con e-parent\" data-id=\"4d76993\" data-element_type=\"container\">\n\t\t\t\t\t<div class=\"e-con-inner\">\n\t\t\t\t<div class=\"elementor-element elementor-element-0ae22ee elementor-widget elementor-widget-katen-section-header\" data-id=\"0ae22ee\" data-element_type=\"widget\" data-widget_type=\"katen-section-header.default\">\n\t\t\t\t<div class=\"elementor-widget-container\">\n\t\t\t\t\t\n\t\t\t<div class=\"section-header\">\n\t\t\t\t<h3 class=\"section-title\">Contabilidad<\/h3>\n\t\t\t\t\t\t\t\t\t<svg width=\"33\" height=\"6\" xmlns=\"http:\/\/www.w3.org\/2000\/svg\">\n\t\t\t\t\t\t<defs>\n\t\t\t\t\t\t\t<linearGradient id=\"gradient\" x1=\"0%\" y1=\"0%\" x2=\"100%\" y2=\"0%\">\n\t\t\t\t\t\t\t\t<stop offset=\"0%\" stop-color=\"#1e78ff\"><\/stop>\n\t\t\t\t\t\t\t\t<stop offset=\"100%\" stop-color=\"#1757b8\"><\/stop>\n\t\t\t\t\t\t\t<\/linearGradient>\n\t\t\t\t\t\t\t<\/defs>\n\t\t\t\t\t\t<path d=\"M33 1c-3.3 0-3.3 4-6.598 4C23.1 5 23.1 1 19.8 1c-3.3 0-3.3 4-6.599 4-3.3 0-3.3-4-6.6-4S3.303 5 0 5\" stroke=\"url(#gradient)\" stroke-width=\"2\" fill=\"none\"><\/path>\n\t\t\t\t\t<\/svg>\n\t\t\t\t\t\t\t\t\t\t\t<\/div>\n\n        \t\t\t\t<\/div>\n\t\t\t\t<\/div>\n\t\t\t\t\t<\/div>\n\t\t\t\t<\/div>\n\t\t<div class=\"elementor-element elementor-element-cb7011e e-flex e-con-boxed e-con e-parent\" data-id=\"cb7011e\" data-element_type=\"container\">\n\t\t\t\t\t<div class=\"e-con-inner\">\n\t\t\t\t<div class=\"elementor-element elementor-element-eab7947 elementor-widget elementor-widget-katen-post-twelve\" data-id=\"eab7947\" data-element_type=\"widget\" data-widget_type=\"katen-post-twelve.default\">\n\t\t\t\t<div class=\"elementor-widget-container\">\n\t\t\t\t\t\t\t<div class=\"row gy-4 infinite-wrapper\">\r\n\r\n\t\t\t\r\n\t\t\t\t<div class=\"col-md-6 col-lg-4 post-item\">\r\n\t\t\t\t\t<div id=\"post-11761\" class=\"post post-grid rounded bordered post-11761 type-post status-publish format-standard has-post-thumbnail hentry category-contabilidad\">\r\n\t\t\t\t\t\t\t\t\t\t\t\t\t<div class=\"thumb top-rounded\">\r\n\t\t\t\t\t\t\t\t<a href=\"https:\/\/finanedi.es\/blog\/category\/contabilidad\/\" class=\"category-badge position-absolute\">Contabilidad<\/a>\t\t\t\t\t\t\t\t<div class=\"inner\">\r\n\t\t\t\t\t\t\t\t\t<a href=\"https:\/\/finanedi.es\/blog\/que-gastos-son-deducibles-para-autonomos-y-empresas\/\"><img loading=\"lazy\" decoding=\"async\" width=\"550\" height=\"367\" src=\"https:\/\/finanedi.es\/blog\/contenido\/uploads\/2025\/10\/Que-gastos-son-deducibles-para-autonomos-y-empresas-550x367.jpg\" class=\"attachment-katen-thumb-grid size-katen-thumb-grid wp-post-image\" alt=\"Qu\u00e9 gastos son deducibles para aut\u00f3nomos y empresas\" srcset=\"https:\/\/finanedi.es\/blog\/contenido\/uploads\/2025\/10\/Que-gastos-son-deducibles-para-autonomos-y-empresas-550x367.jpg 550w, https:\/\/finanedi.es\/blog\/contenido\/uploads\/2025\/10\/Que-gastos-son-deducibles-para-autonomos-y-empresas-300x200.jpg 300w, https:\/\/finanedi.es\/blog\/contenido\/uploads\/2025\/10\/Que-gastos-son-deducibles-para-autonomos-y-empresas-1024x683.jpg 1024w, https:\/\/finanedi.es\/blog\/contenido\/uploads\/2025\/10\/Que-gastos-son-deducibles-para-autonomos-y-empresas-768x512.jpg 768w, https:\/\/finanedi.es\/blog\/contenido\/uploads\/2025\/10\/Que-gastos-son-deducibles-para-autonomos-y-empresas-1536x1025.jpg 1536w, https:\/\/finanedi.es\/blog\/contenido\/uploads\/2025\/10\/Que-gastos-son-deducibles-para-autonomos-y-empresas.jpg 2000w\" sizes=\"(max-width: 550px) 100vw, 550px\" \/><\/a>\t\t\t\t\t\t\t\t<\/div>\r\n\t\t\t\t\t\t\t<\/div>\r\n\t\t\t\t\t\t\t\t\t\t\t\t<div class=\"details\">\r\n\r\n\t\t\t\t\t\t\t<ul class=\"meta list-inline mb-0\">\r\n\t\t\t\t\t\t\t\t\t\t\t\t\t\t\t\t\t<li class=\"list-inline-item\">24 Oct 2025<\/li>\r\n\t\t\t\t\t\t\t\t\t\t\t\t\t\t\t<\/ul>\r\n\r\n\t\t\t\t\t\t\t<h5 class=\"post-title mb-3 mt-3\"><a href=\"https:\/\/finanedi.es\/blog\/que-gastos-son-deducibles-para-autonomos-y-empresas\/\">Qu\u00e9 gastos son deducibles para aut\u00f3nomos y empresas<\/a><\/h5>\r\n\t\t\t\t\t\t\t<p class=\"excerpt mb-0\">\r\n\t\t\t\t\t\t\t\tLlevar la contabilidad al d\u00eda no es solo una cuesti\u00f3n de orden: tambi\u00e9n puede marcar la diferencia entre pagar m\u00e1s&hellip;\t\t\t\t\t\t\t<\/p>\r\n\t\t\t\t\t\t<\/div>\r\n\t\t\t\t\t\t<div class=\"post-bottom clearfix d-flex align-items-center\">\r\n\t\t\t\t\t\t\t\n    <div class=\"social-share me-auto\">\n        <button class=\"toggle-button icon-share\"><\/button>\n        <ul class=\"icons list-unstyled list-inline mb-0\">\n            <li class=\"list-inline-item\"><a href=\"https:\/\/www.facebook.com\/sharer\/sharer.php?u=https:\/\/finanedi.es\/blog\/que-gastos-son-deducibles-para-autonomos-y-empresas\/\" target=\"_blank\"><i class=\"fab fa-facebook-f\"><\/i><\/a><\/li>\n            <li class=\"list-inline-item\"><a href=\"https:\/\/twitter.com\/intent\/tweet?url=https:\/\/finanedi.es\/blog\/que-gastos-son-deducibles-para-autonomos-y-empresas\/&text=Qu\u00e9 gastos son deducibles para aut\u00f3nomos y empresas\" target=\"_blank\"><i class=\"fab fa-twitter\"><\/i><\/a><\/li>\n            <li class=\"list-inline-item\"><a href=\"https:\/\/www.linkedin.com\/shareArticle?mini=true&url=https:\/\/finanedi.es\/blog\/que-gastos-son-deducibles-para-autonomos-y-empresas\/&title=Qu\u00e9 gastos son deducibles para aut\u00f3nomos y empresas\" target=\"_blank\"><i class=\"fab fa-linkedin-in\"><\/i><\/a><\/li>\n            <li class=\"list-inline-item\"><a href=\"https:\/\/pinterest.com\/pin\/create\/button\/?url=https:\/\/finanedi.es\/blog\/que-gastos-son-deducibles-para-autonomos-y-empresas\/&media=&description=Qu\u00e9 gastos son deducibles para aut\u00f3nomos y empresas\" target=\"_blank\"><i class=\"fab fa-pinterest\"><\/i><\/a><\/li>\n            <li class=\"list-inline-item\"><a href=\"https:\/\/t.me\/share\/url?url=https:\/\/finanedi.es\/blog\/que-gastos-son-deducibles-para-autonomos-y-empresas\/&text=Qu\u00e9 gastos son deducibles para aut\u00f3nomos y empresas\" target=\"_blank\"><i class=\"fab fa-telegram-plane\"><\/i><\/a><\/li>\n            <li class=\"list-inline-item\"><a href=\"mailto:info@example.com?&subject=&cc=&bcc=&body=https:\/\/finanedi.es\/blog\/que-gastos-son-deducibles-para-autonomos-y-empresas\/\"><i class=\"far fa-envelope\"><\/i><\/a><\/li>\n        <\/ul>\n    <\/div>\n\n\t\t\t\t\t\t\t\t\t\t\t\t\t\t\t<div class=\"more-button float-end\">\r\n\t\t\t\t\t\t\t\t\t<a href=\"https:\/\/finanedi.es\/blog\/que-gastos-son-deducibles-para-autonomos-y-empresas\/\"><span class=\"icon-options\"><\/span><\/a>\r\n\t\t\t\t\t\t\t\t<\/div>\r\n\t\t\t\t\t\t\t\t\t\t\t\t\t<\/div>\r\n\t\t\t\t\t<\/div>\r\n\t\t\t\t<\/div>\r\n\r\n\t\t\t\r\n\t\t\t\t<div class=\"col-md-6 col-lg-4 post-item\">\r\n\t\t\t\t\t<div id=\"post-11681\" class=\"post post-grid rounded bordered post-11681 type-post status-publish format-standard has-post-thumbnail hentry category-contabilidad\">\r\n\t\t\t\t\t\t\t\t\t\t\t\t\t<div class=\"thumb top-rounded\">\r\n\t\t\t\t\t\t\t\t<a href=\"https:\/\/finanedi.es\/blog\/category\/contabilidad\/\" class=\"category-badge position-absolute\">Contabilidad<\/a>\t\t\t\t\t\t\t\t<div class=\"inner\">\r\n\t\t\t\t\t\t\t\t\t<a href=\"https:\/\/finanedi.es\/blog\/impuesto-de-sociedades-lo-que-toda-pyme-debe-saber-para-optimizar-su-fiscalidad\/\"><img loading=\"lazy\" decoding=\"async\" width=\"550\" height=\"367\" src=\"https:\/\/finanedi.es\/blog\/contenido\/uploads\/2025\/10\/Impuesto-de-Sociedades-lo-que-toda-pyme-debe-saber-para-optimizar-su-fiscalidad-550x367.jpg\" class=\"attachment-katen-thumb-grid size-katen-thumb-grid wp-post-image\" alt=\"Impuesto de Sociedades lo que toda pyme debe saber para optimizar su fiscalidad\" srcset=\"https:\/\/finanedi.es\/blog\/contenido\/uploads\/2025\/10\/Impuesto-de-Sociedades-lo-que-toda-pyme-debe-saber-para-optimizar-su-fiscalidad-550x367.jpg 550w, https:\/\/finanedi.es\/blog\/contenido\/uploads\/2025\/10\/Impuesto-de-Sociedades-lo-que-toda-pyme-debe-saber-para-optimizar-su-fiscalidad-300x200.jpg 300w, https:\/\/finanedi.es\/blog\/contenido\/uploads\/2025\/10\/Impuesto-de-Sociedades-lo-que-toda-pyme-debe-saber-para-optimizar-su-fiscalidad-1024x683.jpg 1024w, https:\/\/finanedi.es\/blog\/contenido\/uploads\/2025\/10\/Impuesto-de-Sociedades-lo-que-toda-pyme-debe-saber-para-optimizar-su-fiscalidad-768x513.jpg 768w, https:\/\/finanedi.es\/blog\/contenido\/uploads\/2025\/10\/Impuesto-de-Sociedades-lo-que-toda-pyme-debe-saber-para-optimizar-su-fiscalidad-1536x1025.jpg 1536w, https:\/\/finanedi.es\/blog\/contenido\/uploads\/2025\/10\/Impuesto-de-Sociedades-lo-que-toda-pyme-debe-saber-para-optimizar-su-fiscalidad.jpg 1801w\" sizes=\"(max-width: 550px) 100vw, 550px\" \/><\/a>\t\t\t\t\t\t\t\t<\/div>\r\n\t\t\t\t\t\t\t<\/div>\r\n\t\t\t\t\t\t\t\t\t\t\t\t<div class=\"details\">\r\n\r\n\t\t\t\t\t\t\t<ul class=\"meta list-inline mb-0\">\r\n\t\t\t\t\t\t\t\t\t\t\t\t\t\t\t\t\t<li class=\"list-inline-item\">07 Oct 2025<\/li>\r\n\t\t\t\t\t\t\t\t\t\t\t\t\t\t\t<\/ul>\r\n\r\n\t\t\t\t\t\t\t<h5 class=\"post-title mb-3 mt-3\"><a href=\"https:\/\/finanedi.es\/blog\/impuesto-de-sociedades-lo-que-toda-pyme-debe-saber-para-optimizar-su-fiscalidad\/\">Impuesto de Sociedades: lo que toda pyme debe saber para optimizar su fiscalidad<\/a><\/h5>\r\n\t\t\t\t\t\t\t<p class=\"excerpt mb-0\">\r\n\t\t\t\t\t\t\t\tCada a\u00f1o, miles de empresas espa\u00f1olas se enfrentan al mismo reto: presentar el Impuesto de Sociedades. Pero este tributo va&hellip;\t\t\t\t\t\t\t<\/p>\r\n\t\t\t\t\t\t<\/div>\r\n\t\t\t\t\t\t<div class=\"post-bottom clearfix d-flex align-items-center\">\r\n\t\t\t\t\t\t\t\n    <div class=\"social-share me-auto\">\n        <button class=\"toggle-button icon-share\"><\/button>\n        <ul class=\"icons list-unstyled list-inline mb-0\">\n            <li class=\"list-inline-item\"><a href=\"https:\/\/www.facebook.com\/sharer\/sharer.php?u=https:\/\/finanedi.es\/blog\/impuesto-de-sociedades-lo-que-toda-pyme-debe-saber-para-optimizar-su-fiscalidad\/\" target=\"_blank\"><i class=\"fab fa-facebook-f\"><\/i><\/a><\/li>\n            <li class=\"list-inline-item\"><a href=\"https:\/\/twitter.com\/intent\/tweet?url=https:\/\/finanedi.es\/blog\/impuesto-de-sociedades-lo-que-toda-pyme-debe-saber-para-optimizar-su-fiscalidad\/&text=Impuesto de Sociedades: lo que toda pyme debe saber para optimizar su fiscalidad\" target=\"_blank\"><i class=\"fab fa-twitter\"><\/i><\/a><\/li>\n            <li class=\"list-inline-item\"><a href=\"https:\/\/www.linkedin.com\/shareArticle?mini=true&url=https:\/\/finanedi.es\/blog\/impuesto-de-sociedades-lo-que-toda-pyme-debe-saber-para-optimizar-su-fiscalidad\/&title=Impuesto de Sociedades: lo que toda pyme debe saber para optimizar su fiscalidad\" target=\"_blank\"><i class=\"fab fa-linkedin-in\"><\/i><\/a><\/li>\n            <li class=\"list-inline-item\"><a href=\"https:\/\/pinterest.com\/pin\/create\/button\/?url=https:\/\/finanedi.es\/blog\/impuesto-de-sociedades-lo-que-toda-pyme-debe-saber-para-optimizar-su-fiscalidad\/&media=&description=Impuesto de Sociedades: lo que toda pyme debe saber para optimizar su fiscalidad\" target=\"_blank\"><i class=\"fab fa-pinterest\"><\/i><\/a><\/li>\n            <li class=\"list-inline-item\"><a href=\"https:\/\/t.me\/share\/url?url=https:\/\/finanedi.es\/blog\/impuesto-de-sociedades-lo-que-toda-pyme-debe-saber-para-optimizar-su-fiscalidad\/&text=Impuesto de Sociedades: lo que toda pyme debe saber para optimizar su fiscalidad\" target=\"_blank\"><i class=\"fab fa-telegram-plane\"><\/i><\/a><\/li>\n            <li class=\"list-inline-item\"><a href=\"mailto:info@example.com?&subject=&cc=&bcc=&body=https:\/\/finanedi.es\/blog\/impuesto-de-sociedades-lo-que-toda-pyme-debe-saber-para-optimizar-su-fiscalidad\/\"><i class=\"far fa-envelope\"><\/i><\/a><\/li>\n        <\/ul>\n    <\/div>\n\n\t\t\t\t\t\t\t\t\t\t\t\t\t\t\t<div class=\"more-button float-end\">\r\n\t\t\t\t\t\t\t\t\t<a href=\"https:\/\/finanedi.es\/blog\/impuesto-de-sociedades-lo-que-toda-pyme-debe-saber-para-optimizar-su-fiscalidad\/\"><span class=\"icon-options\"><\/span><\/a>\r\n\t\t\t\t\t\t\t\t<\/div>\r\n\t\t\t\t\t\t\t\t\t\t\t\t\t<\/div>\r\n\t\t\t\t\t<\/div>\r\n\t\t\t\t<\/div>\r\n\r\n\t\t\t\r\n\t\t\t\t<div class=\"col-md-6 col-lg-4 post-item\">\r\n\t\t\t\t\t<div id=\"post-11503\" class=\"post post-grid rounded bordered post-11503 type-post status-publish format-standard has-post-thumbnail hentry category-contabilidad\">\r\n\t\t\t\t\t\t\t\t\t\t\t\t\t<div class=\"thumb top-rounded\">\r\n\t\t\t\t\t\t\t\t<a href=\"https:\/\/finanedi.es\/blog\/category\/contabilidad\/\" class=\"category-badge position-absolute\">Contabilidad<\/a>\t\t\t\t\t\t\t\t<div class=\"inner\">\r\n\t\t\t\t\t\t\t\t\t<a href=\"https:\/\/finanedi.es\/blog\/que-es-el-codigo-irus-en-el-deposito-de-cuentas-anuales\/\"><img loading=\"lazy\" decoding=\"async\" width=\"550\" height=\"367\" src=\"https:\/\/finanedi.es\/blog\/contenido\/uploads\/2025\/07\/Que-es-el-codigo-IRUS-en-el-deposito-de-cuentas-anuales-550x367.jpg\" class=\"attachment-katen-thumb-grid size-katen-thumb-grid wp-post-image\" alt=\"\u00bfQu\u00e9 es el c\u00f3digo IRUS en el dep\u00f3sito de cuentas anuales\" srcset=\"https:\/\/finanedi.es\/blog\/contenido\/uploads\/2025\/07\/Que-es-el-codigo-IRUS-en-el-deposito-de-cuentas-anuales-550x367.jpg 550w, https:\/\/finanedi.es\/blog\/contenido\/uploads\/2025\/07\/Que-es-el-codigo-IRUS-en-el-deposito-de-cuentas-anuales-300x200.jpg 300w, https:\/\/finanedi.es\/blog\/contenido\/uploads\/2025\/07\/Que-es-el-codigo-IRUS-en-el-deposito-de-cuentas-anuales-1024x682.jpg 1024w, https:\/\/finanedi.es\/blog\/contenido\/uploads\/2025\/07\/Que-es-el-codigo-IRUS-en-el-deposito-de-cuentas-anuales-768x512.jpg 768w, https:\/\/finanedi.es\/blog\/contenido\/uploads\/2025\/07\/Que-es-el-codigo-IRUS-en-el-deposito-de-cuentas-anuales-1536x1024.jpg 1536w, https:\/\/finanedi.es\/blog\/contenido\/uploads\/2025\/07\/Que-es-el-codigo-IRUS-en-el-deposito-de-cuentas-anuales.jpg 2000w\" sizes=\"(max-width: 550px) 100vw, 550px\" \/><\/a>\t\t\t\t\t\t\t\t<\/div>\r\n\t\t\t\t\t\t\t<\/div>\r\n\t\t\t\t\t\t\t\t\t\t\t\t<div class=\"details\">\r\n\r\n\t\t\t\t\t\t\t<ul class=\"meta list-inline mb-0\">\r\n\t\t\t\t\t\t\t\t\t\t\t\t\t\t\t\t\t<li class=\"list-inline-item\">31 Jul 2025<\/li>\r\n\t\t\t\t\t\t\t\t\t\t\t\t\t\t\t<\/ul>\r\n\r\n\t\t\t\t\t\t\t<h5 class=\"post-title mb-3 mt-3\"><a href=\"https:\/\/finanedi.es\/blog\/que-es-el-codigo-irus-en-el-deposito-de-cuentas-anuales\/\">\u00bfQu\u00e9 es el c\u00f3digo IRUS en el dep\u00f3sito de cuentas anuales?<\/a><\/h5>\r\n\t\t\t\t\t\t\t<p class=\"excerpt mb-0\">\r\n\t\t\t\t\t\t\t\tCuando una empresa presenta sus cuentas anuales en el Registro Mercantil, es com\u00fan encontrarse con t\u00e9rminos t\u00e9cnicos que pueden generar&hellip;\t\t\t\t\t\t\t<\/p>\r\n\t\t\t\t\t\t<\/div>\r\n\t\t\t\t\t\t<div class=\"post-bottom clearfix d-flex align-items-center\">\r\n\t\t\t\t\t\t\t\n    <div class=\"social-share me-auto\">\n        <button class=\"toggle-button icon-share\"><\/button>\n        <ul class=\"icons list-unstyled list-inline mb-0\">\n            <li class=\"list-inline-item\"><a href=\"https:\/\/www.facebook.com\/sharer\/sharer.php?u=https:\/\/finanedi.es\/blog\/que-es-el-codigo-irus-en-el-deposito-de-cuentas-anuales\/\" target=\"_blank\"><i class=\"fab fa-facebook-f\"><\/i><\/a><\/li>\n            <li class=\"list-inline-item\"><a href=\"https:\/\/twitter.com\/intent\/tweet?url=https:\/\/finanedi.es\/blog\/que-es-el-codigo-irus-en-el-deposito-de-cuentas-anuales\/&text=\u00bfQu\u00e9 es el c\u00f3digo IRUS en el dep\u00f3sito de cuentas anuales?\" target=\"_blank\"><i class=\"fab fa-twitter\"><\/i><\/a><\/li>\n            <li class=\"list-inline-item\"><a href=\"https:\/\/www.linkedin.com\/shareArticle?mini=true&url=https:\/\/finanedi.es\/blog\/que-es-el-codigo-irus-en-el-deposito-de-cuentas-anuales\/&title=\u00bfQu\u00e9 es el c\u00f3digo IRUS en el dep\u00f3sito de cuentas anuales?\" target=\"_blank\"><i class=\"fab fa-linkedin-in\"><\/i><\/a><\/li>\n            <li class=\"list-inline-item\"><a href=\"https:\/\/pinterest.com\/pin\/create\/button\/?url=https:\/\/finanedi.es\/blog\/que-es-el-codigo-irus-en-el-deposito-de-cuentas-anuales\/&media=&description=\u00bfQu\u00e9 es el c\u00f3digo IRUS en el dep\u00f3sito de cuentas anuales?\" target=\"_blank\"><i class=\"fab fa-pinterest\"><\/i><\/a><\/li>\n            <li class=\"list-inline-item\"><a href=\"https:\/\/t.me\/share\/url?url=https:\/\/finanedi.es\/blog\/que-es-el-codigo-irus-en-el-deposito-de-cuentas-anuales\/&text=\u00bfQu\u00e9 es el c\u00f3digo IRUS en el dep\u00f3sito de cuentas anuales?\" target=\"_blank\"><i class=\"fab fa-telegram-plane\"><\/i><\/a><\/li>\n            <li class=\"list-inline-item\"><a href=\"mailto:info@example.com?&subject=&cc=&bcc=&body=https:\/\/finanedi.es\/blog\/que-es-el-codigo-irus-en-el-deposito-de-cuentas-anuales\/\"><i class=\"far fa-envelope\"><\/i><\/a><\/li>\n        <\/ul>\n    <\/div>\n\n\t\t\t\t\t\t\t\t\t\t\t\t\t\t\t<div class=\"more-button float-end\">\r\n\t\t\t\t\t\t\t\t\t<a href=\"https:\/\/finanedi.es\/blog\/que-es-el-codigo-irus-en-el-deposito-de-cuentas-anuales\/\"><span class=\"icon-options\"><\/span><\/a>\r\n\t\t\t\t\t\t\t\t<\/div>\r\n\t\t\t\t\t\t\t\t\t\t\t\t\t<\/div>\r\n\t\t\t\t\t<\/div>\r\n\t\t\t\t<\/div>\r\n\r\n\t\t\t\r\n\t\t\t\t<div class=\"col-md-6 col-lg-4 post-item\">\r\n\t\t\t\t\t<div id=\"post-11451\" class=\"post post-grid rounded bordered post-11451 type-post status-publish format-standard has-post-thumbnail hentry category-contabilidad\">\r\n\t\t\t\t\t\t\t\t\t\t\t\t\t<div class=\"thumb top-rounded\">\r\n\t\t\t\t\t\t\t\t<a href=\"https:\/\/finanedi.es\/blog\/category\/contabilidad\/\" class=\"category-badge position-absolute\">Contabilidad<\/a>\t\t\t\t\t\t\t\t<div class=\"inner\">\r\n\t\t\t\t\t\t\t\t\t<a href=\"https:\/\/finanedi.es\/blog\/errores-contables-frecuentes-al-usar-excel-como-programa-de-facturacion\/\"><img loading=\"lazy\" decoding=\"async\" width=\"550\" height=\"367\" src=\"https:\/\/finanedi.es\/blog\/contenido\/uploads\/2025\/07\/Errores-contables-frecuentes-al-usar-Excel-como-programa-de-facturacion-550x367.jpg\" class=\"attachment-katen-thumb-grid size-katen-thumb-grid wp-post-image\" alt=\"Errores contables frecuentes al usar Excel como programa de facturaci\u00f3n\" srcset=\"https:\/\/finanedi.es\/blog\/contenido\/uploads\/2025\/07\/Errores-contables-frecuentes-al-usar-Excel-como-programa-de-facturacion-550x367.jpg 550w, https:\/\/finanedi.es\/blog\/contenido\/uploads\/2025\/07\/Errores-contables-frecuentes-al-usar-Excel-como-programa-de-facturacion-300x200.jpg 300w, https:\/\/finanedi.es\/blog\/contenido\/uploads\/2025\/07\/Errores-contables-frecuentes-al-usar-Excel-como-programa-de-facturacion-1024x684.jpg 1024w, https:\/\/finanedi.es\/blog\/contenido\/uploads\/2025\/07\/Errores-contables-frecuentes-al-usar-Excel-como-programa-de-facturacion-768x513.jpg 768w, https:\/\/finanedi.es\/blog\/contenido\/uploads\/2025\/07\/Errores-contables-frecuentes-al-usar-Excel-como-programa-de-facturacion-1536x1025.jpg 1536w, https:\/\/finanedi.es\/blog\/contenido\/uploads\/2025\/07\/Errores-contables-frecuentes-al-usar-Excel-como-programa-de-facturacion.jpg 2000w\" sizes=\"(max-width: 550px) 100vw, 550px\" \/><\/a>\t\t\t\t\t\t\t\t<\/div>\r\n\t\t\t\t\t\t\t<\/div>\r\n\t\t\t\t\t\t\t\t\t\t\t\t<div class=\"details\">\r\n\r\n\t\t\t\t\t\t\t<ul class=\"meta list-inline mb-0\">\r\n\t\t\t\t\t\t\t\t\t\t\t\t\t\t\t\t\t<li class=\"list-inline-item\">23 Jul 2025<\/li>\r\n\t\t\t\t\t\t\t\t\t\t\t\t\t\t\t<\/ul>\r\n\r\n\t\t\t\t\t\t\t<h5 class=\"post-title mb-3 mt-3\"><a href=\"https:\/\/finanedi.es\/blog\/errores-contables-frecuentes-al-usar-excel-como-programa-de-facturacion\/\">Errores contables frecuentes al usar Excel como programa de facturaci\u00f3n<\/a><\/h5>\r\n\t\t\t\t\t\t\t<p class=\"excerpt mb-0\">\r\n\t\t\t\t\t\t\t\tExcel es, sin duda, una de las herramientas m\u00e1s utilizadas por aut\u00f3nomos y peque\u00f1as empresas para llevar sus cuentas y&hellip;\t\t\t\t\t\t\t<\/p>\r\n\t\t\t\t\t\t<\/div>\r\n\t\t\t\t\t\t<div class=\"post-bottom clearfix d-flex align-items-center\">\r\n\t\t\t\t\t\t\t\n    <div class=\"social-share me-auto\">\n        <button class=\"toggle-button icon-share\"><\/button>\n        <ul class=\"icons list-unstyled list-inline mb-0\">\n            <li class=\"list-inline-item\"><a href=\"https:\/\/www.facebook.com\/sharer\/sharer.php?u=https:\/\/finanedi.es\/blog\/errores-contables-frecuentes-al-usar-excel-como-programa-de-facturacion\/\" target=\"_blank\"><i class=\"fab fa-facebook-f\"><\/i><\/a><\/li>\n            <li class=\"list-inline-item\"><a href=\"https:\/\/twitter.com\/intent\/tweet?url=https:\/\/finanedi.es\/blog\/errores-contables-frecuentes-al-usar-excel-como-programa-de-facturacion\/&text=Errores contables frecuentes al usar Excel como programa de facturaci\u00f3n\" target=\"_blank\"><i class=\"fab fa-twitter\"><\/i><\/a><\/li>\n            <li class=\"list-inline-item\"><a href=\"https:\/\/www.linkedin.com\/shareArticle?mini=true&url=https:\/\/finanedi.es\/blog\/errores-contables-frecuentes-al-usar-excel-como-programa-de-facturacion\/&title=Errores contables frecuentes al usar Excel como programa de facturaci\u00f3n\" target=\"_blank\"><i class=\"fab fa-linkedin-in\"><\/i><\/a><\/li>\n            <li class=\"list-inline-item\"><a href=\"https:\/\/pinterest.com\/pin\/create\/button\/?url=https:\/\/finanedi.es\/blog\/errores-contables-frecuentes-al-usar-excel-como-programa-de-facturacion\/&media=&description=Errores contables frecuentes al usar Excel como programa de facturaci\u00f3n\" target=\"_blank\"><i class=\"fab fa-pinterest\"><\/i><\/a><\/li>\n            <li class=\"list-inline-item\"><a href=\"https:\/\/t.me\/share\/url?url=https:\/\/finanedi.es\/blog\/errores-contables-frecuentes-al-usar-excel-como-programa-de-facturacion\/&text=Errores contables frecuentes al usar Excel como programa de facturaci\u00f3n\" target=\"_blank\"><i class=\"fab fa-telegram-plane\"><\/i><\/a><\/li>\n            <li class=\"list-inline-item\"><a href=\"mailto:info@example.com?&subject=&cc=&bcc=&body=https:\/\/finanedi.es\/blog\/errores-contables-frecuentes-al-usar-excel-como-programa-de-facturacion\/\"><i class=\"far fa-envelope\"><\/i><\/a><\/li>\n        <\/ul>\n    <\/div>\n\n\t\t\t\t\t\t\t\t\t\t\t\t\t\t\t<div class=\"more-button float-end\">\r\n\t\t\t\t\t\t\t\t\t<a href=\"https:\/\/finanedi.es\/blog\/errores-contables-frecuentes-al-usar-excel-como-programa-de-facturacion\/\"><span class=\"icon-options\"><\/span><\/a>\r\n\t\t\t\t\t\t\t\t<\/div>\r\n\t\t\t\t\t\t\t\t\t\t\t\t\t<\/div>\r\n\t\t\t\t\t<\/div>\r\n\t\t\t\t<\/div>\r\n\r\n\t\t\t\r\n\t\t\t\t<div class=\"col-md-6 col-lg-4 post-item\">\r\n\t\t\t\t\t<div id=\"post-11348\" class=\"post post-grid rounded bordered post-11348 type-post status-publish format-standard has-post-thumbnail hentry category-contabilidad category-facturacion\">\r\n\t\t\t\t\t\t\t\t\t\t\t\t\t<div class=\"thumb top-rounded\">\r\n\t\t\t\t\t\t\t\t<a href=\"https:\/\/finanedi.es\/blog\/category\/contabilidad\/\" class=\"category-badge position-absolute\">Contabilidad<\/a>\t\t\t\t\t\t\t\t<div class=\"inner\">\r\n\t\t\t\t\t\t\t\t\t<a href=\"https:\/\/finanedi.es\/blog\/finanedi-el-programa-que-revoluciona-la-facturacion-contabilidad-y-financiacion-para-pymes-y-autonomos\/\"><img loading=\"lazy\" decoding=\"async\" width=\"550\" height=\"367\" src=\"https:\/\/finanedi.es\/blog\/contenido\/uploads\/2025\/07\/FinanEDI-Revoluciona-la-facturacion-y-contabilidad-de-tu-negocio-550x367.jpg\" class=\"attachment-katen-thumb-grid size-katen-thumb-grid wp-post-image\" alt=\"FinanEDI - Revoluciona la facturaci\u00f3n y contabilidad de tu negocio\" \/><\/a>\t\t\t\t\t\t\t\t<\/div>\r\n\t\t\t\t\t\t\t<\/div>\r\n\t\t\t\t\t\t\t\t\t\t\t\t<div class=\"details\">\r\n\r\n\t\t\t\t\t\t\t<ul class=\"meta list-inline mb-0\">\r\n\t\t\t\t\t\t\t\t\t\t\t\t\t\t\t\t\t<li class=\"list-inline-item\">08 Jul 2025<\/li>\r\n\t\t\t\t\t\t\t\t\t\t\t\t\t\t\t<\/ul>\r\n\r\n\t\t\t\t\t\t\t<h5 class=\"post-title mb-3 mt-3\"><a href=\"https:\/\/finanedi.es\/blog\/finanedi-el-programa-que-revoluciona-la-facturacion-contabilidad-y-financiacion-para-pymes-y-autonomos\/\">FinanEDI: el programa gratuito que revoluciona la facturaci\u00f3n, contabilidad y financiaci\u00f3n para pymes y aut\u00f3nomos<\/a><\/h5>\r\n\t\t\t\t\t\t\t<p class=\"excerpt mb-0\">\r\n\t\t\t\t\t\t\t\tEn un entorno cada vez m\u00e1s digitalizado y regulado, las peque\u00f1as empresas y los aut\u00f3nomos se enfrentan al reto de&hellip;\t\t\t\t\t\t\t<\/p>\r\n\t\t\t\t\t\t<\/div>\r\n\t\t\t\t\t\t<div class=\"post-bottom clearfix d-flex align-items-center\">\r\n\t\t\t\t\t\t\t\n    <div class=\"social-share me-auto\">\n        <button class=\"toggle-button icon-share\"><\/button>\n        <ul class=\"icons list-unstyled list-inline mb-0\">\n            <li class=\"list-inline-item\"><a href=\"https:\/\/www.facebook.com\/sharer\/sharer.php?u=https:\/\/finanedi.es\/blog\/finanedi-el-programa-que-revoluciona-la-facturacion-contabilidad-y-financiacion-para-pymes-y-autonomos\/\" target=\"_blank\"><i class=\"fab fa-facebook-f\"><\/i><\/a><\/li>\n            <li class=\"list-inline-item\"><a href=\"https:\/\/twitter.com\/intent\/tweet?url=https:\/\/finanedi.es\/blog\/finanedi-el-programa-que-revoluciona-la-facturacion-contabilidad-y-financiacion-para-pymes-y-autonomos\/&text=FinanEDI: el programa gratuito que revoluciona la facturaci\u00f3n, contabilidad y financiaci\u00f3n para pymes y aut\u00f3nomos\" target=\"_blank\"><i class=\"fab fa-twitter\"><\/i><\/a><\/li>\n            <li class=\"list-inline-item\"><a href=\"https:\/\/www.linkedin.com\/shareArticle?mini=true&url=https:\/\/finanedi.es\/blog\/finanedi-el-programa-que-revoluciona-la-facturacion-contabilidad-y-financiacion-para-pymes-y-autonomos\/&title=FinanEDI: el programa gratuito que revoluciona la facturaci\u00f3n, contabilidad y financiaci\u00f3n para pymes y aut\u00f3nomos\" target=\"_blank\"><i class=\"fab fa-linkedin-in\"><\/i><\/a><\/li>\n            <li class=\"list-inline-item\"><a href=\"https:\/\/pinterest.com\/pin\/create\/button\/?url=https:\/\/finanedi.es\/blog\/finanedi-el-programa-que-revoluciona-la-facturacion-contabilidad-y-financiacion-para-pymes-y-autonomos\/&media=&description=FinanEDI: el programa gratuito que revoluciona la facturaci\u00f3n, contabilidad y financiaci\u00f3n para pymes y aut\u00f3nomos\" target=\"_blank\"><i class=\"fab fa-pinterest\"><\/i><\/a><\/li>\n            <li class=\"list-inline-item\"><a href=\"https:\/\/t.me\/share\/url?url=https:\/\/finanedi.es\/blog\/finanedi-el-programa-que-revoluciona-la-facturacion-contabilidad-y-financiacion-para-pymes-y-autonomos\/&text=FinanEDI: el programa gratuito que revoluciona la facturaci\u00f3n, contabilidad y financiaci\u00f3n para pymes y aut\u00f3nomos\" target=\"_blank\"><i class=\"fab fa-telegram-plane\"><\/i><\/a><\/li>\n            <li class=\"list-inline-item\"><a href=\"mailto:info@example.com?&subject=&cc=&bcc=&body=https:\/\/finanedi.es\/blog\/finanedi-el-programa-que-revoluciona-la-facturacion-contabilidad-y-financiacion-para-pymes-y-autonomos\/\"><i class=\"far fa-envelope\"><\/i><\/a><\/li>\n        <\/ul>\n    <\/div>\n\n\t\t\t\t\t\t\t\t\t\t\t\t\t\t\t<div class=\"more-button float-end\">\r\n\t\t\t\t\t\t\t\t\t<a href=\"https:\/\/finanedi.es\/blog\/finanedi-el-programa-que-revoluciona-la-facturacion-contabilidad-y-financiacion-para-pymes-y-autonomos\/\"><span class=\"icon-options\"><\/span><\/a>\r\n\t\t\t\t\t\t\t\t<\/div>\r\n\t\t\t\t\t\t\t\t\t\t\t\t\t<\/div>\r\n\t\t\t\t\t<\/div>\r\n\t\t\t\t<\/div>\r\n\r\n\t\t\t\r\n\t\t\t\t<div class=\"col-md-6 col-lg-4 post-item\">\r\n\t\t\t\t\t<div id=\"post-11315\" class=\"post post-grid rounded bordered post-11315 type-post status-publish format-standard has-post-thumbnail hentry category-contabilidad\">\r\n\t\t\t\t\t\t\t\t\t\t\t\t\t<div class=\"thumb top-rounded\">\r\n\t\t\t\t\t\t\t\t<a href=\"https:\/\/finanedi.es\/blog\/category\/contabilidad\/\" class=\"category-badge position-absolute\">Contabilidad<\/a>\t\t\t\t\t\t\t\t<div class=\"inner\">\r\n\t\t\t\t\t\t\t\t\t<a href=\"https:\/\/finanedi.es\/blog\/nif-desglosando-los-numeros-de-identificacion-fiscal-en-espana-y-sus-tipos\/\"><img loading=\"lazy\" decoding=\"async\" width=\"550\" height=\"367\" src=\"https:\/\/finanedi.es\/blog\/contenido\/uploads\/2025\/07\/NIF-Desglosando-los-Numeros-de-Identificacion-Fiscal-en-Espana-550x367.jpg\" class=\"attachment-katen-thumb-grid size-katen-thumb-grid wp-post-image\" alt=\"NIF Desglosando los N\u00fameros de Identificaci\u00f3n Fiscal en Espa\u00f1a\" srcset=\"https:\/\/finanedi.es\/blog\/contenido\/uploads\/2025\/07\/NIF-Desglosando-los-Numeros-de-Identificacion-Fiscal-en-Espana-550x367.jpg 550w, https:\/\/finanedi.es\/blog\/contenido\/uploads\/2025\/07\/NIF-Desglosando-los-Numeros-de-Identificacion-Fiscal-en-Espana-300x200.jpg 300w, https:\/\/finanedi.es\/blog\/contenido\/uploads\/2025\/07\/NIF-Desglosando-los-Numeros-de-Identificacion-Fiscal-en-Espana-1024x682.jpg 1024w, https:\/\/finanedi.es\/blog\/contenido\/uploads\/2025\/07\/NIF-Desglosando-los-Numeros-de-Identificacion-Fiscal-en-Espana-768x512.jpg 768w, https:\/\/finanedi.es\/blog\/contenido\/uploads\/2025\/07\/NIF-Desglosando-los-Numeros-de-Identificacion-Fiscal-en-Espana-1536x1024.jpg 1536w, https:\/\/finanedi.es\/blog\/contenido\/uploads\/2025\/07\/NIF-Desglosando-los-Numeros-de-Identificacion-Fiscal-en-Espana.jpg 2000w\" sizes=\"(max-width: 550px) 100vw, 550px\" \/><\/a>\t\t\t\t\t\t\t\t<\/div>\r\n\t\t\t\t\t\t\t<\/div>\r\n\t\t\t\t\t\t\t\t\t\t\t\t<div class=\"details\">\r\n\r\n\t\t\t\t\t\t\t<ul class=\"meta list-inline mb-0\">\r\n\t\t\t\t\t\t\t\t\t\t\t\t\t\t\t\t\t<li class=\"list-inline-item\">03 Jul 2025<\/li>\r\n\t\t\t\t\t\t\t\t\t\t\t\t\t\t\t<\/ul>\r\n\r\n\t\t\t\t\t\t\t<h5 class=\"post-title mb-3 mt-3\"><a href=\"https:\/\/finanedi.es\/blog\/nif-desglosando-los-numeros-de-identificacion-fiscal-en-espana-y-sus-tipos\/\">NIF: Desglosando los n\u00fameros de identificaci\u00f3n fiscal en Espa\u00f1a y sus tipos<\/a><\/h5>\r\n\t\t\t\t\t\t\t<p class=\"excerpt mb-0\">\r\n\t\t\t\t\t\t\t\tEl N\u00famero de Identificaci\u00f3n Fiscal (NIF) es, sin duda, uno de los datos m\u00e1s importantes y recurrentes en cualquier tr\u00e1mite&hellip;\t\t\t\t\t\t\t<\/p>\r\n\t\t\t\t\t\t<\/div>\r\n\t\t\t\t\t\t<div class=\"post-bottom clearfix d-flex align-items-center\">\r\n\t\t\t\t\t\t\t\n    <div class=\"social-share me-auto\">\n        <button class=\"toggle-button icon-share\"><\/button>\n        <ul class=\"icons list-unstyled list-inline mb-0\">\n            <li class=\"list-inline-item\"><a href=\"https:\/\/www.facebook.com\/sharer\/sharer.php?u=https:\/\/finanedi.es\/blog\/nif-desglosando-los-numeros-de-identificacion-fiscal-en-espana-y-sus-tipos\/\" target=\"_blank\"><i class=\"fab fa-facebook-f\"><\/i><\/a><\/li>\n            <li class=\"list-inline-item\"><a href=\"https:\/\/twitter.com\/intent\/tweet?url=https:\/\/finanedi.es\/blog\/nif-desglosando-los-numeros-de-identificacion-fiscal-en-espana-y-sus-tipos\/&text=NIF: Desglosando los n\u00fameros de identificaci\u00f3n fiscal en Espa\u00f1a y sus tipos\" target=\"_blank\"><i class=\"fab fa-twitter\"><\/i><\/a><\/li>\n            <li class=\"list-inline-item\"><a href=\"https:\/\/www.linkedin.com\/shareArticle?mini=true&url=https:\/\/finanedi.es\/blog\/nif-desglosando-los-numeros-de-identificacion-fiscal-en-espana-y-sus-tipos\/&title=NIF: Desglosando los n\u00fameros de identificaci\u00f3n fiscal en Espa\u00f1a y sus tipos\" target=\"_blank\"><i class=\"fab fa-linkedin-in\"><\/i><\/a><\/li>\n            <li class=\"list-inline-item\"><a href=\"https:\/\/pinterest.com\/pin\/create\/button\/?url=https:\/\/finanedi.es\/blog\/nif-desglosando-los-numeros-de-identificacion-fiscal-en-espana-y-sus-tipos\/&media=&description=NIF: Desglosando los n\u00fameros de identificaci\u00f3n fiscal en Espa\u00f1a y sus tipos\" target=\"_blank\"><i class=\"fab fa-pinterest\"><\/i><\/a><\/li>\n            <li class=\"list-inline-item\"><a href=\"https:\/\/t.me\/share\/url?url=https:\/\/finanedi.es\/blog\/nif-desglosando-los-numeros-de-identificacion-fiscal-en-espana-y-sus-tipos\/&text=NIF: Desglosando los n\u00fameros de identificaci\u00f3n fiscal en Espa\u00f1a y sus tipos\" target=\"_blank\"><i class=\"fab fa-telegram-plane\"><\/i><\/a><\/li>\n            <li class=\"list-inline-item\"><a href=\"mailto:info@example.com?&subject=&cc=&bcc=&body=https:\/\/finanedi.es\/blog\/nif-desglosando-los-numeros-de-identificacion-fiscal-en-espana-y-sus-tipos\/\"><i class=\"far fa-envelope\"><\/i><\/a><\/li>\n        <\/ul>\n    <\/div>\n\n\t\t\t\t\t\t\t\t\t\t\t\t\t\t\t<div class=\"more-button float-end\">\r\n\t\t\t\t\t\t\t\t\t<a href=\"https:\/\/finanedi.es\/blog\/nif-desglosando-los-numeros-de-identificacion-fiscal-en-espana-y-sus-tipos\/\"><span class=\"icon-options\"><\/span><\/a>\r\n\t\t\t\t\t\t\t\t<\/div>\r\n\t\t\t\t\t\t\t\t\t\t\t\t\t<\/div>\r\n\t\t\t\t\t<\/div>\r\n\t\t\t\t<\/div>\r\n\r\n\t\t\t\r\n\t\t<\/div>\r\n\r\n\t\t\r\n\t\t\r\n        \t\t\t\t<\/div>\n\t\t\t\t<\/div>\n\t\t\t\t\t<\/div>\n\t\t\t\t<\/div>\n\t\t<div class=\"elementor-element elementor-element-967e76c e-flex e-con-boxed e-con e-parent\" data-id=\"967e76c\" data-element_type=\"container\">\n\t\t\t\t\t<div class=\"e-con-inner\">\n\t\t\t\t<div class=\"elementor-element elementor-element-2c032c9 elementor-widget elementor-widget-spacer\" data-id=\"2c032c9\" data-element_type=\"widget\" data-widget_type=\"spacer.default\">\n\t\t\t\t<div class=\"elementor-widget-container\">\n\t\t\t\t\t\t\t<div class=\"elementor-spacer\">\n\t\t\t<div class=\"elementor-spacer-inner\"><\/div>\n\t\t<\/div>\n\t\t\t\t\t\t<\/div>\n\t\t\t\t<\/div>\n\t\t\t\t\t<\/div>\n\t\t\t\t<\/div>\n\t\t<div class=\"elementor-element elementor-element-15ccf3a e-flex e-con-boxed e-con e-parent\" data-id=\"15ccf3a\" data-element_type=\"container\">\n\t\t\t\t\t<div class=\"e-con-inner\">\n\t\t<div class=\"elementor-element elementor-element-69bb67e e-con-full e-flex e-con e-child\" data-id=\"69bb67e\" data-element_type=\"container\">\n\t\t<div class=\"elementor-element elementor-element-2eb1cea e-con-full e-flex e-con e-child\" data-id=\"2eb1cea\" data-element_type=\"container\">\n\t\t<div class=\"elementor-element elementor-element-d727852 e-con-full e-flex e-con e-child\" data-id=\"d727852\" data-element_type=\"container\">\n\t\t\t\t<div class=\"elementor-element elementor-element-e7d5323 elementor-widget elementor-widget-heading\" data-id=\"e7d5323\" data-element_type=\"widget\" data-widget_type=\"heading.default\">\n\t\t\t\t<div class=\"elementor-widget-container\">\n\t\t\t\t\t<h4 class=\"elementor-heading-title elementor-size-default\">Modelos tributarios<\/h4>\t\t\t\t<\/div>\n\t\t\t\t<\/div>\n\t\t\t\t<\/div>\n\t\t<div class=\"elementor-element elementor-element-670f54a e-con-full e-flex e-con e-child\" data-id=\"670f54a\" data-element_type=\"container\">\n\t\t\t\t<div class=\"elementor-element elementor-element-165b8b2 elementor-widget elementor-widget-button\" data-id=\"165b8b2\" data-element_type=\"widget\" data-widget_type=\"button.default\">\n\t\t\t\t<div class=\"elementor-widget-container\">\n\t\t\t\t\t\t\t\t\t<div class=\"elementor-button-wrapper\">\n\t\t\t\t\t<a class=\"elementor-button elementor-button-link elementor-size-sm\" href=\"https:\/\/finanedi.es\/blog\/declaraciones-modelo\/\">\n\t\t\t\t\t\t<span class=\"elementor-button-content-wrapper\">\n\t\t\t\t\t\t<span class=\"elementor-button-icon\">\n\t\t\t\t<svg aria-hidden=\"true\" class=\"e-font-icon-svg e-fas-chevron-right\" viewBox=\"0 0 320 512\" xmlns=\"http:\/\/www.w3.org\/2000\/svg\"><path d=\"M285.476 272.971L91.132 467.314c-9.373 9.373-24.569 9.373-33.941 0l-22.667-22.667c-9.357-9.357-9.375-24.522-.04-33.901L188.505 256 34.484 101.255c-9.335-9.379-9.317-24.544.04-33.901l22.667-22.667c9.373-9.373 24.569-9.373 33.941 0L285.475 239.03c9.373 9.372 9.373 24.568.001 33.941z\"><\/path><\/svg>\t\t\t<\/span>\n\t\t\t\t\t\t\t\t\t<span class=\"elementor-button-text\">M\u00e1s art\u00edculos<\/span>\n\t\t\t\t\t<\/span>\n\t\t\t\t\t<\/a>\n\t\t\t\t<\/div>\n\t\t\t\t\t\t\t\t<\/div>\n\t\t\t\t<\/div>\n\t\t\t\t<\/div>\n\t\t\t\t<\/div>\n\t\t<div class=\"elementor-element elementor-element-ea248b3 e-con-full e-flex e-con e-child\" data-id=\"ea248b3\" data-element_type=\"container\">\n\t\t<div class=\"elementor-element elementor-element-7267e91 e-con-full e-flex e-con e-child\" data-id=\"7267e91\" data-element_type=\"container\">\n\t\t\t\t<div class=\"elementor-element elementor-element-7503add e-transform elementor-position-top elementor-widget elementor-widget-image-box\" data-id=\"7503add\" data-element_type=\"widget\" data-settings=\"{&quot;_transform_scale_effect_hover&quot;:{&quot;unit&quot;:&quot;px&quot;,&quot;size&quot;:1.1,&quot;sizes&quot;:[]},&quot;_transform_scale_effect_hover_tablet&quot;:{&quot;unit&quot;:&quot;px&quot;,&quot;size&quot;:&quot;&quot;,&quot;sizes&quot;:[]},&quot;_transform_scale_effect_hover_mobile&quot;:{&quot;unit&quot;:&quot;px&quot;,&quot;size&quot;:&quot;&quot;,&quot;sizes&quot;:[]}}\" data-widget_type=\"image-box.default\">\n\t\t\t\t<div class=\"elementor-widget-container\">\n\t\t\t\t\t<div class=\"elementor-image-box-wrapper\"><figure class=\"elementor-image-box-img\"><a href=\"https:\/\/finanedi.es\/blog\/modelo-115-todo-lo-que-necesitas-saber\/\" tabindex=\"-1\"><img loading=\"lazy\" decoding=\"async\" width=\"1580\" height=\"960\" src=\"https:\/\/finanedi.es\/blog\/contenido\/uploads\/2024\/10\/Modelo-115.jpg\" class=\"attachment-full size-full wp-image-5871\" alt=\"Modelo 115 - IRPF - Modelo tributario\" srcset=\"https:\/\/finanedi.es\/blog\/contenido\/uploads\/2024\/10\/Modelo-115.jpg 1580w, https:\/\/finanedi.es\/blog\/contenido\/uploads\/2024\/10\/Modelo-115-300x182.jpg 300w, https:\/\/finanedi.es\/blog\/contenido\/uploads\/2024\/10\/Modelo-115-1024x622.jpg 1024w, https:\/\/finanedi.es\/blog\/contenido\/uploads\/2024\/10\/Modelo-115-768x467.jpg 768w, https:\/\/finanedi.es\/blog\/contenido\/uploads\/2024\/10\/Modelo-115-1536x933.jpg 1536w\" sizes=\"(max-width: 1580px) 100vw, 1580px\" \/><\/a><\/figure><div class=\"elementor-image-box-content\"><h3 class=\"elementor-image-box-title\"><a href=\"https:\/\/finanedi.es\/blog\/modelo-115-todo-lo-que-necesitas-saber\/\">Modelo 115 IRPF<\/a><\/h3><p class=\"elementor-image-box-description\">Declaraci\u00f3n trimestral de retenciones sobre alquileres y rendimientos del trabajo.<\/p><\/div><\/div>\t\t\t\t<\/div>\n\t\t\t\t<\/div>\n\t\t\t\t<\/div>\n\t\t<div class=\"elementor-element elementor-element-33967c6 e-con-full e-flex e-con e-child\" data-id=\"33967c6\" data-element_type=\"container\">\n\t\t\t\t<div class=\"elementor-element elementor-element-333178e e-transform elementor-position-top elementor-widget elementor-widget-image-box\" data-id=\"333178e\" data-element_type=\"widget\" data-settings=\"{&quot;_transform_scale_effect_hover&quot;:{&quot;unit&quot;:&quot;px&quot;,&quot;size&quot;:1.1,&quot;sizes&quot;:[]},&quot;_transform_scale_effect_hover_tablet&quot;:{&quot;unit&quot;:&quot;px&quot;,&quot;size&quot;:&quot;&quot;,&quot;sizes&quot;:[]},&quot;_transform_scale_effect_hover_mobile&quot;:{&quot;unit&quot;:&quot;px&quot;,&quot;size&quot;:&quot;&quot;,&quot;sizes&quot;:[]}}\" data-widget_type=\"image-box.default\">\n\t\t\t\t<div class=\"elementor-widget-container\">\n\t\t\t\t\t<div class=\"elementor-image-box-wrapper\"><figure class=\"elementor-image-box-img\"><a href=\"https:\/\/finanedi.es\/blog\/modelo-303-del-iva-que-es-pymes-autonomos\/\" tabindex=\"-1\"><img loading=\"lazy\" decoding=\"async\" width=\"1580\" height=\"960\" src=\"https:\/\/finanedi.es\/blog\/contenido\/uploads\/2024\/10\/Modelo-303.jpg\" class=\"attachment-full size-full wp-image-5870\" alt=\"Modelo 303 - IVA - Modelo tributario\" srcset=\"https:\/\/finanedi.es\/blog\/contenido\/uploads\/2024\/10\/Modelo-303.jpg 1580w, https:\/\/finanedi.es\/blog\/contenido\/uploads\/2024\/10\/Modelo-303-300x182.jpg 300w, https:\/\/finanedi.es\/blog\/contenido\/uploads\/2024\/10\/Modelo-303-1024x622.jpg 1024w, https:\/\/finanedi.es\/blog\/contenido\/uploads\/2024\/10\/Modelo-303-768x467.jpg 768w, https:\/\/finanedi.es\/blog\/contenido\/uploads\/2024\/10\/Modelo-303-1536x933.jpg 1536w\" sizes=\"(max-width: 1580px) 100vw, 1580px\" \/><\/a><\/figure><div class=\"elementor-image-box-content\"><h3 class=\"elementor-image-box-title\"><a href=\"https:\/\/finanedi.es\/blog\/modelo-303-del-iva-que-es-pymes-autonomos\/\">Modelo 303 IVA<\/a><\/h3><p class=\"elementor-image-box-description\">Autoliquidaci\u00f3n trimestral del Impuesto sobre el Valor A\u00f1adido (IVA).<\/p><\/div><\/div>\t\t\t\t<\/div>\n\t\t\t\t<\/div>\n\t\t\t\t<\/div>\n\t\t<div class=\"elementor-element elementor-element-afbc5ae e-con-full e-flex e-con e-child\" data-id=\"afbc5ae\" data-element_type=\"container\">\n\t\t\t\t<div class=\"elementor-element elementor-element-c993941 e-transform elementor-position-top elementor-widget elementor-widget-image-box\" data-id=\"c993941\" data-element_type=\"widget\" data-settings=\"{&quot;_transform_scale_effect_hover&quot;:{&quot;unit&quot;:&quot;px&quot;,&quot;size&quot;:1.1,&quot;sizes&quot;:[]},&quot;_transform_scale_effect_hover_tablet&quot;:{&quot;unit&quot;:&quot;px&quot;,&quot;size&quot;:&quot;&quot;,&quot;sizes&quot;:[]},&quot;_transform_scale_effect_hover_mobile&quot;:{&quot;unit&quot;:&quot;px&quot;,&quot;size&quot;:&quot;&quot;,&quot;sizes&quot;:[]}}\" data-widget_type=\"image-box.default\">\n\t\t\t\t<div class=\"elementor-widget-container\">\n\t\t\t\t\t<div class=\"elementor-image-box-wrapper\"><figure class=\"elementor-image-box-img\"><a href=\"https:\/\/finanedi.es\/blog\/modelo-111-que-es-el-modelo-111\/\" tabindex=\"-1\"><img loading=\"lazy\" decoding=\"async\" width=\"1580\" height=\"960\" src=\"https:\/\/finanedi.es\/blog\/contenido\/uploads\/2024\/10\/Modelo-111.jpg\" class=\"attachment-full size-full wp-image-5869\" alt=\"Modelo 111 - IRPF - Modelo tributario\" srcset=\"https:\/\/finanedi.es\/blog\/contenido\/uploads\/2024\/10\/Modelo-111.jpg 1580w, https:\/\/finanedi.es\/blog\/contenido\/uploads\/2024\/10\/Modelo-111-300x182.jpg 300w, https:\/\/finanedi.es\/blog\/contenido\/uploads\/2024\/10\/Modelo-111-1024x622.jpg 1024w, https:\/\/finanedi.es\/blog\/contenido\/uploads\/2024\/10\/Modelo-111-768x467.jpg 768w, https:\/\/finanedi.es\/blog\/contenido\/uploads\/2024\/10\/Modelo-111-1536x933.jpg 1536w\" sizes=\"(max-width: 1580px) 100vw, 1580px\" \/><\/a><\/figure><div class=\"elementor-image-box-content\"><h3 class=\"elementor-image-box-title\"><a href=\"https:\/\/finanedi.es\/blog\/modelo-111-que-es-el-modelo-111\/\">Modelo 111 IRPF<\/a><\/h3><p class=\"elementor-image-box-description\">Declaraci\u00f3n trimestral de retenciones e ingresos a cuenta del IRPF de rendimientos del trabajo.<\/p><\/div><\/div>\t\t\t\t<\/div>\n\t\t\t\t<\/div>\n\t\t\t\t<\/div>\n\t\t\t\t<\/div>\n\t\t\t\t<\/div>\n\t\t\t\t\t<\/div>\n\t\t\t\t<\/div>\n\t\t<div class=\"elementor-element elementor-element-80ccebb e-flex e-con-boxed e-con e-parent\" data-id=\"80ccebb\" data-element_type=\"container\">\n\t\t\t\t\t<div class=\"e-con-inner\">\n\t\t\t\t<div class=\"elementor-element elementor-element-eb33a13 elementor-widget elementor-widget-spacer\" data-id=\"eb33a13\" data-element_type=\"widget\" data-widget_type=\"spacer.default\">\n\t\t\t\t<div class=\"elementor-widget-container\">\n\t\t\t\t\t\t\t<div class=\"elementor-spacer\">\n\t\t\t<div class=\"elementor-spacer-inner\"><\/div>\n\t\t<\/div>\n\t\t\t\t\t\t<\/div>\n\t\t\t\t<\/div>\n\t\t\t\t\t<\/div>\n\t\t\t\t<\/div>\n\t\t<div class=\"elementor-element elementor-element-519fd63 e-flex e-con-boxed e-con e-parent\" data-id=\"519fd63\" data-element_type=\"container\">\n\t\t\t\t\t<div class=\"e-con-inner\">\n\t\t\t\t<div class=\"elementor-element elementor-element-cefa3c6 elementor-widget elementor-widget-spacer\" data-id=\"cefa3c6\" data-element_type=\"widget\" data-widget_type=\"spacer.default\">\n\t\t\t\t<div class=\"elementor-widget-container\">\n\t\t\t\t\t\t\t<div class=\"elementor-spacer\">\n\t\t\t<div class=\"elementor-spacer-inner\"><\/div>\n\t\t<\/div>\n\t\t\t\t\t\t<\/div>\n\t\t\t\t<\/div>\n\t\t\t\t\t<\/div>\n\t\t\t\t<\/div>\n\t\t\t\t<section class=\"elementor-section elementor-top-section elementor-element elementor-element-591a006 elementor-section-boxed elementor-section-height-default elementor-section-height-default\" data-id=\"591a006\" data-element_type=\"section\">\n\t\t\t\t\t\t<div class=\"elementor-container elementor-column-gap-default\">\n\t\t\t\t\t<div class=\"elementor-column elementor-col-66 elementor-top-column elementor-element elementor-element-4ed0109\" data-id=\"4ed0109\" data-element_type=\"column\">\n\t\t\t<div class=\"elementor-widget-wrap elementor-element-populated\">\n\t\t\t\t\t\t<div class=\"elementor-element elementor-element-7647690 elementor-widget elementor-widget-image\" data-id=\"7647690\" data-element_type=\"widget\" data-widget_type=\"image.default\">\n\t\t\t\t<div class=\"elementor-widget-container\">\n\t\t\t\t\t\t\t\t\t\t\t\t\t\t\t\t<a href=\"#\">\n\t\t\t\t\t\t\t<img decoding=\"async\" src=\"http:\/\/localhost\/wp-content\/uploads\/2022\/08\/ad-750.png\" title=\"\" alt=\"\" loading=\"lazy\" \/>\t\t\t\t\t\t\t\t<\/a>\n\t\t\t\t\t\t\t\t\t\t\t\t\t\t\t<\/div>\n\t\t\t\t<\/div>\n\t\t\t\t<div class=\"elementor-element elementor-element-aafc924 elementor-widget elementor-widget-katen-section-header\" data-id=\"aafc924\" data-element_type=\"widget\" data-widget_type=\"katen-section-header.default\">\n\t\t\t\t<div class=\"elementor-widget-container\">\n\t\t\t\t\t\n\t\t\t<div class=\"section-header\">\n\t\t\t\t<h3 class=\"section-title\">Tecnolog\u00eda<\/h3>\n\t\t\t\t\t\t\t\t\t<svg width=\"33\" height=\"6\" xmlns=\"http:\/\/www.w3.org\/2000\/svg\">\n\t\t\t\t\t\t<defs>\n\t\t\t\t\t\t\t<linearGradient id=\"gradient\" x1=\"0%\" y1=\"0%\" x2=\"100%\" y2=\"0%\">\n\t\t\t\t\t\t\t\t<stop offset=\"0%\" stop-color=\"#1e78ff\"><\/stop>\n\t\t\t\t\t\t\t\t<stop offset=\"100%\" stop-color=\"#1757b8\"><\/stop>\n\t\t\t\t\t\t\t<\/linearGradient>\n\t\t\t\t\t\t\t<\/defs>\n\t\t\t\t\t\t<path d=\"M33 1c-3.3 0-3.3 4-6.598 4C23.1 5 23.1 1 19.8 1c-3.3 0-3.3 4-6.599 4-3.3 0-3.3-4-6.6-4S3.303 5 0 5\" stroke=\"url(#gradient)\" stroke-width=\"2\" fill=\"none\"><\/path>\n\t\t\t\t\t<\/svg>\n\t\t\t\t\t\t\t\t\t\t\t<\/div>\n\n        \t\t\t\t<\/div>\n\t\t\t\t<\/div>\n\t\t\t\t<div class=\"elementor-element elementor-element-7a20ed9 elementor-widget elementor-widget-katen-post-five\" data-id=\"7a20ed9\" data-element_type=\"widget\" data-widget_type=\"katen-post-five.default\">\n\t\t\t\t<div class=\"elementor-widget-container\">\n\t\t\t\t\t\t\t<div class=\"padding-30 rounded bordered\">\n\n\t\t\t<div class=\"row infinite-wrapper\">\n\n\t\t\t\n\t\t\t\t<div class=\"col-md-12 col-sm-6 post-list-item post-item\">\n\t\t\t\t\t<!-- post -->\n\t\t\t\t\t<div class=\"post post-list clearfix\">\n\n\t\t\t\t\t\t<div class=\"thumb rounded\"><div class=\"inner\"><a href=\"https:\/\/finanedi.es\/blog\/como-la-inteligencia-artificial-puede-mejorar-la-productividad-de-pymes-y-autonomos\/\"><img loading=\"lazy\" decoding=\"async\" width=\"330\" height=\"250\" src=\"https:\/\/finanedi.es\/blog\/contenido\/uploads\/2025\/10\/Como-la-inteligencia-artificial-puede-mejorar-la-productividad-de-pymes-y-autonomos-330x250.jpg\" class=\"attachment-katen-thumb-list size-katen-thumb-list wp-post-image\" alt=\"C\u00f3mo la inteligencia artificial puede mejorar la productividad de pymes y aut\u00f3nomos\" \/><\/a><\/div><\/div>  \n\n\t\t\t\t\t\t<div class=\"details clearfix\">\n\t\t\t\t\t\t\t<ul class=\"meta list-inline mb-3\">\n\t\t\t\t\t\t\t\t<li class=\"list-inline-item\"><a href=\"https:\/\/finanedi.es\/blog\/category\/tecnologia\/\">Tecnolog\u00eda<\/a><\/li>\t\t\t\t\t\t\t<\/ul>\n\t\t\t\t\t\t\t<h5 class=\"post-title\"><a href=\"https:\/\/finanedi.es\/blog\/como-la-inteligencia-artificial-puede-mejorar-la-productividad-de-pymes-y-autonomos\/\">C\u00f3mo la inteligencia artificial puede mejorar la productividad de pymes y aut\u00f3nomos<\/a><\/h5>\n\t\t\t\t\t\t\t<p class=\"excerpt mb-0\">\n\t\t\t\t\t\t\t\tLa revoluci\u00f3n de la inteligencia artificial en el trabajo diario La inteligencia artificial (IA) ha&hellip;\t\t\t\t\t\t\t<\/p>\n\t\t\t\t\t\t\t<div class=\"post-bottom clearfix d-flex align-items-center\">\n\t\t\t\t\t\t\t\t\n    <div class=\"social-share me-auto\">\n        <button class=\"toggle-button icon-share\"><\/button>\n        <ul class=\"icons list-unstyled list-inline mb-0\">\n            <li class=\"list-inline-item\"><a href=\"https:\/\/www.facebook.com\/sharer\/sharer.php?u=https:\/\/finanedi.es\/blog\/como-la-inteligencia-artificial-puede-mejorar-la-productividad-de-pymes-y-autonomos\/\" target=\"_blank\"><i class=\"fab fa-facebook-f\"><\/i><\/a><\/li>\n            <li class=\"list-inline-item\"><a href=\"https:\/\/twitter.com\/intent\/tweet?url=https:\/\/finanedi.es\/blog\/como-la-inteligencia-artificial-puede-mejorar-la-productividad-de-pymes-y-autonomos\/&text=C\u00f3mo la inteligencia artificial puede mejorar la productividad de pymes y aut\u00f3nomos\" target=\"_blank\"><i class=\"fab fa-twitter\"><\/i><\/a><\/li>\n            <li class=\"list-inline-item\"><a href=\"https:\/\/www.linkedin.com\/shareArticle?mini=true&url=https:\/\/finanedi.es\/blog\/como-la-inteligencia-artificial-puede-mejorar-la-productividad-de-pymes-y-autonomos\/&title=C\u00f3mo la inteligencia artificial puede mejorar la productividad de pymes y aut\u00f3nomos\" target=\"_blank\"><i class=\"fab fa-linkedin-in\"><\/i><\/a><\/li>\n            <li class=\"list-inline-item\"><a href=\"https:\/\/pinterest.com\/pin\/create\/button\/?url=https:\/\/finanedi.es\/blog\/como-la-inteligencia-artificial-puede-mejorar-la-productividad-de-pymes-y-autonomos\/&media=&description=C\u00f3mo la inteligencia artificial puede mejorar la productividad de pymes y aut\u00f3nomos\" target=\"_blank\"><i class=\"fab fa-pinterest\"><\/i><\/a><\/li>\n            <li class=\"list-inline-item\"><a href=\"https:\/\/t.me\/share\/url?url=https:\/\/finanedi.es\/blog\/como-la-inteligencia-artificial-puede-mejorar-la-productividad-de-pymes-y-autonomos\/&text=C\u00f3mo la inteligencia artificial puede mejorar la productividad de pymes y aut\u00f3nomos\" target=\"_blank\"><i class=\"fab fa-telegram-plane\"><\/i><\/a><\/li>\n            <li class=\"list-inline-item\"><a href=\"mailto:info@example.com?&subject=&cc=&bcc=&body=https:\/\/finanedi.es\/blog\/como-la-inteligencia-artificial-puede-mejorar-la-productividad-de-pymes-y-autonomos\/\"><i class=\"far fa-envelope\"><\/i><\/a><\/li>\n        <\/ul>\n    <\/div>\n\n\t\t\t\t\t\t\t\t\t\t\t\t\t\t\t<\/div>\n\t\t\t\t\t\t<\/div>\n\t\t\t\t\t<\/div>\n\t\t\t\t<\/div>\n\n\t\t\t\n\t\t\t\t<div class=\"col-md-12 col-sm-6 post-list-item post-item\">\n\t\t\t\t\t<!-- post -->\n\t\t\t\t\t<div class=\"post post-list clearfix\">\n\n\t\t\t\t\t\t<div class=\"thumb rounded\"><div class=\"inner\"><a href=\"https:\/\/finanedi.es\/blog\/protege-tu-negocio-la-seguridad-en-el-intercambio-de-datos-con-finanedi\/\"><img loading=\"lazy\" decoding=\"async\" width=\"330\" height=\"250\" src=\"https:\/\/finanedi.es\/blog\/contenido\/uploads\/2025\/07\/La-seguridad-en-el-intercambio-de-datos-con-FinanEDI-330x250.jpg\" class=\"attachment-katen-thumb-list size-katen-thumb-list wp-post-image\" alt=\"Protege tu negocio: La seguridad en el intercambio de datos con FinanEDI\" \/><\/a><\/div><\/div>  \n\n\t\t\t\t\t\t<div class=\"details clearfix\">\n\t\t\t\t\t\t\t<ul class=\"meta list-inline mb-3\">\n\t\t\t\t\t\t\t\t<li class=\"list-inline-item\"><a href=\"https:\/\/finanedi.es\/blog\/category\/tecnologia\/\">Tecnolog\u00eda<\/a><\/li>\t\t\t\t\t\t\t<\/ul>\n\t\t\t\t\t\t\t<h5 class=\"post-title\"><a href=\"https:\/\/finanedi.es\/blog\/protege-tu-negocio-la-seguridad-en-el-intercambio-de-datos-con-finanedi\/\">Protege tu negocio: La seguridad en el intercambio de datos con FinanEDI<\/a><\/h5>\n\t\t\t\t\t\t\t<p class=\"excerpt mb-0\">\n\t\t\t\t\t\t\t\tEn el mundo digital actual, la informaci\u00f3n es uno de los activos m\u00e1s valiosos de&hellip;\t\t\t\t\t\t\t<\/p>\n\t\t\t\t\t\t\t<div class=\"post-bottom clearfix d-flex align-items-center\">\n\t\t\t\t\t\t\t\t\n    <div class=\"social-share me-auto\">\n        <button class=\"toggle-button icon-share\"><\/button>\n        <ul class=\"icons list-unstyled list-inline mb-0\">\n            <li class=\"list-inline-item\"><a href=\"https:\/\/www.facebook.com\/sharer\/sharer.php?u=https:\/\/finanedi.es\/blog\/protege-tu-negocio-la-seguridad-en-el-intercambio-de-datos-con-finanedi\/\" target=\"_blank\"><i class=\"fab fa-facebook-f\"><\/i><\/a><\/li>\n            <li class=\"list-inline-item\"><a href=\"https:\/\/twitter.com\/intent\/tweet?url=https:\/\/finanedi.es\/blog\/protege-tu-negocio-la-seguridad-en-el-intercambio-de-datos-con-finanedi\/&text=Protege tu negocio: La seguridad en el intercambio de datos con FinanEDI\" target=\"_blank\"><i class=\"fab fa-twitter\"><\/i><\/a><\/li>\n            <li class=\"list-inline-item\"><a href=\"https:\/\/www.linkedin.com\/shareArticle?mini=true&url=https:\/\/finanedi.es\/blog\/protege-tu-negocio-la-seguridad-en-el-intercambio-de-datos-con-finanedi\/&title=Protege tu negocio: La seguridad en el intercambio de datos con FinanEDI\" target=\"_blank\"><i class=\"fab fa-linkedin-in\"><\/i><\/a><\/li>\n            <li class=\"list-inline-item\"><a href=\"https:\/\/pinterest.com\/pin\/create\/button\/?url=https:\/\/finanedi.es\/blog\/protege-tu-negocio-la-seguridad-en-el-intercambio-de-datos-con-finanedi\/&media=&description=Protege tu negocio: La seguridad en el intercambio de datos con FinanEDI\" target=\"_blank\"><i class=\"fab fa-pinterest\"><\/i><\/a><\/li>\n            <li class=\"list-inline-item\"><a href=\"https:\/\/t.me\/share\/url?url=https:\/\/finanedi.es\/blog\/protege-tu-negocio-la-seguridad-en-el-intercambio-de-datos-con-finanedi\/&text=Protege tu negocio: La seguridad en el intercambio de datos con FinanEDI\" target=\"_blank\"><i class=\"fab fa-telegram-plane\"><\/i><\/a><\/li>\n            <li class=\"list-inline-item\"><a href=\"mailto:info@example.com?&subject=&cc=&bcc=&body=https:\/\/finanedi.es\/blog\/protege-tu-negocio-la-seguridad-en-el-intercambio-de-datos-con-finanedi\/\"><i class=\"far fa-envelope\"><\/i><\/a><\/li>\n        <\/ul>\n    <\/div>\n\n\t\t\t\t\t\t\t\t\t\t\t\t\t\t\t<\/div>\n\t\t\t\t\t\t<\/div>\n\t\t\t\t\t<\/div>\n\t\t\t\t<\/div>\n\n\t\t\t\n\t\t\t\t<div class=\"col-md-12 col-sm-6 post-list-item post-item\">\n\t\t\t\t\t<!-- post -->\n\t\t\t\t\t<div class=\"post post-list clearfix\">\n\n\t\t\t\t\t\t<div class=\"thumb rounded\"><div class=\"inner\"><a href=\"https:\/\/finanedi.es\/blog\/blindando-tu-empresa-estrategias-esenciales-de-ciberseguridad\/\"><img loading=\"lazy\" decoding=\"async\" width=\"330\" height=\"250\" src=\"https:\/\/finanedi.es\/blog\/contenido\/uploads\/2025\/07\/Blindando-tu-empresa-Estrategias-esenciales-de-ciberseguridad-330x250.jpg\" class=\"attachment-katen-thumb-list size-katen-thumb-list wp-post-image\" alt=\"Blindando tu empresa Estrategias esenciales de ciberseguridad\" \/><\/a><\/div><\/div>  \n\n\t\t\t\t\t\t<div class=\"details clearfix\">\n\t\t\t\t\t\t\t<ul class=\"meta list-inline mb-3\">\n\t\t\t\t\t\t\t\t<li class=\"list-inline-item\"><a href=\"https:\/\/finanedi.es\/blog\/category\/tecnologia\/\">Tecnolog\u00eda<\/a><\/li>\t\t\t\t\t\t\t<\/ul>\n\t\t\t\t\t\t\t<h5 class=\"post-title\"><a href=\"https:\/\/finanedi.es\/blog\/blindando-tu-empresa-estrategias-esenciales-de-ciberseguridad\/\">Blindando tu empresa: Estrategias esenciales de ciberseguridad<\/a><\/h5>\n\t\t\t\t\t\t\t<p class=\"excerpt mb-0\">\n\t\t\t\t\t\t\t\tEn un mundo cada vez m\u00e1s interconectado, donde la informaci\u00f3n es el activo m\u00e1s valioso,&hellip;\t\t\t\t\t\t\t<\/p>\n\t\t\t\t\t\t\t<div class=\"post-bottom clearfix d-flex align-items-center\">\n\t\t\t\t\t\t\t\t\n    <div class=\"social-share me-auto\">\n        <button class=\"toggle-button icon-share\"><\/button>\n        <ul class=\"icons list-unstyled list-inline mb-0\">\n            <li class=\"list-inline-item\"><a href=\"https:\/\/www.facebook.com\/sharer\/sharer.php?u=https:\/\/finanedi.es\/blog\/blindando-tu-empresa-estrategias-esenciales-de-ciberseguridad\/\" target=\"_blank\"><i class=\"fab fa-facebook-f\"><\/i><\/a><\/li>\n            <li class=\"list-inline-item\"><a href=\"https:\/\/twitter.com\/intent\/tweet?url=https:\/\/finanedi.es\/blog\/blindando-tu-empresa-estrategias-esenciales-de-ciberseguridad\/&text=Blindando tu empresa: Estrategias esenciales de ciberseguridad\" target=\"_blank\"><i class=\"fab fa-twitter\"><\/i><\/a><\/li>\n            <li class=\"list-inline-item\"><a href=\"https:\/\/www.linkedin.com\/shareArticle?mini=true&url=https:\/\/finanedi.es\/blog\/blindando-tu-empresa-estrategias-esenciales-de-ciberseguridad\/&title=Blindando tu empresa: Estrategias esenciales de ciberseguridad\" target=\"_blank\"><i class=\"fab fa-linkedin-in\"><\/i><\/a><\/li>\n            <li class=\"list-inline-item\"><a href=\"https:\/\/pinterest.com\/pin\/create\/button\/?url=https:\/\/finanedi.es\/blog\/blindando-tu-empresa-estrategias-esenciales-de-ciberseguridad\/&media=&description=Blindando tu empresa: Estrategias esenciales de ciberseguridad\" target=\"_blank\"><i class=\"fab fa-pinterest\"><\/i><\/a><\/li>\n            <li class=\"list-inline-item\"><a href=\"https:\/\/t.me\/share\/url?url=https:\/\/finanedi.es\/blog\/blindando-tu-empresa-estrategias-esenciales-de-ciberseguridad\/&text=Blindando tu empresa: Estrategias esenciales de ciberseguridad\" target=\"_blank\"><i class=\"fab fa-telegram-plane\"><\/i><\/a><\/li>\n            <li class=\"list-inline-item\"><a href=\"mailto:info@example.com?&subject=&cc=&bcc=&body=https:\/\/finanedi.es\/blog\/blindando-tu-empresa-estrategias-esenciales-de-ciberseguridad\/\"><i class=\"far fa-envelope\"><\/i><\/a><\/li>\n        <\/ul>\n    <\/div>\n\n\t\t\t\t\t\t\t\t\t\t\t\t\t\t\t<\/div>\n\t\t\t\t\t\t<\/div>\n\t\t\t\t\t<\/div>\n\t\t\t\t<\/div>\n\n\t\t\t\n\t\t\t\t<div class=\"col-md-12 col-sm-6 post-list-item post-item\">\n\t\t\t\t\t<!-- post -->\n\t\t\t\t\t<div class=\"post post-list clearfix\">\n\n\t\t\t\t\t\t<div class=\"thumb rounded\"><div class=\"inner\"><a href=\"https:\/\/finanedi.es\/blog\/ciberseguridad-financiera-en-la-era-digital-protegiendo-los-activos-mas-valiosos-de-tu-empresa\/\"><img loading=\"lazy\" decoding=\"async\" width=\"330\" height=\"250\" src=\"https:\/\/finanedi.es\/blog\/contenido\/uploads\/2025\/06\/Ciberseguridad-financiera-en-la-era-digital-Protegiendo-los-activos-mas-valiosos-de-tu-empresa-330x250.jpg\" class=\"attachment-katen-thumb-list size-katen-thumb-list wp-post-image\" alt=\"Ciberseguridad financiera en la era digital Protegiendo los activos m\u00e1s valiosos de tu empresa\" \/><\/a><\/div><\/div>  \n\n\t\t\t\t\t\t<div class=\"details clearfix\">\n\t\t\t\t\t\t\t<ul class=\"meta list-inline mb-3\">\n\t\t\t\t\t\t\t\t<li class=\"list-inline-item\"><a href=\"https:\/\/finanedi.es\/blog\/category\/tecnologia\/\">Tecnolog\u00eda<\/a><\/li>\t\t\t\t\t\t\t<\/ul>\n\t\t\t\t\t\t\t<h5 class=\"post-title\"><a href=\"https:\/\/finanedi.es\/blog\/ciberseguridad-financiera-en-la-era-digital-protegiendo-los-activos-mas-valiosos-de-tu-empresa\/\">Ciberseguridad financiera en la era digital: Protegiendo los activos m\u00e1s valiosos de tu empresa<\/a><\/h5>\n\t\t\t\t\t\t\t<p class=\"excerpt mb-0\">\n\t\t\t\t\t\t\t\tEn el entorno empresarial actual, donde la digitalizaci\u00f3n es la norma, la ciberseguridad financiera ha&hellip;\t\t\t\t\t\t\t<\/p>\n\t\t\t\t\t\t\t<div class=\"post-bottom clearfix d-flex align-items-center\">\n\t\t\t\t\t\t\t\t\n    <div class=\"social-share me-auto\">\n        <button class=\"toggle-button icon-share\"><\/button>\n        <ul class=\"icons list-unstyled list-inline mb-0\">\n            <li class=\"list-inline-item\"><a href=\"https:\/\/www.facebook.com\/sharer\/sharer.php?u=https:\/\/finanedi.es\/blog\/ciberseguridad-financiera-en-la-era-digital-protegiendo-los-activos-mas-valiosos-de-tu-empresa\/\" target=\"_blank\"><i class=\"fab fa-facebook-f\"><\/i><\/a><\/li>\n            <li class=\"list-inline-item\"><a href=\"https:\/\/twitter.com\/intent\/tweet?url=https:\/\/finanedi.es\/blog\/ciberseguridad-financiera-en-la-era-digital-protegiendo-los-activos-mas-valiosos-de-tu-empresa\/&text=Ciberseguridad financiera en la era digital: Protegiendo los activos m\u00e1s valiosos de tu empresa\" target=\"_blank\"><i class=\"fab fa-twitter\"><\/i><\/a><\/li>\n            <li class=\"list-inline-item\"><a href=\"https:\/\/www.linkedin.com\/shareArticle?mini=true&url=https:\/\/finanedi.es\/blog\/ciberseguridad-financiera-en-la-era-digital-protegiendo-los-activos-mas-valiosos-de-tu-empresa\/&title=Ciberseguridad financiera en la era digital: Protegiendo los activos m\u00e1s valiosos de tu empresa\" target=\"_blank\"><i class=\"fab fa-linkedin-in\"><\/i><\/a><\/li>\n            <li class=\"list-inline-item\"><a href=\"https:\/\/pinterest.com\/pin\/create\/button\/?url=https:\/\/finanedi.es\/blog\/ciberseguridad-financiera-en-la-era-digital-protegiendo-los-activos-mas-valiosos-de-tu-empresa\/&media=&description=Ciberseguridad financiera en la era digital: Protegiendo los activos m\u00e1s valiosos de tu empresa\" target=\"_blank\"><i class=\"fab fa-pinterest\"><\/i><\/a><\/li>\n            <li class=\"list-inline-item\"><a href=\"https:\/\/t.me\/share\/url?url=https:\/\/finanedi.es\/blog\/ciberseguridad-financiera-en-la-era-digital-protegiendo-los-activos-mas-valiosos-de-tu-empresa\/&text=Ciberseguridad financiera en la era digital: Protegiendo los activos m\u00e1s valiosos de tu empresa\" target=\"_blank\"><i class=\"fab fa-telegram-plane\"><\/i><\/a><\/li>\n            <li class=\"list-inline-item\"><a href=\"mailto:info@example.com?&subject=&cc=&bcc=&body=https:\/\/finanedi.es\/blog\/ciberseguridad-financiera-en-la-era-digital-protegiendo-los-activos-mas-valiosos-de-tu-empresa\/\"><i class=\"far fa-envelope\"><\/i><\/a><\/li>\n        <\/ul>\n    <\/div>\n\n\t\t\t\t\t\t\t\t\t\t\t\t\t\t\t<\/div>\n\t\t\t\t\t\t<\/div>\n\t\t\t\t\t<\/div>\n\t\t\t\t<\/div>\n\n\t\t\t\n\t\t\t\t<div class=\"col-md-12 col-sm-6 post-list-item post-item\">\n\t\t\t\t\t<!-- post -->\n\t\t\t\t\t<div class=\"post post-list clearfix\">\n\n\t\t\t\t\t\t<div class=\"thumb rounded\"><div class=\"inner\"><a href=\"https:\/\/finanedi.es\/blog\/la-ia-en-espana-como-estan-las-empresas-espanolas-adoptando-la-inteligencia-artificial\/\"><img loading=\"lazy\" decoding=\"async\" width=\"330\" height=\"250\" src=\"https:\/\/finanedi.es\/blog\/contenido\/uploads\/2025\/06\/La-IA-en-Espana-\u00bfComo-estan-las-empresas-espanolas-adoptando-la-Inteligencia-Artificial-330x250.jpg\" class=\"attachment-katen-thumb-list size-katen-thumb-list wp-post-image\" alt=\"La IA en Espa\u00f1a \u00bfC\u00f3mo est\u00e1n las empresas espa\u00f1olas adoptando la Inteligencia Artificial\" \/><\/a><\/div><\/div>  \n\n\t\t\t\t\t\t<div class=\"details clearfix\">\n\t\t\t\t\t\t\t<ul class=\"meta list-inline mb-3\">\n\t\t\t\t\t\t\t\t<li class=\"list-inline-item\"><a href=\"https:\/\/finanedi.es\/blog\/category\/pymes\/\">PYMES<\/a><\/li>\t\t\t\t\t\t\t<\/ul>\n\t\t\t\t\t\t\t<h5 class=\"post-title\"><a href=\"https:\/\/finanedi.es\/blog\/la-ia-en-espana-como-estan-las-empresas-espanolas-adoptando-la-inteligencia-artificial\/\">La IA en Espa\u00f1a: \u00bfC\u00f3mo est\u00e1n las empresas espa\u00f1olas adoptando la Inteligencia Artificial?<\/a><\/h5>\n\t\t\t\t\t\t\t<p class=\"excerpt mb-0\">\n\t\t\t\t\t\t\t\t\u00bfEst\u00e1 tu pyme o tu actividad como aut\u00f3nomo lista para la revoluci\u00f3n de la Inteligencia&hellip;\t\t\t\t\t\t\t<\/p>\n\t\t\t\t\t\t\t<div class=\"post-bottom clearfix d-flex align-items-center\">\n\t\t\t\t\t\t\t\t\n    <div class=\"social-share me-auto\">\n        <button class=\"toggle-button icon-share\"><\/button>\n        <ul class=\"icons list-unstyled list-inline mb-0\">\n            <li class=\"list-inline-item\"><a href=\"https:\/\/www.facebook.com\/sharer\/sharer.php?u=https:\/\/finanedi.es\/blog\/la-ia-en-espana-como-estan-las-empresas-espanolas-adoptando-la-inteligencia-artificial\/\" target=\"_blank\"><i class=\"fab fa-facebook-f\"><\/i><\/a><\/li>\n            <li class=\"list-inline-item\"><a href=\"https:\/\/twitter.com\/intent\/tweet?url=https:\/\/finanedi.es\/blog\/la-ia-en-espana-como-estan-las-empresas-espanolas-adoptando-la-inteligencia-artificial\/&text=La IA en Espa\u00f1a: \u00bfC\u00f3mo est\u00e1n las empresas espa\u00f1olas adoptando la Inteligencia Artificial?\" target=\"_blank\"><i class=\"fab fa-twitter\"><\/i><\/a><\/li>\n            <li class=\"list-inline-item\"><a href=\"https:\/\/www.linkedin.com\/shareArticle?mini=true&url=https:\/\/finanedi.es\/blog\/la-ia-en-espana-como-estan-las-empresas-espanolas-adoptando-la-inteligencia-artificial\/&title=La IA en Espa\u00f1a: \u00bfC\u00f3mo est\u00e1n las empresas espa\u00f1olas adoptando la Inteligencia Artificial?\" target=\"_blank\"><i class=\"fab fa-linkedin-in\"><\/i><\/a><\/li>\n            <li class=\"list-inline-item\"><a href=\"https:\/\/pinterest.com\/pin\/create\/button\/?url=https:\/\/finanedi.es\/blog\/la-ia-en-espana-como-estan-las-empresas-espanolas-adoptando-la-inteligencia-artificial\/&media=&description=La IA en Espa\u00f1a: \u00bfC\u00f3mo est\u00e1n las empresas espa\u00f1olas adoptando la Inteligencia Artificial?\" target=\"_blank\"><i class=\"fab fa-pinterest\"><\/i><\/a><\/li>\n            <li class=\"list-inline-item\"><a href=\"https:\/\/t.me\/share\/url?url=https:\/\/finanedi.es\/blog\/la-ia-en-espana-como-estan-las-empresas-espanolas-adoptando-la-inteligencia-artificial\/&text=La IA en Espa\u00f1a: \u00bfC\u00f3mo est\u00e1n las empresas espa\u00f1olas adoptando la Inteligencia Artificial?\" target=\"_blank\"><i class=\"fab fa-telegram-plane\"><\/i><\/a><\/li>\n            <li class=\"list-inline-item\"><a href=\"mailto:info@example.com?&subject=&cc=&bcc=&body=https:\/\/finanedi.es\/blog\/la-ia-en-espana-como-estan-las-empresas-espanolas-adoptando-la-inteligencia-artificial\/\"><i class=\"far fa-envelope\"><\/i><\/a><\/li>\n        <\/ul>\n    <\/div>\n\n\t\t\t\t\t\t\t\t\t\t\t\t\t\t\t<\/div>\n\t\t\t\t\t\t<\/div>\n\t\t\t\t\t<\/div>\n\t\t\t\t<\/div>\n\n\t\t\t\n\t\t\t\t<div class=\"col-md-12 col-sm-6 post-list-item post-item\">\n\t\t\t\t\t<!-- post -->\n\t\t\t\t\t<div class=\"post post-list clearfix\">\n\n\t\t\t\t\t\t<div class=\"thumb rounded\"><div class=\"inner\"><a href=\"https:\/\/finanedi.es\/blog\/casos-reales-de-phishing-como-grandes-empresas-cayeron-en-la-trampa\/\"><img loading=\"lazy\" decoding=\"async\" width=\"330\" height=\"250\" src=\"https:\/\/finanedi.es\/blog\/contenido\/uploads\/2025\/05\/Casos-reales-de-phishing-330x250.jpg\" class=\"attachment-katen-thumb-list size-katen-thumb-list wp-post-image\" alt=\"Casos reales de phishing\" \/><\/a><\/div><\/div>  \n\n\t\t\t\t\t\t<div class=\"details clearfix\">\n\t\t\t\t\t\t\t<ul class=\"meta list-inline mb-3\">\n\t\t\t\t\t\t\t\t<li class=\"list-inline-item\"><a href=\"https:\/\/finanedi.es\/blog\/category\/tecnologia\/\">Tecnolog\u00eda<\/a><\/li>\t\t\t\t\t\t\t<\/ul>\n\t\t\t\t\t\t\t<h5 class=\"post-title\"><a href=\"https:\/\/finanedi.es\/blog\/casos-reales-de-phishing-como-grandes-empresas-cayeron-en-la-trampa\/\">Casos reales de phishing: c\u00f3mo grandes empresas cayeron en la trampa<\/a><\/h5>\n\t\t\t\t\t\t\t<p class=\"excerpt mb-0\">\n\t\t\t\t\t\t\t\tLa ciberseguridad se ha convertido en una prioridad para cualquier empresa, sin importar su tama\u00f1o.&hellip;\t\t\t\t\t\t\t<\/p>\n\t\t\t\t\t\t\t<div class=\"post-bottom clearfix d-flex align-items-center\">\n\t\t\t\t\t\t\t\t\n    <div class=\"social-share me-auto\">\n        <button class=\"toggle-button icon-share\"><\/button>\n        <ul class=\"icons list-unstyled list-inline mb-0\">\n            <li class=\"list-inline-item\"><a href=\"https:\/\/www.facebook.com\/sharer\/sharer.php?u=https:\/\/finanedi.es\/blog\/casos-reales-de-phishing-como-grandes-empresas-cayeron-en-la-trampa\/\" target=\"_blank\"><i class=\"fab fa-facebook-f\"><\/i><\/a><\/li>\n            <li class=\"list-inline-item\"><a href=\"https:\/\/twitter.com\/intent\/tweet?url=https:\/\/finanedi.es\/blog\/casos-reales-de-phishing-como-grandes-empresas-cayeron-en-la-trampa\/&text=Casos reales de phishing: c\u00f3mo grandes empresas cayeron en la trampa\" target=\"_blank\"><i class=\"fab fa-twitter\"><\/i><\/a><\/li>\n            <li class=\"list-inline-item\"><a href=\"https:\/\/www.linkedin.com\/shareArticle?mini=true&url=https:\/\/finanedi.es\/blog\/casos-reales-de-phishing-como-grandes-empresas-cayeron-en-la-trampa\/&title=Casos reales de phishing: c\u00f3mo grandes empresas cayeron en la trampa\" target=\"_blank\"><i class=\"fab fa-linkedin-in\"><\/i><\/a><\/li>\n            <li class=\"list-inline-item\"><a href=\"https:\/\/pinterest.com\/pin\/create\/button\/?url=https:\/\/finanedi.es\/blog\/casos-reales-de-phishing-como-grandes-empresas-cayeron-en-la-trampa\/&media=&description=Casos reales de phishing: c\u00f3mo grandes empresas cayeron en la trampa\" target=\"_blank\"><i class=\"fab fa-pinterest\"><\/i><\/a><\/li>\n            <li class=\"list-inline-item\"><a href=\"https:\/\/t.me\/share\/url?url=https:\/\/finanedi.es\/blog\/casos-reales-de-phishing-como-grandes-empresas-cayeron-en-la-trampa\/&text=Casos reales de phishing: c\u00f3mo grandes empresas cayeron en la trampa\" target=\"_blank\"><i class=\"fab fa-telegram-plane\"><\/i><\/a><\/li>\n            <li class=\"list-inline-item\"><a href=\"mailto:info@example.com?&subject=&cc=&bcc=&body=https:\/\/finanedi.es\/blog\/casos-reales-de-phishing-como-grandes-empresas-cayeron-en-la-trampa\/\"><i class=\"far fa-envelope\"><\/i><\/a><\/li>\n        <\/ul>\n    <\/div>\n\n\t\t\t\t\t\t\t\t\t\t\t\t\t\t\t<\/div>\n\t\t\t\t\t\t<\/div>\n\t\t\t\t\t<\/div>\n\t\t\t\t<\/div>\n\n\t\t\t\n\t\t\t\t<div class=\"col-md-12 col-sm-6 post-list-item post-item\">\n\t\t\t\t\t<!-- post -->\n\t\t\t\t\t<div class=\"post post-list clearfix\">\n\n\t\t\t\t\t\t<div class=\"thumb rounded\"><div class=\"inner\"><a href=\"https:\/\/finanedi.es\/blog\/crm-para-pymes\/\"><img loading=\"lazy\" decoding=\"async\" width=\"330\" height=\"250\" src=\"https:\/\/finanedi.es\/blog\/contenido\/uploads\/2025\/03\/CRM-para-pymes-330x250.jpg\" class=\"attachment-katen-thumb-list size-katen-thumb-list wp-post-image\" alt=\"CRM para pymes\" \/><\/a><\/div><\/div>  \n\n\t\t\t\t\t\t<div class=\"details clearfix\">\n\t\t\t\t\t\t\t<ul class=\"meta list-inline mb-3\">\n\t\t\t\t\t\t\t\t<li class=\"list-inline-item\"><a href=\"https:\/\/finanedi.es\/blog\/category\/tecnologia\/\">Tecnolog\u00eda<\/a><\/li>\t\t\t\t\t\t\t<\/ul>\n\t\t\t\t\t\t\t<h5 class=\"post-title\"><a href=\"https:\/\/finanedi.es\/blog\/crm-para-pymes\/\">CRM para pymes: Impulsa tu negocio con la gesti\u00f3n inteligente de clientes<\/a><\/h5>\n\t\t\t\t\t\t\t<p class=\"excerpt mb-0\">\n\t\t\t\t\t\t\t\t\u00bfPor qu\u00e9 un CRM es clave para el \u00e9xito de tu pyme? En un mercado&hellip;\t\t\t\t\t\t\t<\/p>\n\t\t\t\t\t\t\t<div class=\"post-bottom clearfix d-flex align-items-center\">\n\t\t\t\t\t\t\t\t\n    <div class=\"social-share me-auto\">\n        <button class=\"toggle-button icon-share\"><\/button>\n        <ul class=\"icons list-unstyled list-inline mb-0\">\n            <li class=\"list-inline-item\"><a href=\"https:\/\/www.facebook.com\/sharer\/sharer.php?u=https:\/\/finanedi.es\/blog\/crm-para-pymes\/\" target=\"_blank\"><i class=\"fab fa-facebook-f\"><\/i><\/a><\/li>\n            <li class=\"list-inline-item\"><a href=\"https:\/\/twitter.com\/intent\/tweet?url=https:\/\/finanedi.es\/blog\/crm-para-pymes\/&text=CRM para pymes: Impulsa tu negocio con la gesti\u00f3n inteligente de clientes\" target=\"_blank\"><i class=\"fab fa-twitter\"><\/i><\/a><\/li>\n            <li class=\"list-inline-item\"><a href=\"https:\/\/www.linkedin.com\/shareArticle?mini=true&url=https:\/\/finanedi.es\/blog\/crm-para-pymes\/&title=CRM para pymes: Impulsa tu negocio con la gesti\u00f3n inteligente de clientes\" target=\"_blank\"><i class=\"fab fa-linkedin-in\"><\/i><\/a><\/li>\n            <li class=\"list-inline-item\"><a href=\"https:\/\/pinterest.com\/pin\/create\/button\/?url=https:\/\/finanedi.es\/blog\/crm-para-pymes\/&media=&description=CRM para pymes: Impulsa tu negocio con la gesti\u00f3n inteligente de clientes\" target=\"_blank\"><i class=\"fab fa-pinterest\"><\/i><\/a><\/li>\n            <li class=\"list-inline-item\"><a href=\"https:\/\/t.me\/share\/url?url=https:\/\/finanedi.es\/blog\/crm-para-pymes\/&text=CRM para pymes: Impulsa tu negocio con la gesti\u00f3n inteligente de clientes\" target=\"_blank\"><i class=\"fab fa-telegram-plane\"><\/i><\/a><\/li>\n            <li class=\"list-inline-item\"><a href=\"mailto:info@example.com?&subject=&cc=&bcc=&body=https:\/\/finanedi.es\/blog\/crm-para-pymes\/\"><i class=\"far fa-envelope\"><\/i><\/a><\/li>\n        <\/ul>\n    <\/div>\n\n\t\t\t\t\t\t\t\t\t\t\t\t\t\t\t<\/div>\n\t\t\t\t\t\t<\/div>\n\t\t\t\t\t<\/div>\n\t\t\t\t<\/div>\n\n\t\t\t\n\t\t\t<\/div>\n\n\t\t<\/div>\n\t\t\n        \t\t\t\t<\/div>\n\t\t\t\t<\/div>\n\t\t\t\t\t<\/div>\n\t\t<\/div>\n\t\t\t\t<div class=\"elementor-column elementor-col-33 elementor-top-column elementor-element elementor-element-0f6bc09\" data-id=\"0f6bc09\" data-element_type=\"column\">\n\t\t\t<div class=\"elementor-widget-wrap elementor-element-populated\">\n\t\t\t\t\t\t<div class=\"elementor-element elementor-element-e53429e elementor-widget elementor-widget-sidebar\" data-id=\"e53429e\" data-element_type=\"widget\" data-widget_type=\"sidebar.default\">\n\t\t\t\t<div class=\"elementor-widget-container\">\n\t\t\t\t\t<div id=\"custom_html-2\" class=\"widget_text widget rounded widget_custom_html\"><div class=\"textwidget custom-html-widget\"><html lang=\"es\">\r\n<head>\r\n<meta charset=\"UTF-8\">\r\n<meta name=\"viewport\" content=\"width=device-width, initial-scale=1.0\">\r\n<style>\r\n        #img {\r\n            cursor: pointer; \/* Cambia el cursor a una mano *\/\r\n        }\r\n    <\/style>\r\n\r\n<\/head>\r\n<body>\r\n<img decoding=\"async\" id=\"img\" src=\"https:\/\/finanedi.es\/blog\/contenido\/uploads\/2024\/12\/Banner-programa-de-facturacion.jpg\" alt=\"\">\r\n\r\n<script>\r\n        document.getElementById('img').addEventListener('click', function() {\r\n \/\/ Abrir una nueva pesta\u00f1a con la URL deseada\r\n            window.open('https:\/\/finanedi.es\/blog\/alternativa-programas-facturacion\/', '_blank');\r\n        });\r\n<\/script>\r\n<\/body>\r\n<\/html><\/div><\/div><div id=\"katen_popular_posts-1\" class=\"widget rounded widget_katen_popular_posts\"><div class=\"widget-header text-center\"><h3 class=\"widget-title\">Los m\u00e1s le\u00eddos<\/h3>\n    <svg width=\"33\" height=\"6\" xmlns=\"http:\/\/www.w3.org\/2000\/svg\">\n        <defs>\n            <linearGradient id=\"gradient\" x1=\"0%\" y1=\"0%\" x2=\"100%\" y2=\"0%\">\n                <stop offset=\"0%\" stop-color=\"#1e78ff\"><\/stop>\n                <stop offset=\"100%\" stop-color=\"#1757b8\"><\/stop>\n            <\/linearGradient>\n            <\/defs>\n        <path d=\"M33 1c-3.3 0-3.3 4-6.598 4C23.1 5 23.1 1 19.8 1c-3.3 0-3.3 4-6.599 4-3.3 0-3.3-4-6.6-4S3.303 5 0 5\" stroke=\"url(#gradient)\" stroke-width=\"2\" fill=\"none\"><\/path>\n    <\/svg><\/div>                <div class=\"post post-list-sm counter circle\">\n                    <div class=\"thumb circle\">\n                        <a href=\"https:\/\/finanedi.es\/blog\/alternativas-a-infocif-explorando-las-mejores-opciones\/\"><div class=\"inner\"><img loading=\"lazy\" decoding=\"async\" width=\"60\" height=\"60\" src=\"https:\/\/finanedi.es\/blog\/contenido\/uploads\/2024\/09\/5-alternativas-a-Infocif-60x60.jpg\" class=\"attachment-katen-thumb-circle size-katen-thumb-circle wp-post-image\" alt=\"5 alternativas a Infocif\" srcset=\"https:\/\/finanedi.es\/blog\/contenido\/uploads\/2024\/09\/5-alternativas-a-Infocif-60x60.jpg 60w, https:\/\/finanedi.es\/blog\/contenido\/uploads\/2024\/09\/5-alternativas-a-Infocif-150x150.jpg 150w, https:\/\/finanedi.es\/blog\/contenido\/uploads\/2024\/09\/5-alternativas-a-Infocif-300x300.jpg 300w, https:\/\/finanedi.es\/blog\/contenido\/uploads\/2024\/09\/5-alternativas-a-Infocif-360x360.jpg 360w\" sizes=\"(max-width: 60px) 100vw, 60px\" \/><\/div><\/a>                    <\/div>\n                    <div class=\"details clearfix\">\n                        <h6 class=\"post-title my-0\"><a href=\"https:\/\/finanedi.es\/blog\/alternativas-a-infocif-explorando-las-mejores-opciones\/\">Alternativas a Infocif: Explorando las mejores opciones<\/a><\/h6>\n                        <ul class=\"meta list-inline mt-1 mb-0\">\n                                                            <li class=\"list-inline-item\">30 septiembre 2024<\/li>\n                                                    <\/ul>\n                    <\/div>\n                <\/div>\n                                <div class=\"post post-list-sm counter circle\">\n                    <div class=\"thumb circle\">\n                        <a href=\"https:\/\/finanedi.es\/blog\/como-funciona-el-sistema-edi-de-finanedi\/\"><div class=\"inner\"><img loading=\"lazy\" decoding=\"async\" width=\"60\" height=\"60\" src=\"https:\/\/finanedi.es\/blog\/contenido\/uploads\/2024\/07\/Como-funciona-el-sistema-EDI-de-FinanEDI_-60x60.jpg\" class=\"attachment-katen-thumb-circle size-katen-thumb-circle wp-post-image\" alt=\"C\u00f3mo funciona el sistema EDI de FinanEDI\" srcset=\"https:\/\/finanedi.es\/blog\/contenido\/uploads\/2024\/07\/Como-funciona-el-sistema-EDI-de-FinanEDI_-60x60.jpg 60w, https:\/\/finanedi.es\/blog\/contenido\/uploads\/2024\/07\/Como-funciona-el-sistema-EDI-de-FinanEDI_-150x150.jpg 150w, https:\/\/finanedi.es\/blog\/contenido\/uploads\/2024\/07\/Como-funciona-el-sistema-EDI-de-FinanEDI_-300x300.jpg 300w, https:\/\/finanedi.es\/blog\/contenido\/uploads\/2024\/07\/Como-funciona-el-sistema-EDI-de-FinanEDI_-360x360.jpg 360w\" sizes=\"(max-width: 60px) 100vw, 60px\" \/><\/div><\/a>                    <\/div>\n                    <div class=\"details clearfix\">\n                        <h6 class=\"post-title my-0\"><a href=\"https:\/\/finanedi.es\/blog\/como-funciona-el-sistema-edi-de-finanedi\/\">\u00bfC\u00f3mo funciona el sistema EDI de FinanEDI?\u200b<\/a><\/h6>\n                        <ul class=\"meta list-inline mt-1 mb-0\">\n                                                            <li class=\"list-inline-item\">26 julio 2024<\/li>\n                                                    <\/ul>\n                    <\/div>\n                <\/div>\n                                <div class=\"post post-list-sm counter circle\">\n                    <div class=\"thumb circle\">\n                        <a href=\"https:\/\/finanedi.es\/blog\/fijacion-de-precios-basada-en-costos\/\"><div class=\"inner\"><img loading=\"lazy\" decoding=\"async\" width=\"60\" height=\"60\" src=\"https:\/\/finanedi.es\/blog\/contenido\/uploads\/2024\/07\/Fijacion-de-precios-basada-en-costos-60x60.jpg\" class=\"attachment-katen-thumb-circle size-katen-thumb-circle wp-post-image\" alt=\"Gr\u00faas autom\u00e1ticas trabajando en una f\u00e1brica\" srcset=\"https:\/\/finanedi.es\/blog\/contenido\/uploads\/2024\/07\/Fijacion-de-precios-basada-en-costos-60x60.jpg 60w, https:\/\/finanedi.es\/blog\/contenido\/uploads\/2024\/07\/Fijacion-de-precios-basada-en-costos-150x150.jpg 150w, https:\/\/finanedi.es\/blog\/contenido\/uploads\/2024\/07\/Fijacion-de-precios-basada-en-costos-300x300.jpg 300w, https:\/\/finanedi.es\/blog\/contenido\/uploads\/2024\/07\/Fijacion-de-precios-basada-en-costos-360x360.jpg 360w\" sizes=\"(max-width: 60px) 100vw, 60px\" \/><\/div><\/a>                    <\/div>\n                    <div class=\"details clearfix\">\n                        <h6 class=\"post-title my-0\"><a href=\"https:\/\/finanedi.es\/blog\/fijacion-de-precios-basada-en-costos\/\">Fijaci\u00f3n de precios basada en costos<\/a><\/h6>\n                        <ul class=\"meta list-inline mt-1 mb-0\">\n                                                            <li class=\"list-inline-item\">05 agosto 2024<\/li>\n                                                    <\/ul>\n                    <\/div>\n                <\/div>\n                <\/div><div id=\"categories-2\" class=\"widget rounded widget_categories\"><div class=\"widget-header text-center\"><h3 class=\"widget-title\">Categor\u00edas<\/h3>\n    <svg width=\"33\" height=\"6\" xmlns=\"http:\/\/www.w3.org\/2000\/svg\">\n        <defs>\n            <linearGradient id=\"gradient\" x1=\"0%\" y1=\"0%\" x2=\"100%\" y2=\"0%\">\n                <stop offset=\"0%\" stop-color=\"#1e78ff\"><\/stop>\n                <stop offset=\"100%\" stop-color=\"#1757b8\"><\/stop>\n            <\/linearGradient>\n            <\/defs>\n        <path d=\"M33 1c-3.3 0-3.3 4-6.598 4C23.1 5 23.1 1 19.8 1c-3.3 0-3.3 4-6.599 4-3.3 0-3.3-4-6.6-4S3.303 5 0 5\" stroke=\"url(#gradient)\" stroke-width=\"2\" fill=\"none\"><\/path>\n    <\/svg><\/div>\n\t\t\t<ul>\n\t\t\t\t\t<li class=\"cat-item cat-item-67\"><a href=\"https:\/\/finanedi.es\/blog\/category\/aprendizaje-desarrollo\/\">Aprendizaje &amp; Desarrollo<\/a><span class=\"widget-count\">(7)<\/span>\n<\/li>\n\t<li class=\"cat-item cat-item-8\"><a href=\"https:\/\/finanedi.es\/blog\/category\/autonomos\/\">Aut\u00f3nomos<\/a><span class=\"widget-count\">(19)<\/span>\n<\/li>\n\t<li class=\"cat-item cat-item-6\"><a href=\"https:\/\/finanedi.es\/blog\/category\/contabilidad\/\">Contabilidad<\/a><span class=\"widget-count\">(72)<\/span>\n<\/li>\n\t<li class=\"cat-item cat-item-7\"><a href=\"https:\/\/finanedi.es\/blog\/category\/paso-a-paso\/\">Descubre FinanEDI<\/a><span class=\"widget-count\">(9)<\/span>\n<\/li>\n\t<li class=\"cat-item cat-item-4\"><a href=\"https:\/\/finanedi.es\/blog\/category\/facturacion\/\">Facturaci\u00f3n<\/a><span class=\"widget-count\">(90)<\/span>\n<\/li>\n\t<li class=\"cat-item cat-item-44\"><a href=\"https:\/\/finanedi.es\/blog\/category\/finanzas\/\">Finanzas<\/a><span class=\"widget-count\">(110)<\/span>\n<\/li>\n\t<li class=\"cat-item cat-item-45\"><a href=\"https:\/\/finanedi.es\/blog\/category\/laboral\/\">Laboral<\/a><span class=\"widget-count\">(8)<\/span>\n<\/li>\n\t<li class=\"cat-item cat-item-84\"><a href=\"https:\/\/finanedi.es\/blog\/category\/modelos-tributarios\/\">Modelos tributarios<\/a><span class=\"widget-count\">(11)<\/span>\n<\/li>\n\t<li class=\"cat-item cat-item-43\"><a href=\"https:\/\/finanedi.es\/blog\/category\/pymes\/\">PYMES<\/a><span class=\"widget-count\">(38)<\/span>\n<\/li>\n\t<li class=\"cat-item cat-item-47\"><a href=\"https:\/\/finanedi.es\/blog\/category\/software\/\">Software<\/a><span class=\"widget-count\">(10)<\/span>\n<\/li>\n\t<li class=\"cat-item cat-item-48\"><a href=\"https:\/\/finanedi.es\/blog\/category\/tecnologia\/\">Tecnolog\u00eda<\/a><span class=\"widget-count\">(59)<\/span>\n<\/li>\n\t<li class=\"cat-item cat-item-42\"><a href=\"https:\/\/finanedi.es\/blog\/category\/tesoreria\/\">Tesorer\u00eda<\/a><span class=\"widget-count\">(9)<\/span>\n<\/li>\n\t<li class=\"cat-item cat-item-78\"><a href=\"https:\/\/finanedi.es\/blog\/category\/ventas\/\">Ventas<\/a><span class=\"widget-count\">(18)<\/span>\n<\/li>\n\t\t\t<\/ul>\n\n\t\t\t<\/div>\t\t\t\t<\/div>\n\t\t\t\t<\/div>\n\t\t\t\t\t<\/div>\n\t\t<\/div>\n\t\t\t\t\t<\/div>\n\t\t<\/section>\n\t\t<div class=\"elementor-element elementor-element-00c17fa e-flex e-con-boxed e-con e-parent\" data-id=\"00c17fa\" data-element_type=\"container\">\n\t\t\t\t\t<div class=\"e-con-inner\">\n\t\t\t\t<div class=\"elementor-element elementor-element-421c8a2 elementor-widget elementor-widget-spacer\" data-id=\"421c8a2\" data-element_type=\"widget\" data-widget_type=\"spacer.default\">\n\t\t\t\t<div class=\"elementor-widget-container\">\n\t\t\t\t\t\t\t<div class=\"elementor-spacer\">\n\t\t\t<div class=\"elementor-spacer-inner\"><\/div>\n\t\t<\/div>\n\t\t\t\t\t\t<\/div>\n\t\t\t\t<\/div>\n\t\t\t\t\t<\/div>\n\t\t\t\t<\/div>\n\t\t<div class=\"elementor-element elementor-element-f34a898 e-flex e-con-boxed e-con e-parent\" data-id=\"f34a898\" data-element_type=\"container\">\n\t\t\t\t\t<div class=\"e-con-inner\">\n\t\t<div class=\"elementor-element elementor-element-8333ad2 e-con-full e-flex e-con e-child\" data-id=\"8333ad2\" data-element_type=\"container\">\n\t\t\t\t<div class=\"elementor-element elementor-element-2e5fb15 elementor-widget elementor-widget-heading\" data-id=\"2e5fb15\" data-element_type=\"widget\" data-widget_type=\"heading.default\">\n\t\t\t\t<div class=\"elementor-widget-container\">\n\t\t\t\t\t<h4 class=\"elementor-heading-title elementor-size-default\">Inteligencia artificial para pymes<\/h4>\t\t\t\t<\/div>\n\t\t\t\t<\/div>\n\t\t\t\t<\/div>\n\t\t<div class=\"elementor-element elementor-element-32f2d08 e-con-full e-flex e-con e-child\" data-id=\"32f2d08\" data-element_type=\"container\">\n\t\t\t\t<div class=\"elementor-element elementor-element-4bcdd91 elementor-align-right elementor-widget elementor-widget-button\" data-id=\"4bcdd91\" data-element_type=\"widget\" data-widget_type=\"button.default\">\n\t\t\t\t<div class=\"elementor-widget-container\">\n\t\t\t\t\t\t\t\t\t<div class=\"elementor-button-wrapper\">\n\t\t\t\t\t<a class=\"elementor-button elementor-button-link elementor-size-sm\" href=\"https:\/\/finanedi.es\/blog\/inteligencia-artificial-para-pymes-y-autonomos\/\">\n\t\t\t\t\t\t<span class=\"elementor-button-content-wrapper\">\n\t\t\t\t\t\t<span class=\"elementor-button-icon\">\n\t\t\t\t<svg aria-hidden=\"true\" class=\"e-font-icon-svg e-fas-angle-right\" viewBox=\"0 0 256 512\" xmlns=\"http:\/\/www.w3.org\/2000\/svg\"><path d=\"M224.3 273l-136 136c-9.4 9.4-24.6 9.4-33.9 0l-22.6-22.6c-9.4-9.4-9.4-24.6 0-33.9l96.4-96.4-96.4-96.4c-9.4-9.4-9.4-24.6 0-33.9L54.3 103c9.4-9.4 24.6-9.4 33.9 0l136 136c9.5 9.4 9.5 24.6.1 34z\"><\/path><\/svg>\t\t\t<\/span>\n\t\t\t\t\t\t\t\t\t<span class=\"elementor-button-text\">M\u00e1s art\u00edculos<\/span>\n\t\t\t\t\t<\/span>\n\t\t\t\t\t<\/a>\n\t\t\t\t<\/div>\n\t\t\t\t\t\t\t\t<\/div>\n\t\t\t\t<\/div>\n\t\t\t\t<\/div>\n\t\t\t\t\t<\/div>\n\t\t\t\t<\/div>\n\t\t<section class=\"elementor-element elementor-element-1ef56cd e-flex e-con-boxed e-con e-parent\" data-id=\"1ef56cd\" data-element_type=\"container\">\n\t\t\t\t\t<div class=\"e-con-inner\">\n\t\t<div class=\"elementor-element elementor-element-0525b06 e-con-full e-flex e-con e-child\" data-id=\"0525b06\" data-element_type=\"container\">\n\t\t\t\t<div class=\"elementor-element elementor-element-8181619 e-transform elementor-position-top elementor-widget elementor-widget-image-box\" data-id=\"8181619\" data-element_type=\"widget\" data-settings=\"{&quot;_transform_scale_effect_hover&quot;:{&quot;unit&quot;:&quot;px&quot;,&quot;size&quot;:1.1,&quot;sizes&quot;:[]},&quot;_transform_scale_effect_hover_tablet&quot;:{&quot;unit&quot;:&quot;px&quot;,&quot;size&quot;:&quot;&quot;,&quot;sizes&quot;:[]},&quot;_transform_scale_effect_hover_mobile&quot;:{&quot;unit&quot;:&quot;px&quot;,&quot;size&quot;:&quot;&quot;,&quot;sizes&quot;:[]}}\" data-widget_type=\"image-box.default\">\n\t\t\t\t<div class=\"elementor-widget-container\">\n\t\t\t\t\t<div class=\"elementor-image-box-wrapper\"><figure class=\"elementor-image-box-img\"><a href=\"https:\/\/finanedi.es\/blog\/herramientas-de-inteligencia-artificial-para-mejorar-tu-negocio\/\" tabindex=\"-1\"><img loading=\"lazy\" decoding=\"async\" width=\"2000\" height=\"1125\" src=\"https:\/\/finanedi.es\/blog\/contenido\/uploads\/2024\/08\/Herramientas-de-inteligencia-artificial-para-mejorar-tu-negocio.jpg\" class=\"attachment-full size-full wp-image-3208\" alt=\"Herramientas de inteligencia artificial para mejorar tu negocio\" srcset=\"https:\/\/finanedi.es\/blog\/contenido\/uploads\/2024\/08\/Herramientas-de-inteligencia-artificial-para-mejorar-tu-negocio.jpg 2000w, https:\/\/finanedi.es\/blog\/contenido\/uploads\/2024\/08\/Herramientas-de-inteligencia-artificial-para-mejorar-tu-negocio-300x169.jpg 300w, https:\/\/finanedi.es\/blog\/contenido\/uploads\/2024\/08\/Herramientas-de-inteligencia-artificial-para-mejorar-tu-negocio-1024x576.jpg 1024w, https:\/\/finanedi.es\/blog\/contenido\/uploads\/2024\/08\/Herramientas-de-inteligencia-artificial-para-mejorar-tu-negocio-768x432.jpg 768w, https:\/\/finanedi.es\/blog\/contenido\/uploads\/2024\/08\/Herramientas-de-inteligencia-artificial-para-mejorar-tu-negocio-1536x864.jpg 1536w\" sizes=\"(max-width: 2000px) 100vw, 2000px\" \/><\/a><\/figure><div class=\"elementor-image-box-content\"><h3 class=\"elementor-image-box-title\"><a href=\"https:\/\/finanedi.es\/blog\/herramientas-de-inteligencia-artificial-para-mejorar-tu-negocio\/\">Herramientas de inteligencia artificial para mejorar tu negocio<\/a><\/h3><p class=\"elementor-image-box-description\">La inteligencia artificial (IA) est\u00e1 revolucionando el mundo empresarial, proporcionando herramientas avanzadas<\/p><\/div><\/div>\t\t\t\t<\/div>\n\t\t\t\t<\/div>\n\t\t\t\t<\/div>\n\t\t<div class=\"elementor-element elementor-element-2f5e63f e-con-full e-flex e-con e-child\" data-id=\"2f5e63f\" data-element_type=\"container\">\n\t\t\t\t<div class=\"elementor-element elementor-element-e4beaa2 e-transform elementor-position-top elementor-widget elementor-widget-image-box\" data-id=\"e4beaa2\" data-element_type=\"widget\" data-settings=\"{&quot;_transform_scale_effect_hover&quot;:{&quot;unit&quot;:&quot;px&quot;,&quot;size&quot;:1.1,&quot;sizes&quot;:[]},&quot;_transform_scale_effect_hover_tablet&quot;:{&quot;unit&quot;:&quot;px&quot;,&quot;size&quot;:&quot;&quot;,&quot;sizes&quot;:[]},&quot;_transform_scale_effect_hover_mobile&quot;:{&quot;unit&quot;:&quot;px&quot;,&quot;size&quot;:&quot;&quot;,&quot;sizes&quot;:[]}}\" data-widget_type=\"image-box.default\">\n\t\t\t\t<div class=\"elementor-widget-container\">\n\t\t\t\t\t<div class=\"elementor-image-box-wrapper\"><figure class=\"elementor-image-box-img\"><a href=\"https:\/\/finanedi.es\/blog\/pipedrive-la-herramienta-con-ia-para-optimizar-y-gestionar-tus-ventas\/\" tabindex=\"-1\"><img loading=\"lazy\" decoding=\"async\" width=\"1579\" height=\"960\" src=\"https:\/\/finanedi.es\/blog\/contenido\/uploads\/2024\/08\/pipedrive.jpg\" class=\"attachment-full size-full wp-image-3374\" alt=\"pipedrive\" srcset=\"https:\/\/finanedi.es\/blog\/contenido\/uploads\/2024\/08\/pipedrive.jpg 1579w, https:\/\/finanedi.es\/blog\/contenido\/uploads\/2024\/08\/pipedrive-300x182.jpg 300w, https:\/\/finanedi.es\/blog\/contenido\/uploads\/2024\/08\/pipedrive-1024x623.jpg 1024w, https:\/\/finanedi.es\/blog\/contenido\/uploads\/2024\/08\/pipedrive-768x467.jpg 768w, https:\/\/finanedi.es\/blog\/contenido\/uploads\/2024\/08\/pipedrive-1536x934.jpg 1536w\" sizes=\"(max-width: 1579px) 100vw, 1579px\" \/><\/a><\/figure><div class=\"elementor-image-box-content\"><h3 class=\"elementor-image-box-title\"><a href=\"https:\/\/finanedi.es\/blog\/pipedrive-la-herramienta-con-ia-para-optimizar-y-gestionar-tus-ventas\/\">Pipedrive: La herramienta con IA para optimizar y gestionar tus ventas<\/a><\/h3><p class=\"elementor-image-box-description\"> Pipedrive se destaca como una soluci\u00f3n intuitiva y poderosa que utiliza inteligencia artificial (IA) para ayudar a las empresas<\/p><\/div><\/div>\t\t\t\t<\/div>\n\t\t\t\t<\/div>\n\t\t\t\t<\/div>\n\t\t<div class=\"elementor-element elementor-element-a3f4c31 e-con-full e-flex e-con e-child\" data-id=\"a3f4c31\" data-element_type=\"container\">\n\t\t\t\t<div class=\"elementor-element elementor-element-2e7b253 e-transform e-transform elementor-position-top elementor-widget elementor-widget-image-box\" data-id=\"2e7b253\" data-element_type=\"widget\" data-settings=\"{&quot;_transform_scale_effect_hover&quot;:{&quot;unit&quot;:&quot;px&quot;,&quot;size&quot;:1.1,&quot;sizes&quot;:[]},&quot;_transform_scale_effect&quot;:{&quot;unit&quot;:&quot;px&quot;,&quot;size&quot;:&quot;&quot;,&quot;sizes&quot;:[]},&quot;_transform_scale_effect_tablet&quot;:{&quot;unit&quot;:&quot;px&quot;,&quot;size&quot;:&quot;&quot;,&quot;sizes&quot;:[]},&quot;_transform_scale_effect_mobile&quot;:{&quot;unit&quot;:&quot;px&quot;,&quot;size&quot;:&quot;&quot;,&quot;sizes&quot;:[]},&quot;_transform_scale_effect_hover_tablet&quot;:{&quot;unit&quot;:&quot;px&quot;,&quot;size&quot;:&quot;&quot;,&quot;sizes&quot;:[]},&quot;_transform_scale_effect_hover_mobile&quot;:{&quot;unit&quot;:&quot;px&quot;,&quot;size&quot;:&quot;&quot;,&quot;sizes&quot;:[]}}\" data-widget_type=\"image-box.default\">\n\t\t\t\t<div class=\"elementor-widget-container\">\n\t\t\t\t\t<div class=\"elementor-image-box-wrapper\"><figure class=\"elementor-image-box-img\"><a href=\"https:\/\/finanedi.es\/blog\/hubspot-chatbots-con-ia\/\" tabindex=\"-1\"><img loading=\"lazy\" decoding=\"async\" width=\"1579\" height=\"960\" src=\"https:\/\/finanedi.es\/blog\/contenido\/uploads\/2024\/08\/HubSpot-Chatbots.jpg\" class=\"attachment-full size-full wp-image-3782\" alt=\"Portada HubSpot Chatbots\" srcset=\"https:\/\/finanedi.es\/blog\/contenido\/uploads\/2024\/08\/HubSpot-Chatbots.jpg 1579w, https:\/\/finanedi.es\/blog\/contenido\/uploads\/2024\/08\/HubSpot-Chatbots-300x182.jpg 300w, https:\/\/finanedi.es\/blog\/contenido\/uploads\/2024\/08\/HubSpot-Chatbots-1024x623.jpg 1024w, https:\/\/finanedi.es\/blog\/contenido\/uploads\/2024\/08\/HubSpot-Chatbots-768x467.jpg 768w, https:\/\/finanedi.es\/blog\/contenido\/uploads\/2024\/08\/HubSpot-Chatbots-1536x934.jpg 1536w\" sizes=\"(max-width: 1579px) 100vw, 1579px\" \/><\/a><\/figure><div class=\"elementor-image-box-content\"><h3 class=\"elementor-image-box-title\"><a href=\"https:\/\/finanedi.es\/blog\/hubspot-chatbots-con-ia\/\">HubSpot | Chatbots con IA<\/a><\/h3><p class=\"elementor-image-box-description\">HubSpot ofrece una soluci\u00f3n robusta y f\u00e1cil de usar para la creaci\u00f3n y gesti\u00f3n de chatbots.<\/p><\/div><\/div>\t\t\t\t<\/div>\n\t\t\t\t<\/div>\n\t\t\t\t<\/div>\n\t\t<div class=\"elementor-element elementor-element-d5f454e e-con-full e-flex e-con e-child\" data-id=\"d5f454e\" data-element_type=\"container\">\n\t\t\t\t<div class=\"elementor-element elementor-element-41c2c2f e-transform elementor-position-top elementor-widget elementor-widget-image-box\" data-id=\"41c2c2f\" data-element_type=\"widget\" data-settings=\"{&quot;_transform_scale_effect_hover&quot;:{&quot;unit&quot;:&quot;px&quot;,&quot;size&quot;:1.1,&quot;sizes&quot;:[]},&quot;_transform_scale_effect_hover_tablet&quot;:{&quot;unit&quot;:&quot;px&quot;,&quot;size&quot;:&quot;&quot;,&quot;sizes&quot;:[]},&quot;_transform_scale_effect_hover_mobile&quot;:{&quot;unit&quot;:&quot;px&quot;,&quot;size&quot;:&quot;&quot;,&quot;sizes&quot;:[]}}\" data-widget_type=\"image-box.default\">\n\t\t\t\t<div class=\"elementor-widget-container\">\n\t\t\t\t\t<div class=\"elementor-image-box-wrapper\"><figure class=\"elementor-image-box-img\"><a href=\"https:\/\/finanedi.es\/blog\/zoho-crm-la-herramienta-con-ia-para-optimizar-tus-ventas\/\" tabindex=\"-1\"><img loading=\"lazy\" decoding=\"async\" width=\"1579\" height=\"960\" src=\"https:\/\/finanedi.es\/blog\/contenido\/uploads\/2024\/08\/Zoho-CRM-1.jpg\" class=\"attachment-full size-full wp-image-3262\" alt=\"Zoho CRM\" srcset=\"https:\/\/finanedi.es\/blog\/contenido\/uploads\/2024\/08\/Zoho-CRM-1.jpg 1579w, https:\/\/finanedi.es\/blog\/contenido\/uploads\/2024\/08\/Zoho-CRM-1-300x182.jpg 300w, https:\/\/finanedi.es\/blog\/contenido\/uploads\/2024\/08\/Zoho-CRM-1-1024x623.jpg 1024w, https:\/\/finanedi.es\/blog\/contenido\/uploads\/2024\/08\/Zoho-CRM-1-768x467.jpg 768w, https:\/\/finanedi.es\/blog\/contenido\/uploads\/2024\/08\/Zoho-CRM-1-1536x934.jpg 1536w\" sizes=\"(max-width: 1579px) 100vw, 1579px\" \/><\/a><\/figure><div class=\"elementor-image-box-content\"><h3 class=\"elementor-image-box-title\"><a href=\"https:\/\/finanedi.es\/blog\/zoho-crm-la-herramienta-con-ia-para-optimizar-tus-ventas\/\">Zoho CRM: La herramienta con IA para optimizar tus ventas<\/a><\/h3><p class=\"elementor-image-box-description\">Zoho CRM se destaca como una soluci\u00f3n integral que utiliza inteligencia artificial (IA) para optimizar las ventas.<\/p><\/div><\/div>\t\t\t\t<\/div>\n\t\t\t\t<\/div>\n\t\t\t\t<\/div>\n\t\t\t\t\t<\/div>\n\t\t\t\t<\/section>\n\t\t<div class=\"elementor-element elementor-element-1d77ed6 e-flex e-con-boxed e-con e-parent\" data-id=\"1d77ed6\" data-element_type=\"container\">\n\t\t\t\t\t<div class=\"e-con-inner\">\n\t\t\t\t<div class=\"elementor-element elementor-element-1a4d159 elementor-widget elementor-widget-spacer\" data-id=\"1a4d159\" data-element_type=\"widget\" data-widget_type=\"spacer.default\">\n\t\t\t\t<div class=\"elementor-widget-container\">\n\t\t\t\t\t\t\t<div class=\"elementor-spacer\">\n\t\t\t<div class=\"elementor-spacer-inner\"><\/div>\n\t\t<\/div>\n\t\t\t\t\t\t<\/div>\n\t\t\t\t<\/div>\n\t\t\t\t\t<\/div>\n\t\t\t\t<\/div>\n\t\t<div class=\"elementor-element elementor-element-62aa307 e-flex e-con-boxed e-con e-parent\" data-id=\"62aa307\" data-element_type=\"container\">\n\t\t\t\t\t<div class=\"e-con-inner\">\n\t\t\t\t<div class=\"elementor-element elementor-element-446172a elementor-widget elementor-widget-spacer\" data-id=\"446172a\" data-element_type=\"widget\" data-widget_type=\"spacer.default\">\n\t\t\t\t<div class=\"elementor-widget-container\">\n\t\t\t\t\t\t\t<div class=\"elementor-spacer\">\n\t\t\t<div class=\"elementor-spacer-inner\"><\/div>\n\t\t<\/div>\n\t\t\t\t\t\t<\/div>\n\t\t\t\t<\/div>\n\t\t\t\t\t<\/div>\n\t\t\t\t<\/div>\n\t\t<div class=\"elementor-element elementor-element-a950b16 e-flex e-con-boxed e-con e-parent\" data-id=\"a950b16\" data-element_type=\"container\">\n\t\t\t\t\t<div class=\"e-con-inner\">\n\t\t\t\t<div class=\"elementor-element elementor-element-c7024db elementor-widget elementor-widget-katen-section-header\" data-id=\"c7024db\" data-element_type=\"widget\" data-widget_type=\"katen-section-header.default\">\n\t\t\t\t<div class=\"elementor-widget-container\">\n\t\t\t\t\t\n\t\t\t<div class=\"section-header\">\n\t\t\t\t<h3 class=\"section-title\">Ventas<\/h3>\n\t\t\t\t\t\t\t\t\t<svg width=\"33\" height=\"6\" xmlns=\"http:\/\/www.w3.org\/2000\/svg\">\n\t\t\t\t\t\t<defs>\n\t\t\t\t\t\t\t<linearGradient id=\"gradient\" x1=\"0%\" y1=\"0%\" x2=\"100%\" y2=\"0%\">\n\t\t\t\t\t\t\t\t<stop offset=\"0%\" stop-color=\"#1e78ff\"><\/stop>\n\t\t\t\t\t\t\t\t<stop offset=\"100%\" stop-color=\"#1757b8\"><\/stop>\n\t\t\t\t\t\t\t<\/linearGradient>\n\t\t\t\t\t\t\t<\/defs>\n\t\t\t\t\t\t<path d=\"M33 1c-3.3 0-3.3 4-6.598 4C23.1 5 23.1 1 19.8 1c-3.3 0-3.3 4-6.599 4-3.3 0-3.3-4-6.6-4S3.303 5 0 5\" stroke=\"url(#gradient)\" stroke-width=\"2\" fill=\"none\"><\/path>\n\t\t\t\t\t<\/svg>\n\t\t\t\t\t\t\t\t\t\t\t<\/div>\n\n        \t\t\t\t<\/div>\n\t\t\t\t<\/div>\n\t\t\t\t\t<\/div>\n\t\t\t\t<\/div>\n\t\t<div class=\"elementor-element elementor-element-af9d59c e-flex e-con-boxed e-con e-parent\" data-id=\"af9d59c\" data-element_type=\"container\">\n\t\t\t\t\t<div class=\"e-con-inner\">\n\t\t<div class=\"elementor-element elementor-element-ac01fd3 e-flex e-con-boxed e-con e-child\" data-id=\"ac01fd3\" data-element_type=\"container\">\n\t\t\t\t\t<div class=\"e-con-inner\">\n\t\t\t\t<div class=\"elementor-element elementor-element-b2be4b0 elementor-widget elementor-widget-katen-post-twelve\" data-id=\"b2be4b0\" data-element_type=\"widget\" data-widget_type=\"katen-post-twelve.default\">\n\t\t\t\t<div class=\"elementor-widget-container\">\n\t\t\t\t\t\t\t<div class=\"row gy-4 infinite-wrapper\">\r\n\r\n\t\t\t\r\n\t\t\t\t<div class=\"col-md-6 col-lg-4 post-item\">\r\n\t\t\t\t\t<div id=\"post-10617\" class=\"post post-grid rounded bordered post-10617 type-post status-publish format-standard has-post-thumbnail hentry category-autonomos category-pymes category-ventas\">\r\n\t\t\t\t\t\t\t\t\t\t\t\t\t<div class=\"thumb top-rounded\">\r\n\t\t\t\t\t\t\t\t<a href=\"https:\/\/finanedi.es\/blog\/category\/autonomos\/\" class=\"category-badge position-absolute\">Aut\u00f3nomos<\/a>\t\t\t\t\t\t\t\t<div class=\"inner\">\r\n\t\t\t\t\t\t\t\t\t<a href=\"https:\/\/finanedi.es\/blog\/que-es-el-roas-y-como-mejorarlo-la-metrica-clave-para-rentabilizar-tu-inversion-en-publicidad\/\"><img loading=\"lazy\" decoding=\"async\" width=\"550\" height=\"367\" src=\"https:\/\/finanedi.es\/blog\/contenido\/uploads\/2025\/05\/ROAS-550x367.jpg\" class=\"attachment-katen-thumb-grid size-katen-thumb-grid wp-post-image\" alt=\"ROAS\" srcset=\"https:\/\/finanedi.es\/blog\/contenido\/uploads\/2025\/05\/ROAS-550x367.jpg 550w, https:\/\/finanedi.es\/blog\/contenido\/uploads\/2025\/05\/ROAS-300x200.jpg 300w, https:\/\/finanedi.es\/blog\/contenido\/uploads\/2025\/05\/ROAS-1024x682.jpg 1024w, https:\/\/finanedi.es\/blog\/contenido\/uploads\/2025\/05\/ROAS-768x512.jpg 768w, https:\/\/finanedi.es\/blog\/contenido\/uploads\/2025\/05\/ROAS-1536x1024.jpg 1536w, https:\/\/finanedi.es\/blog\/contenido\/uploads\/2025\/05\/ROAS.jpg 2000w\" sizes=\"(max-width: 550px) 100vw, 550px\" \/><\/a>\t\t\t\t\t\t\t\t<\/div>\r\n\t\t\t\t\t\t\t<\/div>\r\n\t\t\t\t\t\t\t\t\t\t\t\t<div class=\"details\">\r\n\r\n\t\t\t\t\t\t\t<ul class=\"meta list-inline mb-0\">\r\n\t\t\t\t\t\t\t\t\t\t\t\t\t\t\t\t\t<li class=\"list-inline-item\">05 May 2025<\/li>\r\n\t\t\t\t\t\t\t\t\t\t\t\t\t\t\t<\/ul>\r\n\r\n\t\t\t\t\t\t\t<h5 class=\"post-title mb-3 mt-3\"><a href=\"https:\/\/finanedi.es\/blog\/que-es-el-roas-y-como-mejorarlo-la-metrica-clave-para-rentabilizar-tu-inversion-en-publicidad\/\">Qu\u00e9 es el ROAS y c\u00f3mo mejorarlo: la m\u00e9trica clave para rentabilizar tu inversi\u00f3n en publicidad<\/a><\/h5>\r\n\t\t\t\t\t\t\t<p class=\"excerpt mb-0\">\r\n\t\t\t\t\t\t\t\t\u00bfEst\u00e1s sacando el m\u00e1ximo provecho a tu inversi\u00f3n publicitaria?Cada euro invertido en publicidad deber\u00eda acercarte a tus objetivos de negocio:&hellip;\t\t\t\t\t\t\t<\/p>\r\n\t\t\t\t\t\t<\/div>\r\n\t\t\t\t\t\t<div class=\"post-bottom clearfix d-flex align-items-center\">\r\n\t\t\t\t\t\t\t\n    <div class=\"social-share me-auto\">\n        <button class=\"toggle-button icon-share\"><\/button>\n        <ul class=\"icons list-unstyled list-inline mb-0\">\n            <li class=\"list-inline-item\"><a href=\"https:\/\/www.facebook.com\/sharer\/sharer.php?u=https:\/\/finanedi.es\/blog\/que-es-el-roas-y-como-mejorarlo-la-metrica-clave-para-rentabilizar-tu-inversion-en-publicidad\/\" target=\"_blank\"><i class=\"fab fa-facebook-f\"><\/i><\/a><\/li>\n            <li class=\"list-inline-item\"><a href=\"https:\/\/twitter.com\/intent\/tweet?url=https:\/\/finanedi.es\/blog\/que-es-el-roas-y-como-mejorarlo-la-metrica-clave-para-rentabilizar-tu-inversion-en-publicidad\/&text=Qu\u00e9 es el ROAS y c\u00f3mo mejorarlo: la m\u00e9trica clave para rentabilizar tu inversi\u00f3n en publicidad\" target=\"_blank\"><i class=\"fab fa-twitter\"><\/i><\/a><\/li>\n            <li class=\"list-inline-item\"><a href=\"https:\/\/www.linkedin.com\/shareArticle?mini=true&url=https:\/\/finanedi.es\/blog\/que-es-el-roas-y-como-mejorarlo-la-metrica-clave-para-rentabilizar-tu-inversion-en-publicidad\/&title=Qu\u00e9 es el ROAS y c\u00f3mo mejorarlo: la m\u00e9trica clave para rentabilizar tu inversi\u00f3n en publicidad\" target=\"_blank\"><i class=\"fab fa-linkedin-in\"><\/i><\/a><\/li>\n            <li class=\"list-inline-item\"><a href=\"https:\/\/pinterest.com\/pin\/create\/button\/?url=https:\/\/finanedi.es\/blog\/que-es-el-roas-y-como-mejorarlo-la-metrica-clave-para-rentabilizar-tu-inversion-en-publicidad\/&media=&description=Qu\u00e9 es el ROAS y c\u00f3mo mejorarlo: la m\u00e9trica clave para rentabilizar tu inversi\u00f3n en publicidad\" target=\"_blank\"><i class=\"fab fa-pinterest\"><\/i><\/a><\/li>\n            <li class=\"list-inline-item\"><a href=\"https:\/\/t.me\/share\/url?url=https:\/\/finanedi.es\/blog\/que-es-el-roas-y-como-mejorarlo-la-metrica-clave-para-rentabilizar-tu-inversion-en-publicidad\/&text=Qu\u00e9 es el ROAS y c\u00f3mo mejorarlo: la m\u00e9trica clave para rentabilizar tu inversi\u00f3n en publicidad\" target=\"_blank\"><i class=\"fab fa-telegram-plane\"><\/i><\/a><\/li>\n            <li class=\"list-inline-item\"><a href=\"mailto:info@example.com?&subject=&cc=&bcc=&body=https:\/\/finanedi.es\/blog\/que-es-el-roas-y-como-mejorarlo-la-metrica-clave-para-rentabilizar-tu-inversion-en-publicidad\/\"><i class=\"far fa-envelope\"><\/i><\/a><\/li>\n        <\/ul>\n    <\/div>\n\n\t\t\t\t\t\t\t\t\t\t\t\t\t\t\t<div class=\"more-button float-end\">\r\n\t\t\t\t\t\t\t\t\t<a href=\"https:\/\/finanedi.es\/blog\/que-es-el-roas-y-como-mejorarlo-la-metrica-clave-para-rentabilizar-tu-inversion-en-publicidad\/\"><span class=\"icon-options\"><\/span><\/a>\r\n\t\t\t\t\t\t\t\t<\/div>\r\n\t\t\t\t\t\t\t\t\t\t\t\t\t<\/div>\r\n\t\t\t\t\t<\/div>\r\n\t\t\t\t<\/div>\r\n\r\n\t\t\t\r\n\t\t\t\t<div class=\"col-md-6 col-lg-4 post-item\">\r\n\t\t\t\t\t<div id=\"post-10548\" class=\"post post-grid rounded bordered post-10548 type-post status-publish format-standard has-post-thumbnail hentry category-ventas\">\r\n\t\t\t\t\t\t\t\t\t\t\t\t\t<div class=\"thumb top-rounded\">\r\n\t\t\t\t\t\t\t\t<a href=\"https:\/\/finanedi.es\/blog\/category\/ventas\/\" class=\"category-badge position-absolute\">Ventas<\/a>\t\t\t\t\t\t\t\t<div class=\"inner\">\r\n\t\t\t\t\t\t\t\t\t<a href=\"https:\/\/finanedi.es\/blog\/crm-para-pymes-como-impulsar-tu-negocio\/\"><img loading=\"lazy\" decoding=\"async\" width=\"550\" height=\"367\" src=\"https:\/\/finanedi.es\/blog\/contenido\/uploads\/2025\/04\/CRM-para-Pymes-como-impulsar-tu-negocio-550x367.jpg\" class=\"attachment-katen-thumb-grid size-katen-thumb-grid wp-post-image\" alt=\"CRM para Pymes c\u00f3mo impulsar tu negocio\" srcset=\"https:\/\/finanedi.es\/blog\/contenido\/uploads\/2025\/04\/CRM-para-Pymes-como-impulsar-tu-negocio-550x367.jpg 550w, https:\/\/finanedi.es\/blog\/contenido\/uploads\/2025\/04\/CRM-para-Pymes-como-impulsar-tu-negocio-300x200.jpg 300w, https:\/\/finanedi.es\/blog\/contenido\/uploads\/2025\/04\/CRM-para-Pymes-como-impulsar-tu-negocio-1024x682.jpg 1024w, https:\/\/finanedi.es\/blog\/contenido\/uploads\/2025\/04\/CRM-para-Pymes-como-impulsar-tu-negocio-768x512.jpg 768w, https:\/\/finanedi.es\/blog\/contenido\/uploads\/2025\/04\/CRM-para-Pymes-como-impulsar-tu-negocio-1536x1024.jpg 1536w, https:\/\/finanedi.es\/blog\/contenido\/uploads\/2025\/04\/CRM-para-Pymes-como-impulsar-tu-negocio.jpg 2000w\" sizes=\"(max-width: 550px) 100vw, 550px\" \/><\/a>\t\t\t\t\t\t\t\t<\/div>\r\n\t\t\t\t\t\t\t<\/div>\r\n\t\t\t\t\t\t\t\t\t\t\t\t<div class=\"details\">\r\n\r\n\t\t\t\t\t\t\t<ul class=\"meta list-inline mb-0\">\r\n\t\t\t\t\t\t\t\t\t\t\t\t\t\t\t\t\t<li class=\"list-inline-item\">02 May 2025<\/li>\r\n\t\t\t\t\t\t\t\t\t\t\t\t\t\t\t<\/ul>\r\n\r\n\t\t\t\t\t\t\t<h5 class=\"post-title mb-3 mt-3\"><a href=\"https:\/\/finanedi.es\/blog\/crm-para-pymes-como-impulsar-tu-negocio\/\">CRM para pymes: c\u00f3mo impulsar tu negocio con una herramienta de gesti\u00f3n inteligente<\/a><\/h5>\r\n\t\t\t\t\t\t\t<p class=\"excerpt mb-0\">\r\n\t\t\t\t\t\t\t\t\u00bfQu\u00e9 es un CRM y por qu\u00e9 es importante para las Pymes? Un CRM (Customer Relationship Management) es un sistema&hellip;\t\t\t\t\t\t\t<\/p>\r\n\t\t\t\t\t\t<\/div>\r\n\t\t\t\t\t\t<div class=\"post-bottom clearfix d-flex align-items-center\">\r\n\t\t\t\t\t\t\t\n    <div class=\"social-share me-auto\">\n        <button class=\"toggle-button icon-share\"><\/button>\n        <ul class=\"icons list-unstyled list-inline mb-0\">\n            <li class=\"list-inline-item\"><a href=\"https:\/\/www.facebook.com\/sharer\/sharer.php?u=https:\/\/finanedi.es\/blog\/crm-para-pymes-como-impulsar-tu-negocio\/\" target=\"_blank\"><i class=\"fab fa-facebook-f\"><\/i><\/a><\/li>\n            <li class=\"list-inline-item\"><a href=\"https:\/\/twitter.com\/intent\/tweet?url=https:\/\/finanedi.es\/blog\/crm-para-pymes-como-impulsar-tu-negocio\/&text=CRM para pymes: c\u00f3mo impulsar tu negocio con una herramienta de gesti\u00f3n inteligente\" target=\"_blank\"><i class=\"fab fa-twitter\"><\/i><\/a><\/li>\n            <li class=\"list-inline-item\"><a href=\"https:\/\/www.linkedin.com\/shareArticle?mini=true&url=https:\/\/finanedi.es\/blog\/crm-para-pymes-como-impulsar-tu-negocio\/&title=CRM para pymes: c\u00f3mo impulsar tu negocio con una herramienta de gesti\u00f3n inteligente\" target=\"_blank\"><i class=\"fab fa-linkedin-in\"><\/i><\/a><\/li>\n            <li class=\"list-inline-item\"><a href=\"https:\/\/pinterest.com\/pin\/create\/button\/?url=https:\/\/finanedi.es\/blog\/crm-para-pymes-como-impulsar-tu-negocio\/&media=&description=CRM para pymes: c\u00f3mo impulsar tu negocio con una herramienta de gesti\u00f3n inteligente\" target=\"_blank\"><i class=\"fab fa-pinterest\"><\/i><\/a><\/li>\n            <li class=\"list-inline-item\"><a href=\"https:\/\/t.me\/share\/url?url=https:\/\/finanedi.es\/blog\/crm-para-pymes-como-impulsar-tu-negocio\/&text=CRM para pymes: c\u00f3mo impulsar tu negocio con una herramienta de gesti\u00f3n inteligente\" target=\"_blank\"><i class=\"fab fa-telegram-plane\"><\/i><\/a><\/li>\n            <li class=\"list-inline-item\"><a href=\"mailto:info@example.com?&subject=&cc=&bcc=&body=https:\/\/finanedi.es\/blog\/crm-para-pymes-como-impulsar-tu-negocio\/\"><i class=\"far fa-envelope\"><\/i><\/a><\/li>\n        <\/ul>\n    <\/div>\n\n\t\t\t\t\t\t\t\t\t\t\t\t\t\t\t<div class=\"more-button float-end\">\r\n\t\t\t\t\t\t\t\t\t<a href=\"https:\/\/finanedi.es\/blog\/crm-para-pymes-como-impulsar-tu-negocio\/\"><span class=\"icon-options\"><\/span><\/a>\r\n\t\t\t\t\t\t\t\t<\/div>\r\n\t\t\t\t\t\t\t\t\t\t\t\t\t<\/div>\r\n\t\t\t\t\t<\/div>\r\n\t\t\t\t<\/div>\r\n\r\n\t\t\t\r\n\t\t\t\t<div class=\"col-md-6 col-lg-4 post-item\">\r\n\t\t\t\t\t<div id=\"post-5130\" class=\"post post-grid rounded bordered post-5130 type-post status-publish format-standard has-post-thumbnail hentry category-ventas\">\r\n\t\t\t\t\t\t\t\t\t\t\t\t\t<div class=\"thumb top-rounded\">\r\n\t\t\t\t\t\t\t\t<a href=\"https:\/\/finanedi.es\/blog\/category\/ventas\/\" class=\"category-badge position-absolute\">Ventas<\/a>\t\t\t\t\t\t\t\t<div class=\"inner\">\r\n\t\t\t\t\t\t\t\t\t<a href=\"https:\/\/finanedi.es\/blog\/customer-experience-que-es-y-como-impacta-en-el-crecimiento-de-tu-negocio\/\"><img loading=\"lazy\" decoding=\"async\" width=\"550\" height=\"367\" src=\"https:\/\/finanedi.es\/blog\/contenido\/uploads\/2024\/09\/Customer-Experience-Que-es-550x367.jpg\" class=\"attachment-katen-thumb-grid size-katen-thumb-grid wp-post-image\" alt=\"Qu\u00e9 es el customer experience\" srcset=\"https:\/\/finanedi.es\/blog\/contenido\/uploads\/2024\/09\/Customer-Experience-Que-es-550x367.jpg 550w, https:\/\/finanedi.es\/blog\/contenido\/uploads\/2024\/09\/Customer-Experience-Que-es-300x200.jpg 300w, https:\/\/finanedi.es\/blog\/contenido\/uploads\/2024\/09\/Customer-Experience-Que-es-1024x684.jpg 1024w, https:\/\/finanedi.es\/blog\/contenido\/uploads\/2024\/09\/Customer-Experience-Que-es-768x513.jpg 768w, https:\/\/finanedi.es\/blog\/contenido\/uploads\/2024\/09\/Customer-Experience-Que-es-1536x1025.jpg 1536w, https:\/\/finanedi.es\/blog\/contenido\/uploads\/2024\/09\/Customer-Experience-Que-es.jpg 2000w\" sizes=\"(max-width: 550px) 100vw, 550px\" \/><\/a>\t\t\t\t\t\t\t\t<\/div>\r\n\t\t\t\t\t\t\t<\/div>\r\n\t\t\t\t\t\t\t\t\t\t\t\t<div class=\"details\">\r\n\r\n\t\t\t\t\t\t\t<ul class=\"meta list-inline mb-0\">\r\n\t\t\t\t\t\t\t\t\t\t\t\t\t\t\t\t\t<li class=\"list-inline-item\">02 Sep 2024<\/li>\r\n\t\t\t\t\t\t\t\t\t\t\t\t\t\t\t<\/ul>\r\n\r\n\t\t\t\t\t\t\t<h5 class=\"post-title mb-3 mt-3\"><a href=\"https:\/\/finanedi.es\/blog\/customer-experience-que-es-y-como-impacta-en-el-crecimiento-de-tu-negocio\/\">Customer Experience: Qu\u00e9 es y c\u00f3mo impacta en el crecimiento de tu negocio<\/a><\/h5>\r\n\t\t\t\t\t\t\t<p class=\"excerpt mb-0\">\r\n\t\t\t\t\t\t\t\tEl Customer Experience (CX) se ha convertido en un factor decisivo para el \u00e9xito de las empresas. Pero, \u00bfqu\u00e9 es&hellip;\t\t\t\t\t\t\t<\/p>\r\n\t\t\t\t\t\t<\/div>\r\n\t\t\t\t\t\t<div class=\"post-bottom clearfix d-flex align-items-center\">\r\n\t\t\t\t\t\t\t\n    <div class=\"social-share me-auto\">\n        <button class=\"toggle-button icon-share\"><\/button>\n        <ul class=\"icons list-unstyled list-inline mb-0\">\n            <li class=\"list-inline-item\"><a href=\"https:\/\/www.facebook.com\/sharer\/sharer.php?u=https:\/\/finanedi.es\/blog\/customer-experience-que-es-y-como-impacta-en-el-crecimiento-de-tu-negocio\/\" target=\"_blank\"><i class=\"fab fa-facebook-f\"><\/i><\/a><\/li>\n            <li class=\"list-inline-item\"><a href=\"https:\/\/twitter.com\/intent\/tweet?url=https:\/\/finanedi.es\/blog\/customer-experience-que-es-y-como-impacta-en-el-crecimiento-de-tu-negocio\/&text=Customer Experience: Qu\u00e9 es y c\u00f3mo impacta en el crecimiento de tu negocio\" target=\"_blank\"><i class=\"fab fa-twitter\"><\/i><\/a><\/li>\n            <li class=\"list-inline-item\"><a href=\"https:\/\/www.linkedin.com\/shareArticle?mini=true&url=https:\/\/finanedi.es\/blog\/customer-experience-que-es-y-como-impacta-en-el-crecimiento-de-tu-negocio\/&title=Customer Experience: Qu\u00e9 es y c\u00f3mo impacta en el crecimiento de tu negocio\" target=\"_blank\"><i class=\"fab fa-linkedin-in\"><\/i><\/a><\/li>\n            <li class=\"list-inline-item\"><a href=\"https:\/\/pinterest.com\/pin\/create\/button\/?url=https:\/\/finanedi.es\/blog\/customer-experience-que-es-y-como-impacta-en-el-crecimiento-de-tu-negocio\/&media=&description=Customer Experience: Qu\u00e9 es y c\u00f3mo impacta en el crecimiento de tu negocio\" target=\"_blank\"><i class=\"fab fa-pinterest\"><\/i><\/a><\/li>\n            <li class=\"list-inline-item\"><a href=\"https:\/\/t.me\/share\/url?url=https:\/\/finanedi.es\/blog\/customer-experience-que-es-y-como-impacta-en-el-crecimiento-de-tu-negocio\/&text=Customer Experience: Qu\u00e9 es y c\u00f3mo impacta en el crecimiento de tu negocio\" target=\"_blank\"><i class=\"fab fa-telegram-plane\"><\/i><\/a><\/li>\n            <li class=\"list-inline-item\"><a href=\"mailto:info@example.com?&subject=&cc=&bcc=&body=https:\/\/finanedi.es\/blog\/customer-experience-que-es-y-como-impacta-en-el-crecimiento-de-tu-negocio\/\"><i class=\"far fa-envelope\"><\/i><\/a><\/li>\n        <\/ul>\n    <\/div>\n\n\t\t\t\t\t\t\t\t\t\t\t\t\t\t\t<div class=\"more-button float-end\">\r\n\t\t\t\t\t\t\t\t\t<a href=\"https:\/\/finanedi.es\/blog\/customer-experience-que-es-y-como-impacta-en-el-crecimiento-de-tu-negocio\/\"><span class=\"icon-options\"><\/span><\/a>\r\n\t\t\t\t\t\t\t\t<\/div>\r\n\t\t\t\t\t\t\t\t\t\t\t\t\t<\/div>\r\n\t\t\t\t\t<\/div>\r\n\t\t\t\t<\/div>\r\n\r\n\t\t\t\r\n\t\t\t\t<div class=\"col-md-6 col-lg-4 post-item\">\r\n\t\t\t\t\t<div id=\"post-3681\" class=\"post post-grid rounded bordered post-3681 type-post status-publish format-standard has-post-thumbnail hentry category-ventas tag-aplicaciones\">\r\n\t\t\t\t\t\t\t\t\t\t\t\t\t<div class=\"thumb top-rounded\">\r\n\t\t\t\t\t\t\t\t<a href=\"https:\/\/finanedi.es\/blog\/category\/ventas\/\" class=\"category-badge position-absolute\">Ventas<\/a>\t\t\t\t\t\t\t\t<div class=\"inner\">\r\n\t\t\t\t\t\t\t\t\t<a href=\"https:\/\/finanedi.es\/blog\/brevo-la-solucion-de-email-marketing-para-aumentar-tus-ingresos\/\"><img loading=\"lazy\" decoding=\"async\" width=\"550\" height=\"367\" src=\"https:\/\/finanedi.es\/blog\/contenido\/uploads\/2024\/08\/Brevo-1-550x367.jpg\" class=\"attachment-katen-thumb-grid size-katen-thumb-grid wp-post-image\" alt=\"Portada aplicaci\u00f3n Brevo\" \/><\/a>\t\t\t\t\t\t\t\t<\/div>\r\n\t\t\t\t\t\t\t<\/div>\r\n\t\t\t\t\t\t\t\t\t\t\t\t<div class=\"details\">\r\n\r\n\t\t\t\t\t\t\t<ul class=\"meta list-inline mb-0\">\r\n\t\t\t\t\t\t\t\t\t\t\t\t\t\t\t\t\t<li class=\"list-inline-item\">22 Ago 2024<\/li>\r\n\t\t\t\t\t\t\t\t\t\t\t\t\t\t\t<\/ul>\r\n\r\n\t\t\t\t\t\t\t<h5 class=\"post-title mb-3 mt-3\"><a href=\"https:\/\/finanedi.es\/blog\/brevo-la-solucion-de-email-marketing-para-aumentar-tus-ingresos\/\">Brevo: La soluci\u00f3n de email marketing para aumentar tus ingresos<\/a><\/h5>\r\n\t\t\t\t\t\t\t<p class=\"excerpt mb-0\">\r\n\t\t\t\t\t\t\t\tBrevo, anteriormente conocido como Sendinblue, es una plataforma integral dise\u00f1ada para mejorar la manera en que las empresas interact\u00faan con&hellip;\t\t\t\t\t\t\t<\/p>\r\n\t\t\t\t\t\t<\/div>\r\n\t\t\t\t\t\t<div class=\"post-bottom clearfix d-flex align-items-center\">\r\n\t\t\t\t\t\t\t\n    <div class=\"social-share me-auto\">\n        <button class=\"toggle-button icon-share\"><\/button>\n        <ul class=\"icons list-unstyled list-inline mb-0\">\n            <li class=\"list-inline-item\"><a href=\"https:\/\/www.facebook.com\/sharer\/sharer.php?u=https:\/\/finanedi.es\/blog\/brevo-la-solucion-de-email-marketing-para-aumentar-tus-ingresos\/\" target=\"_blank\"><i class=\"fab fa-facebook-f\"><\/i><\/a><\/li>\n            <li class=\"list-inline-item\"><a href=\"https:\/\/twitter.com\/intent\/tweet?url=https:\/\/finanedi.es\/blog\/brevo-la-solucion-de-email-marketing-para-aumentar-tus-ingresos\/&text=Brevo: La soluci\u00f3n de email marketing para aumentar tus ingresos\" target=\"_blank\"><i class=\"fab fa-twitter\"><\/i><\/a><\/li>\n            <li class=\"list-inline-item\"><a href=\"https:\/\/www.linkedin.com\/shareArticle?mini=true&url=https:\/\/finanedi.es\/blog\/brevo-la-solucion-de-email-marketing-para-aumentar-tus-ingresos\/&title=Brevo: La soluci\u00f3n de email marketing para aumentar tus ingresos\" target=\"_blank\"><i class=\"fab fa-linkedin-in\"><\/i><\/a><\/li>\n            <li class=\"list-inline-item\"><a href=\"https:\/\/pinterest.com\/pin\/create\/button\/?url=https:\/\/finanedi.es\/blog\/brevo-la-solucion-de-email-marketing-para-aumentar-tus-ingresos\/&media=&description=Brevo: La soluci\u00f3n de email marketing para aumentar tus ingresos\" target=\"_blank\"><i class=\"fab fa-pinterest\"><\/i><\/a><\/li>\n            <li class=\"list-inline-item\"><a href=\"https:\/\/t.me\/share\/url?url=https:\/\/finanedi.es\/blog\/brevo-la-solucion-de-email-marketing-para-aumentar-tus-ingresos\/&text=Brevo: La soluci\u00f3n de email marketing para aumentar tus ingresos\" target=\"_blank\"><i class=\"fab fa-telegram-plane\"><\/i><\/a><\/li>\n            <li class=\"list-inline-item\"><a href=\"mailto:info@example.com?&subject=&cc=&bcc=&body=https:\/\/finanedi.es\/blog\/brevo-la-solucion-de-email-marketing-para-aumentar-tus-ingresos\/\"><i class=\"far fa-envelope\"><\/i><\/a><\/li>\n        <\/ul>\n    <\/div>\n\n\t\t\t\t\t\t\t\t\t\t\t\t\t\t\t<div class=\"more-button float-end\">\r\n\t\t\t\t\t\t\t\t\t<a href=\"https:\/\/finanedi.es\/blog\/brevo-la-solucion-de-email-marketing-para-aumentar-tus-ingresos\/\"><span class=\"icon-options\"><\/span><\/a>\r\n\t\t\t\t\t\t\t\t<\/div>\r\n\t\t\t\t\t\t\t\t\t\t\t\t\t<\/div>\r\n\t\t\t\t\t<\/div>\r\n\t\t\t\t<\/div>\r\n\r\n\t\t\t\r\n\t\t\t\t<div class=\"col-md-6 col-lg-4 post-item\">\r\n\t\t\t\t\t<div id=\"post-3659\" class=\"post post-grid rounded bordered post-3659 type-post status-publish format-standard has-post-thumbnail hentry category-ventas\">\r\n\t\t\t\t\t\t\t\t\t\t\t\t\t<div class=\"thumb top-rounded\">\r\n\t\t\t\t\t\t\t\t<a href=\"https:\/\/finanedi.es\/blog\/category\/ventas\/\" class=\"category-badge position-absolute\">Ventas<\/a>\t\t\t\t\t\t\t\t<div class=\"inner\">\r\n\t\t\t\t\t\t\t\t\t<a href=\"https:\/\/finanedi.es\/blog\/email-marketing-la-clave-para-impulsar-tu-negocio\/\"><img loading=\"lazy\" decoding=\"async\" width=\"550\" height=\"367\" src=\"https:\/\/finanedi.es\/blog\/contenido\/uploads\/2024\/08\/Email-Marketing-550x367.jpg\" class=\"attachment-katen-thumb-grid size-katen-thumb-grid wp-post-image\" alt=\"Email Marketing\" \/><\/a>\t\t\t\t\t\t\t\t<\/div>\r\n\t\t\t\t\t\t\t<\/div>\r\n\t\t\t\t\t\t\t\t\t\t\t\t<div class=\"details\">\r\n\r\n\t\t\t\t\t\t\t<ul class=\"meta list-inline mb-0\">\r\n\t\t\t\t\t\t\t\t\t\t\t\t\t\t\t\t\t<li class=\"list-inline-item\">21 Ago 2024<\/li>\r\n\t\t\t\t\t\t\t\t\t\t\t\t\t\t\t<\/ul>\r\n\r\n\t\t\t\t\t\t\t<h5 class=\"post-title mb-3 mt-3\"><a href=\"https:\/\/finanedi.es\/blog\/email-marketing-la-clave-para-impulsar-tu-negocio\/\">Email Marketing: La clave para impulsar tu negocio<\/a><\/h5>\r\n\t\t\t\t\t\t\t<p class=\"excerpt mb-0\">\r\n\t\t\t\t\t\t\t\tEl email marketing se ha consolidado como una de las estrategias m\u00e1s efectivas para conectar con los clientes y generar&hellip;\t\t\t\t\t\t\t<\/p>\r\n\t\t\t\t\t\t<\/div>\r\n\t\t\t\t\t\t<div class=\"post-bottom clearfix d-flex align-items-center\">\r\n\t\t\t\t\t\t\t\n    <div class=\"social-share me-auto\">\n        <button class=\"toggle-button icon-share\"><\/button>\n        <ul class=\"icons list-unstyled list-inline mb-0\">\n            <li class=\"list-inline-item\"><a href=\"https:\/\/www.facebook.com\/sharer\/sharer.php?u=https:\/\/finanedi.es\/blog\/email-marketing-la-clave-para-impulsar-tu-negocio\/\" target=\"_blank\"><i class=\"fab fa-facebook-f\"><\/i><\/a><\/li>\n            <li class=\"list-inline-item\"><a href=\"https:\/\/twitter.com\/intent\/tweet?url=https:\/\/finanedi.es\/blog\/email-marketing-la-clave-para-impulsar-tu-negocio\/&text=Email Marketing: La clave para impulsar tu negocio\" target=\"_blank\"><i class=\"fab fa-twitter\"><\/i><\/a><\/li>\n            <li class=\"list-inline-item\"><a href=\"https:\/\/www.linkedin.com\/shareArticle?mini=true&url=https:\/\/finanedi.es\/blog\/email-marketing-la-clave-para-impulsar-tu-negocio\/&title=Email Marketing: La clave para impulsar tu negocio\" target=\"_blank\"><i class=\"fab fa-linkedin-in\"><\/i><\/a><\/li>\n            <li class=\"list-inline-item\"><a href=\"https:\/\/pinterest.com\/pin\/create\/button\/?url=https:\/\/finanedi.es\/blog\/email-marketing-la-clave-para-impulsar-tu-negocio\/&media=&description=Email Marketing: La clave para impulsar tu negocio\" target=\"_blank\"><i class=\"fab fa-pinterest\"><\/i><\/a><\/li>\n            <li class=\"list-inline-item\"><a href=\"https:\/\/t.me\/share\/url?url=https:\/\/finanedi.es\/blog\/email-marketing-la-clave-para-impulsar-tu-negocio\/&text=Email Marketing: La clave para impulsar tu negocio\" target=\"_blank\"><i class=\"fab fa-telegram-plane\"><\/i><\/a><\/li>\n            <li class=\"list-inline-item\"><a href=\"mailto:info@example.com?&subject=&cc=&bcc=&body=https:\/\/finanedi.es\/blog\/email-marketing-la-clave-para-impulsar-tu-negocio\/\"><i class=\"far fa-envelope\"><\/i><\/a><\/li>\n        <\/ul>\n    <\/div>\n\n\t\t\t\t\t\t\t\t\t\t\t\t\t\t\t<div class=\"more-button float-end\">\r\n\t\t\t\t\t\t\t\t\t<a href=\"https:\/\/finanedi.es\/blog\/email-marketing-la-clave-para-impulsar-tu-negocio\/\"><span class=\"icon-options\"><\/span><\/a>\r\n\t\t\t\t\t\t\t\t<\/div>\r\n\t\t\t\t\t\t\t\t\t\t\t\t\t<\/div>\r\n\t\t\t\t\t<\/div>\r\n\t\t\t\t<\/div>\r\n\r\n\t\t\t\r\n\t\t\t\t<div class=\"col-md-6 col-lg-4 post-item\">\r\n\t\t\t\t\t<div id=\"post-3382\" class=\"post post-grid rounded bordered post-3382 type-post status-publish format-standard has-post-thumbnail hentry category-ventas tag-aplicaciones\">\r\n\t\t\t\t\t\t\t\t\t\t\t\t\t<div class=\"thumb top-rounded\">\r\n\t\t\t\t\t\t\t\t<a href=\"https:\/\/finanedi.es\/blog\/category\/ventas\/\" class=\"category-badge position-absolute\">Ventas<\/a>\t\t\t\t\t\t\t\t<div class=\"inner\">\r\n\t\t\t\t\t\t\t\t\t<a href=\"https:\/\/finanedi.es\/blog\/como-mailchimp-puede-mejorar-tu-negocio\/\"><img loading=\"lazy\" decoding=\"async\" width=\"550\" height=\"367\" src=\"https:\/\/finanedi.es\/blog\/contenido\/uploads\/2024\/08\/Mailchimp-550x367.jpg\" class=\"attachment-katen-thumb-grid size-katen-thumb-grid wp-post-image\" alt=\"Mailchimp\" \/><\/a>\t\t\t\t\t\t\t\t<\/div>\r\n\t\t\t\t\t\t\t<\/div>\r\n\t\t\t\t\t\t\t\t\t\t\t\t<div class=\"details\">\r\n\r\n\t\t\t\t\t\t\t<ul class=\"meta list-inline mb-0\">\r\n\t\t\t\t\t\t\t\t\t\t\t\t\t\t\t\t\t<li class=\"list-inline-item\">08 Ago 2024<\/li>\r\n\t\t\t\t\t\t\t\t\t\t\t\t\t\t\t<\/ul>\r\n\r\n\t\t\t\t\t\t\t<h5 class=\"post-title mb-3 mt-3\"><a href=\"https:\/\/finanedi.es\/blog\/como-mailchimp-puede-mejorar-tu-negocio\/\">Mailchimp &#8211; Plataforma de marketing digital<\/a><\/h5>\r\n\t\t\t\t\t\t\t<p class=\"excerpt mb-0\">\r\n\t\t\t\t\t\t\t\tLa atenci\u00f3n de los consumidores es un bien escaso, las estrategias de marketing digital se han convertido en una herramienta&hellip;\t\t\t\t\t\t\t<\/p>\r\n\t\t\t\t\t\t<\/div>\r\n\t\t\t\t\t\t<div class=\"post-bottom clearfix d-flex align-items-center\">\r\n\t\t\t\t\t\t\t\n    <div class=\"social-share me-auto\">\n        <button class=\"toggle-button icon-share\"><\/button>\n        <ul class=\"icons list-unstyled list-inline mb-0\">\n            <li class=\"list-inline-item\"><a href=\"https:\/\/www.facebook.com\/sharer\/sharer.php?u=https:\/\/finanedi.es\/blog\/como-mailchimp-puede-mejorar-tu-negocio\/\" target=\"_blank\"><i class=\"fab fa-facebook-f\"><\/i><\/a><\/li>\n            <li class=\"list-inline-item\"><a href=\"https:\/\/twitter.com\/intent\/tweet?url=https:\/\/finanedi.es\/blog\/como-mailchimp-puede-mejorar-tu-negocio\/&text=Mailchimp &#8211; Plataforma de marketing digital\" target=\"_blank\"><i class=\"fab fa-twitter\"><\/i><\/a><\/li>\n            <li class=\"list-inline-item\"><a href=\"https:\/\/www.linkedin.com\/shareArticle?mini=true&url=https:\/\/finanedi.es\/blog\/como-mailchimp-puede-mejorar-tu-negocio\/&title=Mailchimp &#8211; Plataforma de marketing digital\" target=\"_blank\"><i class=\"fab fa-linkedin-in\"><\/i><\/a><\/li>\n            <li class=\"list-inline-item\"><a href=\"https:\/\/pinterest.com\/pin\/create\/button\/?url=https:\/\/finanedi.es\/blog\/como-mailchimp-puede-mejorar-tu-negocio\/&media=&description=Mailchimp &#8211; Plataforma de marketing digital\" target=\"_blank\"><i class=\"fab fa-pinterest\"><\/i><\/a><\/li>\n            <li class=\"list-inline-item\"><a href=\"https:\/\/t.me\/share\/url?url=https:\/\/finanedi.es\/blog\/como-mailchimp-puede-mejorar-tu-negocio\/&text=Mailchimp &#8211; Plataforma de marketing digital\" target=\"_blank\"><i class=\"fab fa-telegram-plane\"><\/i><\/a><\/li>\n            <li class=\"list-inline-item\"><a href=\"mailto:info@example.com?&subject=&cc=&bcc=&body=https:\/\/finanedi.es\/blog\/como-mailchimp-puede-mejorar-tu-negocio\/\"><i class=\"far fa-envelope\"><\/i><\/a><\/li>\n        <\/ul>\n    <\/div>\n\n\t\t\t\t\t\t\t\t\t\t\t\t\t\t\t<div class=\"more-button float-end\">\r\n\t\t\t\t\t\t\t\t\t<a href=\"https:\/\/finanedi.es\/blog\/como-mailchimp-puede-mejorar-tu-negocio\/\"><span class=\"icon-options\"><\/span><\/a>\r\n\t\t\t\t\t\t\t\t<\/div>\r\n\t\t\t\t\t\t\t\t\t\t\t\t\t<\/div>\r\n\t\t\t\t\t<\/div>\r\n\t\t\t\t<\/div>\r\n\r\n\t\t\t\r\n\t\t<\/div>\r\n\r\n\t\t\r\n\t\t\r\n        \t\t\t\t<\/div>\n\t\t\t\t<\/div>\n\t\t\t\t\t<\/div>\n\t\t\t\t<\/div>\n\t\t\t\t\t<\/div>\n\t\t\t\t<\/div>\n\t\t<div class=\"elementor-element elementor-element-d4208e1 e-flex e-con-boxed e-con e-parent\" data-id=\"d4208e1\" data-element_type=\"container\">\n\t\t\t\t\t<div class=\"e-con-inner\">\n\t\t\t\t<div class=\"elementor-element elementor-element-8044d90 elementor-widget elementor-widget-spacer\" data-id=\"8044d90\" data-element_type=\"widget\" data-widget_type=\"spacer.default\">\n\t\t\t\t<div class=\"elementor-widget-container\">\n\t\t\t\t\t\t\t<div class=\"elementor-spacer\">\n\t\t\t<div class=\"elementor-spacer-inner\"><\/div>\n\t\t<\/div>\n\t\t\t\t\t\t<\/div>\n\t\t\t\t<\/div>\n\t\t\t\t\t<\/div>\n\t\t\t\t<\/div>\n\t\t<div class=\"elementor-element elementor-element-d54004f e-flex e-con-boxed e-con e-parent\" data-id=\"d54004f\" data-element_type=\"container\">\n\t\t\t\t\t<div class=\"e-con-inner\">\n\t\t<div class=\"elementor-element elementor-element-aa9a7e6 e-con-full e-flex e-con e-child\" data-id=\"aa9a7e6\" data-element_type=\"container\">\n\t\t<div class=\"elementor-element elementor-element-3404f91 e-con-full e-flex e-con e-child\" data-id=\"3404f91\" data-element_type=\"container\">\n\t\t<div class=\"elementor-element elementor-element-406c8f0 e-con-full e-flex e-con e-child\" data-id=\"406c8f0\" data-element_type=\"container\">\n\t\t\t\t<div class=\"elementor-element elementor-element-dd98711 elementor-widget elementor-widget-heading\" data-id=\"dd98711\" data-element_type=\"widget\" data-widget_type=\"heading.default\">\n\t\t\t\t<div class=\"elementor-widget-container\">\n\t\t\t\t\t<h4 class=\"elementor-heading-title elementor-size-default\">Kit Digital<\/h4>\t\t\t\t<\/div>\n\t\t\t\t<\/div>\n\t\t\t\t<\/div>\n\t\t<div class=\"elementor-element elementor-element-ed3344e e-con-full e-flex e-con e-child\" data-id=\"ed3344e\" data-element_type=\"container\">\n\t\t\t\t<div class=\"elementor-element elementor-element-a64689e elementor-widget elementor-widget-button\" data-id=\"a64689e\" data-element_type=\"widget\" data-widget_type=\"button.default\">\n\t\t\t\t<div class=\"elementor-widget-container\">\n\t\t\t\t\t\t\t\t\t<div class=\"elementor-button-wrapper\">\n\t\t\t\t\t<a class=\"elementor-button elementor-button-link elementor-size-sm\" href=\"https:\/\/finanedi.es\/blog\/tag\/kit-digital\/\">\n\t\t\t\t\t\t<span class=\"elementor-button-content-wrapper\">\n\t\t\t\t\t\t<span class=\"elementor-button-icon\">\n\t\t\t\t<svg aria-hidden=\"true\" class=\"e-font-icon-svg e-fas-chevron-right\" viewBox=\"0 0 320 512\" xmlns=\"http:\/\/www.w3.org\/2000\/svg\"><path d=\"M285.476 272.971L91.132 467.314c-9.373 9.373-24.569 9.373-33.941 0l-22.667-22.667c-9.357-9.357-9.375-24.522-.04-33.901L188.505 256 34.484 101.255c-9.335-9.379-9.317-24.544.04-33.901l22.667-22.667c9.373-9.373 24.569-9.373 33.941 0L285.475 239.03c9.373 9.372 9.373 24.568.001 33.941z\"><\/path><\/svg>\t\t\t<\/span>\n\t\t\t\t\t\t\t\t\t<span class=\"elementor-button-text\">M\u00e1s art\u00edculos<\/span>\n\t\t\t\t\t<\/span>\n\t\t\t\t\t<\/a>\n\t\t\t\t<\/div>\n\t\t\t\t\t\t\t\t<\/div>\n\t\t\t\t<\/div>\n\t\t\t\t<\/div>\n\t\t\t\t<\/div>\n\t\t<div class=\"elementor-element elementor-element-a9a1d5b e-con-full e-flex e-con e-child\" data-id=\"a9a1d5b\" data-element_type=\"container\">\n\t\t<div class=\"elementor-element elementor-element-3555e10 e-con-full e-flex e-con e-child\" data-id=\"3555e10\" data-element_type=\"container\">\n\t\t\t\t<div class=\"elementor-element elementor-element-4065d47 e-transform elementor-position-top elementor-widget elementor-widget-image-box\" data-id=\"4065d47\" data-element_type=\"widget\" data-settings=\"{&quot;_transform_scale_effect_hover&quot;:{&quot;unit&quot;:&quot;px&quot;,&quot;size&quot;:1.1,&quot;sizes&quot;:[]},&quot;_transform_scale_effect_hover_tablet&quot;:{&quot;unit&quot;:&quot;px&quot;,&quot;size&quot;:&quot;&quot;,&quot;sizes&quot;:[]},&quot;_transform_scale_effect_hover_mobile&quot;:{&quot;unit&quot;:&quot;px&quot;,&quot;size&quot;:&quot;&quot;,&quot;sizes&quot;:[]}}\" data-widget_type=\"image-box.default\">\n\t\t\t\t<div class=\"elementor-widget-container\">\n\t\t\t\t\t<div class=\"elementor-image-box-wrapper\"><figure class=\"elementor-image-box-img\"><a href=\"https:\/\/finanedi.es\/blog\/kit-digital-que-es-y-como-solicitarlo\/\" tabindex=\"-1\"><img loading=\"lazy\" decoding=\"async\" width=\"1579\" height=\"960\" src=\"https:\/\/finanedi.es\/blog\/contenido\/uploads\/2024\/07\/Kit-digital-que-es-1.jpg\" class=\"attachment-full size-full wp-image-2018\" alt=\"Kit digital que es\" srcset=\"https:\/\/finanedi.es\/blog\/contenido\/uploads\/2024\/07\/Kit-digital-que-es-1.jpg 1579w, https:\/\/finanedi.es\/blog\/contenido\/uploads\/2024\/07\/Kit-digital-que-es-1-300x182.jpg 300w, https:\/\/finanedi.es\/blog\/contenido\/uploads\/2024\/07\/Kit-digital-que-es-1-1024x623.jpg 1024w, https:\/\/finanedi.es\/blog\/contenido\/uploads\/2024\/07\/Kit-digital-que-es-1-768x467.jpg 768w, https:\/\/finanedi.es\/blog\/contenido\/uploads\/2024\/07\/Kit-digital-que-es-1-1536x934.jpg 1536w\" sizes=\"(max-width: 1579px) 100vw, 1579px\" \/><\/a><\/figure><div class=\"elementor-image-box-content\"><h3 class=\"elementor-image-box-title\"><a href=\"https:\/\/finanedi.es\/blog\/kit-digital-que-es-y-como-solicitarlo\/\">\u00bfQu\u00e9 es el Kit Digital?<\/a><\/h3><p class=\"elementor-image-box-description\">El Kit Digital es un programa de ayudas econ\u00f3micas destinado a pymes y aut\u00f3nomos para promover la adopci\u00f3n de soluciones digitales.<\/p><\/div><\/div>\t\t\t\t<\/div>\n\t\t\t\t<\/div>\n\t\t\t\t<\/div>\n\t\t<div class=\"elementor-element elementor-element-cca4f37 e-con-full e-flex e-con e-child\" data-id=\"cca4f37\" data-element_type=\"container\">\n\t\t\t\t<div class=\"elementor-element elementor-element-414e5f9 e-transform elementor-position-top elementor-widget elementor-widget-image-box\" data-id=\"414e5f9\" data-element_type=\"widget\" data-settings=\"{&quot;_transform_scale_effect_hover&quot;:{&quot;unit&quot;:&quot;px&quot;,&quot;size&quot;:1.1,&quot;sizes&quot;:[]},&quot;_transform_scale_effect_hover_tablet&quot;:{&quot;unit&quot;:&quot;px&quot;,&quot;size&quot;:&quot;&quot;,&quot;sizes&quot;:[]},&quot;_transform_scale_effect_hover_mobile&quot;:{&quot;unit&quot;:&quot;px&quot;,&quot;size&quot;:&quot;&quot;,&quot;sizes&quot;:[]}}\" data-widget_type=\"image-box.default\">\n\t\t\t\t<div class=\"elementor-widget-container\">\n\t\t\t\t\t<div class=\"elementor-image-box-wrapper\"><figure class=\"elementor-image-box-img\"><a href=\"https:\/\/finanedi.es\/blog\/kit-digital-a-quien-va-dirigido\/\" tabindex=\"-1\"><img loading=\"lazy\" decoding=\"async\" width=\"1579\" height=\"960\" src=\"https:\/\/finanedi.es\/blog\/contenido\/uploads\/2024\/07\/Kit-digital-Segmentos-2024.jpg\" class=\"attachment-full size-full wp-image-2055\" alt=\"Kit digital Segmentos 2024\" srcset=\"https:\/\/finanedi.es\/blog\/contenido\/uploads\/2024\/07\/Kit-digital-Segmentos-2024.jpg 1579w, https:\/\/finanedi.es\/blog\/contenido\/uploads\/2024\/07\/Kit-digital-Segmentos-2024-300x182.jpg 300w, https:\/\/finanedi.es\/blog\/contenido\/uploads\/2024\/07\/Kit-digital-Segmentos-2024-1024x623.jpg 1024w, https:\/\/finanedi.es\/blog\/contenido\/uploads\/2024\/07\/Kit-digital-Segmentos-2024-768x467.jpg 768w, https:\/\/finanedi.es\/blog\/contenido\/uploads\/2024\/07\/Kit-digital-Segmentos-2024-1536x934.jpg 1536w\" sizes=\"(max-width: 1579px) 100vw, 1579px\" \/><\/a><\/figure><div class=\"elementor-image-box-content\"><h3 class=\"elementor-image-box-title\"><a href=\"https:\/\/finanedi.es\/blog\/kit-digital-a-quien-va-dirigido\/\">Segmento de beneficiarios<\/a><\/h3><p class=\"elementor-image-box-description\">El gobierno de Espa\u00f1a ha actualizado los segmentos de beneficiarios del Kit Digital, ampliando a\u00fan m\u00e1s el alcance. <\/p><\/div><\/div>\t\t\t\t<\/div>\n\t\t\t\t<\/div>\n\t\t\t\t<\/div>\n\t\t\t\t<\/div>\n\t\t\t\t<\/div>\n\t\t<div class=\"elementor-element elementor-element-371003d e-con-full e-flex e-con e-child\" data-id=\"371003d\" data-element_type=\"container\">\n\t\t<div class=\"elementor-element elementor-element-94c2c81 e-con-full e-flex e-con e-child\" data-id=\"94c2c81\" data-element_type=\"container\">\n\t\t<div class=\"elementor-element elementor-element-5bc7c9f e-flex e-con-boxed e-con e-child\" data-id=\"5bc7c9f\" data-element_type=\"container\">\n\t\t\t\t\t<div class=\"e-con-inner\">\n\t\t\t\t<div class=\"elementor-element elementor-element-0dc4d7e elementor-widget elementor-widget-heading\" data-id=\"0dc4d7e\" data-element_type=\"widget\" data-widget_type=\"heading.default\">\n\t\t\t\t<div class=\"elementor-widget-container\">\n\t\t\t\t\t<h4 class=\"elementor-heading-title elementor-size-default\">Kit Consulting<\/h4>\t\t\t\t<\/div>\n\t\t\t\t<\/div>\n\t\t\t\t\t<\/div>\n\t\t\t\t<\/div>\n\t\t<div class=\"elementor-element elementor-element-5210553 e-flex e-con-boxed e-con e-child\" data-id=\"5210553\" data-element_type=\"container\">\n\t\t\t\t\t<div class=\"e-con-inner\">\n\t\t\t\t<div class=\"elementor-element elementor-element-dd1af6a elementor-widget elementor-widget-button\" data-id=\"dd1af6a\" data-element_type=\"widget\" data-widget_type=\"button.default\">\n\t\t\t\t<div class=\"elementor-widget-container\">\n\t\t\t\t\t\t\t\t\t<div class=\"elementor-button-wrapper\">\n\t\t\t\t\t<a class=\"elementor-button elementor-button-link elementor-size-sm\" href=\"https:\/\/finanedi.es\/blog\/tag\/kit-consulting\/\">\n\t\t\t\t\t\t<span class=\"elementor-button-content-wrapper\">\n\t\t\t\t\t\t<span class=\"elementor-button-icon\">\n\t\t\t\t<svg aria-hidden=\"true\" class=\"e-font-icon-svg e-fas-chevron-right\" viewBox=\"0 0 320 512\" xmlns=\"http:\/\/www.w3.org\/2000\/svg\"><path d=\"M285.476 272.971L91.132 467.314c-9.373 9.373-24.569 9.373-33.941 0l-22.667-22.667c-9.357-9.357-9.375-24.522-.04-33.901L188.505 256 34.484 101.255c-9.335-9.379-9.317-24.544.04-33.901l22.667-22.667c9.373-9.373 24.569-9.373 33.941 0L285.475 239.03c9.373 9.372 9.373 24.568.001 33.941z\"><\/path><\/svg>\t\t\t<\/span>\n\t\t\t\t\t\t\t\t\t<span class=\"elementor-button-text\">M\u00e1s art\u00edculos<\/span>\n\t\t\t\t\t<\/span>\n\t\t\t\t\t<\/a>\n\t\t\t\t<\/div>\n\t\t\t\t\t\t\t\t<\/div>\n\t\t\t\t<\/div>\n\t\t\t\t\t<\/div>\n\t\t\t\t<\/div>\n\t\t\t\t<\/div>\n\t\t<div class=\"elementor-element elementor-element-b3ccff7 e-con-full e-flex e-con e-child\" data-id=\"b3ccff7\" data-element_type=\"container\">\n\t\t<div class=\"elementor-element elementor-element-c195324 e-flex e-con-boxed e-con e-child\" data-id=\"c195324\" data-element_type=\"container\">\n\t\t\t\t\t<div class=\"e-con-inner\">\n\t\t\t\t<div class=\"elementor-element elementor-element-82a1286 e-transform e-transform elementor-position-top elementor-widget elementor-widget-image-box\" data-id=\"82a1286\" data-element_type=\"widget\" data-settings=\"{&quot;_transform_scale_effect_hover&quot;:{&quot;unit&quot;:&quot;px&quot;,&quot;size&quot;:1.1,&quot;sizes&quot;:[]},&quot;_transform_scale_effect&quot;:{&quot;unit&quot;:&quot;px&quot;,&quot;size&quot;:&quot;&quot;,&quot;sizes&quot;:[]},&quot;_transform_scale_effect_tablet&quot;:{&quot;unit&quot;:&quot;px&quot;,&quot;size&quot;:&quot;&quot;,&quot;sizes&quot;:[]},&quot;_transform_scale_effect_mobile&quot;:{&quot;unit&quot;:&quot;px&quot;,&quot;size&quot;:&quot;&quot;,&quot;sizes&quot;:[]},&quot;_transform_scale_effect_hover_tablet&quot;:{&quot;unit&quot;:&quot;px&quot;,&quot;size&quot;:&quot;&quot;,&quot;sizes&quot;:[]},&quot;_transform_scale_effect_hover_mobile&quot;:{&quot;unit&quot;:&quot;px&quot;,&quot;size&quot;:&quot;&quot;,&quot;sizes&quot;:[]}}\" data-widget_type=\"image-box.default\">\n\t\t\t\t<div class=\"elementor-widget-container\">\n\t\t\t\t\t<div class=\"elementor-image-box-wrapper\"><figure class=\"elementor-image-box-img\"><a href=\"https:\/\/finanedi.es\/blog\/kit-consulting-que-es\/\" tabindex=\"-1\"><img loading=\"lazy\" decoding=\"async\" width=\"1579\" height=\"960\" src=\"https:\/\/finanedi.es\/blog\/contenido\/uploads\/2024\/07\/kit-Consulting-que-es.jpg\" class=\"attachment-full size-full wp-image-2207\" alt=\"kit Consulting que es\" srcset=\"https:\/\/finanedi.es\/blog\/contenido\/uploads\/2024\/07\/kit-Consulting-que-es.jpg 1579w, https:\/\/finanedi.es\/blog\/contenido\/uploads\/2024\/07\/kit-Consulting-que-es-300x182.jpg 300w, https:\/\/finanedi.es\/blog\/contenido\/uploads\/2024\/07\/kit-Consulting-que-es-1024x623.jpg 1024w, https:\/\/finanedi.es\/blog\/contenido\/uploads\/2024\/07\/kit-Consulting-que-es-768x467.jpg 768w, https:\/\/finanedi.es\/blog\/contenido\/uploads\/2024\/07\/kit-Consulting-que-es-1536x934.jpg 1536w\" sizes=\"(max-width: 1579px) 100vw, 1579px\" \/><\/a><\/figure><div class=\"elementor-image-box-content\"><h3 class=\"elementor-image-box-title\"><a href=\"https:\/\/finanedi.es\/blog\/kit-consulting-que-es\/\">\u00bfQu\u00e9 es Kit Consulting?<\/a><\/h3><p class=\"elementor-image-box-description\">Kit Consulting es una nueva iniciativa de apoyo enfocada en pymes con una plantilla de entre 10 y 249 empleados.<\/p><\/div><\/div>\t\t\t\t<\/div>\n\t\t\t\t<\/div>\n\t\t\t\t\t<\/div>\n\t\t\t\t<\/div>\n\t\t<div class=\"elementor-element elementor-element-83b297e e-flex e-con-boxed e-con e-child\" data-id=\"83b297e\" data-element_type=\"container\">\n\t\t\t\t\t<div class=\"e-con-inner\">\n\t\t\t\t<div class=\"elementor-element elementor-element-ae2f2b4 e-transform elementor-position-top elementor-widget elementor-widget-image-box\" data-id=\"ae2f2b4\" data-element_type=\"widget\" data-settings=\"{&quot;_transform_scale_effect_hover&quot;:{&quot;unit&quot;:&quot;px&quot;,&quot;size&quot;:1.1,&quot;sizes&quot;:[]},&quot;_transform_scale_effect_hover_tablet&quot;:{&quot;unit&quot;:&quot;px&quot;,&quot;size&quot;:&quot;&quot;,&quot;sizes&quot;:[]},&quot;_transform_scale_effect_hover_mobile&quot;:{&quot;unit&quot;:&quot;px&quot;,&quot;size&quot;:&quot;&quot;,&quot;sizes&quot;:[]}}\" data-widget_type=\"image-box.default\">\n\t\t\t\t<div class=\"elementor-widget-container\">\n\t\t\t\t\t<div class=\"elementor-image-box-wrapper\"><figure class=\"elementor-image-box-img\"><a href=\"https:\/\/finanedi.es\/blog\/kit-consulting-que-servicios-de-asesoramiento-estan-disponibles\/\" tabindex=\"-1\"><img loading=\"lazy\" decoding=\"async\" width=\"1579\" height=\"960\" src=\"https:\/\/finanedi.es\/blog\/contenido\/uploads\/2024\/07\/kit-Consulting-servicios-de-asesoramiento.jpg\" class=\"attachment-full size-full wp-image-2203\" alt=\"kit Consulting servicios de asesoramiento\" srcset=\"https:\/\/finanedi.es\/blog\/contenido\/uploads\/2024\/07\/kit-Consulting-servicios-de-asesoramiento.jpg 1579w, https:\/\/finanedi.es\/blog\/contenido\/uploads\/2024\/07\/kit-Consulting-servicios-de-asesoramiento-300x182.jpg 300w, https:\/\/finanedi.es\/blog\/contenido\/uploads\/2024\/07\/kit-Consulting-servicios-de-asesoramiento-1024x623.jpg 1024w, https:\/\/finanedi.es\/blog\/contenido\/uploads\/2024\/07\/kit-Consulting-servicios-de-asesoramiento-768x467.jpg 768w, https:\/\/finanedi.es\/blog\/contenido\/uploads\/2024\/07\/kit-Consulting-servicios-de-asesoramiento-1536x934.jpg 1536w\" sizes=\"(max-width: 1579px) 100vw, 1579px\" \/><\/a><\/figure><div class=\"elementor-image-box-content\"><h3 class=\"elementor-image-box-title\"><a href=\"https:\/\/finanedi.es\/blog\/kit-consulting-que-servicios-de-asesoramiento-estan-disponibles\/\">Servicios de asesor\u00eda<\/a><\/h3><p class=\"elementor-image-box-description\">Kit Consulting permitir\u00e1 acceder a una serie de servicios de asesor\u00eda dise\u00f1ados para impulsar la transformaci\u00f3n digital.<\/p><\/div><\/div>\t\t\t\t<\/div>\n\t\t\t\t<\/div>\n\t\t\t\t\t<\/div>\n\t\t\t\t<\/div>\n\t\t\t\t<\/div>\n\t\t\t\t<\/div>\n\t\t\t\t\t<\/div>\n\t\t\t\t<\/div>\n\t\t<div class=\"elementor-element elementor-element-12542c5 e-flex e-con-boxed e-con e-parent\" data-id=\"12542c5\" data-element_type=\"container\">\n\t\t\t\t\t<div class=\"e-con-inner\">\n\t\t\t\t<div class=\"elementor-element elementor-element-b12283c elementor-widget elementor-widget-spacer\" data-id=\"b12283c\" data-element_type=\"widget\" data-widget_type=\"spacer.default\">\n\t\t\t\t<div class=\"elementor-widget-container\">\n\t\t\t\t\t\t\t<div class=\"elementor-spacer\">\n\t\t\t<div class=\"elementor-spacer-inner\"><\/div>\n\t\t<\/div>\n\t\t\t\t\t\t<\/div>\n\t\t\t\t<\/div>\n\t\t\t\t\t<\/div>\n\t\t\t\t<\/div>\n\t\t<div class=\"elementor-element elementor-element-10edbd8 e-flex e-con-boxed e-con e-parent\" data-id=\"10edbd8\" data-element_type=\"container\">\n\t\t\t\t\t<div class=\"e-con-inner\">\n\t\t<div class=\"elementor-element elementor-element-6af45ba e-con-full e-flex e-con e-child\" data-id=\"6af45ba\" data-element_type=\"container\">\n\t\t\t\t<div class=\"elementor-element elementor-element-ec4bd02 elementor-widget elementor-widget-image\" data-id=\"ec4bd02\" data-element_type=\"widget\" data-widget_type=\"image.default\">\n\t\t\t\t<div class=\"elementor-widget-container\">\n\t\t\t\t\t\t\t\t\t\t\t\t\t\t\t<img loading=\"lazy\" decoding=\"async\" width=\"191\" height=\"40\" src=\"https:\/\/finanedi.es\/blog\/contenido\/uploads\/2024\/02\/LogoLight.png\" class=\"attachment-large size-large wp-image-345\" alt=\"Logo FinanEDI\" \/>\t\t\t\t\t\t\t\t\t\t\t\t\t\t\t<\/div>\n\t\t\t\t<\/div>\n\t\t\t\t<\/div>\n\t\t<div class=\"elementor-element elementor-element-b71ce39 e-con-full e-flex e-con e-child\" data-id=\"b71ce39\" data-element_type=\"container\">\n\t\t\t\t<div class=\"elementor-element elementor-element-bfc3a2b elementor-align-right elementor-widget elementor-widget-button\" data-id=\"bfc3a2b\" data-element_type=\"widget\" data-widget_type=\"button.default\">\n\t\t\t\t<div class=\"elementor-widget-container\">\n\t\t\t\t\t\t\t\t\t<div class=\"elementor-button-wrapper\">\n\t\t\t\t\t<a class=\"elementor-button elementor-button-link elementor-size-sm\" href=\"https:\/\/myaccount.finanedi.es\/signup\">\n\t\t\t\t\t\t<span class=\"elementor-button-content-wrapper\">\n\t\t\t\t\t\t\t\t\t<span class=\"elementor-button-text\">Reg\u00edstrate GRATIS<\/span>\n\t\t\t\t\t<\/span>\n\t\t\t\t\t<\/a>\n\t\t\t\t<\/div>\n\t\t\t\t\t\t\t\t<\/div>\n\t\t\t\t<\/div>\n\t\t\t\t<\/div>\n\t\t\t\t\t<\/div>\n\t\t\t\t<\/div>\n\t\t<div class=\"elementor-element elementor-element-5964152 e-flex e-con-boxed e-con e-parent\" data-id=\"5964152\" data-element_type=\"container\">\n\t\t\t\t\t<div class=\"e-con-inner\">\n\t\t<div class=\"elementor-element elementor-element-06f0471 e-con-full e-flex e-con e-child\" data-id=\"06f0471\" data-element_type=\"container\">\n\t\t\t\t<div class=\"elementor-element elementor-element-5f4a7f4 elementor-widget elementor-widget-text-editor\" data-id=\"5f4a7f4\" data-element_type=\"widget\" data-widget_type=\"text-editor.default\">\n\t\t\t\t<div class=\"elementor-widget-container\">\n\t\t\t\t\t\t\t\t\t<p>FinanEDI es la soluci\u00f3n en la nube gratuita que permite a los aut\u00f3nomos y PYMES automatizar y optimizar los procesos financieros, contables y administrativos de su negocio.<\/p>\t\t\t\t\t\t\t\t<\/div>\n\t\t\t\t<\/div>\n\t\t\t\t<\/div>\n\t\t<div class=\"elementor-element elementor-element-7d01324 e-con-full e-flex e-con e-child\" data-id=\"7d01324\" data-element_type=\"container\">\n\t\t\t\t<div class=\"elementor-element elementor-element-3f34e0b elementor-widget elementor-widget-text-editor\" data-id=\"3f34e0b\" data-element_type=\"widget\" data-widget_type=\"text-editor.default\">\n\t\t\t\t<div class=\"elementor-widget-container\">\n\t\t\t\t\t\t\t\t\t<p><a href=\"https:\/\/finanedi.es\/programa-facturacion\">Facturaci\u00f3n<\/a>\u00a0 \u00a0 \u00a0|\u00a0 \u00a0 \u00a0<a href=\"https:\/\/finanedi.es\/programa-contabilidad\">Contabilidad\u00a0<\/a> \u00a0 \u00a0|\u00a0 \u00a0 \u00a0<a href=\"https:\/\/finanedi.es\/asesorias\">Asesor\u00edas<\/a>\u00a0 \u00a0 \u00a0|\u00a0 \u00a0 \u00a0<a href=\"https:\/\/finanedi.es\/edi\">EDI<\/a><\/p>\t\t\t\t\t\t\t\t<\/div>\n\t\t\t\t<\/div>\n\t\t\t\t<\/div>\n\t\t\t\t\t<\/div>\n\t\t\t\t<\/div>\n\t\t<div class=\"elementor-element elementor-element-a09783a e-flex e-con-boxed e-con e-parent\" data-id=\"a09783a\" data-element_type=\"container\">\n\t\t\t\t\t<div class=\"e-con-inner\">\n\t\t\t\t<div class=\"elementor-element elementor-element-e36ff91 elementor-widget elementor-widget-spacer\" data-id=\"e36ff91\" data-element_type=\"widget\" data-widget_type=\"spacer.default\">\n\t\t\t\t<div class=\"elementor-widget-container\">\n\t\t\t\t\t\t\t<div class=\"elementor-spacer\">\n\t\t\t<div class=\"elementor-spacer-inner\"><\/div>\n\t\t<\/div>\n\t\t\t\t\t\t<\/div>\n\t\t\t\t<\/div>\n\t\t\t\t\t<\/div>\n\t\t\t\t<\/div>\n\t\t\t\t<\/div>\n\t\t","protected":false},"excerpt":{"rendered":"<p>\ud83d\udca1 TEMAS DESTACADOS: EDI Modelo 115 Contasimple Holded Factoring Financiaci\u00f3n empresas Finanzas 30 de enero de 2025 El flujo circular de la renta: \u00bfen qu\u00e9 consiste? El flujo circular de la renta es un concepto fundamental en econom\u00eda que explica c\u00f3mo el dinero y los recursos circulan entre los diferentes agentes econ\u00f3micos. Comprender este mecanismo [&hellip;]<\/p>\n","protected":false},"author":1,"featured_media":0,"parent":0,"menu_order":0,"comment_status":"closed","ping_status":"closed","template":"elementor_header_footer","meta":{"_monsterinsights_skip_tracking":false,"_monsterinsights_sitenote_active":false,"_monsterinsights_sitenote_note":"","_monsterinsights_sitenote_category":0,"footnotes":""},"class_list":["post-289","page","type-page","status-publish","hentry"],"yoast_head":"<!-- This site is optimized with the Yoast SEO plugin v26.2 - https:\/\/yoast.com\/wordpress\/plugins\/seo\/ -->\n<title>Blog para pymes y aut\u00f3nomos - FinanEDI<\/title>\n<meta name=\"description\" content=\"Blog para pymes y aut\u00f3nomos: consejos pr\u00e1cticos, estrategias financieras, y herramientas de gesti\u00f3n empresarial que impulsar\u00e1n tu negocio.\" \/>\n<meta name=\"robots\" content=\"index, follow, max-snippet:-1, max-image-preview:large, max-video-preview:-1\" \/>\n<link rel=\"canonical\" href=\"https:\/\/finanedi.es\/blog\/\" \/>\n<meta property=\"og:locale\" content=\"es_ES\" \/>\n<meta property=\"og:type\" content=\"article\" \/>\n<meta property=\"og:title\" content=\"Blog para pymes y aut\u00f3nomos\" \/>\n<meta property=\"og:description\" content=\"Blog para pymes y aut\u00f3nomos: consejos pr\u00e1cticos, estrategias financieras, y herramientas de gesti\u00f3n empresarial que impulsar\u00e1n tu negocio.\" \/>\n<meta property=\"og:url\" content=\"https:\/\/finanedi.es\/blog\/\" \/>\n<meta property=\"og:site_name\" content=\"Blog para pymes y aut\u00f3nomos - FinanEDI\" \/>\n<meta property=\"article:modified_time\" content=\"2025-01-31T08:04:18+00:00\" \/>\n<meta property=\"og:image\" content=\"https:\/\/finanedi.es\/blog\/contenido\/uploads\/2025\/01\/Flujo-circular-de-la-renta-330x250.jpg\" \/>\n<meta name=\"twitter:card\" content=\"summary_large_image\" \/>\n<meta name=\"twitter:label1\" content=\"Tiempo de lectura\" \/>\n\t<meta name=\"twitter:data1\" content=\"23 minutos\" \/>\n<script type=\"application\/ld+json\" class=\"yoast-schema-graph\">{\"@context\":\"https:\/\/schema.org\",\"@graph\":[{\"@type\":\"WebPage\",\"@id\":\"https:\/\/finanedi.es\/blog\/\",\"url\":\"https:\/\/finanedi.es\/blog\/\",\"name\":\"Blog para pymes y aut\u00f3nomos - FinanEDI\",\"isPartOf\":{\"@id\":\"https:\/\/finanedi.es\/blog\/#website\"},\"primaryImageOfPage\":{\"@id\":\"https:\/\/finanedi.es\/blog\/#primaryimage\"},\"image\":{\"@id\":\"https:\/\/finanedi.es\/blog\/#primaryimage\"},\"thumbnailUrl\":\"https:\/\/finanedi.es\/blog\/contenido\/uploads\/2025\/01\/Flujo-circular-de-la-renta-330x250.jpg\",\"datePublished\":\"2022-08-23T14:31:08+00:00\",\"dateModified\":\"2025-01-31T08:04:18+00:00\",\"description\":\"Blog para pymes y aut\u00f3nomos: consejos pr\u00e1cticos, estrategias financieras, y herramientas de gesti\u00f3n empresarial que impulsar\u00e1n tu negocio.\",\"breadcrumb\":{\"@id\":\"https:\/\/finanedi.es\/blog\/#breadcrumb\"},\"inLanguage\":\"es\",\"potentialAction\":[{\"@type\":\"ReadAction\",\"target\":[\"https:\/\/finanedi.es\/blog\/\"]}]},{\"@type\":\"ImageObject\",\"inLanguage\":\"es\",\"@id\":\"https:\/\/finanedi.es\/blog\/#primaryimage\",\"url\":\"https:\/\/finanedi.es\/blog\/contenido\/uploads\/2025\/01\/Flujo-circular-de-la-renta.jpg\",\"contentUrl\":\"https:\/\/finanedi.es\/blog\/contenido\/uploads\/2025\/01\/Flujo-circular-de-la-renta.jpg\",\"width\":2000,\"height\":1085,\"caption\":\"Flujo circular de la renta\"},{\"@type\":\"BreadcrumbList\",\"@id\":\"https:\/\/finanedi.es\/blog\/#breadcrumb\",\"itemListElement\":[{\"@type\":\"ListItem\",\"position\":1,\"name\":\"Home\",\"item\":\"https:\/\/finanedi.es\/blog\/\"},{\"@type\":\"ListItem\",\"position\":2,\"name\":\"Home\"}]},{\"@type\":\"WebSite\",\"@id\":\"https:\/\/finanedi.es\/blog\/#website\",\"url\":\"https:\/\/finanedi.es\/blog\/\",\"name\":\"Blog para pymes y aut\u00f3nomos - FinanEDI\",\"description\":\"Blog para aut\u00f3nomos y PYMES, sobre temas como facturaci\u00f3n, contabilidad, tecnolog\u00eda.\",\"publisher\":{\"@id\":\"https:\/\/finanedi.es\/blog\/#organization\"},\"potentialAction\":[{\"@type\":\"SearchAction\",\"target\":{\"@type\":\"EntryPoint\",\"urlTemplate\":\"https:\/\/finanedi.es\/blog\/?s={search_term_string}\"},\"query-input\":{\"@type\":\"PropertyValueSpecification\",\"valueRequired\":true,\"valueName\":\"search_term_string\"}}],\"inLanguage\":\"es\"},{\"@type\":\"Organization\",\"@id\":\"https:\/\/finanedi.es\/blog\/#organization\",\"name\":\"Blog para pymes y aut\u00f3nomos - FinanEDI\",\"url\":\"https:\/\/finanedi.es\/blog\/\",\"logo\":{\"@type\":\"ImageObject\",\"inLanguage\":\"es\",\"@id\":\"https:\/\/finanedi.es\/blog\/#\/schema\/logo\/image\/\",\"url\":\"https:\/\/finanedi.es\/blog\/contenido\/uploads\/2024\/02\/FinanEdiAzul1.svg\",\"contentUrl\":\"https:\/\/finanedi.es\/blog\/contenido\/uploads\/2024\/02\/FinanEdiAzul1.svg\",\"width\":142,\"height\":36,\"caption\":\"Blog para pymes y aut\u00f3nomos - FinanEDI\"},\"image\":{\"@id\":\"https:\/\/finanedi.es\/blog\/#\/schema\/logo\/image\/\"}}]}<\/script>\n<!-- \/ Yoast SEO plugin. -->","yoast_head_json":{"title":"Blog para pymes y aut\u00f3nomos - FinanEDI","description":"Blog para pymes y aut\u00f3nomos: consejos pr\u00e1cticos, estrategias financieras, y herramientas de gesti\u00f3n empresarial que impulsar\u00e1n tu negocio.","robots":{"index":"index","follow":"follow","max-snippet":"max-snippet:-1","max-image-preview":"max-image-preview:large","max-video-preview":"max-video-preview:-1"},"canonical":"https:\/\/finanedi.es\/blog\/","og_locale":"es_ES","og_type":"article","og_title":"Blog para pymes y aut\u00f3nomos","og_description":"Blog para pymes y aut\u00f3nomos: consejos pr\u00e1cticos, estrategias financieras, y herramientas de gesti\u00f3n empresarial que impulsar\u00e1n tu negocio.","og_url":"https:\/\/finanedi.es\/blog\/","og_site_name":"Blog para pymes y aut\u00f3nomos - FinanEDI","article_modified_time":"2025-01-31T08:04:18+00:00","og_image":[{"url":"https:\/\/finanedi.es\/blog\/contenido\/uploads\/2025\/01\/Flujo-circular-de-la-renta-330x250.jpg","type":"","width":"","height":""}],"twitter_card":"summary_large_image","twitter_misc":{"Tiempo de lectura":"23 minutos"},"schema":{"@context":"https:\/\/schema.org","@graph":[{"@type":"WebPage","@id":"https:\/\/finanedi.es\/blog\/","url":"https:\/\/finanedi.es\/blog\/","name":"Blog para pymes y aut\u00f3nomos - FinanEDI","isPartOf":{"@id":"https:\/\/finanedi.es\/blog\/#website"},"primaryImageOfPage":{"@id":"https:\/\/finanedi.es\/blog\/#primaryimage"},"image":{"@id":"https:\/\/finanedi.es\/blog\/#primaryimage"},"thumbnailUrl":"https:\/\/finanedi.es\/blog\/contenido\/uploads\/2025\/01\/Flujo-circular-de-la-renta-330x250.jpg","datePublished":"2022-08-23T14:31:08+00:00","dateModified":"2025-01-31T08:04:18+00:00","description":"Blog para pymes y aut\u00f3nomos: consejos pr\u00e1cticos, estrategias financieras, y herramientas de gesti\u00f3n empresarial que impulsar\u00e1n tu negocio.","breadcrumb":{"@id":"https:\/\/finanedi.es\/blog\/#breadcrumb"},"inLanguage":"es","potentialAction":[{"@type":"ReadAction","target":["https:\/\/finanedi.es\/blog\/"]}]},{"@type":"ImageObject","inLanguage":"es","@id":"https:\/\/finanedi.es\/blog\/#primaryimage","url":"https:\/\/finanedi.es\/blog\/contenido\/uploads\/2025\/01\/Flujo-circular-de-la-renta.jpg","contentUrl":"https:\/\/finanedi.es\/blog\/contenido\/uploads\/2025\/01\/Flujo-circular-de-la-renta.jpg","width":2000,"height":1085,"caption":"Flujo circular de la renta"},{"@type":"BreadcrumbList","@id":"https:\/\/finanedi.es\/blog\/#breadcrumb","itemListElement":[{"@type":"ListItem","position":1,"name":"Home","item":"https:\/\/finanedi.es\/blog\/"},{"@type":"ListItem","position":2,"name":"Home"}]},{"@type":"WebSite","@id":"https:\/\/finanedi.es\/blog\/#website","url":"https:\/\/finanedi.es\/blog\/","name":"Blog para pymes y aut\u00f3nomos - FinanEDI","description":"Blog para aut\u00f3nomos y PYMES, sobre temas como facturaci\u00f3n, contabilidad, tecnolog\u00eda.","publisher":{"@id":"https:\/\/finanedi.es\/blog\/#organization"},"potentialAction":[{"@type":"SearchAction","target":{"@type":"EntryPoint","urlTemplate":"https:\/\/finanedi.es\/blog\/?s={search_term_string}"},"query-input":{"@type":"PropertyValueSpecification","valueRequired":true,"valueName":"search_term_string"}}],"inLanguage":"es"},{"@type":"Organization","@id":"https:\/\/finanedi.es\/blog\/#organization","name":"Blog para pymes y aut\u00f3nomos - FinanEDI","url":"https:\/\/finanedi.es\/blog\/","logo":{"@type":"ImageObject","inLanguage":"es","@id":"https:\/\/finanedi.es\/blog\/#\/schema\/logo\/image\/","url":"https:\/\/finanedi.es\/blog\/contenido\/uploads\/2024\/02\/FinanEdiAzul1.svg","contentUrl":"https:\/\/finanedi.es\/blog\/contenido\/uploads\/2024\/02\/FinanEdiAzul1.svg","width":142,"height":36,"caption":"Blog para pymes y aut\u00f3nomos - FinanEDI"},"image":{"@id":"https:\/\/finanedi.es\/blog\/#\/schema\/logo\/image\/"}}]}},"_links":{"self":[{"href":"https:\/\/finanedi.es\/blog\/wp-json\/wp\/v2\/pages\/289","targetHints":{"allow":["GET"]}}],"collection":[{"href":"https:\/\/finanedi.es\/blog\/wp-json\/wp\/v2\/pages"}],"about":[{"href":"https:\/\/finanedi.es\/blog\/wp-json\/wp\/v2\/types\/page"}],"author":[{"embeddable":true,"href":"https:\/\/finanedi.es\/blog\/wp-json\/wp\/v2\/users\/1"}],"replies":[{"embeddable":true,"href":"https:\/\/finanedi.es\/blog\/wp-json\/wp\/v2\/comments?post=289"}],"version-history":[{"count":358,"href":"https:\/\/finanedi.es\/blog\/wp-json\/wp\/v2\/pages\/289\/revisions"}],"predecessor-version":[{"id":9171,"href":"https:\/\/finanedi.es\/blog\/wp-json\/wp\/v2\/pages\/289\/revisions\/9171"}],"wp:attachment":[{"href":"https:\/\/finanedi.es\/blog\/wp-json\/wp\/v2\/media?parent=289"}],"curies":[{"name":"wp","href":"https:\/\/api.w.org\/{rel}","templated":true}]}}