{"id":5665,"date":"2024-10-17T15:53:59","date_gmt":"2024-10-17T13:53:59","guid":{"rendered":"https:\/\/finanedi.es\/blog\/?page_id=5665"},"modified":"2025-02-19T10:31:09","modified_gmt":"2025-02-19T09:31:09","slug":"declaraciones-modelo","status":"publish","type":"page","link":"https:\/\/finanedi.es\/blog\/declaraciones-modelo\/","title":{"rendered":"Modelos tributarios"},"content":{"rendered":"\t\t<div data-elementor-type=\"wp-page\" data-elementor-id=\"5665\" class=\"elementor elementor-5665\">\n\t\t\t\t<div class=\"elementor-element elementor-element-b9eae56 e-flex e-con-boxed e-con e-parent\" data-id=\"b9eae56\" data-element_type=\"container\">\n\t\t\t\t\t<div class=\"e-con-inner\">\n\t\t<div class=\"elementor-element elementor-element-94173ca e-con-full e-flex e-con e-child\" data-id=\"94173ca\" data-element_type=\"container\">\n\t\t\t\t<div class=\"elementor-element elementor-element-cfb9f1c elementor-widget elementor-widget-heading\" data-id=\"cfb9f1c\" data-element_type=\"widget\" data-widget_type=\"heading.default\">\n\t\t\t\t<div class=\"elementor-widget-container\">\n\t\t\t\t\t<h1 class=\"elementor-heading-title elementor-size-default\">Modelos tributarios<\/h1>\t\t\t\t<\/div>\n\t\t\t\t<\/div>\n\t\t\t\t<\/div>\n\t\t<div class=\"elementor-element elementor-element-88a6efa e-con-full e-flex e-con e-child\" data-id=\"88a6efa\" data-element_type=\"container\">\n\t\t\t\t<div class=\"elementor-element elementor-element-4586620 elementor-widget elementor-widget-text-editor\" data-id=\"4586620\" data-element_type=\"widget\" data-widget_type=\"text-editor.default\">\n\t\t\t\t<div class=\"elementor-widget-container\">\n\t\t\t\t\t\t\t\t\t<p>Todo sobre los modelos tributarios de Hacienda: tipos, usos, cumplimentarlos correctamente. Informaci\u00f3n \u00fatil para aut\u00f3nomos y pymes.<\/p>\t\t\t\t\t\t\t\t<\/div>\n\t\t\t\t<\/div>\n\t\t\t\t<\/div>\n\t\t\t\t\t<\/div>\n\t\t\t\t<\/div>\n\t\t<div class=\"elementor-element elementor-element-a46d500 elementor-hidden-tablet elementor-hidden-mobile e-flex e-con-boxed e-con e-parent\" data-id=\"a46d500\" data-element_type=\"container\">\n\t\t\t\t\t<div class=\"e-con-inner\">\n\t\t<div class=\"elementor-element elementor-element-31ccc17b e-con-full e-flex e-con e-child\" data-id=\"31ccc17b\" data-element_type=\"container\">\n\t\t\t\t<div class=\"elementor-element elementor-element-3161f19c elementor-widget elementor-widget-text-editor\" data-id=\"3161f19c\" data-element_type=\"widget\" data-widget_type=\"text-editor.default\">\n\t\t\t\t<div class=\"elementor-widget-container\">\n\t\t\t\t\t\t\t\t\t<p>\ud83d\udcd1\u00a0 M\u00c1S VISITADOS:<\/p>\t\t\t\t\t\t\t\t<\/div>\n\t\t\t\t<\/div>\n\t\t\t\t<\/div>\n\t\t<div class=\"elementor-element elementor-element-414f3eec e-con-full e-flex e-con e-child\" data-id=\"414f3eec\" data-element_type=\"container\">\n\t\t\t\t<div class=\"elementor-element elementor-element-35613269 elementor-widget elementor-widget-button\" data-id=\"35613269\" data-element_type=\"widget\" data-widget_type=\"button.default\">\n\t\t\t\t<div class=\"elementor-widget-container\">\n\t\t\t\t\t\t\t\t\t<div class=\"elementor-button-wrapper\">\n\t\t\t\t\t<a class=\"elementor-button elementor-button-link elementor-size-sm\" href=\"https:\/\/finanedi.es\/blog\/modelo-303-del-iva-que-es-pymes-autonomos\/\">\n\t\t\t\t\t\t<span class=\"elementor-button-content-wrapper\">\n\t\t\t\t\t\t\t\t\t<span class=\"elementor-button-text\">Modelo 303<\/span>\n\t\t\t\t\t<\/span>\n\t\t\t\t\t<\/a>\n\t\t\t\t<\/div>\n\t\t\t\t\t\t\t\t<\/div>\n\t\t\t\t<\/div>\n\t\t\t\t<div class=\"elementor-element elementor-element-3661197 elementor-widget elementor-widget-button\" data-id=\"3661197\" data-element_type=\"widget\" data-widget_type=\"button.default\">\n\t\t\t\t<div class=\"elementor-widget-container\">\n\t\t\t\t\t\t\t\t\t<div class=\"elementor-button-wrapper\">\n\t\t\t\t\t<a class=\"elementor-button elementor-button-link elementor-size-sm\" href=\"https:\/\/finanedi.es\/blog\/modelo-036-que-es-y-como-rellenarlo\/\">\n\t\t\t\t\t\t<span class=\"elementor-button-content-wrapper\">\n\t\t\t\t\t\t\t\t\t<span class=\"elementor-button-text\">Modelo 036<\/span>\n\t\t\t\t\t<\/span>\n\t\t\t\t\t<\/a>\n\t\t\t\t<\/div>\n\t\t\t\t\t\t\t\t<\/div>\n\t\t\t\t<\/div>\n\t\t\t\t<div class=\"elementor-element elementor-element-688b03ee elementor-align-left elementor-widget elementor-widget-button\" data-id=\"688b03ee\" data-element_type=\"widget\" data-widget_type=\"button.default\">\n\t\t\t\t<div class=\"elementor-widget-container\">\n\t\t\t\t\t\t\t\t\t<div class=\"elementor-button-wrapper\">\n\t\t\t\t\t<a class=\"elementor-button elementor-button-link elementor-size-sm\" href=\"https:\/\/finanedi.es\/blog\/modelo-111-que-es-el-modelo-111\/\">\n\t\t\t\t\t\t<span class=\"elementor-button-content-wrapper\">\n\t\t\t\t\t\t\t\t\t<span class=\"elementor-button-text\">Modelo 111<\/span>\n\t\t\t\t\t<\/span>\n\t\t\t\t\t<\/a>\n\t\t\t\t<\/div>\n\t\t\t\t\t\t\t\t<\/div>\n\t\t\t\t<\/div>\n\t\t\t\t<div class=\"elementor-element elementor-element-20a2114e elementor-widget elementor-widget-button\" data-id=\"20a2114e\" data-element_type=\"widget\" data-widget_type=\"button.default\">\n\t\t\t\t<div class=\"elementor-widget-container\">\n\t\t\t\t\t\t\t\t\t<div class=\"elementor-button-wrapper\">\n\t\t\t\t\t<a class=\"elementor-button elementor-button-link elementor-size-sm\" href=\"https:\/\/finanedi.es\/blog\/modelo-130-pagos-fraccionados-del-irpf\/\">\n\t\t\t\t\t\t<span class=\"elementor-button-content-wrapper\">\n\t\t\t\t\t\t\t\t\t<span class=\"elementor-button-text\">Modelo 130<\/span>\n\t\t\t\t\t<\/span>\n\t\t\t\t\t<\/a>\n\t\t\t\t<\/div>\n\t\t\t\t\t\t\t\t<\/div>\n\t\t\t\t<\/div>\n\t\t\t\t<div class=\"elementor-element elementor-element-31c13704 elementor-widget elementor-widget-button\" data-id=\"31c13704\" data-element_type=\"widget\" data-widget_type=\"button.default\">\n\t\t\t\t<div class=\"elementor-widget-container\">\n\t\t\t\t\t\t\t\t\t<div class=\"elementor-button-wrapper\">\n\t\t\t\t\t<a class=\"elementor-button elementor-button-link elementor-size-sm\" href=\"https:\/\/finanedi.es\/blog\/modelo-347-declaracion-anual-de-operaciones-con-terceras-personas\/\">\n\t\t\t\t\t\t<span class=\"elementor-button-content-wrapper\">\n\t\t\t\t\t\t\t\t\t<span class=\"elementor-button-text\">Modelo 347<\/span>\n\t\t\t\t\t<\/span>\n\t\t\t\t\t<\/a>\n\t\t\t\t<\/div>\n\t\t\t\t\t\t\t\t<\/div>\n\t\t\t\t<\/div>\n\t\t\t\t<div class=\"elementor-element elementor-element-a32a600 elementor-widget elementor-widget-button\" data-id=\"a32a600\" data-element_type=\"widget\" data-widget_type=\"button.default\">\n\t\t\t\t<div class=\"elementor-widget-container\">\n\t\t\t\t\t\t\t\t\t<div class=\"elementor-button-wrapper\">\n\t\t\t\t\t<a class=\"elementor-button elementor-button-link elementor-size-sm\" href=\"https:\/\/finanedi.es\/blog\/modelo-390-iva\/\">\n\t\t\t\t\t\t<span class=\"elementor-button-content-wrapper\">\n\t\t\t\t\t\t\t\t\t<span class=\"elementor-button-text\">Modelo 390<\/span>\n\t\t\t\t\t<\/span>\n\t\t\t\t\t<\/a>\n\t\t\t\t<\/div>\n\t\t\t\t\t\t\t\t<\/div>\n\t\t\t\t<\/div>\n\t\t\t\t<\/div>\n\t\t\t\t\t<\/div>\n\t\t\t\t<\/div>\n\t\t<div class=\"elementor-element elementor-element-9fb4c32 e-flex e-con-boxed e-con e-parent\" data-id=\"9fb4c32\" data-element_type=\"container\">\n\t\t\t\t\t<div class=\"e-con-inner\">\n\t\t\t\t<div class=\"elementor-element elementor-element-6096679 elementor-widget elementor-widget-spacer\" data-id=\"6096679\" data-element_type=\"widget\" data-widget_type=\"spacer.default\">\n\t\t\t\t<div class=\"elementor-widget-container\">\n\t\t\t\t\t\t\t<div class=\"elementor-spacer\">\n\t\t\t<div class=\"elementor-spacer-inner\"><\/div>\n\t\t<\/div>\n\t\t\t\t\t\t<\/div>\n\t\t\t\t<\/div>\n\t\t\t\t\t<\/div>\n\t\t\t\t<\/div>\n\t\t<div class=\"elementor-element elementor-element-f425b3f e-flex e-con-boxed e-con e-parent\" data-id=\"f425b3f\" data-element_type=\"container\">\n\t\t\t\t\t<div class=\"e-con-inner\">\n\t\t<div class=\"elementor-element elementor-element-03be6aa e-flex e-con-boxed e-con e-child\" data-id=\"03be6aa\" data-element_type=\"container\">\n\t\t\t\t\t<div class=\"e-con-inner\">\n\t\t\t\t<div class=\"elementor-element elementor-element-68d1359 elementor-widget elementor-widget-katen-post-twelve\" data-id=\"68d1359\" data-element_type=\"widget\" data-widget_type=\"katen-post-twelve.default\">\n\t\t\t\t<div class=\"elementor-widget-container\">\n\t\t\t\t\t\t\t<div class=\"row gy-4 infinite-wrapper\">\r\n\r\n\t\t\t\r\n\t\t\t\t<div class=\"col-md-6 col-lg-4 post-item\">\r\n\t\t\t\t\t<div id=\"post-6206\" class=\"post post-grid rounded bordered post-6206 type-post status-publish format-standard has-post-thumbnail hentry category-modelos-tributarios tag-modelo\">\r\n\t\t\t\t\t\t\t\t\t\t\t\t\t<div class=\"thumb top-rounded\">\r\n\t\t\t\t\t\t\t\t\t\t\t\t\t\t\t\t<div class=\"inner\">\r\n\t\t\t\t\t\t\t\t\t<a href=\"https:\/\/finanedi.es\/blog\/modelo-036-que-es-y-como-rellenarlo\/\"><img fetchpriority=\"high\" decoding=\"async\" width=\"550\" height=\"367\" src=\"https:\/\/finanedi.es\/blog\/contenido\/uploads\/2024\/10\/Modelo-036-550x367.jpg\" class=\"attachment-katen-thumb-grid size-katen-thumb-grid wp-post-image\" alt=\"Modelo 036: \u00bfQu\u00e9 es y C\u00f3mo Rellenarlo?\" \/><\/a>\t\t\t\t\t\t\t\t<\/div>\r\n\t\t\t\t\t\t\t<\/div>\r\n\t\t\t\t\t\t\t\t\t\t\t\t<div class=\"details\">\r\n\r\n\t\t\t\t\t\t\t<ul class=\"meta list-inline mb-0\">\r\n\t\t\t\t\t\t\t\t\t\t\t\t\t\t\t<\/ul>\r\n\r\n\t\t\t\t\t\t\t<h5 class=\"post-title mb-3 mt-3\"><a href=\"https:\/\/finanedi.es\/blog\/modelo-036-que-es-y-como-rellenarlo\/\">Modelo 036: \u00bfQu\u00e9 es y c\u00f3mo rellenarlo?<\/a><\/h5>\r\n\t\t\t\t\t\t\t<p class=\"excerpt mb-0\">\r\n\t\t\t\t\t\t\t\tUno de los formularios m\u00e1s importantes en Espa\u00f1a es el Modelo 036. Te explicaremos qu\u00e9&hellip;\t\t\t\t\t\t\t<\/p>\r\n\t\t\t\t\t\t<\/div>\r\n\t\t\t\t\t\t<div class=\"post-bottom clearfix d-flex align-items-center\">\r\n\t\t\t\t\t\t\t\n    <div class=\"social-share me-auto\">\n        <button class=\"toggle-button icon-share\"><\/button>\n        <ul class=\"icons list-unstyled list-inline mb-0\">\n            <li class=\"list-inline-item\"><a href=\"https:\/\/www.facebook.com\/sharer\/sharer.php?u=https:\/\/finanedi.es\/blog\/modelo-036-que-es-y-como-rellenarlo\/\" target=\"_blank\"><i class=\"fab fa-facebook-f\"><\/i><\/a><\/li>\n            <li class=\"list-inline-item\"><a href=\"https:\/\/twitter.com\/intent\/tweet?url=https:\/\/finanedi.es\/blog\/modelo-036-que-es-y-como-rellenarlo\/&text=Modelo 036: \u00bfQu\u00e9 es y c\u00f3mo rellenarlo?\" target=\"_blank\"><i class=\"fab fa-twitter\"><\/i><\/a><\/li>\n            <li class=\"list-inline-item\"><a href=\"https:\/\/www.linkedin.com\/shareArticle?mini=true&url=https:\/\/finanedi.es\/blog\/modelo-036-que-es-y-como-rellenarlo\/&title=Modelo 036: \u00bfQu\u00e9 es y c\u00f3mo rellenarlo?\" target=\"_blank\"><i class=\"fab fa-linkedin-in\"><\/i><\/a><\/li>\n            <li class=\"list-inline-item\"><a href=\"https:\/\/pinterest.com\/pin\/create\/button\/?url=https:\/\/finanedi.es\/blog\/modelo-036-que-es-y-como-rellenarlo\/&media=&description=Modelo 036: \u00bfQu\u00e9 es y c\u00f3mo rellenarlo?\" target=\"_blank\"><i class=\"fab fa-pinterest\"><\/i><\/a><\/li>\n            <li class=\"list-inline-item\"><a href=\"https:\/\/t.me\/share\/url?url=https:\/\/finanedi.es\/blog\/modelo-036-que-es-y-como-rellenarlo\/&text=Modelo 036: \u00bfQu\u00e9 es y c\u00f3mo rellenarlo?\" target=\"_blank\"><i class=\"fab fa-telegram-plane\"><\/i><\/a><\/li>\n            <li class=\"list-inline-item\"><a href=\"mailto:info@example.com?&subject=&cc=&bcc=&body=https:\/\/finanedi.es\/blog\/modelo-036-que-es-y-como-rellenarlo\/\"><i class=\"far fa-envelope\"><\/i><\/a><\/li>\n        <\/ul>\n    <\/div>\n\n\t\t\t\t\t\t\t\t\t\t\t\t\t\t\t<div class=\"more-button float-end\">\r\n\t\t\t\t\t\t\t\t\t<a href=\"https:\/\/finanedi.es\/blog\/modelo-036-que-es-y-como-rellenarlo\/\"><span class=\"icon-options\"><\/span><\/a>\r\n\t\t\t\t\t\t\t\t<\/div>\r\n\t\t\t\t\t\t\t\t\t\t\t\t\t<\/div>\r\n\t\t\t\t\t<\/div>\r\n\t\t\t\t<\/div>\r\n\r\n\t\t\t\r\n\t\t\t\t<div class=\"col-md-6 col-lg-4 post-item\">\r\n\t\t\t\t\t<div id=\"post-7815\" class=\"post post-grid rounded bordered post-7815 type-post status-publish format-standard has-post-thumbnail hentry category-contabilidad tag-modelo\">\r\n\t\t\t\t\t\t\t\t\t\t\t\t\t<div class=\"thumb top-rounded\">\r\n\t\t\t\t\t\t\t\t\t\t\t\t\t\t\t\t<div class=\"inner\">\r\n\t\t\t\t\t\t\t\t\t<a href=\"https:\/\/finanedi.es\/blog\/modelo-037-censo-de-empresarios-profesionales-y-retenedores\/\"><img decoding=\"async\" width=\"550\" height=\"367\" src=\"https:\/\/finanedi.es\/blog\/contenido\/uploads\/2024\/12\/Modelo-037-550x367.jpg\" class=\"attachment-katen-thumb-grid size-katen-thumb-grid wp-post-image\" alt=\"Modelos 037. Censo de empresarios, profesionales y retenedores\" \/><\/a>\t\t\t\t\t\t\t\t<\/div>\r\n\t\t\t\t\t\t\t<\/div>\r\n\t\t\t\t\t\t\t\t\t\t\t\t<div class=\"details\">\r\n\r\n\t\t\t\t\t\t\t<ul class=\"meta list-inline mb-0\">\r\n\t\t\t\t\t\t\t\t\t\t\t\t\t\t\t<\/ul>\r\n\r\n\t\t\t\t\t\t\t<h5 class=\"post-title mb-3 mt-3\"><a href=\"https:\/\/finanedi.es\/blog\/modelo-037-censo-de-empresarios-profesionales-y-retenedores\/\">Modelo 037. Censo de empresarios, profesionales y retenedores<\/a><\/h5>\r\n\t\t\t\t\t\t\t<p class=\"excerpt mb-0\">\r\n\t\t\t\t\t\t\t\tTe explicaremos en detalle qu\u00e9 es el Modelo 037, qui\u00e9nes deben presentarlo, c\u00f3mo completarlo correctamente&hellip;\t\t\t\t\t\t\t<\/p>\r\n\t\t\t\t\t\t<\/div>\r\n\t\t\t\t\t\t<div class=\"post-bottom clearfix d-flex align-items-center\">\r\n\t\t\t\t\t\t\t\n    <div class=\"social-share me-auto\">\n        <button class=\"toggle-button icon-share\"><\/button>\n        <ul class=\"icons list-unstyled list-inline mb-0\">\n            <li class=\"list-inline-item\"><a href=\"https:\/\/www.facebook.com\/sharer\/sharer.php?u=https:\/\/finanedi.es\/blog\/modelo-037-censo-de-empresarios-profesionales-y-retenedores\/\" target=\"_blank\"><i class=\"fab fa-facebook-f\"><\/i><\/a><\/li>\n            <li class=\"list-inline-item\"><a href=\"https:\/\/twitter.com\/intent\/tweet?url=https:\/\/finanedi.es\/blog\/modelo-037-censo-de-empresarios-profesionales-y-retenedores\/&text=Modelo 037. Censo de empresarios, profesionales y retenedores\" target=\"_blank\"><i class=\"fab fa-twitter\"><\/i><\/a><\/li>\n            <li class=\"list-inline-item\"><a href=\"https:\/\/www.linkedin.com\/shareArticle?mini=true&url=https:\/\/finanedi.es\/blog\/modelo-037-censo-de-empresarios-profesionales-y-retenedores\/&title=Modelo 037. Censo de empresarios, profesionales y retenedores\" target=\"_blank\"><i class=\"fab fa-linkedin-in\"><\/i><\/a><\/li>\n            <li class=\"list-inline-item\"><a href=\"https:\/\/pinterest.com\/pin\/create\/button\/?url=https:\/\/finanedi.es\/blog\/modelo-037-censo-de-empresarios-profesionales-y-retenedores\/&media=&description=Modelo 037. Censo de empresarios, profesionales y retenedores\" target=\"_blank\"><i class=\"fab fa-pinterest\"><\/i><\/a><\/li>\n            <li class=\"list-inline-item\"><a href=\"https:\/\/t.me\/share\/url?url=https:\/\/finanedi.es\/blog\/modelo-037-censo-de-empresarios-profesionales-y-retenedores\/&text=Modelo 037. Censo de empresarios, profesionales y retenedores\" target=\"_blank\"><i class=\"fab fa-telegram-plane\"><\/i><\/a><\/li>\n            <li class=\"list-inline-item\"><a href=\"mailto:info@example.com?&subject=&cc=&bcc=&body=https:\/\/finanedi.es\/blog\/modelo-037-censo-de-empresarios-profesionales-y-retenedores\/\"><i class=\"far fa-envelope\"><\/i><\/a><\/li>\n        <\/ul>\n    <\/div>\n\n\t\t\t\t\t\t\t\t\t\t\t\t\t\t\t<div class=\"more-button float-end\">\r\n\t\t\t\t\t\t\t\t\t<a href=\"https:\/\/finanedi.es\/blog\/modelo-037-censo-de-empresarios-profesionales-y-retenedores\/\"><span class=\"icon-options\"><\/span><\/a>\r\n\t\t\t\t\t\t\t\t<\/div>\r\n\t\t\t\t\t\t\t\t\t\t\t\t\t<\/div>\r\n\t\t\t\t\t<\/div>\r\n\t\t\t\t<\/div>\r\n\r\n\t\t\t\r\n\t\t\t\t<div class=\"col-md-6 col-lg-4 post-item\">\r\n\t\t\t\t\t<div id=\"post-503\" class=\"post post-grid rounded bordered post-503 type-post status-publish format-standard has-post-thumbnail hentry category-modelos-tributarios tag-modelo\">\r\n\t\t\t\t\t\t\t\t\t\t\t\t\t<div class=\"thumb top-rounded\">\r\n\t\t\t\t\t\t\t\t\t\t\t\t\t\t\t\t<div class=\"inner\">\r\n\t\t\t\t\t\t\t\t\t<a href=\"https:\/\/finanedi.es\/blog\/modelo-111-que-es-el-modelo-111\/\"><img decoding=\"async\" width=\"550\" height=\"367\" src=\"https:\/\/finanedi.es\/blog\/contenido\/uploads\/2024\/10\/Modelo-111-550x367.jpg\" class=\"attachment-katen-thumb-grid size-katen-thumb-grid wp-post-image\" alt=\"Modelo 111 - IRPF - Modelo tributario\" \/><\/a>\t\t\t\t\t\t\t\t<\/div>\r\n\t\t\t\t\t\t\t<\/div>\r\n\t\t\t\t\t\t\t\t\t\t\t\t<div class=\"details\">\r\n\r\n\t\t\t\t\t\t\t<ul class=\"meta list-inline mb-0\">\r\n\t\t\t\t\t\t\t\t\t\t\t\t\t\t\t<\/ul>\r\n\r\n\t\t\t\t\t\t\t<h5 class=\"post-title mb-3 mt-3\"><a href=\"https:\/\/finanedi.es\/blog\/modelo-111-que-es-el-modelo-111\/\">Modelo 111: Retenciones e ingresos a cuenta<\/a><\/h5>\r\n\t\t\t\t\t\t\t<p class=\"excerpt mb-0\">\r\n\t\t\t\t\t\t\t\tEl Modelo 111 es un documento crucial para aut\u00f3nomos y pymes en Espa\u00f1a. Su correcta&hellip;\t\t\t\t\t\t\t<\/p>\r\n\t\t\t\t\t\t<\/div>\r\n\t\t\t\t\t\t<div class=\"post-bottom clearfix d-flex align-items-center\">\r\n\t\t\t\t\t\t\t\n    <div class=\"social-share me-auto\">\n        <button class=\"toggle-button icon-share\"><\/button>\n        <ul class=\"icons list-unstyled list-inline mb-0\">\n            <li class=\"list-inline-item\"><a href=\"https:\/\/www.facebook.com\/sharer\/sharer.php?u=https:\/\/finanedi.es\/blog\/modelo-111-que-es-el-modelo-111\/\" target=\"_blank\"><i class=\"fab fa-facebook-f\"><\/i><\/a><\/li>\n            <li class=\"list-inline-item\"><a href=\"https:\/\/twitter.com\/intent\/tweet?url=https:\/\/finanedi.es\/blog\/modelo-111-que-es-el-modelo-111\/&text=Modelo 111: Retenciones e ingresos a cuenta\" target=\"_blank\"><i class=\"fab fa-twitter\"><\/i><\/a><\/li>\n            <li class=\"list-inline-item\"><a href=\"https:\/\/www.linkedin.com\/shareArticle?mini=true&url=https:\/\/finanedi.es\/blog\/modelo-111-que-es-el-modelo-111\/&title=Modelo 111: Retenciones e ingresos a cuenta\" target=\"_blank\"><i class=\"fab fa-linkedin-in\"><\/i><\/a><\/li>\n            <li class=\"list-inline-item\"><a href=\"https:\/\/pinterest.com\/pin\/create\/button\/?url=https:\/\/finanedi.es\/blog\/modelo-111-que-es-el-modelo-111\/&media=&description=Modelo 111: Retenciones e ingresos a cuenta\" target=\"_blank\"><i class=\"fab fa-pinterest\"><\/i><\/a><\/li>\n            <li class=\"list-inline-item\"><a href=\"https:\/\/t.me\/share\/url?url=https:\/\/finanedi.es\/blog\/modelo-111-que-es-el-modelo-111\/&text=Modelo 111: Retenciones e ingresos a cuenta\" target=\"_blank\"><i class=\"fab fa-telegram-plane\"><\/i><\/a><\/li>\n            <li class=\"list-inline-item\"><a href=\"mailto:info@example.com?&subject=&cc=&bcc=&body=https:\/\/finanedi.es\/blog\/modelo-111-que-es-el-modelo-111\/\"><i class=\"far fa-envelope\"><\/i><\/a><\/li>\n        <\/ul>\n    <\/div>\n\n\t\t\t\t\t\t\t\t\t\t\t\t\t\t\t<div class=\"more-button float-end\">\r\n\t\t\t\t\t\t\t\t\t<a href=\"https:\/\/finanedi.es\/blog\/modelo-111-que-es-el-modelo-111\/\"><span class=\"icon-options\"><\/span><\/a>\r\n\t\t\t\t\t\t\t\t<\/div>\r\n\t\t\t\t\t\t\t\t\t\t\t\t\t<\/div>\r\n\t\t\t\t\t<\/div>\r\n\t\t\t\t<\/div>\r\n\r\n\t\t\t\r\n\t\t\t\t<div class=\"col-md-6 col-lg-4 post-item\">\r\n\t\t\t\t\t<div id=\"post-498\" class=\"post post-grid rounded bordered post-498 type-post status-publish format-standard has-post-thumbnail hentry category-modelos-tributarios tag-modelo\">\r\n\t\t\t\t\t\t\t\t\t\t\t\t\t<div class=\"thumb top-rounded\">\r\n\t\t\t\t\t\t\t\t\t\t\t\t\t\t\t\t<div class=\"inner\">\r\n\t\t\t\t\t\t\t\t\t<a href=\"https:\/\/finanedi.es\/blog\/modelo-115-todo-lo-que-necesitas-saber\/\"><img loading=\"lazy\" decoding=\"async\" width=\"550\" height=\"367\" src=\"https:\/\/finanedi.es\/blog\/contenido\/uploads\/2024\/10\/Modelo-115-550x367.jpg\" class=\"attachment-katen-thumb-grid size-katen-thumb-grid wp-post-image\" alt=\"Modelo 115 - IRPF - Modelo tributario\" \/><\/a>\t\t\t\t\t\t\t\t<\/div>\r\n\t\t\t\t\t\t\t<\/div>\r\n\t\t\t\t\t\t\t\t\t\t\t\t<div class=\"details\">\r\n\r\n\t\t\t\t\t\t\t<ul class=\"meta list-inline mb-0\">\r\n\t\t\t\t\t\t\t\t\t\t\t\t\t\t\t<\/ul>\r\n\r\n\t\t\t\t\t\t\t<h5 class=\"post-title mb-3 mt-3\"><a href=\"https:\/\/finanedi.es\/blog\/modelo-115-todo-lo-que-necesitas-saber\/\">Modelo 115<\/a><\/h5>\r\n\t\t\t\t\t\t\t<p class=\"excerpt mb-0\">\r\n\t\t\t\t\t\t\t\tEn el d\u00eda a d\u00eda de las peque\u00f1as y medianas empresas (PYMES) y los aut\u00f3nomos,&hellip;\t\t\t\t\t\t\t<\/p>\r\n\t\t\t\t\t\t<\/div>\r\n\t\t\t\t\t\t<div class=\"post-bottom clearfix d-flex align-items-center\">\r\n\t\t\t\t\t\t\t\n    <div class=\"social-share me-auto\">\n        <button class=\"toggle-button icon-share\"><\/button>\n        <ul class=\"icons list-unstyled list-inline mb-0\">\n            <li class=\"list-inline-item\"><a href=\"https:\/\/www.facebook.com\/sharer\/sharer.php?u=https:\/\/finanedi.es\/blog\/modelo-115-todo-lo-que-necesitas-saber\/\" target=\"_blank\"><i class=\"fab fa-facebook-f\"><\/i><\/a><\/li>\n            <li class=\"list-inline-item\"><a href=\"https:\/\/twitter.com\/intent\/tweet?url=https:\/\/finanedi.es\/blog\/modelo-115-todo-lo-que-necesitas-saber\/&text=Modelo 115\" target=\"_blank\"><i class=\"fab fa-twitter\"><\/i><\/a><\/li>\n            <li class=\"list-inline-item\"><a href=\"https:\/\/www.linkedin.com\/shareArticle?mini=true&url=https:\/\/finanedi.es\/blog\/modelo-115-todo-lo-que-necesitas-saber\/&title=Modelo 115\" target=\"_blank\"><i class=\"fab fa-linkedin-in\"><\/i><\/a><\/li>\n            <li class=\"list-inline-item\"><a href=\"https:\/\/pinterest.com\/pin\/create\/button\/?url=https:\/\/finanedi.es\/blog\/modelo-115-todo-lo-que-necesitas-saber\/&media=&description=Modelo 115\" target=\"_blank\"><i class=\"fab fa-pinterest\"><\/i><\/a><\/li>\n            <li class=\"list-inline-item\"><a href=\"https:\/\/t.me\/share\/url?url=https:\/\/finanedi.es\/blog\/modelo-115-todo-lo-que-necesitas-saber\/&text=Modelo 115\" target=\"_blank\"><i class=\"fab fa-telegram-plane\"><\/i><\/a><\/li>\n            <li class=\"list-inline-item\"><a href=\"mailto:info@example.com?&subject=&cc=&bcc=&body=https:\/\/finanedi.es\/blog\/modelo-115-todo-lo-que-necesitas-saber\/\"><i class=\"far fa-envelope\"><\/i><\/a><\/li>\n        <\/ul>\n    <\/div>\n\n\t\t\t\t\t\t\t\t\t\t\t\t\t\t\t<div class=\"more-button float-end\">\r\n\t\t\t\t\t\t\t\t\t<a href=\"https:\/\/finanedi.es\/blog\/modelo-115-todo-lo-que-necesitas-saber\/\"><span class=\"icon-options\"><\/span><\/a>\r\n\t\t\t\t\t\t\t\t<\/div>\r\n\t\t\t\t\t\t\t\t\t\t\t\t\t<\/div>\r\n\t\t\t\t\t<\/div>\r\n\t\t\t\t<\/div>\r\n\r\n\t\t\t\r\n\t\t\t\t<div class=\"col-md-6 col-lg-4 post-item\">\r\n\t\t\t\t\t<div id=\"post-6152\" class=\"post post-grid rounded bordered post-6152 type-post status-publish format-standard has-post-thumbnail hentry category-modelos-tributarios tag-modelo\">\r\n\t\t\t\t\t\t\t\t\t\t\t\t\t<div class=\"thumb top-rounded\">\r\n\t\t\t\t\t\t\t\t\t\t\t\t\t\t\t\t<div class=\"inner\">\r\n\t\t\t\t\t\t\t\t\t<a href=\"https:\/\/finanedi.es\/blog\/modelo-130-pagos-fraccionados-del-irpf\/\"><img loading=\"lazy\" decoding=\"async\" width=\"550\" height=\"367\" src=\"https:\/\/finanedi.es\/blog\/contenido\/uploads\/2024\/10\/Modelo-130-550x367.jpg\" class=\"attachment-katen-thumb-grid size-katen-thumb-grid wp-post-image\" alt=\"Modelo 130: Pagos fraccionados del IRPF\" \/><\/a>\t\t\t\t\t\t\t\t<\/div>\r\n\t\t\t\t\t\t\t<\/div>\r\n\t\t\t\t\t\t\t\t\t\t\t\t<div class=\"details\">\r\n\r\n\t\t\t\t\t\t\t<ul class=\"meta list-inline mb-0\">\r\n\t\t\t\t\t\t\t\t\t\t\t\t\t\t\t<\/ul>\r\n\r\n\t\t\t\t\t\t\t<h5 class=\"post-title mb-3 mt-3\"><a href=\"https:\/\/finanedi.es\/blog\/modelo-130-pagos-fraccionados-del-irpf\/\">Modelo 130: Pagos fraccionados del IRPF<\/a><\/h5>\r\n\t\t\t\t\t\t\t<p class=\"excerpt mb-0\">\r\n\t\t\t\t\t\t\t\t\u00a0los modelos de Hacienda son herramientas esenciales para mantener la legalidad y la organizaci\u00f3n fiscal&hellip;\t\t\t\t\t\t\t<\/p>\r\n\t\t\t\t\t\t<\/div>\r\n\t\t\t\t\t\t<div class=\"post-bottom clearfix d-flex align-items-center\">\r\n\t\t\t\t\t\t\t\n    <div class=\"social-share me-auto\">\n        <button class=\"toggle-button icon-share\"><\/button>\n        <ul class=\"icons list-unstyled list-inline mb-0\">\n            <li class=\"list-inline-item\"><a href=\"https:\/\/www.facebook.com\/sharer\/sharer.php?u=https:\/\/finanedi.es\/blog\/modelo-130-pagos-fraccionados-del-irpf\/\" target=\"_blank\"><i class=\"fab fa-facebook-f\"><\/i><\/a><\/li>\n            <li class=\"list-inline-item\"><a href=\"https:\/\/twitter.com\/intent\/tweet?url=https:\/\/finanedi.es\/blog\/modelo-130-pagos-fraccionados-del-irpf\/&text=Modelo 130: Pagos fraccionados del IRPF\" target=\"_blank\"><i class=\"fab fa-twitter\"><\/i><\/a><\/li>\n            <li class=\"list-inline-item\"><a href=\"https:\/\/www.linkedin.com\/shareArticle?mini=true&url=https:\/\/finanedi.es\/blog\/modelo-130-pagos-fraccionados-del-irpf\/&title=Modelo 130: Pagos fraccionados del IRPF\" target=\"_blank\"><i class=\"fab fa-linkedin-in\"><\/i><\/a><\/li>\n            <li class=\"list-inline-item\"><a href=\"https:\/\/pinterest.com\/pin\/create\/button\/?url=https:\/\/finanedi.es\/blog\/modelo-130-pagos-fraccionados-del-irpf\/&media=&description=Modelo 130: Pagos fraccionados del IRPF\" target=\"_blank\"><i class=\"fab fa-pinterest\"><\/i><\/a><\/li>\n            <li class=\"list-inline-item\"><a href=\"https:\/\/t.me\/share\/url?url=https:\/\/finanedi.es\/blog\/modelo-130-pagos-fraccionados-del-irpf\/&text=Modelo 130: Pagos fraccionados del IRPF\" target=\"_blank\"><i class=\"fab fa-telegram-plane\"><\/i><\/a><\/li>\n            <li class=\"list-inline-item\"><a href=\"mailto:info@example.com?&subject=&cc=&bcc=&body=https:\/\/finanedi.es\/blog\/modelo-130-pagos-fraccionados-del-irpf\/\"><i class=\"far fa-envelope\"><\/i><\/a><\/li>\n        <\/ul>\n    <\/div>\n\n\t\t\t\t\t\t\t\t\t\t\t\t\t\t\t<div class=\"more-button float-end\">\r\n\t\t\t\t\t\t\t\t\t<a href=\"https:\/\/finanedi.es\/blog\/modelo-130-pagos-fraccionados-del-irpf\/\"><span class=\"icon-options\"><\/span><\/a>\r\n\t\t\t\t\t\t\t\t<\/div>\r\n\t\t\t\t\t\t\t\t\t\t\t\t\t<\/div>\r\n\t\t\t\t\t<\/div>\r\n\t\t\t\t<\/div>\r\n\r\n\t\t\t\r\n\t\t\t\t<div class=\"col-md-6 col-lg-4 post-item\">\r\n\t\t\t\t\t<div id=\"post-10647\" class=\"post post-grid rounded bordered post-10647 type-post status-publish format-standard has-post-thumbnail hentry category-contabilidad tag-modelo\">\r\n\t\t\t\t\t\t\t\t\t\t\t\t\t<div class=\"thumb top-rounded\">\r\n\t\t\t\t\t\t\t\t\t\t\t\t\t\t\t\t<div class=\"inner\">\r\n\t\t\t\t\t\t\t\t\t<a href=\"https:\/\/finanedi.es\/blog\/modelo-131-irpf-empresarios-y-profesionales-en-estimacion-objetiva\/\"><img loading=\"lazy\" decoding=\"async\" width=\"550\" height=\"367\" src=\"https:\/\/finanedi.es\/blog\/contenido\/uploads\/2025\/05\/Modelo-131.-IRPF.-Empresarios-y-profesionales-en-Estimacion-Objetiva-550x367.jpg\" class=\"attachment-katen-thumb-grid size-katen-thumb-grid wp-post-image\" alt=\"Modelo 131. IRPF. Empresarios y profesionales en Estimaci\u00f3n Objetiva\" \/><\/a>\t\t\t\t\t\t\t\t<\/div>\r\n\t\t\t\t\t\t\t<\/div>\r\n\t\t\t\t\t\t\t\t\t\t\t\t<div class=\"details\">\r\n\r\n\t\t\t\t\t\t\t<ul class=\"meta list-inline mb-0\">\r\n\t\t\t\t\t\t\t\t\t\t\t\t\t\t\t<\/ul>\r\n\r\n\t\t\t\t\t\t\t<h5 class=\"post-title mb-3 mt-3\"><a href=\"https:\/\/finanedi.es\/blog\/modelo-131-irpf-empresarios-y-profesionales-en-estimacion-objetiva\/\">Modelo 131. IRPF. Empresarios y profesionales en Estimaci\u00f3n Objetiva<\/a><\/h5>\r\n\t\t\t\t\t\t\t<p class=\"excerpt mb-0\">\r\n\t\t\t\t\t\t\t\tPara muchos aut\u00f3nomos y peque\u00f1as empresas, enfrentarse a las obligaciones fiscales puede ser un quebradero&hellip;\t\t\t\t\t\t\t<\/p>\r\n\t\t\t\t\t\t<\/div>\r\n\t\t\t\t\t\t<div class=\"post-bottom clearfix d-flex align-items-center\">\r\n\t\t\t\t\t\t\t\n    <div class=\"social-share me-auto\">\n        <button class=\"toggle-button icon-share\"><\/button>\n        <ul class=\"icons list-unstyled list-inline mb-0\">\n            <li class=\"list-inline-item\"><a href=\"https:\/\/www.facebook.com\/sharer\/sharer.php?u=https:\/\/finanedi.es\/blog\/modelo-131-irpf-empresarios-y-profesionales-en-estimacion-objetiva\/\" target=\"_blank\"><i class=\"fab fa-facebook-f\"><\/i><\/a><\/li>\n            <li class=\"list-inline-item\"><a href=\"https:\/\/twitter.com\/intent\/tweet?url=https:\/\/finanedi.es\/blog\/modelo-131-irpf-empresarios-y-profesionales-en-estimacion-objetiva\/&text=Modelo 131. IRPF. Empresarios y profesionales en Estimaci\u00f3n Objetiva\" target=\"_blank\"><i class=\"fab fa-twitter\"><\/i><\/a><\/li>\n            <li class=\"list-inline-item\"><a href=\"https:\/\/www.linkedin.com\/shareArticle?mini=true&url=https:\/\/finanedi.es\/blog\/modelo-131-irpf-empresarios-y-profesionales-en-estimacion-objetiva\/&title=Modelo 131. IRPF. Empresarios y profesionales en Estimaci\u00f3n Objetiva\" target=\"_blank\"><i class=\"fab fa-linkedin-in\"><\/i><\/a><\/li>\n            <li class=\"list-inline-item\"><a href=\"https:\/\/pinterest.com\/pin\/create\/button\/?url=https:\/\/finanedi.es\/blog\/modelo-131-irpf-empresarios-y-profesionales-en-estimacion-objetiva\/&media=&description=Modelo 131. IRPF. Empresarios y profesionales en Estimaci\u00f3n Objetiva\" target=\"_blank\"><i class=\"fab fa-pinterest\"><\/i><\/a><\/li>\n            <li class=\"list-inline-item\"><a href=\"https:\/\/t.me\/share\/url?url=https:\/\/finanedi.es\/blog\/modelo-131-irpf-empresarios-y-profesionales-en-estimacion-objetiva\/&text=Modelo 131. IRPF. Empresarios y profesionales en Estimaci\u00f3n Objetiva\" target=\"_blank\"><i class=\"fab fa-telegram-plane\"><\/i><\/a><\/li>\n            <li class=\"list-inline-item\"><a href=\"mailto:info@example.com?&subject=&cc=&bcc=&body=https:\/\/finanedi.es\/blog\/modelo-131-irpf-empresarios-y-profesionales-en-estimacion-objetiva\/\"><i class=\"far fa-envelope\"><\/i><\/a><\/li>\n        <\/ul>\n    <\/div>\n\n\t\t\t\t\t\t\t\t\t\t\t\t\t\t\t<div class=\"more-button float-end\">\r\n\t\t\t\t\t\t\t\t\t<a href=\"https:\/\/finanedi.es\/blog\/modelo-131-irpf-empresarios-y-profesionales-en-estimacion-objetiva\/\"><span class=\"icon-options\"><\/span><\/a>\r\n\t\t\t\t\t\t\t\t<\/div>\r\n\t\t\t\t\t\t\t\t\t\t\t\t\t<\/div>\r\n\t\t\t\t\t<\/div>\r\n\t\t\t\t<\/div>\r\n\r\n\t\t\t\r\n\t\t\t\t<div class=\"col-md-6 col-lg-4 post-item\">\r\n\t\t\t\t\t<div id=\"post-481\" class=\"post post-grid rounded bordered post-481 type-post status-publish format-standard has-post-thumbnail hentry category-modelos-tributarios tag-modelo\">\r\n\t\t\t\t\t\t\t\t\t\t\t\t\t<div class=\"thumb top-rounded\">\r\n\t\t\t\t\t\t\t\t\t\t\t\t\t\t\t\t<div class=\"inner\">\r\n\t\t\t\t\t\t\t\t\t<a href=\"https:\/\/finanedi.es\/blog\/modelo-145-de-irpf-todo-lo-que-necesitas-saber\/\"><img loading=\"lazy\" decoding=\"async\" width=\"550\" height=\"367\" src=\"https:\/\/finanedi.es\/blog\/contenido\/uploads\/2024\/09\/Modelo-145-550x367.jpg\" class=\"attachment-katen-thumb-grid size-katen-thumb-grid wp-post-image\" alt=\"Modelo 145\" \/><\/a>\t\t\t\t\t\t\t\t<\/div>\r\n\t\t\t\t\t\t\t<\/div>\r\n\t\t\t\t\t\t\t\t\t\t\t\t<div class=\"details\">\r\n\r\n\t\t\t\t\t\t\t<ul class=\"meta list-inline mb-0\">\r\n\t\t\t\t\t\t\t\t\t\t\t\t\t\t\t<\/ul>\r\n\r\n\t\t\t\t\t\t\t<h5 class=\"post-title mb-3 mt-3\"><a href=\"https:\/\/finanedi.es\/blog\/modelo-145-de-irpf-todo-lo-que-necesitas-saber\/\">Modelo 145 de IRPF<\/a><\/h5>\r\n\t\t\t\t\t\t\t<p class=\"excerpt mb-0\">\r\n\t\t\t\t\t\t\t\t\u00bfQu\u00e9 es el Modelo 145 de IRPF? El Modelo 145 es un documento esencial en&hellip;\t\t\t\t\t\t\t<\/p>\r\n\t\t\t\t\t\t<\/div>\r\n\t\t\t\t\t\t<div class=\"post-bottom clearfix d-flex align-items-center\">\r\n\t\t\t\t\t\t\t\n    <div class=\"social-share me-auto\">\n        <button class=\"toggle-button icon-share\"><\/button>\n        <ul class=\"icons list-unstyled list-inline mb-0\">\n            <li class=\"list-inline-item\"><a href=\"https:\/\/www.facebook.com\/sharer\/sharer.php?u=https:\/\/finanedi.es\/blog\/modelo-145-de-irpf-todo-lo-que-necesitas-saber\/\" target=\"_blank\"><i class=\"fab fa-facebook-f\"><\/i><\/a><\/li>\n            <li class=\"list-inline-item\"><a href=\"https:\/\/twitter.com\/intent\/tweet?url=https:\/\/finanedi.es\/blog\/modelo-145-de-irpf-todo-lo-que-necesitas-saber\/&text=Modelo 145 de IRPF\" target=\"_blank\"><i class=\"fab fa-twitter\"><\/i><\/a><\/li>\n            <li class=\"list-inline-item\"><a href=\"https:\/\/www.linkedin.com\/shareArticle?mini=true&url=https:\/\/finanedi.es\/blog\/modelo-145-de-irpf-todo-lo-que-necesitas-saber\/&title=Modelo 145 de IRPF\" target=\"_blank\"><i class=\"fab fa-linkedin-in\"><\/i><\/a><\/li>\n            <li class=\"list-inline-item\"><a href=\"https:\/\/pinterest.com\/pin\/create\/button\/?url=https:\/\/finanedi.es\/blog\/modelo-145-de-irpf-todo-lo-que-necesitas-saber\/&media=&description=Modelo 145 de IRPF\" target=\"_blank\"><i class=\"fab fa-pinterest\"><\/i><\/a><\/li>\n            <li class=\"list-inline-item\"><a href=\"https:\/\/t.me\/share\/url?url=https:\/\/finanedi.es\/blog\/modelo-145-de-irpf-todo-lo-que-necesitas-saber\/&text=Modelo 145 de IRPF\" target=\"_blank\"><i class=\"fab fa-telegram-plane\"><\/i><\/a><\/li>\n            <li class=\"list-inline-item\"><a href=\"mailto:info@example.com?&subject=&cc=&bcc=&body=https:\/\/finanedi.es\/blog\/modelo-145-de-irpf-todo-lo-que-necesitas-saber\/\"><i class=\"far fa-envelope\"><\/i><\/a><\/li>\n        <\/ul>\n    <\/div>\n\n\t\t\t\t\t\t\t\t\t\t\t\t\t\t\t<div class=\"more-button float-end\">\r\n\t\t\t\t\t\t\t\t\t<a href=\"https:\/\/finanedi.es\/blog\/modelo-145-de-irpf-todo-lo-que-necesitas-saber\/\"><span class=\"icon-options\"><\/span><\/a>\r\n\t\t\t\t\t\t\t\t<\/div>\r\n\t\t\t\t\t\t\t\t\t\t\t\t\t<\/div>\r\n\t\t\t\t\t<\/div>\r\n\t\t\t\t<\/div>\r\n\r\n\t\t\t\r\n\t\t\t\t<div class=\"col-md-6 col-lg-4 post-item\">\r\n\t\t\t\t\t<div id=\"post-7645\" class=\"post post-grid rounded bordered post-7645 type-post status-publish format-standard has-post-thumbnail hentry category-contabilidad tag-modelo\">\r\n\t\t\t\t\t\t\t\t\t\t\t\t\t<div class=\"thumb top-rounded\">\r\n\t\t\t\t\t\t\t\t\t\t\t\t\t\t\t\t<div class=\"inner\">\r\n\t\t\t\t\t\t\t\t\t<a href=\"https:\/\/finanedi.es\/blog\/modelo-180-rendimientos-procedentes-del-arrendamiento-de-inmuebles-urbanos\/\"><img loading=\"lazy\" decoding=\"async\" width=\"550\" height=\"367\" src=\"https:\/\/finanedi.es\/blog\/contenido\/uploads\/2024\/12\/Modelo-180-550x367.jpg\" class=\"attachment-katen-thumb-grid size-katen-thumb-grid wp-post-image\" alt=\"Modelo 180: Rendimientos procedentes del arrendamiento de inmuebles urbanos\" \/><\/a>\t\t\t\t\t\t\t\t<\/div>\r\n\t\t\t\t\t\t\t<\/div>\r\n\t\t\t\t\t\t\t\t\t\t\t\t<div class=\"details\">\r\n\r\n\t\t\t\t\t\t\t<ul class=\"meta list-inline mb-0\">\r\n\t\t\t\t\t\t\t\t\t\t\t\t\t\t\t<\/ul>\r\n\r\n\t\t\t\t\t\t\t<h5 class=\"post-title mb-3 mt-3\"><a href=\"https:\/\/finanedi.es\/blog\/modelo-180-rendimientos-procedentes-del-arrendamiento-de-inmuebles-urbanos\/\">Modelo 180: Rendimientos procedentes del arrendamiento de inmuebles urbanos<\/a><\/h5>\r\n\t\t\t\t\t\t\t<p class=\"excerpt mb-0\">\r\n\t\t\t\t\t\t\t\tEn este art\u00edculo, exploraremos en profundidad qu\u00e9 es el Modelo 180, qui\u00e9nes est\u00e1n obligados a&hellip;\t\t\t\t\t\t\t<\/p>\r\n\t\t\t\t\t\t<\/div>\r\n\t\t\t\t\t\t<div class=\"post-bottom clearfix d-flex align-items-center\">\r\n\t\t\t\t\t\t\t\n    <div class=\"social-share me-auto\">\n        <button class=\"toggle-button icon-share\"><\/button>\n        <ul class=\"icons list-unstyled list-inline mb-0\">\n            <li class=\"list-inline-item\"><a href=\"https:\/\/www.facebook.com\/sharer\/sharer.php?u=https:\/\/finanedi.es\/blog\/modelo-180-rendimientos-procedentes-del-arrendamiento-de-inmuebles-urbanos\/\" target=\"_blank\"><i class=\"fab fa-facebook-f\"><\/i><\/a><\/li>\n            <li class=\"list-inline-item\"><a href=\"https:\/\/twitter.com\/intent\/tweet?url=https:\/\/finanedi.es\/blog\/modelo-180-rendimientos-procedentes-del-arrendamiento-de-inmuebles-urbanos\/&text=Modelo 180: Rendimientos procedentes del arrendamiento de inmuebles urbanos\" target=\"_blank\"><i class=\"fab fa-twitter\"><\/i><\/a><\/li>\n            <li class=\"list-inline-item\"><a href=\"https:\/\/www.linkedin.com\/shareArticle?mini=true&url=https:\/\/finanedi.es\/blog\/modelo-180-rendimientos-procedentes-del-arrendamiento-de-inmuebles-urbanos\/&title=Modelo 180: Rendimientos procedentes del arrendamiento de inmuebles urbanos\" target=\"_blank\"><i class=\"fab fa-linkedin-in\"><\/i><\/a><\/li>\n            <li class=\"list-inline-item\"><a href=\"https:\/\/pinterest.com\/pin\/create\/button\/?url=https:\/\/finanedi.es\/blog\/modelo-180-rendimientos-procedentes-del-arrendamiento-de-inmuebles-urbanos\/&media=&description=Modelo 180: Rendimientos procedentes del arrendamiento de inmuebles urbanos\" target=\"_blank\"><i class=\"fab fa-pinterest\"><\/i><\/a><\/li>\n            <li class=\"list-inline-item\"><a href=\"https:\/\/t.me\/share\/url?url=https:\/\/finanedi.es\/blog\/modelo-180-rendimientos-procedentes-del-arrendamiento-de-inmuebles-urbanos\/&text=Modelo 180: Rendimientos procedentes del arrendamiento de inmuebles urbanos\" target=\"_blank\"><i class=\"fab fa-telegram-plane\"><\/i><\/a><\/li>\n            <li class=\"list-inline-item\"><a href=\"mailto:info@example.com?&subject=&cc=&bcc=&body=https:\/\/finanedi.es\/blog\/modelo-180-rendimientos-procedentes-del-arrendamiento-de-inmuebles-urbanos\/\"><i class=\"far fa-envelope\"><\/i><\/a><\/li>\n        <\/ul>\n    <\/div>\n\n\t\t\t\t\t\t\t\t\t\t\t\t\t\t\t<div class=\"more-button float-end\">\r\n\t\t\t\t\t\t\t\t\t<a href=\"https:\/\/finanedi.es\/blog\/modelo-180-rendimientos-procedentes-del-arrendamiento-de-inmuebles-urbanos\/\"><span class=\"icon-options\"><\/span><\/a>\r\n\t\t\t\t\t\t\t\t<\/div>\r\n\t\t\t\t\t\t\t\t\t\t\t\t\t<\/div>\r\n\t\t\t\t\t<\/div>\r\n\t\t\t\t<\/div>\r\n\r\n\t\t\t\r\n\t\t\t\t<div class=\"col-md-6 col-lg-4 post-item\">\r\n\t\t\t\t\t<div id=\"post-6218\" class=\"post post-grid rounded bordered post-6218 type-post status-publish format-standard has-post-thumbnail hentry category-modelos-tributarios tag-modelo\">\r\n\t\t\t\t\t\t\t\t\t\t\t\t\t<div class=\"thumb top-rounded\">\r\n\t\t\t\t\t\t\t\t\t\t\t\t\t\t\t\t<div class=\"inner\">\r\n\t\t\t\t\t\t\t\t\t<a href=\"https:\/\/finanedi.es\/blog\/modelo-190\/\"><img loading=\"lazy\" decoding=\"async\" width=\"550\" height=\"367\" src=\"https:\/\/finanedi.es\/blog\/contenido\/uploads\/2024\/10\/Modelo-190-550x367.jpg\" class=\"attachment-katen-thumb-grid size-katen-thumb-grid wp-post-image\" alt=\"Modelo 190-Retenciones e ingresos a cuenta del IRPF\" \/><\/a>\t\t\t\t\t\t\t\t<\/div>\r\n\t\t\t\t\t\t\t<\/div>\r\n\t\t\t\t\t\t\t\t\t\t\t\t<div class=\"details\">\r\n\r\n\t\t\t\t\t\t\t<ul class=\"meta list-inline mb-0\">\r\n\t\t\t\t\t\t\t\t\t\t\t\t\t\t\t<\/ul>\r\n\r\n\t\t\t\t\t\t\t<h5 class=\"post-title mb-3 mt-3\"><a href=\"https:\/\/finanedi.es\/blog\/modelo-190\/\">Modelo 190<\/a><\/h5>\r\n\t\t\t\t\t\t\t<p class=\"excerpt mb-0\">\r\n\t\t\t\t\t\t\t\t\u00bfQu\u00e9 es el Modelo 190? El Modelo 190 es una declaraci\u00f3n informativa que deben presentar&hellip;\t\t\t\t\t\t\t<\/p>\r\n\t\t\t\t\t\t<\/div>\r\n\t\t\t\t\t\t<div class=\"post-bottom clearfix d-flex align-items-center\">\r\n\t\t\t\t\t\t\t\n    <div class=\"social-share me-auto\">\n        <button class=\"toggle-button icon-share\"><\/button>\n        <ul class=\"icons list-unstyled list-inline mb-0\">\n            <li class=\"list-inline-item\"><a href=\"https:\/\/www.facebook.com\/sharer\/sharer.php?u=https:\/\/finanedi.es\/blog\/modelo-190\/\" target=\"_blank\"><i class=\"fab fa-facebook-f\"><\/i><\/a><\/li>\n            <li class=\"list-inline-item\"><a href=\"https:\/\/twitter.com\/intent\/tweet?url=https:\/\/finanedi.es\/blog\/modelo-190\/&text=Modelo 190\" target=\"_blank\"><i class=\"fab fa-twitter\"><\/i><\/a><\/li>\n            <li class=\"list-inline-item\"><a href=\"https:\/\/www.linkedin.com\/shareArticle?mini=true&url=https:\/\/finanedi.es\/blog\/modelo-190\/&title=Modelo 190\" target=\"_blank\"><i class=\"fab fa-linkedin-in\"><\/i><\/a><\/li>\n            <li class=\"list-inline-item\"><a href=\"https:\/\/pinterest.com\/pin\/create\/button\/?url=https:\/\/finanedi.es\/blog\/modelo-190\/&media=&description=Modelo 190\" target=\"_blank\"><i class=\"fab fa-pinterest\"><\/i><\/a><\/li>\n            <li class=\"list-inline-item\"><a href=\"https:\/\/t.me\/share\/url?url=https:\/\/finanedi.es\/blog\/modelo-190\/&text=Modelo 190\" target=\"_blank\"><i class=\"fab fa-telegram-plane\"><\/i><\/a><\/li>\n            <li class=\"list-inline-item\"><a href=\"mailto:info@example.com?&subject=&cc=&bcc=&body=https:\/\/finanedi.es\/blog\/modelo-190\/\"><i class=\"far fa-envelope\"><\/i><\/a><\/li>\n        <\/ul>\n    <\/div>\n\n\t\t\t\t\t\t\t\t\t\t\t\t\t\t\t<div class=\"more-button float-end\">\r\n\t\t\t\t\t\t\t\t\t<a href=\"https:\/\/finanedi.es\/blog\/modelo-190\/\"><span class=\"icon-options\"><\/span><\/a>\r\n\t\t\t\t\t\t\t\t<\/div>\r\n\t\t\t\t\t\t\t\t\t\t\t\t\t<\/div>\r\n\t\t\t\t\t<\/div>\r\n\t\t\t\t<\/div>\r\n\r\n\t\t\t\r\n\t\t\t\t<div class=\"col-md-6 col-lg-4 post-item\">\r\n\t\t\t\t\t<div id=\"post-5889\" class=\"post post-grid rounded bordered post-5889 type-post status-publish format-standard has-post-thumbnail hentry category-modelos-tributarios tag-modelo\">\r\n\t\t\t\t\t\t\t\t\t\t\t\t\t<div class=\"thumb top-rounded\">\r\n\t\t\t\t\t\t\t\t\t\t\t\t\t\t\t\t<div class=\"inner\">\r\n\t\t\t\t\t\t\t\t\t<a href=\"https:\/\/finanedi.es\/blog\/modelo-200-impuesto-sobre-sociedades\/\"><img loading=\"lazy\" decoding=\"async\" width=\"550\" height=\"367\" src=\"https:\/\/finanedi.es\/blog\/contenido\/uploads\/2024\/10\/Modelo-200-550x367.jpg\" class=\"attachment-katen-thumb-grid size-katen-thumb-grid wp-post-image\" alt=\"Modelo 200: Impuesto sobre sociedades\" \/><\/a>\t\t\t\t\t\t\t\t<\/div>\r\n\t\t\t\t\t\t\t<\/div>\r\n\t\t\t\t\t\t\t\t\t\t\t\t<div class=\"details\">\r\n\r\n\t\t\t\t\t\t\t<ul class=\"meta list-inline mb-0\">\r\n\t\t\t\t\t\t\t\t\t\t\t\t\t\t\t<\/ul>\r\n\r\n\t\t\t\t\t\t\t<h5 class=\"post-title mb-3 mt-3\"><a href=\"https:\/\/finanedi.es\/blog\/modelo-200-impuesto-sobre-sociedades\/\">Modelo 200: Impuesto sobre sociedades<\/a><\/h5>\r\n\t\t\t\t\t\t\t<p class=\"excerpt mb-0\">\r\n\t\t\t\t\t\t\t\tUna de las declaraciones m\u00e1s importantes en el \u00e1mbito fiscal espa\u00f1ol es el Modelo 200,&hellip;\t\t\t\t\t\t\t<\/p>\r\n\t\t\t\t\t\t<\/div>\r\n\t\t\t\t\t\t<div class=\"post-bottom clearfix d-flex align-items-center\">\r\n\t\t\t\t\t\t\t\n    <div class=\"social-share me-auto\">\n        <button class=\"toggle-button icon-share\"><\/button>\n        <ul class=\"icons list-unstyled list-inline mb-0\">\n            <li class=\"list-inline-item\"><a href=\"https:\/\/www.facebook.com\/sharer\/sharer.php?u=https:\/\/finanedi.es\/blog\/modelo-200-impuesto-sobre-sociedades\/\" target=\"_blank\"><i class=\"fab fa-facebook-f\"><\/i><\/a><\/li>\n            <li class=\"list-inline-item\"><a href=\"https:\/\/twitter.com\/intent\/tweet?url=https:\/\/finanedi.es\/blog\/modelo-200-impuesto-sobre-sociedades\/&text=Modelo 200: Impuesto sobre sociedades\" target=\"_blank\"><i class=\"fab fa-twitter\"><\/i><\/a><\/li>\n            <li class=\"list-inline-item\"><a href=\"https:\/\/www.linkedin.com\/shareArticle?mini=true&url=https:\/\/finanedi.es\/blog\/modelo-200-impuesto-sobre-sociedades\/&title=Modelo 200: Impuesto sobre sociedades\" target=\"_blank\"><i class=\"fab fa-linkedin-in\"><\/i><\/a><\/li>\n            <li class=\"list-inline-item\"><a href=\"https:\/\/pinterest.com\/pin\/create\/button\/?url=https:\/\/finanedi.es\/blog\/modelo-200-impuesto-sobre-sociedades\/&media=&description=Modelo 200: Impuesto sobre sociedades\" target=\"_blank\"><i class=\"fab fa-pinterest\"><\/i><\/a><\/li>\n            <li class=\"list-inline-item\"><a href=\"https:\/\/t.me\/share\/url?url=https:\/\/finanedi.es\/blog\/modelo-200-impuesto-sobre-sociedades\/&text=Modelo 200: Impuesto sobre sociedades\" target=\"_blank\"><i class=\"fab fa-telegram-plane\"><\/i><\/a><\/li>\n            <li class=\"list-inline-item\"><a href=\"mailto:info@example.com?&subject=&cc=&bcc=&body=https:\/\/finanedi.es\/blog\/modelo-200-impuesto-sobre-sociedades\/\"><i class=\"far fa-envelope\"><\/i><\/a><\/li>\n        <\/ul>\n    <\/div>\n\n\t\t\t\t\t\t\t\t\t\t\t\t\t\t\t<div class=\"more-button float-end\">\r\n\t\t\t\t\t\t\t\t\t<a href=\"https:\/\/finanedi.es\/blog\/modelo-200-impuesto-sobre-sociedades\/\"><span class=\"icon-options\"><\/span><\/a>\r\n\t\t\t\t\t\t\t\t<\/div>\r\n\t\t\t\t\t\t\t\t\t\t\t\t\t<\/div>\r\n\t\t\t\t\t<\/div>\r\n\t\t\t\t<\/div>\r\n\r\n\t\t\t\r\n\t\t\t\t<div class=\"col-md-6 col-lg-4 post-item\">\r\n\t\t\t\t\t<div id=\"post-7809\" class=\"post post-grid rounded bordered post-7809 type-post status-publish format-standard has-post-thumbnail hentry category-contabilidad tag-modelo\">\r\n\t\t\t\t\t\t\t\t\t\t\t\t\t<div class=\"thumb top-rounded\">\r\n\t\t\t\t\t\t\t\t\t\t\t\t\t\t\t\t<div class=\"inner\">\r\n\t\t\t\t\t\t\t\t\t<a href=\"https:\/\/finanedi.es\/blog\/modelo-202-impuesto-sobre-sociedades-e-impuesto-sobre-la-renta-de-no-residentes\/\"><img loading=\"lazy\" decoding=\"async\" width=\"550\" height=\"367\" src=\"https:\/\/finanedi.es\/blog\/contenido\/uploads\/2024\/12\/Modelo-202-550x367.jpg\" class=\"attachment-katen-thumb-grid size-katen-thumb-grid wp-post-image\" alt=\"Modelo 202. Impuesto sobre Sociedades e Impuesto sobre la Renta de no Residentes\" \/><\/a>\t\t\t\t\t\t\t\t<\/div>\r\n\t\t\t\t\t\t\t<\/div>\r\n\t\t\t\t\t\t\t\t\t\t\t\t<div class=\"details\">\r\n\r\n\t\t\t\t\t\t\t<ul class=\"meta list-inline mb-0\">\r\n\t\t\t\t\t\t\t\t\t\t\t\t\t\t\t<\/ul>\r\n\r\n\t\t\t\t\t\t\t<h5 class=\"post-title mb-3 mt-3\"><a href=\"https:\/\/finanedi.es\/blog\/modelo-202-impuesto-sobre-sociedades-e-impuesto-sobre-la-renta-de-no-residentes\/\">Modelo 202. Impuesto sobre Sociedades e Impuesto sobre la Renta de no Residentes<\/a><\/h5>\r\n\t\t\t\t\t\t\t<p class=\"excerpt mb-0\">\r\n\t\t\t\t\t\t\t\tTe explicaremos en detalle qu\u00e9 es el Modelo 202, qui\u00e9nes deben presentarlo, c\u00f3mo se rellena&hellip;\t\t\t\t\t\t\t<\/p>\r\n\t\t\t\t\t\t<\/div>\r\n\t\t\t\t\t\t<div class=\"post-bottom clearfix d-flex align-items-center\">\r\n\t\t\t\t\t\t\t\n    <div class=\"social-share me-auto\">\n        <button class=\"toggle-button icon-share\"><\/button>\n        <ul class=\"icons list-unstyled list-inline mb-0\">\n            <li class=\"list-inline-item\"><a href=\"https:\/\/www.facebook.com\/sharer\/sharer.php?u=https:\/\/finanedi.es\/blog\/modelo-202-impuesto-sobre-sociedades-e-impuesto-sobre-la-renta-de-no-residentes\/\" target=\"_blank\"><i class=\"fab fa-facebook-f\"><\/i><\/a><\/li>\n            <li class=\"list-inline-item\"><a href=\"https:\/\/twitter.com\/intent\/tweet?url=https:\/\/finanedi.es\/blog\/modelo-202-impuesto-sobre-sociedades-e-impuesto-sobre-la-renta-de-no-residentes\/&text=Modelo 202. Impuesto sobre Sociedades e Impuesto sobre la Renta de no Residentes\" target=\"_blank\"><i class=\"fab fa-twitter\"><\/i><\/a><\/li>\n            <li class=\"list-inline-item\"><a href=\"https:\/\/www.linkedin.com\/shareArticle?mini=true&url=https:\/\/finanedi.es\/blog\/modelo-202-impuesto-sobre-sociedades-e-impuesto-sobre-la-renta-de-no-residentes\/&title=Modelo 202. Impuesto sobre Sociedades e Impuesto sobre la Renta de no Residentes\" target=\"_blank\"><i class=\"fab fa-linkedin-in\"><\/i><\/a><\/li>\n            <li class=\"list-inline-item\"><a href=\"https:\/\/pinterest.com\/pin\/create\/button\/?url=https:\/\/finanedi.es\/blog\/modelo-202-impuesto-sobre-sociedades-e-impuesto-sobre-la-renta-de-no-residentes\/&media=&description=Modelo 202. Impuesto sobre Sociedades e Impuesto sobre la Renta de no Residentes\" target=\"_blank\"><i class=\"fab fa-pinterest\"><\/i><\/a><\/li>\n            <li class=\"list-inline-item\"><a href=\"https:\/\/t.me\/share\/url?url=https:\/\/finanedi.es\/blog\/modelo-202-impuesto-sobre-sociedades-e-impuesto-sobre-la-renta-de-no-residentes\/&text=Modelo 202. Impuesto sobre Sociedades e Impuesto sobre la Renta de no Residentes\" target=\"_blank\"><i class=\"fab fa-telegram-plane\"><\/i><\/a><\/li>\n            <li class=\"list-inline-item\"><a href=\"mailto:info@example.com?&subject=&cc=&bcc=&body=https:\/\/finanedi.es\/blog\/modelo-202-impuesto-sobre-sociedades-e-impuesto-sobre-la-renta-de-no-residentes\/\"><i class=\"far fa-envelope\"><\/i><\/a><\/li>\n        <\/ul>\n    <\/div>\n\n\t\t\t\t\t\t\t\t\t\t\t\t\t\t\t<div class=\"more-button float-end\">\r\n\t\t\t\t\t\t\t\t\t<a href=\"https:\/\/finanedi.es\/blog\/modelo-202-impuesto-sobre-sociedades-e-impuesto-sobre-la-renta-de-no-residentes\/\"><span class=\"icon-options\"><\/span><\/a>\r\n\t\t\t\t\t\t\t\t<\/div>\r\n\t\t\t\t\t\t\t\t\t\t\t\t\t<\/div>\r\n\t\t\t\t\t<\/div>\r\n\t\t\t\t<\/div>\r\n\r\n\t\t\t\r\n\t\t\t\t<div class=\"col-md-6 col-lg-4 post-item\">\r\n\t\t\t\t\t<div id=\"post-493\" class=\"post post-grid rounded bordered post-493 type-post status-publish format-standard has-post-thumbnail hentry category-modelos-tributarios tag-modelo\">\r\n\t\t\t\t\t\t\t\t\t\t\t\t\t<div class=\"thumb top-rounded\">\r\n\t\t\t\t\t\t\t\t\t\t\t\t\t\t\t\t<div class=\"inner\">\r\n\t\t\t\t\t\t\t\t\t<a href=\"https:\/\/finanedi.es\/blog\/modelo-303-del-iva-que-es-pymes-autonomos\/\"><img loading=\"lazy\" decoding=\"async\" width=\"550\" height=\"367\" src=\"https:\/\/finanedi.es\/blog\/contenido\/uploads\/2024\/10\/Modelo-303-550x367.jpg\" class=\"attachment-katen-thumb-grid size-katen-thumb-grid wp-post-image\" alt=\"Modelo 303 - IVA - Modelo tributario\" \/><\/a>\t\t\t\t\t\t\t\t<\/div>\r\n\t\t\t\t\t\t\t<\/div>\r\n\t\t\t\t\t\t\t\t\t\t\t\t<div class=\"details\">\r\n\r\n\t\t\t\t\t\t\t<ul class=\"meta list-inline mb-0\">\r\n\t\t\t\t\t\t\t\t\t\t\t\t\t\t\t<\/ul>\r\n\r\n\t\t\t\t\t\t\t<h5 class=\"post-title mb-3 mt-3\"><a href=\"https:\/\/finanedi.es\/blog\/modelo-303-del-iva-que-es-pymes-autonomos\/\">Modelo 303 del IVA para pymes y aut\u00f3nomos<\/a><\/h5>\r\n\t\t\t\t\t\t\t<p class=\"excerpt mb-0\">\r\n\t\t\t\t\t\t\t\tEl Modelo 303 del IVA es un tr\u00e1mite esencial para cualquier peque\u00f1a o mediana empresa&hellip;\t\t\t\t\t\t\t<\/p>\r\n\t\t\t\t\t\t<\/div>\r\n\t\t\t\t\t\t<div class=\"post-bottom clearfix d-flex align-items-center\">\r\n\t\t\t\t\t\t\t\n    <div class=\"social-share me-auto\">\n        <button class=\"toggle-button icon-share\"><\/button>\n        <ul class=\"icons list-unstyled list-inline mb-0\">\n            <li class=\"list-inline-item\"><a href=\"https:\/\/www.facebook.com\/sharer\/sharer.php?u=https:\/\/finanedi.es\/blog\/modelo-303-del-iva-que-es-pymes-autonomos\/\" target=\"_blank\"><i class=\"fab fa-facebook-f\"><\/i><\/a><\/li>\n            <li class=\"list-inline-item\"><a href=\"https:\/\/twitter.com\/intent\/tweet?url=https:\/\/finanedi.es\/blog\/modelo-303-del-iva-que-es-pymes-autonomos\/&text=Modelo 303 del IVA para pymes y aut\u00f3nomos\" target=\"_blank\"><i class=\"fab fa-twitter\"><\/i><\/a><\/li>\n            <li class=\"list-inline-item\"><a href=\"https:\/\/www.linkedin.com\/shareArticle?mini=true&url=https:\/\/finanedi.es\/blog\/modelo-303-del-iva-que-es-pymes-autonomos\/&title=Modelo 303 del IVA para pymes y aut\u00f3nomos\" target=\"_blank\"><i class=\"fab fa-linkedin-in\"><\/i><\/a><\/li>\n            <li class=\"list-inline-item\"><a href=\"https:\/\/pinterest.com\/pin\/create\/button\/?url=https:\/\/finanedi.es\/blog\/modelo-303-del-iva-que-es-pymes-autonomos\/&media=&description=Modelo 303 del IVA para pymes y aut\u00f3nomos\" target=\"_blank\"><i class=\"fab fa-pinterest\"><\/i><\/a><\/li>\n            <li class=\"list-inline-item\"><a href=\"https:\/\/t.me\/share\/url?url=https:\/\/finanedi.es\/blog\/modelo-303-del-iva-que-es-pymes-autonomos\/&text=Modelo 303 del IVA para pymes y aut\u00f3nomos\" target=\"_blank\"><i class=\"fab fa-telegram-plane\"><\/i><\/a><\/li>\n            <li class=\"list-inline-item\"><a href=\"mailto:info@example.com?&subject=&cc=&bcc=&body=https:\/\/finanedi.es\/blog\/modelo-303-del-iva-que-es-pymes-autonomos\/\"><i class=\"far fa-envelope\"><\/i><\/a><\/li>\n        <\/ul>\n    <\/div>\n\n\t\t\t\t\t\t\t\t\t\t\t\t\t\t\t<div class=\"more-button float-end\">\r\n\t\t\t\t\t\t\t\t\t<a href=\"https:\/\/finanedi.es\/blog\/modelo-303-del-iva-que-es-pymes-autonomos\/\"><span class=\"icon-options\"><\/span><\/a>\r\n\t\t\t\t\t\t\t\t<\/div>\r\n\t\t\t\t\t\t\t\t\t\t\t\t\t<\/div>\r\n\t\t\t\t\t<\/div>\r\n\t\t\t\t<\/div>\r\n\r\n\t\t\t\r\n\t\t\t\t<div class=\"col-md-6 col-lg-4 post-item\">\r\n\t\t\t\t\t<div id=\"post-7634\" class=\"post post-grid rounded bordered post-7634 type-post status-publish format-standard has-post-thumbnail hentry category-contabilidad tag-modelo\">\r\n\t\t\t\t\t\t\t\t\t\t\t\t\t<div class=\"thumb top-rounded\">\r\n\t\t\t\t\t\t\t\t\t\t\t\t\t\t\t\t<div class=\"inner\">\r\n\t\t\t\t\t\t\t\t\t<a href=\"https:\/\/finanedi.es\/blog\/modelo-309-iva-declaracion-liquidacion-no-periodica\/\"><img loading=\"lazy\" decoding=\"async\" width=\"550\" height=\"367\" src=\"https:\/\/finanedi.es\/blog\/contenido\/uploads\/2024\/12\/Modelo-309-550x367.jpg\" class=\"attachment-katen-thumb-grid size-katen-thumb-grid wp-post-image\" alt=\"Modelo 309: IVA. Declaraci\u00f3n \u2013 Liquidaci\u00f3n no peri\u00f3dica\" \/><\/a>\t\t\t\t\t\t\t\t<\/div>\r\n\t\t\t\t\t\t\t<\/div>\r\n\t\t\t\t\t\t\t\t\t\t\t\t<div class=\"details\">\r\n\r\n\t\t\t\t\t\t\t<ul class=\"meta list-inline mb-0\">\r\n\t\t\t\t\t\t\t\t\t\t\t\t\t\t\t<\/ul>\r\n\r\n\t\t\t\t\t\t\t<h5 class=\"post-title mb-3 mt-3\"><a href=\"https:\/\/finanedi.es\/blog\/modelo-309-iva-declaracion-liquidacion-no-periodica\/\">Modelo 309: IVA. Declaraci\u00f3n &#8211; Liquidaci\u00f3n no peri\u00f3dica<\/a><\/h5>\r\n\t\t\t\t\t\t\t<p class=\"excerpt mb-0\">\r\n\t\t\t\t\t\t\t\tEl Modelo 309 es una herramienta crucial para aut\u00f3nomos y empresas que realizan operaciones espec\u00edficas&hellip;\t\t\t\t\t\t\t<\/p>\r\n\t\t\t\t\t\t<\/div>\r\n\t\t\t\t\t\t<div class=\"post-bottom clearfix d-flex align-items-center\">\r\n\t\t\t\t\t\t\t\n    <div class=\"social-share me-auto\">\n        <button class=\"toggle-button icon-share\"><\/button>\n        <ul class=\"icons list-unstyled list-inline mb-0\">\n            <li class=\"list-inline-item\"><a href=\"https:\/\/www.facebook.com\/sharer\/sharer.php?u=https:\/\/finanedi.es\/blog\/modelo-309-iva-declaracion-liquidacion-no-periodica\/\" target=\"_blank\"><i class=\"fab fa-facebook-f\"><\/i><\/a><\/li>\n            <li class=\"list-inline-item\"><a href=\"https:\/\/twitter.com\/intent\/tweet?url=https:\/\/finanedi.es\/blog\/modelo-309-iva-declaracion-liquidacion-no-periodica\/&text=Modelo 309: IVA. Declaraci\u00f3n &#8211; Liquidaci\u00f3n no peri\u00f3dica\" target=\"_blank\"><i class=\"fab fa-twitter\"><\/i><\/a><\/li>\n            <li class=\"list-inline-item\"><a href=\"https:\/\/www.linkedin.com\/shareArticle?mini=true&url=https:\/\/finanedi.es\/blog\/modelo-309-iva-declaracion-liquidacion-no-periodica\/&title=Modelo 309: IVA. Declaraci\u00f3n &#8211; Liquidaci\u00f3n no peri\u00f3dica\" target=\"_blank\"><i class=\"fab fa-linkedin-in\"><\/i><\/a><\/li>\n            <li class=\"list-inline-item\"><a href=\"https:\/\/pinterest.com\/pin\/create\/button\/?url=https:\/\/finanedi.es\/blog\/modelo-309-iva-declaracion-liquidacion-no-periodica\/&media=&description=Modelo 309: IVA. Declaraci\u00f3n &#8211; Liquidaci\u00f3n no peri\u00f3dica\" target=\"_blank\"><i class=\"fab fa-pinterest\"><\/i><\/a><\/li>\n            <li class=\"list-inline-item\"><a href=\"https:\/\/t.me\/share\/url?url=https:\/\/finanedi.es\/blog\/modelo-309-iva-declaracion-liquidacion-no-periodica\/&text=Modelo 309: IVA. Declaraci\u00f3n &#8211; Liquidaci\u00f3n no peri\u00f3dica\" target=\"_blank\"><i class=\"fab fa-telegram-plane\"><\/i><\/a><\/li>\n            <li class=\"list-inline-item\"><a href=\"mailto:info@example.com?&subject=&cc=&bcc=&body=https:\/\/finanedi.es\/blog\/modelo-309-iva-declaracion-liquidacion-no-periodica\/\"><i class=\"far fa-envelope\"><\/i><\/a><\/li>\n        <\/ul>\n    <\/div>\n\n\t\t\t\t\t\t\t\t\t\t\t\t\t\t\t<div class=\"more-button float-end\">\r\n\t\t\t\t\t\t\t\t\t<a href=\"https:\/\/finanedi.es\/blog\/modelo-309-iva-declaracion-liquidacion-no-periodica\/\"><span class=\"icon-options\"><\/span><\/a>\r\n\t\t\t\t\t\t\t\t<\/div>\r\n\t\t\t\t\t\t\t\t\t\t\t\t\t<\/div>\r\n\t\t\t\t\t<\/div>\r\n\t\t\t\t<\/div>\r\n\r\n\t\t\t\r\n\t\t\t\t<div class=\"col-md-6 col-lg-4 post-item\">\r\n\t\t\t\t\t<div id=\"post-7701\" class=\"post post-grid rounded bordered post-7701 type-post status-publish format-standard has-post-thumbnail hentry category-contabilidad tag-modelo\">\r\n\t\t\t\t\t\t\t\t\t\t\t\t\t<div class=\"thumb top-rounded\">\r\n\t\t\t\t\t\t\t\t\t\t\t\t\t\t\t\t<div class=\"inner\">\r\n\t\t\t\t\t\t\t\t\t<a href=\"https:\/\/finanedi.es\/blog\/modelo-322-iva-grupos-de-entidades\/\"><img loading=\"lazy\" decoding=\"async\" width=\"550\" height=\"367\" src=\"https:\/\/finanedi.es\/blog\/contenido\/uploads\/2024\/12\/Modelo-322-550x367.jpg\" class=\"attachment-katen-thumb-grid size-katen-thumb-grid wp-post-image\" alt=\"Modelo 322. IVA. Grupos de entidades\" \/><\/a>\t\t\t\t\t\t\t\t<\/div>\r\n\t\t\t\t\t\t\t<\/div>\r\n\t\t\t\t\t\t\t\t\t\t\t\t<div class=\"details\">\r\n\r\n\t\t\t\t\t\t\t<ul class=\"meta list-inline mb-0\">\r\n\t\t\t\t\t\t\t\t\t\t\t\t\t\t\t<\/ul>\r\n\r\n\t\t\t\t\t\t\t<h5 class=\"post-title mb-3 mt-3\"><a href=\"https:\/\/finanedi.es\/blog\/modelo-322-iva-grupos-de-entidades\/\">Modelo 322. IVA. Grupos de entidades<\/a><\/h5>\r\n\t\t\t\t\t\t\t<p class=\"excerpt mb-0\">\r\n\t\t\t\t\t\t\t\tEsta gu\u00eda te proporcionar\u00e1 una comprensi\u00f3n detallada sobre qu\u00e9 es el Modelo 322, qui\u00e9nes deben&hellip;\t\t\t\t\t\t\t<\/p>\r\n\t\t\t\t\t\t<\/div>\r\n\t\t\t\t\t\t<div class=\"post-bottom clearfix d-flex align-items-center\">\r\n\t\t\t\t\t\t\t\n    <div class=\"social-share me-auto\">\n        <button class=\"toggle-button icon-share\"><\/button>\n        <ul class=\"icons list-unstyled list-inline mb-0\">\n            <li class=\"list-inline-item\"><a href=\"https:\/\/www.facebook.com\/sharer\/sharer.php?u=https:\/\/finanedi.es\/blog\/modelo-322-iva-grupos-de-entidades\/\" target=\"_blank\"><i class=\"fab fa-facebook-f\"><\/i><\/a><\/li>\n            <li class=\"list-inline-item\"><a href=\"https:\/\/twitter.com\/intent\/tweet?url=https:\/\/finanedi.es\/blog\/modelo-322-iva-grupos-de-entidades\/&text=Modelo 322. IVA. Grupos de entidades\" target=\"_blank\"><i class=\"fab fa-twitter\"><\/i><\/a><\/li>\n            <li class=\"list-inline-item\"><a href=\"https:\/\/www.linkedin.com\/shareArticle?mini=true&url=https:\/\/finanedi.es\/blog\/modelo-322-iva-grupos-de-entidades\/&title=Modelo 322. IVA. Grupos de entidades\" target=\"_blank\"><i class=\"fab fa-linkedin-in\"><\/i><\/a><\/li>\n            <li class=\"list-inline-item\"><a href=\"https:\/\/pinterest.com\/pin\/create\/button\/?url=https:\/\/finanedi.es\/blog\/modelo-322-iva-grupos-de-entidades\/&media=&description=Modelo 322. IVA. Grupos de entidades\" target=\"_blank\"><i class=\"fab fa-pinterest\"><\/i><\/a><\/li>\n            <li class=\"list-inline-item\"><a href=\"https:\/\/t.me\/share\/url?url=https:\/\/finanedi.es\/blog\/modelo-322-iva-grupos-de-entidades\/&text=Modelo 322. IVA. Grupos de entidades\" target=\"_blank\"><i class=\"fab fa-telegram-plane\"><\/i><\/a><\/li>\n            <li class=\"list-inline-item\"><a href=\"mailto:info@example.com?&subject=&cc=&bcc=&body=https:\/\/finanedi.es\/blog\/modelo-322-iva-grupos-de-entidades\/\"><i class=\"far fa-envelope\"><\/i><\/a><\/li>\n        <\/ul>\n    <\/div>\n\n\t\t\t\t\t\t\t\t\t\t\t\t\t\t\t<div class=\"more-button float-end\">\r\n\t\t\t\t\t\t\t\t\t<a href=\"https:\/\/finanedi.es\/blog\/modelo-322-iva-grupos-de-entidades\/\"><span class=\"icon-options\"><\/span><\/a>\r\n\t\t\t\t\t\t\t\t<\/div>\r\n\t\t\t\t\t\t\t\t\t\t\t\t\t<\/div>\r\n\t\t\t\t\t<\/div>\r\n\t\t\t\t<\/div>\r\n\r\n\t\t\t\r\n\t\t\t\t<div class=\"col-md-6 col-lg-4 post-item\">\r\n\t\t\t\t\t<div id=\"post-6200\" class=\"post post-grid rounded bordered post-6200 type-post status-publish format-standard has-post-thumbnail hentry category-modelos-tributarios tag-modelo\">\r\n\t\t\t\t\t\t\t\t\t\t\t\t\t<div class=\"thumb top-rounded\">\r\n\t\t\t\t\t\t\t\t\t\t\t\t\t\t\t\t<div class=\"inner\">\r\n\t\t\t\t\t\t\t\t\t<a href=\"https:\/\/finanedi.es\/blog\/modelo-347-declaracion-anual-de-operaciones-con-terceras-personas\/\"><img loading=\"lazy\" decoding=\"async\" width=\"550\" height=\"367\" src=\"https:\/\/finanedi.es\/blog\/contenido\/uploads\/2024\/10\/Modelo-347-550x367.jpg\" class=\"attachment-katen-thumb-grid size-katen-thumb-grid wp-post-image\" alt=\"Modelo 347: Declaraci\u00f3n anual de operaciones con terceras personas\" \/><\/a>\t\t\t\t\t\t\t\t<\/div>\r\n\t\t\t\t\t\t\t<\/div>\r\n\t\t\t\t\t\t\t\t\t\t\t\t<div class=\"details\">\r\n\r\n\t\t\t\t\t\t\t<ul class=\"meta list-inline mb-0\">\r\n\t\t\t\t\t\t\t\t\t\t\t\t\t\t\t<\/ul>\r\n\r\n\t\t\t\t\t\t\t<h5 class=\"post-title mb-3 mt-3\"><a href=\"https:\/\/finanedi.es\/blog\/modelo-347-declaracion-anual-de-operaciones-con-terceras-personas\/\">Modelo 347: Declaraci\u00f3n anual de operaciones con terceras personas<\/a><\/h5>\r\n\t\t\t\t\t\t\t<p class=\"excerpt mb-0\">\r\n\t\t\t\t\t\t\t\t\u00bfQu\u00e9 es el Modelo 347? El Modelo 347 es una declaraci\u00f3n informativa anual obligatoria que&hellip;\t\t\t\t\t\t\t<\/p>\r\n\t\t\t\t\t\t<\/div>\r\n\t\t\t\t\t\t<div class=\"post-bottom clearfix d-flex align-items-center\">\r\n\t\t\t\t\t\t\t\n    <div class=\"social-share me-auto\">\n        <button class=\"toggle-button icon-share\"><\/button>\n        <ul class=\"icons list-unstyled list-inline mb-0\">\n            <li class=\"list-inline-item\"><a href=\"https:\/\/www.facebook.com\/sharer\/sharer.php?u=https:\/\/finanedi.es\/blog\/modelo-347-declaracion-anual-de-operaciones-con-terceras-personas\/\" target=\"_blank\"><i class=\"fab fa-facebook-f\"><\/i><\/a><\/li>\n            <li class=\"list-inline-item\"><a href=\"https:\/\/twitter.com\/intent\/tweet?url=https:\/\/finanedi.es\/blog\/modelo-347-declaracion-anual-de-operaciones-con-terceras-personas\/&text=Modelo 347: Declaraci\u00f3n anual de operaciones con terceras personas\" target=\"_blank\"><i class=\"fab fa-twitter\"><\/i><\/a><\/li>\n            <li class=\"list-inline-item\"><a href=\"https:\/\/www.linkedin.com\/shareArticle?mini=true&url=https:\/\/finanedi.es\/blog\/modelo-347-declaracion-anual-de-operaciones-con-terceras-personas\/&title=Modelo 347: Declaraci\u00f3n anual de operaciones con terceras personas\" target=\"_blank\"><i class=\"fab fa-linkedin-in\"><\/i><\/a><\/li>\n            <li class=\"list-inline-item\"><a href=\"https:\/\/pinterest.com\/pin\/create\/button\/?url=https:\/\/finanedi.es\/blog\/modelo-347-declaracion-anual-de-operaciones-con-terceras-personas\/&media=&description=Modelo 347: Declaraci\u00f3n anual de operaciones con terceras personas\" target=\"_blank\"><i class=\"fab fa-pinterest\"><\/i><\/a><\/li>\n            <li class=\"list-inline-item\"><a href=\"https:\/\/t.me\/share\/url?url=https:\/\/finanedi.es\/blog\/modelo-347-declaracion-anual-de-operaciones-con-terceras-personas\/&text=Modelo 347: Declaraci\u00f3n anual de operaciones con terceras personas\" target=\"_blank\"><i class=\"fab fa-telegram-plane\"><\/i><\/a><\/li>\n            <li class=\"list-inline-item\"><a href=\"mailto:info@example.com?&subject=&cc=&bcc=&body=https:\/\/finanedi.es\/blog\/modelo-347-declaracion-anual-de-operaciones-con-terceras-personas\/\"><i class=\"far fa-envelope\"><\/i><\/a><\/li>\n        <\/ul>\n    <\/div>\n\n\t\t\t\t\t\t\t\t\t\t\t\t\t\t\t<div class=\"more-button float-end\">\r\n\t\t\t\t\t\t\t\t\t<a href=\"https:\/\/finanedi.es\/blog\/modelo-347-declaracion-anual-de-operaciones-con-terceras-personas\/\"><span class=\"icon-options\"><\/span><\/a>\r\n\t\t\t\t\t\t\t\t<\/div>\r\n\t\t\t\t\t\t\t\t\t\t\t\t\t<\/div>\r\n\t\t\t\t\t<\/div>\r\n\t\t\t\t<\/div>\r\n\r\n\t\t\t\r\n\t\t\t\t<div class=\"col-md-6 col-lg-4 post-item\">\r\n\t\t\t\t\t<div id=\"post-6120\" class=\"post post-grid rounded bordered post-6120 type-post status-publish format-standard has-post-thumbnail hentry category-modelos-tributarios tag-modelo\">\r\n\t\t\t\t\t\t\t\t\t\t\t\t\t<div class=\"thumb top-rounded\">\r\n\t\t\t\t\t\t\t\t\t\t\t\t\t\t\t\t<div class=\"inner\">\r\n\t\t\t\t\t\t\t\t\t<a href=\"https:\/\/finanedi.es\/blog\/modelo-349-operaciones-intracomunitarias\/\"><img loading=\"lazy\" decoding=\"async\" width=\"550\" height=\"367\" src=\"https:\/\/finanedi.es\/blog\/contenido\/uploads\/2024\/10\/Modelo-349-550x367.jpg\" class=\"attachment-katen-thumb-grid size-katen-thumb-grid wp-post-image\" alt=\"Modelo 349: Herramienta clave para las operaciones intracomunitarias\" \/><\/a>\t\t\t\t\t\t\t\t<\/div>\r\n\t\t\t\t\t\t\t<\/div>\r\n\t\t\t\t\t\t\t\t\t\t\t\t<div class=\"details\">\r\n\r\n\t\t\t\t\t\t\t<ul class=\"meta list-inline mb-0\">\r\n\t\t\t\t\t\t\t\t\t\t\t\t\t\t\t<\/ul>\r\n\r\n\t\t\t\t\t\t\t<h5 class=\"post-title mb-3 mt-3\"><a href=\"https:\/\/finanedi.es\/blog\/modelo-349-operaciones-intracomunitarias\/\">Modelo 349: Herramienta clave para las operaciones intracomunitarias<\/a><\/h5>\r\n\t\t\t\t\t\t\t<p class=\"excerpt mb-0\">\r\n\t\t\t\t\t\t\t\t\u00bfQu\u00e9 es el Modelo 349? El Modelo 349 es una declaraci\u00f3n informativa que deben presentar&hellip;\t\t\t\t\t\t\t<\/p>\r\n\t\t\t\t\t\t<\/div>\r\n\t\t\t\t\t\t<div class=\"post-bottom clearfix d-flex align-items-center\">\r\n\t\t\t\t\t\t\t\n    <div class=\"social-share me-auto\">\n        <button class=\"toggle-button icon-share\"><\/button>\n        <ul class=\"icons list-unstyled list-inline mb-0\">\n            <li class=\"list-inline-item\"><a href=\"https:\/\/www.facebook.com\/sharer\/sharer.php?u=https:\/\/finanedi.es\/blog\/modelo-349-operaciones-intracomunitarias\/\" target=\"_blank\"><i class=\"fab fa-facebook-f\"><\/i><\/a><\/li>\n            <li class=\"list-inline-item\"><a href=\"https:\/\/twitter.com\/intent\/tweet?url=https:\/\/finanedi.es\/blog\/modelo-349-operaciones-intracomunitarias\/&text=Modelo 349: Herramienta clave para las operaciones intracomunitarias\" target=\"_blank\"><i class=\"fab fa-twitter\"><\/i><\/a><\/li>\n            <li class=\"list-inline-item\"><a href=\"https:\/\/www.linkedin.com\/shareArticle?mini=true&url=https:\/\/finanedi.es\/blog\/modelo-349-operaciones-intracomunitarias\/&title=Modelo 349: Herramienta clave para las operaciones intracomunitarias\" target=\"_blank\"><i class=\"fab fa-linkedin-in\"><\/i><\/a><\/li>\n            <li class=\"list-inline-item\"><a href=\"https:\/\/pinterest.com\/pin\/create\/button\/?url=https:\/\/finanedi.es\/blog\/modelo-349-operaciones-intracomunitarias\/&media=&description=Modelo 349: Herramienta clave para las operaciones intracomunitarias\" target=\"_blank\"><i class=\"fab fa-pinterest\"><\/i><\/a><\/li>\n            <li class=\"list-inline-item\"><a href=\"https:\/\/t.me\/share\/url?url=https:\/\/finanedi.es\/blog\/modelo-349-operaciones-intracomunitarias\/&text=Modelo 349: Herramienta clave para las operaciones intracomunitarias\" target=\"_blank\"><i class=\"fab fa-telegram-plane\"><\/i><\/a><\/li>\n            <li class=\"list-inline-item\"><a href=\"mailto:info@example.com?&subject=&cc=&bcc=&body=https:\/\/finanedi.es\/blog\/modelo-349-operaciones-intracomunitarias\/\"><i class=\"far fa-envelope\"><\/i><\/a><\/li>\n        <\/ul>\n    <\/div>\n\n\t\t\t\t\t\t\t\t\t\t\t\t\t\t\t<div class=\"more-button float-end\">\r\n\t\t\t\t\t\t\t\t\t<a href=\"https:\/\/finanedi.es\/blog\/modelo-349-operaciones-intracomunitarias\/\"><span class=\"icon-options\"><\/span><\/a>\r\n\t\t\t\t\t\t\t\t<\/div>\r\n\t\t\t\t\t\t\t\t\t\t\t\t\t<\/div>\r\n\t\t\t\t\t<\/div>\r\n\t\t\t\t<\/div>\r\n\r\n\t\t\t\r\n\t\t\t\t<div class=\"col-md-6 col-lg-4 post-item\">\r\n\t\t\t\t\t<div id=\"post-7759\" class=\"post post-grid rounded bordered post-7759 type-post status-publish format-standard has-post-thumbnail hentry category-contabilidad tag-modelo\">\r\n\t\t\t\t\t\t\t\t\t\t\t\t\t<div class=\"thumb top-rounded\">\r\n\t\t\t\t\t\t\t\t\t\t\t\t\t\t\t\t<div class=\"inner\">\r\n\t\t\t\t\t\t\t\t\t<a href=\"https:\/\/finanedi.es\/blog\/modelo-369-declaraciones-de-iva-del-regimen-one-stop-shop-oss\/\"><img loading=\"lazy\" decoding=\"async\" width=\"550\" height=\"367\" src=\"https:\/\/finanedi.es\/blog\/contenido\/uploads\/2024\/12\/Modelo-369-550x367.jpg\" class=\"attachment-katen-thumb-grid size-katen-thumb-grid wp-post-image\" alt=\"Modelo 369. Declaraciones de IVA del r\u00e9gimen One Stop Shop (OSS)\" \/><\/a>\t\t\t\t\t\t\t\t<\/div>\r\n\t\t\t\t\t\t\t<\/div>\r\n\t\t\t\t\t\t\t\t\t\t\t\t<div class=\"details\">\r\n\r\n\t\t\t\t\t\t\t<ul class=\"meta list-inline mb-0\">\r\n\t\t\t\t\t\t\t\t\t\t\t\t\t\t\t<\/ul>\r\n\r\n\t\t\t\t\t\t\t<h5 class=\"post-title mb-3 mt-3\"><a href=\"https:\/\/finanedi.es\/blog\/modelo-369-declaraciones-de-iva-del-regimen-one-stop-shop-oss\/\">Modelo 369. Declaraciones de IVA del r\u00e9gimen One Stop Shop (OSS)<\/a><\/h5>\r\n\t\t\t\t\t\t\t<p class=\"excerpt mb-0\">\r\n\t\t\t\t\t\t\t\tEl Modelo 369 es una herramienta esencial para las empresas que proporcionan servicios electr\u00f3nicos, telecomunicaciones&hellip;\t\t\t\t\t\t\t<\/p>\r\n\t\t\t\t\t\t<\/div>\r\n\t\t\t\t\t\t<div class=\"post-bottom clearfix d-flex align-items-center\">\r\n\t\t\t\t\t\t\t\n    <div class=\"social-share me-auto\">\n        <button class=\"toggle-button icon-share\"><\/button>\n        <ul class=\"icons list-unstyled list-inline mb-0\">\n            <li class=\"list-inline-item\"><a href=\"https:\/\/www.facebook.com\/sharer\/sharer.php?u=https:\/\/finanedi.es\/blog\/modelo-369-declaraciones-de-iva-del-regimen-one-stop-shop-oss\/\" target=\"_blank\"><i class=\"fab fa-facebook-f\"><\/i><\/a><\/li>\n            <li class=\"list-inline-item\"><a href=\"https:\/\/twitter.com\/intent\/tweet?url=https:\/\/finanedi.es\/blog\/modelo-369-declaraciones-de-iva-del-regimen-one-stop-shop-oss\/&text=Modelo 369. Declaraciones de IVA del r\u00e9gimen One Stop Shop (OSS)\" target=\"_blank\"><i class=\"fab fa-twitter\"><\/i><\/a><\/li>\n            <li class=\"list-inline-item\"><a href=\"https:\/\/www.linkedin.com\/shareArticle?mini=true&url=https:\/\/finanedi.es\/blog\/modelo-369-declaraciones-de-iva-del-regimen-one-stop-shop-oss\/&title=Modelo 369. Declaraciones de IVA del r\u00e9gimen One Stop Shop (OSS)\" target=\"_blank\"><i class=\"fab fa-linkedin-in\"><\/i><\/a><\/li>\n            <li class=\"list-inline-item\"><a href=\"https:\/\/pinterest.com\/pin\/create\/button\/?url=https:\/\/finanedi.es\/blog\/modelo-369-declaraciones-de-iva-del-regimen-one-stop-shop-oss\/&media=&description=Modelo 369. Declaraciones de IVA del r\u00e9gimen One Stop Shop (OSS)\" target=\"_blank\"><i class=\"fab fa-pinterest\"><\/i><\/a><\/li>\n            <li class=\"list-inline-item\"><a href=\"https:\/\/t.me\/share\/url?url=https:\/\/finanedi.es\/blog\/modelo-369-declaraciones-de-iva-del-regimen-one-stop-shop-oss\/&text=Modelo 369. Declaraciones de IVA del r\u00e9gimen One Stop Shop (OSS)\" target=\"_blank\"><i class=\"fab fa-telegram-plane\"><\/i><\/a><\/li>\n            <li class=\"list-inline-item\"><a href=\"mailto:info@example.com?&subject=&cc=&bcc=&body=https:\/\/finanedi.es\/blog\/modelo-369-declaraciones-de-iva-del-regimen-one-stop-shop-oss\/\"><i class=\"far fa-envelope\"><\/i><\/a><\/li>\n        <\/ul>\n    <\/div>\n\n\t\t\t\t\t\t\t\t\t\t\t\t\t\t\t<div class=\"more-button float-end\">\r\n\t\t\t\t\t\t\t\t\t<a href=\"https:\/\/finanedi.es\/blog\/modelo-369-declaraciones-de-iva-del-regimen-one-stop-shop-oss\/\"><span class=\"icon-options\"><\/span><\/a>\r\n\t\t\t\t\t\t\t\t<\/div>\r\n\t\t\t\t\t\t\t\t\t\t\t\t\t<\/div>\r\n\t\t\t\t\t<\/div>\r\n\t\t\t\t<\/div>\r\n\r\n\t\t\t\r\n\t\t\t\t<div class=\"col-md-6 col-lg-4 post-item\">\r\n\t\t\t\t\t<div id=\"post-6232\" class=\"post post-grid rounded bordered post-6232 type-post status-publish format-standard has-post-thumbnail hentry category-contabilidad tag-modelo\">\r\n\t\t\t\t\t\t\t\t\t\t\t\t\t<div class=\"thumb top-rounded\">\r\n\t\t\t\t\t\t\t\t\t\t\t\t\t\t\t\t<div class=\"inner\">\r\n\t\t\t\t\t\t\t\t\t<a href=\"https:\/\/finanedi.es\/blog\/modelo-390-iva\/\"><img loading=\"lazy\" decoding=\"async\" width=\"550\" height=\"367\" src=\"https:\/\/finanedi.es\/blog\/contenido\/uploads\/2024\/10\/Modelo-390-550x367.jpg\" class=\"attachment-katen-thumb-grid size-katen-thumb-grid wp-post-image\" alt=\"Modelo 390: IVA. Declaraci\u00f3n Resumen Anual\" \/><\/a>\t\t\t\t\t\t\t\t<\/div>\r\n\t\t\t\t\t\t\t<\/div>\r\n\t\t\t\t\t\t\t\t\t\t\t\t<div class=\"details\">\r\n\r\n\t\t\t\t\t\t\t<ul class=\"meta list-inline mb-0\">\r\n\t\t\t\t\t\t\t\t\t\t\t\t\t\t\t<\/ul>\r\n\r\n\t\t\t\t\t\t\t<h5 class=\"post-title mb-3 mt-3\"><a href=\"https:\/\/finanedi.es\/blog\/modelo-390-iva\/\">Modelo 390: IVA. Declaraci\u00f3n Resumen Anual<\/a><\/h5>\r\n\t\t\t\t\t\t\t<p class=\"excerpt mb-0\">\r\n\t\t\t\t\t\t\t\tEl modelo 390 es una declaraci\u00f3n informativa que resume todas las operaciones relacionadas con el&hellip;\t\t\t\t\t\t\t<\/p>\r\n\t\t\t\t\t\t<\/div>\r\n\t\t\t\t\t\t<div class=\"post-bottom clearfix d-flex align-items-center\">\r\n\t\t\t\t\t\t\t\n    <div class=\"social-share me-auto\">\n        <button class=\"toggle-button icon-share\"><\/button>\n        <ul class=\"icons list-unstyled list-inline mb-0\">\n            <li class=\"list-inline-item\"><a href=\"https:\/\/www.facebook.com\/sharer\/sharer.php?u=https:\/\/finanedi.es\/blog\/modelo-390-iva\/\" target=\"_blank\"><i class=\"fab fa-facebook-f\"><\/i><\/a><\/li>\n            <li class=\"list-inline-item\"><a href=\"https:\/\/twitter.com\/intent\/tweet?url=https:\/\/finanedi.es\/blog\/modelo-390-iva\/&text=Modelo 390: IVA. Declaraci\u00f3n Resumen Anual\" target=\"_blank\"><i class=\"fab fa-twitter\"><\/i><\/a><\/li>\n            <li class=\"list-inline-item\"><a href=\"https:\/\/www.linkedin.com\/shareArticle?mini=true&url=https:\/\/finanedi.es\/blog\/modelo-390-iva\/&title=Modelo 390: IVA. Declaraci\u00f3n Resumen Anual\" target=\"_blank\"><i class=\"fab fa-linkedin-in\"><\/i><\/a><\/li>\n            <li class=\"list-inline-item\"><a href=\"https:\/\/pinterest.com\/pin\/create\/button\/?url=https:\/\/finanedi.es\/blog\/modelo-390-iva\/&media=&description=Modelo 390: IVA. Declaraci\u00f3n Resumen Anual\" target=\"_blank\"><i class=\"fab fa-pinterest\"><\/i><\/a><\/li>\n            <li class=\"list-inline-item\"><a href=\"https:\/\/t.me\/share\/url?url=https:\/\/finanedi.es\/blog\/modelo-390-iva\/&text=Modelo 390: IVA. Declaraci\u00f3n Resumen Anual\" target=\"_blank\"><i class=\"fab fa-telegram-plane\"><\/i><\/a><\/li>\n            <li class=\"list-inline-item\"><a href=\"mailto:info@example.com?&subject=&cc=&bcc=&body=https:\/\/finanedi.es\/blog\/modelo-390-iva\/\"><i class=\"far fa-envelope\"><\/i><\/a><\/li>\n        <\/ul>\n    <\/div>\n\n\t\t\t\t\t\t\t\t\t\t\t\t\t\t\t<div class=\"more-button float-end\">\r\n\t\t\t\t\t\t\t\t\t<a href=\"https:\/\/finanedi.es\/blog\/modelo-390-iva\/\"><span class=\"icon-options\"><\/span><\/a>\r\n\t\t\t\t\t\t\t\t<\/div>\r\n\t\t\t\t\t\t\t\t\t\t\t\t\t<\/div>\r\n\t\t\t\t\t<\/div>\r\n\t\t\t\t<\/div>\r\n\r\n\t\t\t\r\n\t\t\t\t<div class=\"col-md-6 col-lg-4 post-item\">\r\n\t\t\t\t\t<div id=\"post-7681\" class=\"post post-grid rounded bordered post-7681 type-post status-publish format-standard has-post-thumbnail hentry category-contabilidad tag-modelo\">\r\n\t\t\t\t\t\t\t\t\t\t\t\t\t<div class=\"thumb top-rounded\">\r\n\t\t\t\t\t\t\t\t\t\t\t\t\t\t\t\t<div class=\"inner\">\r\n\t\t\t\t\t\t\t\t\t<a href=\"https:\/\/finanedi.es\/blog\/modelo-420-impuesto-general-indirecto-canario\/\"><img loading=\"lazy\" decoding=\"async\" width=\"550\" height=\"367\" src=\"https:\/\/finanedi.es\/blog\/contenido\/uploads\/2024\/12\/Modelo-420-550x367.jpg\" class=\"attachment-katen-thumb-grid size-katen-thumb-grid wp-post-image\" alt=\"Modelo 420: Impuesto General Indirecto Canario\" \/><\/a>\t\t\t\t\t\t\t\t<\/div>\r\n\t\t\t\t\t\t\t<\/div>\r\n\t\t\t\t\t\t\t\t\t\t\t\t<div class=\"details\">\r\n\r\n\t\t\t\t\t\t\t<ul class=\"meta list-inline mb-0\">\r\n\t\t\t\t\t\t\t\t\t\t\t\t\t\t\t<\/ul>\r\n\r\n\t\t\t\t\t\t\t<h5 class=\"post-title mb-3 mt-3\"><a href=\"https:\/\/finanedi.es\/blog\/modelo-420-impuesto-general-indirecto-canario\/\">Modelo 420: Impuesto General Indirecto Canario<\/a><\/h5>\r\n\t\t\t\t\t\t\t<p class=\"excerpt mb-0\">\r\n\t\t\t\t\t\t\t\tEl Modelo 420 es un instrumento esencial para las empresas y aut\u00f3nomos que operan en&hellip;\t\t\t\t\t\t\t<\/p>\r\n\t\t\t\t\t\t<\/div>\r\n\t\t\t\t\t\t<div class=\"post-bottom clearfix d-flex align-items-center\">\r\n\t\t\t\t\t\t\t\n    <div class=\"social-share me-auto\">\n        <button class=\"toggle-button icon-share\"><\/button>\n        <ul class=\"icons list-unstyled list-inline mb-0\">\n            <li class=\"list-inline-item\"><a href=\"https:\/\/www.facebook.com\/sharer\/sharer.php?u=https:\/\/finanedi.es\/blog\/modelo-420-impuesto-general-indirecto-canario\/\" target=\"_blank\"><i class=\"fab fa-facebook-f\"><\/i><\/a><\/li>\n            <li class=\"list-inline-item\"><a href=\"https:\/\/twitter.com\/intent\/tweet?url=https:\/\/finanedi.es\/blog\/modelo-420-impuesto-general-indirecto-canario\/&text=Modelo 420: Impuesto General Indirecto Canario\" target=\"_blank\"><i class=\"fab fa-twitter\"><\/i><\/a><\/li>\n            <li class=\"list-inline-item\"><a href=\"https:\/\/www.linkedin.com\/shareArticle?mini=true&url=https:\/\/finanedi.es\/blog\/modelo-420-impuesto-general-indirecto-canario\/&title=Modelo 420: Impuesto General Indirecto Canario\" target=\"_blank\"><i class=\"fab fa-linkedin-in\"><\/i><\/a><\/li>\n            <li class=\"list-inline-item\"><a href=\"https:\/\/pinterest.com\/pin\/create\/button\/?url=https:\/\/finanedi.es\/blog\/modelo-420-impuesto-general-indirecto-canario\/&media=&description=Modelo 420: Impuesto General Indirecto Canario\" target=\"_blank\"><i class=\"fab fa-pinterest\"><\/i><\/a><\/li>\n            <li class=\"list-inline-item\"><a href=\"https:\/\/t.me\/share\/url?url=https:\/\/finanedi.es\/blog\/modelo-420-impuesto-general-indirecto-canario\/&text=Modelo 420: Impuesto General Indirecto Canario\" target=\"_blank\"><i class=\"fab fa-telegram-plane\"><\/i><\/a><\/li>\n            <li class=\"list-inline-item\"><a href=\"mailto:info@example.com?&subject=&cc=&bcc=&body=https:\/\/finanedi.es\/blog\/modelo-420-impuesto-general-indirecto-canario\/\"><i class=\"far fa-envelope\"><\/i><\/a><\/li>\n        <\/ul>\n    <\/div>\n\n\t\t\t\t\t\t\t\t\t\t\t\t\t\t\t<div class=\"more-button float-end\">\r\n\t\t\t\t\t\t\t\t\t<a href=\"https:\/\/finanedi.es\/blog\/modelo-420-impuesto-general-indirecto-canario\/\"><span class=\"icon-options\"><\/span><\/a>\r\n\t\t\t\t\t\t\t\t<\/div>\r\n\t\t\t\t\t\t\t\t\t\t\t\t\t<\/div>\r\n\t\t\t\t\t<\/div>\r\n\t\t\t\t<\/div>\r\n\r\n\t\t\t\r\n\t\t\t\t<div class=\"col-md-6 col-lg-4 post-item\">\r\n\t\t\t\t\t<div id=\"post-7765\" class=\"post post-grid rounded bordered post-7765 type-post status-publish format-standard has-post-thumbnail hentry category-contabilidad tag-modelo\">\r\n\t\t\t\t\t\t\t\t\t\t\t\t\t<div class=\"thumb top-rounded\">\r\n\t\t\t\t\t\t\t\t\t\t\t\t\t\t\t\t<div class=\"inner\">\r\n\t\t\t\t\t\t\t\t\t<a href=\"https:\/\/finanedi.es\/blog\/modelo-425-impuesto-general-indirecto-canario\/\"><img loading=\"lazy\" decoding=\"async\" width=\"550\" height=\"367\" src=\"https:\/\/finanedi.es\/blog\/contenido\/uploads\/2024\/12\/Modelo-425-550x367.jpg\" class=\"attachment-katen-thumb-grid size-katen-thumb-grid wp-post-image\" alt=\"Modelo 425. Impuesto General Indirecto Canario\" \/><\/a>\t\t\t\t\t\t\t\t<\/div>\r\n\t\t\t\t\t\t\t<\/div>\r\n\t\t\t\t\t\t\t\t\t\t\t\t<div class=\"details\">\r\n\r\n\t\t\t\t\t\t\t<ul class=\"meta list-inline mb-0\">\r\n\t\t\t\t\t\t\t\t\t\t\t\t\t\t\t<\/ul>\r\n\r\n\t\t\t\t\t\t\t<h5 class=\"post-title mb-3 mt-3\"><a href=\"https:\/\/finanedi.es\/blog\/modelo-425-impuesto-general-indirecto-canario\/\">Modelo 425. Impuesto General Indirecto Canario<\/a><\/h5>\r\n\t\t\t\t\t\t\t<p class=\"excerpt mb-0\">\r\n\t\t\t\t\t\t\t\tEl Modelo 425 es un documento crucial para muchas empresas en Espa\u00f1a, especialmente para aquellas&hellip;\t\t\t\t\t\t\t<\/p>\r\n\t\t\t\t\t\t<\/div>\r\n\t\t\t\t\t\t<div class=\"post-bottom clearfix d-flex align-items-center\">\r\n\t\t\t\t\t\t\t\n    <div class=\"social-share me-auto\">\n        <button class=\"toggle-button icon-share\"><\/button>\n        <ul class=\"icons list-unstyled list-inline mb-0\">\n            <li class=\"list-inline-item\"><a href=\"https:\/\/www.facebook.com\/sharer\/sharer.php?u=https:\/\/finanedi.es\/blog\/modelo-425-impuesto-general-indirecto-canario\/\" target=\"_blank\"><i class=\"fab fa-facebook-f\"><\/i><\/a><\/li>\n            <li class=\"list-inline-item\"><a href=\"https:\/\/twitter.com\/intent\/tweet?url=https:\/\/finanedi.es\/blog\/modelo-425-impuesto-general-indirecto-canario\/&text=Modelo 425. Impuesto General Indirecto Canario\" target=\"_blank\"><i class=\"fab fa-twitter\"><\/i><\/a><\/li>\n            <li class=\"list-inline-item\"><a href=\"https:\/\/www.linkedin.com\/shareArticle?mini=true&url=https:\/\/finanedi.es\/blog\/modelo-425-impuesto-general-indirecto-canario\/&title=Modelo 425. Impuesto General Indirecto Canario\" target=\"_blank\"><i class=\"fab fa-linkedin-in\"><\/i><\/a><\/li>\n            <li class=\"list-inline-item\"><a href=\"https:\/\/pinterest.com\/pin\/create\/button\/?url=https:\/\/finanedi.es\/blog\/modelo-425-impuesto-general-indirecto-canario\/&media=&description=Modelo 425. Impuesto General Indirecto Canario\" target=\"_blank\"><i class=\"fab fa-pinterest\"><\/i><\/a><\/li>\n            <li class=\"list-inline-item\"><a href=\"https:\/\/t.me\/share\/url?url=https:\/\/finanedi.es\/blog\/modelo-425-impuesto-general-indirecto-canario\/&text=Modelo 425. Impuesto General Indirecto Canario\" target=\"_blank\"><i class=\"fab fa-telegram-plane\"><\/i><\/a><\/li>\n            <li class=\"list-inline-item\"><a href=\"mailto:info@example.com?&subject=&cc=&bcc=&body=https:\/\/finanedi.es\/blog\/modelo-425-impuesto-general-indirecto-canario\/\"><i class=\"far fa-envelope\"><\/i><\/a><\/li>\n        <\/ul>\n    <\/div>\n\n\t\t\t\t\t\t\t\t\t\t\t\t\t\t\t<div class=\"more-button float-end\">\r\n\t\t\t\t\t\t\t\t\t<a href=\"https:\/\/finanedi.es\/blog\/modelo-425-impuesto-general-indirecto-canario\/\"><span class=\"icon-options\"><\/span><\/a>\r\n\t\t\t\t\t\t\t\t<\/div>\r\n\t\t\t\t\t\t\t\t\t\t\t\t\t<\/div>\r\n\t\t\t\t\t<\/div>\r\n\t\t\t\t<\/div>\r\n\r\n\t\t\t\r\n\t\t<\/div>\r\n\r\n\t\t\r\n\t\t\r\n        \t\t\t\t<\/div>\n\t\t\t\t<\/div>\n\t\t\t\t\t<\/div>\n\t\t\t\t<\/div>\n\t\t\t\t\t<\/div>\n\t\t\t\t<\/div>\n\t\t<div class=\"elementor-element elementor-element-d6e1621 e-flex e-con-boxed e-con e-parent\" data-id=\"d6e1621\" data-element_type=\"container\">\n\t\t\t\t\t<div class=\"e-con-inner\">\n\t\t<div class=\"elementor-element elementor-element-1fe0a22 e-flex e-con-boxed e-con e-child\" data-id=\"1fe0a22\" data-element_type=\"container\">\n\t\t\t\t\t<div class=\"e-con-inner\">\n\t\t\t\t<div class=\"elementor-element elementor-element-274c53c elementor-widget elementor-widget-spacer\" data-id=\"274c53c\" data-element_type=\"widget\" data-widget_type=\"spacer.default\">\n\t\t\t\t<div class=\"elementor-widget-container\">\n\t\t\t\t\t\t\t<div class=\"elementor-spacer\">\n\t\t\t<div class=\"elementor-spacer-inner\"><\/div>\n\t\t<\/div>\n\t\t\t\t\t\t<\/div>\n\t\t\t\t<\/div>\n\t\t\t\t\t<\/div>\n\t\t\t\t<\/div>\n\t\t\t\t\t<\/div>\n\t\t\t\t<\/div>\n\t\t<div class=\"elementor-element elementor-element-041c577 e-flex e-con-boxed e-con e-parent\" data-id=\"041c577\" data-element_type=\"container\">\n\t\t\t\t\t<div class=\"e-con-inner\">\n\t\t\t\t<div class=\"elementor-element elementor-element-f9f3065 elementor-widget elementor-widget-spacer\" data-id=\"f9f3065\" data-element_type=\"widget\" data-widget_type=\"spacer.default\">\n\t\t\t\t<div class=\"elementor-widget-container\">\n\t\t\t\t\t\t\t<div class=\"elementor-spacer\">\n\t\t\t<div class=\"elementor-spacer-inner\"><\/div>\n\t\t<\/div>\n\t\t\t\t\t\t<\/div>\n\t\t\t\t<\/div>\n\t\t<div class=\"elementor-element elementor-element-8c73d8e e-flex e-con-boxed e-con e-child\" data-id=\"8c73d8e\" data-element_type=\"container\">\n\t\t\t\t\t<div class=\"e-con-inner\">\n\t\t<div class=\"elementor-element elementor-element-e5b8852 e-con-full e-flex e-con e-child\" data-id=\"e5b8852\" data-element_type=\"container\">\n\t\t\t\t<div class=\"elementor-element elementor-element-789f682 elementor-widget elementor-widget-image\" data-id=\"789f682\" data-element_type=\"widget\" data-widget_type=\"image.default\">\n\t\t\t\t<div class=\"elementor-widget-container\">\n\t\t\t\t\t\t\t\t\t\t\t\t\t\t\t<img loading=\"lazy\" decoding=\"async\" width=\"191\" height=\"40\" src=\"https:\/\/finanedi.es\/blog\/contenido\/uploads\/2024\/02\/LogoLight.png\" class=\"attachment-large size-large wp-image-345\" alt=\"Logo FinanEDI\" \/>\t\t\t\t\t\t\t\t\t\t\t\t\t\t\t<\/div>\n\t\t\t\t<\/div>\n\t\t\t\t<\/div>\n\t\t<div class=\"elementor-element elementor-element-1aa58d0 e-con-full e-flex e-con e-child\" data-id=\"1aa58d0\" data-element_type=\"container\">\n\t\t\t\t<div class=\"elementor-element elementor-element-ba9147b elementor-align-right elementor-widget elementor-widget-button\" data-id=\"ba9147b\" data-element_type=\"widget\" data-widget_type=\"button.default\">\n\t\t\t\t<div class=\"elementor-widget-container\">\n\t\t\t\t\t\t\t\t\t<div class=\"elementor-button-wrapper\">\n\t\t\t\t\t<a class=\"elementor-button elementor-button-link elementor-size-sm\" href=\"https:\/\/myaccount.finanedi.es\/signup\">\n\t\t\t\t\t\t<span class=\"elementor-button-content-wrapper\">\n\t\t\t\t\t\t\t\t\t<span class=\"elementor-button-text\">Reg\u00edstrate GRATIS<\/span>\n\t\t\t\t\t<\/span>\n\t\t\t\t\t<\/a>\n\t\t\t\t<\/div>\n\t\t\t\t\t\t\t\t<\/div>\n\t\t\t\t<\/div>\n\t\t\t\t<\/div>\n\t\t\t\t\t<\/div>\n\t\t\t\t<\/div>\n\t\t\t\t\t<\/div>\n\t\t\t\t<\/div>\n\t\t<div class=\"elementor-element elementor-element-e6519f0 e-flex e-con-boxed e-con e-parent\" data-id=\"e6519f0\" data-element_type=\"container\">\n\t\t\t\t\t<div class=\"e-con-inner\">\n\t\t<div class=\"elementor-element elementor-element-834eda5 e-con-full e-flex e-con e-child\" data-id=\"834eda5\" data-element_type=\"container\">\n\t\t\t\t<div class=\"elementor-element elementor-element-2638b88 elementor-widget elementor-widget-text-editor\" data-id=\"2638b88\" data-element_type=\"widget\" data-widget_type=\"text-editor.default\">\n\t\t\t\t<div class=\"elementor-widget-container\">\n\t\t\t\t\t\t\t\t\t<p>FinanEDI es la soluci\u00f3n en la nube gratuita que permite a los aut\u00f3nomos y PYMES automatizar y optimizar los procesos financieros, contables y administrativos de su negocio.<\/p>\t\t\t\t\t\t\t\t<\/div>\n\t\t\t\t<\/div>\n\t\t\t\t<\/div>\n\t\t<div class=\"elementor-element elementor-element-87f6f64 e-con-full e-flex e-con e-child\" data-id=\"87f6f64\" data-element_type=\"container\">\n\t\t\t\t<div class=\"elementor-element elementor-element-db85c8f elementor-widget elementor-widget-text-editor\" data-id=\"db85c8f\" data-element_type=\"widget\" data-widget_type=\"text-editor.default\">\n\t\t\t\t<div class=\"elementor-widget-container\">\n\t\t\t\t\t\t\t\t\t<p><a href=\"https:\/\/finanedi.es\/programa-facturacion\">Facturaci\u00f3n<\/a>\u00a0 \u00a0 \u00a0|\u00a0 \u00a0 \u00a0<a href=\"https:\/\/finanedi.es\/programa-contabilidad\">Contabilidad\u00a0<\/a> \u00a0 \u00a0|\u00a0 \u00a0 \u00a0<a href=\"https:\/\/finanedi.es\/asesorias\">Asesor\u00edas<\/a> \u00a0 \u00a0|\u00a0 \u00a0 \u00a0<a href=\"https:\/\/finanedi.es\/edi\">EDI<\/a><\/p>\t\t\t\t\t\t\t\t<\/div>\n\t\t\t\t<\/div>\n\t\t\t\t<\/div>\n\t\t\t\t\t<\/div>\n\t\t\t\t<\/div>\n\t\t<div class=\"elementor-element elementor-element-fe64e84 e-flex e-con-boxed e-con e-parent\" data-id=\"fe64e84\" data-element_type=\"container\">\n\t\t\t\t\t<div class=\"e-con-inner\">\n\t\t\t\t<div class=\"elementor-element elementor-element-98064ab elementor-widget elementor-widget-spacer\" data-id=\"98064ab\" data-element_type=\"widget\" data-widget_type=\"spacer.default\">\n\t\t\t\t<div class=\"elementor-widget-container\">\n\t\t\t\t\t\t\t<div class=\"elementor-spacer\">\n\t\t\t<div class=\"elementor-spacer-inner\"><\/div>\n\t\t<\/div>\n\t\t\t\t\t\t<\/div>\n\t\t\t\t<\/div>\n\t\t\t\t\t<\/div>\n\t\t\t\t<\/div>\n\t\t\t\t<\/div>\n\t\t","protected":false},"excerpt":{"rendered":"<p>Modelos tributarios Todo sobre los modelos tributarios de Hacienda: tipos, usos, cumplimentarlos correctamente. Informaci\u00f3n \u00fatil para aut\u00f3nomos y pymes. \ud83d\udcd1\u00a0 M\u00c1S VISITADOS: Modelo 303 Modelo 036 Modelo 111 Modelo 130 Modelo 347 Modelo 390 Modelo 036: \u00bfQu\u00e9 es y c\u00f3mo rellenarlo? Uno de los formularios m\u00e1s importantes en Espa\u00f1a es el Modelo 036. Te explicaremos [&hellip;]<\/p>\n","protected":false},"author":3,"featured_media":9657,"parent":0,"menu_order":0,"comment_status":"closed","ping_status":"closed","template":"elementor_header_footer","meta":{"_monsterinsights_skip_tracking":false,"_monsterinsights_sitenote_active":false,"_monsterinsights_sitenote_note":"","_monsterinsights_sitenote_category":0,"footnotes":""},"class_list":["post-5665","page","type-page","status-publish","has-post-thumbnail","hentry"],"yoast_head":"<!-- This site is optimized with the Yoast SEO plugin v26.2 - https:\/\/yoast.com\/wordpress\/plugins\/seo\/ -->\n<title>Modelos tributarios - Blog para pymes y aut\u00f3nomos - FinanEDI<\/title>\n<meta name=\"description\" content=\"Todo sobre los modelos tributarios de Hacienda: tipos, usos, cumplimentarlos correctamente. Informaci\u00f3n \u00fatil para aut\u00f3nomos y pymes.\" \/>\n<meta name=\"robots\" content=\"index, follow, max-snippet:-1, max-image-preview:large, max-video-preview:-1\" \/>\n<link rel=\"canonical\" href=\"https:\/\/finanedi.es\/blog\/declaraciones-modelo\/\" \/>\n<meta property=\"og:locale\" content=\"es_ES\" \/>\n<meta property=\"og:type\" content=\"article\" \/>\n<meta property=\"og:title\" content=\"Modelos tributarios - Blog para pymes y aut\u00f3nomos - FinanEDI\" \/>\n<meta property=\"og:description\" content=\"Todo sobre los modelos tributarios de Hacienda: tipos, usos, cumplimentarlos correctamente. Informaci\u00f3n \u00fatil para aut\u00f3nomos y pymes.\" \/>\n<meta property=\"og:url\" content=\"https:\/\/finanedi.es\/blog\/declaraciones-modelo\/\" \/>\n<meta property=\"og:site_name\" content=\"Blog para pymes y aut\u00f3nomos - FinanEDI\" \/>\n<meta property=\"article:modified_time\" content=\"2025-02-19T09:31:09+00:00\" \/>\n<meta property=\"og:image\" content=\"https:\/\/finanedi.es\/blog\/contenido\/uploads\/2025\/02\/Modelos-de-hacienda.jpg\" \/>\n\t<meta property=\"og:image:width\" content=\"1580\" \/>\n\t<meta property=\"og:image:height\" content=\"960\" \/>\n\t<meta property=\"og:image:type\" content=\"image\/jpeg\" \/>\n<meta name=\"twitter:card\" content=\"summary_large_image\" \/>\n<meta name=\"twitter:label1\" content=\"Tiempo de lectura\" \/>\n\t<meta name=\"twitter:data1\" content=\"7 minutos\" \/>\n<script type=\"application\/ld+json\" class=\"yoast-schema-graph\">{\"@context\":\"https:\/\/schema.org\",\"@graph\":[{\"@type\":\"WebPage\",\"@id\":\"https:\/\/finanedi.es\/blog\/declaraciones-modelo\/\",\"url\":\"https:\/\/finanedi.es\/blog\/declaraciones-modelo\/\",\"name\":\"Modelos tributarios - Blog para pymes y aut\u00f3nomos - FinanEDI\",\"isPartOf\":{\"@id\":\"https:\/\/finanedi.es\/blog\/#website\"},\"primaryImageOfPage\":{\"@id\":\"https:\/\/finanedi.es\/blog\/declaraciones-modelo\/#primaryimage\"},\"image\":{\"@id\":\"https:\/\/finanedi.es\/blog\/declaraciones-modelo\/#primaryimage\"},\"thumbnailUrl\":\"https:\/\/finanedi.es\/blog\/contenido\/uploads\/2025\/02\/Modelos-de-hacienda.jpg\",\"datePublished\":\"2024-10-17T13:53:59+00:00\",\"dateModified\":\"2025-02-19T09:31:09+00:00\",\"description\":\"Todo sobre los modelos tributarios de Hacienda: tipos, usos, cumplimentarlos correctamente. Informaci\u00f3n \u00fatil para aut\u00f3nomos y pymes.\",\"breadcrumb\":{\"@id\":\"https:\/\/finanedi.es\/blog\/declaraciones-modelo\/#breadcrumb\"},\"inLanguage\":\"es\",\"potentialAction\":[{\"@type\":\"ReadAction\",\"target\":[\"https:\/\/finanedi.es\/blog\/declaraciones-modelo\/\"]}]},{\"@type\":\"ImageObject\",\"inLanguage\":\"es\",\"@id\":\"https:\/\/finanedi.es\/blog\/declaraciones-modelo\/#primaryimage\",\"url\":\"https:\/\/finanedi.es\/blog\/contenido\/uploads\/2025\/02\/Modelos-de-hacienda.jpg\",\"contentUrl\":\"https:\/\/finanedi.es\/blog\/contenido\/uploads\/2025\/02\/Modelos-de-hacienda.jpg\",\"width\":1580,\"height\":960,\"caption\":\"Modelos tributarios\"},{\"@type\":\"BreadcrumbList\",\"@id\":\"https:\/\/finanedi.es\/blog\/declaraciones-modelo\/#breadcrumb\",\"itemListElement\":[{\"@type\":\"ListItem\",\"position\":1,\"name\":\"Home\",\"item\":\"https:\/\/finanedi.es\/blog\/\"},{\"@type\":\"ListItem\",\"position\":2,\"name\":\"Modelos tributarios\"}]},{\"@type\":\"WebSite\",\"@id\":\"https:\/\/finanedi.es\/blog\/#website\",\"url\":\"https:\/\/finanedi.es\/blog\/\",\"name\":\"Blog para pymes y aut\u00f3nomos - FinanEDI\",\"description\":\"Blog para aut\u00f3nomos y PYMES, sobre temas como facturaci\u00f3n, contabilidad, tecnolog\u00eda.\",\"publisher\":{\"@id\":\"https:\/\/finanedi.es\/blog\/#organization\"},\"potentialAction\":[{\"@type\":\"SearchAction\",\"target\":{\"@type\":\"EntryPoint\",\"urlTemplate\":\"https:\/\/finanedi.es\/blog\/?s={search_term_string}\"},\"query-input\":{\"@type\":\"PropertyValueSpecification\",\"valueRequired\":true,\"valueName\":\"search_term_string\"}}],\"inLanguage\":\"es\"},{\"@type\":\"Organization\",\"@id\":\"https:\/\/finanedi.es\/blog\/#organization\",\"name\":\"Blog para pymes y aut\u00f3nomos - FinanEDI\",\"url\":\"https:\/\/finanedi.es\/blog\/\",\"logo\":{\"@type\":\"ImageObject\",\"inLanguage\":\"es\",\"@id\":\"https:\/\/finanedi.es\/blog\/#\/schema\/logo\/image\/\",\"url\":\"https:\/\/finanedi.es\/blog\/contenido\/uploads\/2024\/02\/FinanEdiAzul1.svg\",\"contentUrl\":\"https:\/\/finanedi.es\/blog\/contenido\/uploads\/2024\/02\/FinanEdiAzul1.svg\",\"width\":142,\"height\":36,\"caption\":\"Blog para pymes y aut\u00f3nomos - FinanEDI\"},\"image\":{\"@id\":\"https:\/\/finanedi.es\/blog\/#\/schema\/logo\/image\/\"}}]}<\/script>\n<!-- \/ Yoast SEO plugin. -->","yoast_head_json":{"title":"Modelos tributarios - Blog para pymes y aut\u00f3nomos - FinanEDI","description":"Todo sobre los modelos tributarios de Hacienda: tipos, usos, cumplimentarlos correctamente. Informaci\u00f3n \u00fatil para aut\u00f3nomos y pymes.","robots":{"index":"index","follow":"follow","max-snippet":"max-snippet:-1","max-image-preview":"max-image-preview:large","max-video-preview":"max-video-preview:-1"},"canonical":"https:\/\/finanedi.es\/blog\/declaraciones-modelo\/","og_locale":"es_ES","og_type":"article","og_title":"Modelos tributarios - Blog para pymes y aut\u00f3nomos - FinanEDI","og_description":"Todo sobre los modelos tributarios de Hacienda: tipos, usos, cumplimentarlos correctamente. Informaci\u00f3n \u00fatil para aut\u00f3nomos y pymes.","og_url":"https:\/\/finanedi.es\/blog\/declaraciones-modelo\/","og_site_name":"Blog para pymes y aut\u00f3nomos - FinanEDI","article_modified_time":"2025-02-19T09:31:09+00:00","og_image":[{"width":1580,"height":960,"url":"https:\/\/finanedi.es\/blog\/contenido\/uploads\/2025\/02\/Modelos-de-hacienda.jpg","type":"image\/jpeg"}],"twitter_card":"summary_large_image","twitter_misc":{"Tiempo de lectura":"7 minutos"},"schema":{"@context":"https:\/\/schema.org","@graph":[{"@type":"WebPage","@id":"https:\/\/finanedi.es\/blog\/declaraciones-modelo\/","url":"https:\/\/finanedi.es\/blog\/declaraciones-modelo\/","name":"Modelos tributarios - Blog para pymes y aut\u00f3nomos - FinanEDI","isPartOf":{"@id":"https:\/\/finanedi.es\/blog\/#website"},"primaryImageOfPage":{"@id":"https:\/\/finanedi.es\/blog\/declaraciones-modelo\/#primaryimage"},"image":{"@id":"https:\/\/finanedi.es\/blog\/declaraciones-modelo\/#primaryimage"},"thumbnailUrl":"https:\/\/finanedi.es\/blog\/contenido\/uploads\/2025\/02\/Modelos-de-hacienda.jpg","datePublished":"2024-10-17T13:53:59+00:00","dateModified":"2025-02-19T09:31:09+00:00","description":"Todo sobre los modelos tributarios de Hacienda: tipos, usos, cumplimentarlos correctamente. Informaci\u00f3n \u00fatil para aut\u00f3nomos y pymes.","breadcrumb":{"@id":"https:\/\/finanedi.es\/blog\/declaraciones-modelo\/#breadcrumb"},"inLanguage":"es","potentialAction":[{"@type":"ReadAction","target":["https:\/\/finanedi.es\/blog\/declaraciones-modelo\/"]}]},{"@type":"ImageObject","inLanguage":"es","@id":"https:\/\/finanedi.es\/blog\/declaraciones-modelo\/#primaryimage","url":"https:\/\/finanedi.es\/blog\/contenido\/uploads\/2025\/02\/Modelos-de-hacienda.jpg","contentUrl":"https:\/\/finanedi.es\/blog\/contenido\/uploads\/2025\/02\/Modelos-de-hacienda.jpg","width":1580,"height":960,"caption":"Modelos tributarios"},{"@type":"BreadcrumbList","@id":"https:\/\/finanedi.es\/blog\/declaraciones-modelo\/#breadcrumb","itemListElement":[{"@type":"ListItem","position":1,"name":"Home","item":"https:\/\/finanedi.es\/blog\/"},{"@type":"ListItem","position":2,"name":"Modelos tributarios"}]},{"@type":"WebSite","@id":"https:\/\/finanedi.es\/blog\/#website","url":"https:\/\/finanedi.es\/blog\/","name":"Blog para pymes y aut\u00f3nomos - FinanEDI","description":"Blog para aut\u00f3nomos y PYMES, sobre temas como facturaci\u00f3n, contabilidad, tecnolog\u00eda.","publisher":{"@id":"https:\/\/finanedi.es\/blog\/#organization"},"potentialAction":[{"@type":"SearchAction","target":{"@type":"EntryPoint","urlTemplate":"https:\/\/finanedi.es\/blog\/?s={search_term_string}"},"query-input":{"@type":"PropertyValueSpecification","valueRequired":true,"valueName":"search_term_string"}}],"inLanguage":"es"},{"@type":"Organization","@id":"https:\/\/finanedi.es\/blog\/#organization","name":"Blog para pymes y aut\u00f3nomos - FinanEDI","url":"https:\/\/finanedi.es\/blog\/","logo":{"@type":"ImageObject","inLanguage":"es","@id":"https:\/\/finanedi.es\/blog\/#\/schema\/logo\/image\/","url":"https:\/\/finanedi.es\/blog\/contenido\/uploads\/2024\/02\/FinanEdiAzul1.svg","contentUrl":"https:\/\/finanedi.es\/blog\/contenido\/uploads\/2024\/02\/FinanEdiAzul1.svg","width":142,"height":36,"caption":"Blog para pymes y aut\u00f3nomos - FinanEDI"},"image":{"@id":"https:\/\/finanedi.es\/blog\/#\/schema\/logo\/image\/"}}]}},"_links":{"self":[{"href":"https:\/\/finanedi.es\/blog\/wp-json\/wp\/v2\/pages\/5665","targetHints":{"allow":["GET"]}}],"collection":[{"href":"https:\/\/finanedi.es\/blog\/wp-json\/wp\/v2\/pages"}],"about":[{"href":"https:\/\/finanedi.es\/blog\/wp-json\/wp\/v2\/types\/page"}],"author":[{"embeddable":true,"href":"https:\/\/finanedi.es\/blog\/wp-json\/wp\/v2\/users\/3"}],"replies":[{"embeddable":true,"href":"https:\/\/finanedi.es\/blog\/wp-json\/wp\/v2\/comments?post=5665"}],"version-history":[{"count":41,"href":"https:\/\/finanedi.es\/blog\/wp-json\/wp\/v2\/pages\/5665\/revisions"}],"predecessor-version":[{"id":9661,"href":"https:\/\/finanedi.es\/blog\/wp-json\/wp\/v2\/pages\/5665\/revisions\/9661"}],"wp:featuredmedia":[{"embeddable":true,"href":"https:\/\/finanedi.es\/blog\/wp-json\/wp\/v2\/media\/9657"}],"wp:attachment":[{"href":"https:\/\/finanedi.es\/blog\/wp-json\/wp\/v2\/media?parent=5665"}],"curies":[{"name":"wp","href":"https:\/\/api.w.org\/{rel}","templated":true}]}}